{"id":4302,"date":"2016-02-27T23:09:13","date_gmt":"2016-02-27T23:09:13","guid":{"rendered":"http:\/\/www.si-hu.eu\/2127\/projects-2\/"},"modified":"2026-04-15T09:03:40","modified_gmt":"2026-04-15T07:03:40","slug":"projects-2","status":"publish","type":"page","link":"http:\/\/www.si-hu.eu\/2127\/hu\/projects-2\/","title":{"rendered":"Projektek"},"content":{"rendered":"<p><div class=\"fusion-fullwidth fullwidth-box fusion-builder-row-1 fusion-flex-container nonhundred-percent-fullwidth non-hundred-percent-height-scrolling fusion-sticky-container\" style=\"background-color: #ffffff;background-position: center center;background-repeat: no-repeat;border-width: 0px 0px 0px 0px;border-color:#e2e2e2;border-style:solid;\" data-transition-offset=\"0\" data-scroll-offset=\"0\" data-sticky-small-visibility=\"1\" data-sticky-medium-visibility=\"1\" data-sticky-large-visibility=\"1\" ><div class=\"fusion-builder-row fusion-row fusion-flex-align-items-flex-start\" style=\"max-width:1248px;margin-left: calc(-4% \/ 2 );margin-right: calc(-4% \/ 2 );\"><div class=\"fusion-layout-column fusion_builder_column fusion-builder-column-0 fusion_builder_column_1_4 1_4 fusion-flex-column fusion-flex-align-self-flex-start\"><div class=\"fusion-column-wrapper fusion-flex-justify-content-center fusion-content-layout-column\" style=\"background-position:left top;background-repeat:no-repeat;-webkit-background-size:cover;-moz-background-size:cover;-o-background-size:cover;background-size:cover;background-color:#fffffff;padding: 0px 0px 0px 0px;\"><style type=\"text\/css\">@media only screen and (max-width:1024px) {.fusion-title.fusion-title-1{margin-top:10px!important; margin-right:0px!important;margin-bottom:15px!important;margin-left:0px!important;}}@media only screen and (max-width:640px) {.fusion-title.fusion-title-1{margin-top:10px!important; margin-right:0px!important;margin-bottom:10px!important; margin-left:0px!important;}}<\/style><div class=\"fusion-title title fusion-title-1 fusion-sep-none fusion-title-center fusion-title-text fusion-title-size-three\" style=\"margin-top:10px;margin-right:0px;margin-bottom:15px;margin-left:0px;\"><h3 class=\"title-heading-center\" style=\"margin:0;\"><a class=\"fusion-one-page-text-link\" href=\"#approvedprojects\">J\u00f3v\u00e1hagyott projektek<\/a><\/h3><\/div><\/div><style type=\"text\/css\">.fusion-body .fusion-builder-column-0{width:25% !important;margin-top : 0px;margin-bottom : 20px;}.fusion-builder-column-0 > .fusion-column-wrapper {padding-top : 0px !important;padding-right : 0px !important;margin-right : 7.68%;padding-bottom : 0px !important;padding-left : 0px !important;margin-left : 7.68%;}@media only screen and (max-width:1024px) {.fusion-body .fusion-builder-column-0{width:25% !important;order : 0;}.fusion-builder-column-0 > .fusion-column-wrapper {margin-right : 7.68%;margin-left : 7.68%;}}@media only screen and (max-width:640px) {.fusion-body .fusion-builder-column-0{width:100% !important;order : 0;}.fusion-builder-column-0 > .fusion-column-wrapper {margin-right : 1.92%;margin-left : 1.92%;}}<\/style><\/div><div class=\"fusion-layout-column fusion_builder_column fusion-builder-column-1 fusion_builder_column_1_4 1_4 fusion-flex-column fusion-flex-align-self-flex-start\"><div class=\"fusion-column-wrapper fusion-flex-justify-content-center fusion-content-layout-column\" style=\"background-position:left top;background-repeat:no-repeat;-webkit-background-size:cover;-moz-background-size:cover;-o-background-size:cover;background-size:cover;background-color:#fffffff;padding: 0px 0px 0px 0px;\"><style type=\"text\/css\">@media only screen and (max-width:1024px) {.fusion-title.fusion-title-2{margin-top:10px!important; margin-right:0px!important;margin-bottom:15px!important;margin-left:0px!important;}}@media only screen and (max-width:640px) {.fusion-title.fusion-title-2{margin-top:10px!important; margin-right:0px!important;margin-bottom:10px!important; margin-left:0px!important;}}<\/style><div class=\"fusion-title title fusion-title-2 fusion-sep-none fusion-title-center fusion-title-text fusion-title-size-three\" style=\"margin-top:10px;margin-right:0px;margin-bottom:15px;margin-left:0px;\"><h3 class=\"title-heading-center\" style=\"margin:0;\"><a class=\"fusion-one-page-text-link\" href=\"#map\">T\u00e9rk\u00e9p<\/a><\/h3><\/div><\/div><style type=\"text\/css\">.fusion-body .fusion-builder-column-1{width:25% !important;margin-top : 0px;margin-bottom : 20px;}.fusion-builder-column-1 > .fusion-column-wrapper {padding-top : 0px !important;padding-right : 0px !important;margin-right : 7.68%;padding-bottom : 0px !important;padding-left : 0px !important;margin-left : 7.68%;}@media only screen and (max-width:1024px) {.fusion-body .fusion-builder-column-1{width:25% !important;order : 0;}.fusion-builder-column-1 > .fusion-column-wrapper {margin-right : 7.68%;margin-left : 7.68%;}}@media only screen and (max-width:640px) {.fusion-body .fusion-builder-column-1{width:100% !important;order : 0;}.fusion-builder-column-1 > .fusion-column-wrapper {margin-right : 1.92%;margin-left : 1.92%;}}<\/style><\/div><div class=\"fusion-layout-column fusion_builder_column fusion-builder-column-2 fusion_builder_column_1_4 1_4 fusion-flex-column fusion-flex-align-self-flex-start\"><div class=\"fusion-column-wrapper fusion-flex-justify-content-center fusion-content-layout-column\" style=\"background-position:left top;background-repeat:no-repeat;-webkit-background-size:cover;-moz-background-size:cover;-o-background-size:cover;background-size:cover;background-color:#fffffff;padding: 0px 0px 0px 0px;\"><style type=\"text\/css\">@media only screen and (max-width:1024px) {.fusion-title.fusion-title-3{margin-top:10px!important; margin-right:0px!important;margin-bottom:15px!important;margin-left:0px!important;}}@media only screen and (max-width:640px) {.fusion-title.fusion-title-3{margin-top:10px!important; margin-right:0px!important;margin-bottom:10px!important; margin-left:0px!important;}}<\/style><div class=\"fusion-title title fusion-title-3 fusion-sep-none fusion-title-center fusion-title-text fusion-title-size-three\" style=\"margin-top:10px;margin-right:0px;margin-bottom:15px;margin-left:0px;\"><h3 class=\"title-heading-center\" style=\"margin:0;\"><a class=\"fusion-one-page-text-link\" href=\"#guidelines\">\u00datmutat\u00f3 kedvezm\u00e9nyezetteknek<\/a><\/h3><\/div><\/div><style type=\"text\/css\">.fusion-body .fusion-builder-column-2{width:25% !important;margin-top : 0px;margin-bottom : 20px;}.fusion-builder-column-2 > .fusion-column-wrapper {padding-top : 0px !important;padding-right : 0px !important;margin-right : 7.68%;padding-bottom : 0px !important;padding-left : 0px !important;margin-left : 7.68%;}@media only screen and (max-width:1024px) {.fusion-body .fusion-builder-column-2{width:25% !important;order : 0;}.fusion-builder-column-2 > .fusion-column-wrapper {margin-right : 7.68%;margin-left : 7.68%;}}@media only screen and (max-width:640px) {.fusion-body .fusion-builder-column-2{width:100% !important;order : 0;}.fusion-builder-column-2 > .fusion-column-wrapper {margin-right : 1.92%;margin-left : 1.92%;}}<\/style><\/div><div class=\"fusion-layout-column fusion_builder_column fusion-builder-column-3 fusion_builder_column_1_4 1_4 fusion-flex-column fusion-flex-align-self-flex-start\"><div class=\"fusion-column-wrapper fusion-flex-justify-content-center fusion-content-layout-column\" style=\"background-position:left top;background-repeat:no-repeat;-webkit-background-size:cover;-moz-background-size:cover;-o-background-size:cover;background-size:cover;background-color:#fffffff;padding: 0px 0px 0px 0px;\"><style type=\"text\/css\">@media only screen and (max-width:1024px) {.fusion-title.fusion-title-4{margin-top:10px!important; margin-right:0px!important;margin-bottom:15px!important;margin-left:0px!important;}}@media only screen and (max-width:640px) {.fusion-title.fusion-title-4{margin-top:10px!important; margin-right:0px!important;margin-bottom:10px!important; margin-left:0px!important;}}<\/style><div class=\"fusion-title title fusion-title-4 fusion-sep-none fusion-title-center fusion-title-text fusion-title-size-three\" style=\"margin-top:10px;margin-right:0px;margin-bottom:15px;margin-left:0px;\"><h3 class=\"title-heading-center\" style=\"margin:0;\"><a class=\"fusion-one-page-text-link\" href=\"#workshops\">Workshopok kedvezm\u00e9nyezettek sz\u00e1m\u00e1ra<\/a><\/h3><\/div><\/div><style type=\"text\/css\">.fusion-body .fusion-builder-column-3{width:25% !important;margin-top : 0px;margin-bottom : 20px;}.fusion-builder-column-3 > .fusion-column-wrapper {padding-top : 0px !important;padding-right : 0px !important;margin-right : 7.68%;padding-bottom : 0px !important;padding-left : 0px !important;margin-left : 7.68%;}@media only screen and (max-width:1024px) {.fusion-body .fusion-builder-column-3{width:25% !important;order : 0;}.fusion-builder-column-3 > .fusion-column-wrapper {margin-right : 7.68%;margin-left : 7.68%;}}@media only screen and (max-width:640px) {.fusion-body .fusion-builder-column-3{width:100% !important;order : 0;}.fusion-builder-column-3 > .fusion-column-wrapper {margin-right : 1.92%;margin-left : 1.92%;}}<\/style><\/div><div class=\"fusion-layout-column fusion_builder_column fusion-builder-column-4 fusion_builder_column_1_1 1_1 fusion-flex-column\"><div class=\"fusion-column-wrapper fusion-flex-justify-content-flex-start fusion-content-layout-column\" style=\"background-position:left top;background-repeat:no-repeat;-webkit-background-size:cover;-moz-background-size:cover;-o-background-size:cover;background-size:cover;padding: 0px 0px 0px 0px;\"><div class=\"fusion-separator fusion-display-normal-only fusion-full-width-sep\" style=\"align-self: center;margin-left: auto;margin-right: auto;width:100%;\"><div class=\"fusion-separator-border sep-single sep-solid\" style=\"border-color:#e2e2e2;border-top-width:1px;\"><\/div><\/div>\n<\/div><style type=\"text\/css\">.fusion-body .fusion-builder-column-4{width:100% !important;margin-top : 0px;margin-bottom : 20px;}.fusion-builder-column-4 > .fusion-column-wrapper {padding-top : 0px !important;padding-right : 0px !important;margin-right : 1.92%;padding-bottom : 0px !important;padding-left : 0px !important;margin-left : 1.92%;}@media only screen and (max-width:1024px) {.fusion-body .fusion-builder-column-4{width:100% !important;order : 0;}.fusion-builder-column-4 > .fusion-column-wrapper {margin-right : 1.92%;margin-left : 1.92%;}}@media only screen and (max-width:640px) {.fusion-body .fusion-builder-column-4{width:100% !important;order : 0;}.fusion-builder-column-4 > .fusion-column-wrapper {margin-right : 1.92%;margin-left : 1.92%;}}<\/style><\/div><\/div><style type=\"text\/css\">.fusion-body .fusion-flex-container.fusion-builder-row-1{ padding-top : 0px;margin-top : 0px;padding-right : 0px;padding-bottom : 0px;margin-bottom : 0px;padding-left : 0px;}<\/style><\/div><div id=\"approvedprojects\"><div class=\"fusion-fullwidth fullwidth-box fusion-builder-row-2 fusion-flex-container nonhundred-percent-fullwidth non-hundred-percent-height-scrolling\" style=\"background-color: rgba(255,255,255,0);background-position: center center;background-repeat: no-repeat;border-width: 0px 0px 0px 0px;border-color:#e2e2e2;border-style:solid;\" ><div class=\"fusion-builder-row fusion-row fusion-flex-align-items-flex-start\" style=\"max-width:1248px;margin-left: calc(-4% \/ 2 );margin-right: calc(-4% \/ 2 );\"><div class=\"fusion-layout-column fusion_builder_column fusion-builder-column-5 fusion_builder_column_1_1 1_1 fusion-flex-column\"><div class=\"fusion-column-wrapper fusion-flex-justify-content-flex-start fusion-content-layout-column\" style=\"background-position:left top;background-repeat:no-repeat;-webkit-background-size:cover;-moz-background-size:cover;-o-background-size:cover;background-size:cover;padding: 0px 0px 0px 0px;\"><style type=\"text\/css\">@media only screen and (max-width:1024px) {.fusion-title.fusion-title-5{margin-top:30px!important; margin-right:0px!important;margin-bottom:15px!important;margin-left:0px!important;}}@media only screen and (max-width:640px) {.fusion-title.fusion-title-5{margin-top:10px!important; margin-right:0px!important;margin-bottom:10px!important; margin-left:0px!important;}}<\/style><div class=\"fusion-title title fusion-title-5 fusion-sep-none fusion-title-text fusion-title-size-two\" style=\"margin-top:30px;margin-right:0px;margin-bottom:15px;margin-left:0px;\"><h2 class=\"title-heading-left\" style=\"margin:0;\">J\u00f3v\u00e1hagyott projektek<\/h2><\/div><div class=\"fusion-separator fusion-full-width-sep\" style=\"align-self: center;margin-left: auto;margin-right: auto;width:100%;\"><div class=\"fusion-separator-border sep-single sep-solid\" style=\"border-color:#e2e2e2;border-top-width:1px;\"><\/div><\/div><\/div><style type=\"text\/css\">.fusion-body .fusion-builder-column-5{width:100% !important;margin-top : 0px;margin-bottom : 20px;}.fusion-builder-column-5 > .fusion-column-wrapper {padding-top : 0px !important;padding-right : 0px !important;margin-right : 1.92%;padding-bottom : 0px !important;padding-left : 0px !important;margin-left : 1.92%;}@media only screen and (max-width:1024px) {.fusion-body .fusion-builder-column-5{width:100% !important;order : 0;}.fusion-builder-column-5 > .fusion-column-wrapper {margin-right : 1.92%;margin-left : 1.92%;}}@media only screen and (max-width:640px) {.fusion-body .fusion-builder-column-5{width:100% !important;order : 0;}.fusion-builder-column-5 > .fusion-column-wrapper {margin-right : 1.92%;margin-left : 1.92%;}}<\/style><\/div><div class=\"fusion-layout-column fusion_builder_column fusion-builder-column-6 fusion_builder_column_1_5 1_5 fusion-flex-column\"><div class=\"fusion-column-wrapper fusion-flex-justify-content-flex-start fusion-content-layout-column\" style=\"background-position:left top;background-repeat:no-repeat;-webkit-background-size:cover;-moz-background-size:cover;-o-background-size:cover;background-size:cover;padding: 0px 0px 0px 0px;\"><style type=\"text\/css\">@media only screen and (max-width:1024px) {.fusion-title.fusion-title-6{margin-top:20px!important; margin-right:0px!important;margin-bottom:15px!important;margin-left:0px!important;}}@media only screen and (max-width:640px) {.fusion-title.fusion-title-6{margin-top:10px!important; margin-right:0px!important;margin-bottom:10px!important; margin-left:0px!important;}}<\/style><div class=\"fusion-title title fusion-title-6 fusion-sep-none fusion-title-center fusion-title-rotating fusion-loop-off fusion-title-zoomIn fusion-title-size-one fusion-animated\" style=\"margin-top:20px;margin-right:0px;margin-bottom:15px;margin-left:0px;\" data-animationType=\"zoomInDown\" data-animationDuration=\"0.3\" data-animationOffset=\"top-into-view\"><h1 class=\"title-heading-center\" style=\"margin:0;\"><span class=\"fusion-animated-text-prefix\">40<\/span>  <span class=\"fusion-animated-text-postfix\"><\/span><\/h1><\/div><div class=\"fusion-text fusion-text-1\" style=\"text-align:center;\"><p style=\"letter-spacing: 3px; text-align: left;\">J\u00f3v\u00e1hagyott projekt<\/p>\n<\/div><\/div><style type=\"text\/css\">.fusion-body .fusion-builder-column-6{width:20% !important;margin-top : 0px;margin-bottom : 20px;}.fusion-builder-column-6 > .fusion-column-wrapper {padding-top : 0px !important;padding-right : 0px !important;margin-right : 14.4%;padding-bottom : 0px !important;padding-left : 0px !important;margin-left : 9.6%;}@media only screen and (max-width:1024px) {.fusion-body .fusion-builder-column-6{width:20% !important;}.fusion-builder-column-6 > .fusion-column-wrapper {margin-right : 14.4%;margin-left : 9.6%;}}@media only screen and (max-width:640px) {.fusion-body .fusion-builder-column-6{width:100% !important;}.fusion-builder-column-6 > .fusion-column-wrapper {margin-right : 1.92%;margin-left : 1.92%;}}<\/style><\/div><div class=\"fusion-layout-column fusion_builder_column fusion-builder-column-7 fusion_builder_column_4_5 4_5 fusion-flex-column\"><div class=\"fusion-column-wrapper fusion-flex-justify-content-flex-start fusion-content-layout-column\" style=\"background-position:left top;background-repeat:no-repeat;-webkit-background-size:cover;-moz-background-size:cover;-o-background-size:cover;background-size:cover;padding: 0px 0px 0px 0px;\"><div class=\"fusion-text fusion-text-2\"><h3 style=\"text-align: center;\">J\u00f3v\u00e1hagyott m\u0171veletek list\u00e1ja<\/h3>\n<p style=\"text-align: center;\"><strong>Ismerje meg a program \u00e1ltal t\u00e1rsfinansz\u00edrozott projekteket. A m\u0171veletek list\u00e1j\u00e1b\u00f3l azt is megtudhatja, hogy mely projektek \u00e9s partnerek r\u00e9szes\u00fclnek finansz\u00edroz\u00e1sban.<\/strong><\/p>\n<p style=\"text-align: center;\"><strong>Standard projektek <a href=\"http:\/\/www.si-hu.eu\/2127\/wp-content\/uploads\/sites\/14\/2025\/12\/List-of-operations_Interreg-VI-A-Slovenia-Hungary_December-2025_standard-projects.xlsx\"><img class=\"alignnone wp-image-11713\" src=\"http:\/\/www.si-hu.eu\/2127\/wp-content\/uploads\/sites\/14\/2025\/01\/download-500x500.png\" alt=\"\" width=\"40\" height=\"40\" srcset=\"http:\/\/www.si-hu.eu\/2127\/wp-content\/uploads\/sites\/14\/2025\/01\/download-66x66.png 66w, http:\/\/www.si-hu.eu\/2127\/wp-content\/uploads\/sites\/14\/2025\/01\/download-200x200.png 200w, http:\/\/www.si-hu.eu\/2127\/wp-content\/uploads\/sites\/14\/2025\/01\/download-250x250.png 250w, http:\/\/www.si-hu.eu\/2127\/wp-content\/uploads\/sites\/14\/2025\/01\/download-400x400.png 400w, http:\/\/www.si-hu.eu\/2127\/wp-content\/uploads\/sites\/14\/2025\/01\/download-500x500.png 500w, http:\/\/www.si-hu.eu\/2127\/wp-content\/uploads\/sites\/14\/2025\/01\/download-600x600.png 600w, http:\/\/www.si-hu.eu\/2127\/wp-content\/uploads\/sites\/14\/2025\/01\/download-768x768.png 768w, http:\/\/www.si-hu.eu\/2127\/wp-content\/uploads\/sites\/14\/2025\/01\/download-800x800.png 800w, http:\/\/www.si-hu.eu\/2127\/wp-content\/uploads\/sites\/14\/2025\/01\/download-1024x1024.png 1024w, http:\/\/www.si-hu.eu\/2127\/wp-content\/uploads\/sites\/14\/2025\/01\/download-1200x1200.png 1200w, http:\/\/www.si-hu.eu\/2127\/wp-content\/uploads\/sites\/14\/2025\/01\/download.png 1280w\" sizes=\"(max-width: 40px) 100vw, 40px\" \/><\/a>&nbsp; &nbsp; &nbsp; &nbsp; &nbsp; &nbsp; &nbsp; &nbsp; &nbsp; &nbsp; &nbsp; &nbsp; &nbsp; &nbsp; &nbsp; &nbsp; &nbsp; &nbsp; &nbsp; &nbsp; &nbsp; &nbsp; &nbsp; &nbsp; &nbsp; &nbsp; &nbsp; &nbsp; &nbsp; &nbsp; &nbsp;Kisl\u00e9pt\u00e9k\u0171 projektek <a href=\"http:\/\/www.si-hu.eu\/2127\/wp-content\/uploads\/sites\/14\/2025\/10\/List-of-operations_Interreg-VI-A-Slovenia-Hungary_September-2025_smallscaleprojects.xlsx\"><img class=\"alignnone wp-image-11713\" src=\"http:\/\/www.si-hu.eu\/2127\/wp-content\/uploads\/sites\/14\/2025\/01\/download-500x500.png\" alt=\"\" width=\"40\" height=\"40\" srcset=\"http:\/\/www.si-hu.eu\/2127\/wp-content\/uploads\/sites\/14\/2025\/01\/download-66x66.png 66w, http:\/\/www.si-hu.eu\/2127\/wp-content\/uploads\/sites\/14\/2025\/01\/download-200x200.png 200w, http:\/\/www.si-hu.eu\/2127\/wp-content\/uploads\/sites\/14\/2025\/01\/download-250x250.png 250w, http:\/\/www.si-hu.eu\/2127\/wp-content\/uploads\/sites\/14\/2025\/01\/download-400x400.png 400w, http:\/\/www.si-hu.eu\/2127\/wp-content\/uploads\/sites\/14\/2025\/01\/download-500x500.png 500w, http:\/\/www.si-hu.eu\/2127\/wp-content\/uploads\/sites\/14\/2025\/01\/download-600x600.png 600w, http:\/\/www.si-hu.eu\/2127\/wp-content\/uploads\/sites\/14\/2025\/01\/download-768x768.png 768w, http:\/\/www.si-hu.eu\/2127\/wp-content\/uploads\/sites\/14\/2025\/01\/download-800x800.png 800w, http:\/\/www.si-hu.eu\/2127\/wp-content\/uploads\/sites\/14\/2025\/01\/download-1024x1024.png 1024w, http:\/\/www.si-hu.eu\/2127\/wp-content\/uploads\/sites\/14\/2025\/01\/download-1200x1200.png 1200w, http:\/\/www.si-hu.eu\/2127\/wp-content\/uploads\/sites\/14\/2025\/01\/download.png 1280w\" sizes=\"(max-width: 40px) 100vw, 40px\" \/><\/a><\/strong><\/p>\n<\/div><\/div><style type=\"text\/css\">.fusion-body .fusion-builder-column-7{width:80% !important;margin-top : 0px;margin-bottom : 60px;}.fusion-builder-column-7 > .fusion-column-wrapper {padding-top : 0px !important;padding-right : 0px !important;margin-right : 2.4%;padding-bottom : 0px !important;padding-left : 0px !important;margin-left : 3.6%;}@media only screen and (max-width:1024px) {.fusion-body .fusion-builder-column-7{width:80% !important;}.fusion-builder-column-7 > .fusion-column-wrapper {margin-right : 2.4%;margin-left : 3.6%;}}@media only screen and (max-width:640px) {.fusion-body .fusion-builder-column-7{width:100% !important;}.fusion-builder-column-7 > .fusion-column-wrapper {margin-right : 1.92%;margin-left : 1.92%;}}<\/style><\/div><div class=\"fusion-layout-column fusion_builder_column fusion-builder-column-8 fusion_builder_column_1_1 1_1 fusion-flex-column\"><div class=\"fusion-column-wrapper fusion-flex-justify-content-flex-start fusion-content-layout-column\" style=\"background-position:left top;background-repeat:no-repeat;-webkit-background-size:cover;-moz-background-size:cover;-o-background-size:cover;background-size:cover;padding: 0px 0px 0px 0px;\"><div class=\"fusion-text fusion-text-3\" style=\"text-align:left;\"><p style=\"letter-spacing: 3px; text-align: left;\">1. Priotit\u00e1s &#8211; Z\u00f6ld hat\u00e1rr\u00e9gi\u00f3<\/p>\n<\/div><\/div><style type=\"text\/css\">.fusion-body .fusion-builder-column-8{width:100% !important;margin-top : 0px;margin-bottom : 20px;}.fusion-builder-column-8 > .fusion-column-wrapper {padding-top : 0px !important;padding-right : 0px !important;margin-right : 1.92%;padding-bottom : 0px !important;padding-left : 0px !important;margin-left : 1.92%;}@media only screen and (max-width:1024px) {.fusion-body .fusion-builder-column-8{width:100% !important;order : 0;}.fusion-builder-column-8 > .fusion-column-wrapper {margin-right : 1.92%;margin-left : 1.92%;}}@media only screen and (max-width:640px) {.fusion-body .fusion-builder-column-8{width:100% !important;order : 0;}.fusion-builder-column-8 > .fusion-column-wrapper {margin-right : 1.92%;margin-left : 1.92%;}}<\/style><\/div><div class=\"fusion-layout-column fusion_builder_column fusion-builder-column-9 fusion_builder_column_1_5 1_5 fusion-flex-column\"><div class=\"fusion-column-wrapper fusion-flex-justify-content-flex-start fusion-content-layout-column\" style=\"background-position:left top;background-repeat:no-repeat;-webkit-background-size:cover;-moz-background-size:cover;-o-background-size:cover;background-size:cover;padding: 0px 0px 0px 0px;\"><div style=\"text-align:center;\"><span class=\" fusion-imageframe imageframe-none imageframe-1 hover-type-none\" style=\"margin-bottom:10px;\"><img width=\"220\" height=\"221\" title=\"green\" src=\"http:\/\/www.si-hu.eu\/2127\/wp-content\/uploads\/sites\/14\/2021\/10\/green.png\" class=\"img-responsive wp-image-3790\" srcset=\"http:\/\/www.si-hu.eu\/2127\/wp-content\/uploads\/sites\/14\/2021\/10\/green-200x201.png 200w, http:\/\/www.si-hu.eu\/2127\/wp-content\/uploads\/sites\/14\/2021\/10\/green.png 220w\" sizes=\"(max-width: 640px) 100vw, 200px\" \/><\/span><\/div><\/div><style type=\"text\/css\">.fusion-body .fusion-builder-column-9{width:20% !important;margin-top : 0px;margin-bottom : 20px;}.fusion-builder-column-9 > .fusion-column-wrapper {padding-top : 0px !important;padding-right : 0px !important;margin-right : 9.6%;padding-bottom : 0px !important;padding-left : 0px !important;margin-left : 9.6%;}@media only screen and (max-width:1024px) {.fusion-body .fusion-builder-column-9{width:20% !important;order : 0;}.fusion-builder-column-9 > .fusion-column-wrapper {margin-right : 9.6%;margin-left : 9.6%;}}@media only screen and (max-width:640px) {.fusion-body .fusion-builder-column-9{width:100% !important;order : 0;}.fusion-builder-column-9 > .fusion-column-wrapper {margin-right : 1.92%;margin-left : 1.92%;}}<\/style><\/div><div class=\"fusion-layout-column fusion_builder_column fusion-builder-column-10 fusion_builder_column_4_5 4_5 fusion-flex-column\"><div class=\"fusion-column-wrapper fusion-flex-justify-content-flex-start fusion-content-layout-column\" style=\"background-position:left top;background-repeat:no-repeat;-webkit-background-size:cover;-moz-background-size:cover;-o-background-size:cover;background-size:cover;padding: 0px 0px 0px 0px;\"><style type=\"text\/css\">.fusion-gallery-1 .fusion-gallery-image {border:0px solid #e2e2e2;}<\/style><div class=\"fusion-gallery fusion-gallery-container fusion-grid-3 fusion-columns-total-7 fusion-gallery-layout-grid fusion-gallery-1\" style=\"margin:-5px;\"><div style=\"padding:5px;\" class=\"fusion-grid-column fusion-gallery-column fusion-gallery-column-3 hover-type-none\"><div class=\"fusion-gallery-image\"><a href=\"http:\/\/www.si-hu.eu\/2127\/hu\/p1_aquanature_home\/\" target=\"_self\"><img src=\"http:\/\/www.si-hu.eu\/2127\/wp-content\/uploads\/sites\/14\/2025\/12\/AQUANATURE-Project-logo-Slovenia-Hungary_bilingual_color-scaled.jpg\" width=\"2560\" height=\"1321\" alt=\"\" title=\"AQUANATURE Project logo Slovenia-Hungary_bilingual_color\" aria-label=\"AQUANATURE Project logo Slovenia-Hungary_bilingual_color\" class=\"img-responsive wp-image-16289\" srcset=\"http:\/\/www.si-hu.eu\/2127\/wp-content\/uploads\/sites\/14\/2025\/12\/AQUANATURE-Project-logo-Slovenia-Hungary_bilingual_color-200x103.jpg 200w, http:\/\/www.si-hu.eu\/2127\/wp-content\/uploads\/sites\/14\/2025\/12\/AQUANATURE-Project-logo-Slovenia-Hungary_bilingual_color-400x206.jpg 400w, http:\/\/www.si-hu.eu\/2127\/wp-content\/uploads\/sites\/14\/2025\/12\/AQUANATURE-Project-logo-Slovenia-Hungary_bilingual_color-600x310.jpg 600w, http:\/\/www.si-hu.eu\/2127\/wp-content\/uploads\/sites\/14\/2025\/12\/AQUANATURE-Project-logo-Slovenia-Hungary_bilingual_color-800x413.jpg 800w, http:\/\/www.si-hu.eu\/2127\/wp-content\/uploads\/sites\/14\/2025\/12\/AQUANATURE-Project-logo-Slovenia-Hungary_bilingual_color-1200x619.jpg 1200w, http:\/\/www.si-hu.eu\/2127\/wp-content\/uploads\/sites\/14\/2025\/12\/AQUANATURE-Project-logo-Slovenia-Hungary_bilingual_color-scaled.jpg 2560w\" sizes=\"(min-width: 2200px) 100vw, (min-width: 784px) 397px, (min-width: 712px) 595px, (min-width: 640px) 712px, \" \/><\/a><\/div><\/div><div style=\"padding:5px;\" class=\"fusion-grid-column fusion-gallery-column fusion-gallery-column-3 hover-type-none\"><div class=\"fusion-gallery-image\"><a href=\"http:\/\/www.si-hu.eu\/2127\/hu\/p1_biogemtwin_home\/\" target=\"_self\"><img src=\"http:\/\/www.si-hu.eu\/2127\/wp-content\/uploads\/sites\/14\/2025\/12\/BioGemTwin-Project-logo-Slovenia-Hungary_bilingual_color-scaled.jpg\" width=\"2560\" height=\"1321\" alt=\"\" title=\"BioGemTwin Project logo Slovenia-Hungary_bilingual_color\" aria-label=\"BioGemTwin Project logo Slovenia-Hungary_bilingual_color\" class=\"img-responsive wp-image-16325\" srcset=\"http:\/\/www.si-hu.eu\/2127\/wp-content\/uploads\/sites\/14\/2025\/12\/BioGemTwin-Project-logo-Slovenia-Hungary_bilingual_color-200x103.jpg 200w, http:\/\/www.si-hu.eu\/2127\/wp-content\/uploads\/sites\/14\/2025\/12\/BioGemTwin-Project-logo-Slovenia-Hungary_bilingual_color-400x206.jpg 400w, http:\/\/www.si-hu.eu\/2127\/wp-content\/uploads\/sites\/14\/2025\/12\/BioGemTwin-Project-logo-Slovenia-Hungary_bilingual_color-600x310.jpg 600w, http:\/\/www.si-hu.eu\/2127\/wp-content\/uploads\/sites\/14\/2025\/12\/BioGemTwin-Project-logo-Slovenia-Hungary_bilingual_color-800x413.jpg 800w, http:\/\/www.si-hu.eu\/2127\/wp-content\/uploads\/sites\/14\/2025\/12\/BioGemTwin-Project-logo-Slovenia-Hungary_bilingual_color-1200x619.jpg 1200w, http:\/\/www.si-hu.eu\/2127\/wp-content\/uploads\/sites\/14\/2025\/12\/BioGemTwin-Project-logo-Slovenia-Hungary_bilingual_color-scaled.jpg 2560w\" sizes=\"(min-width: 2200px) 100vw, (min-width: 784px) 397px, (min-width: 712px) 595px, (min-width: 640px) 712px, \" \/><\/a><\/div><\/div><div style=\"padding:5px;\" class=\"fusion-grid-column fusion-gallery-column fusion-gallery-column-3 hover-type-none\"><div class=\"fusion-gallery-image\"><a href=\"http:\/\/www.si-hu.eu\/2127\/hu\/p1_keepitdark_home\/\" target=\"_self\"><img src=\"http:\/\/www.si-hu.eu\/2127\/wp-content\/uploads\/sites\/14\/2025\/10\/KeepItDark-Project-logo-Slovenia-Hungary_bilingual_color-scaled.jpg\" width=\"2560\" height=\"1321\" alt=\"\" title=\"KeepItDark Project logo Slovenia-Hungary_bilingual_color\" aria-label=\"KeepItDark Project logo Slovenia-Hungary_bilingual_color\" class=\"img-responsive wp-image-14363\" srcset=\"http:\/\/www.si-hu.eu\/2127\/wp-content\/uploads\/sites\/14\/2025\/10\/KeepItDark-Project-logo-Slovenia-Hungary_bilingual_color-200x103.jpg 200w, http:\/\/www.si-hu.eu\/2127\/wp-content\/uploads\/sites\/14\/2025\/10\/KeepItDark-Project-logo-Slovenia-Hungary_bilingual_color-400x206.jpg 400w, http:\/\/www.si-hu.eu\/2127\/wp-content\/uploads\/sites\/14\/2025\/10\/KeepItDark-Project-logo-Slovenia-Hungary_bilingual_color-600x310.jpg 600w, http:\/\/www.si-hu.eu\/2127\/wp-content\/uploads\/sites\/14\/2025\/10\/KeepItDark-Project-logo-Slovenia-Hungary_bilingual_color-800x413.jpg 800w, http:\/\/www.si-hu.eu\/2127\/wp-content\/uploads\/sites\/14\/2025\/10\/KeepItDark-Project-logo-Slovenia-Hungary_bilingual_color-1200x619.jpg 1200w, http:\/\/www.si-hu.eu\/2127\/wp-content\/uploads\/sites\/14\/2025\/10\/KeepItDark-Project-logo-Slovenia-Hungary_bilingual_color-scaled.jpg 2560w\" sizes=\"(min-width: 2200px) 100vw, (min-width: 784px) 397px, (min-width: 712px) 595px, (min-width: 640px) 712px, \" \/><\/a><\/div><\/div><div class=\"clearfix\"><\/div><div style=\"padding:5px;\" class=\"fusion-grid-column fusion-gallery-column fusion-gallery-column-3 hover-type-none\"><div class=\"fusion-gallery-image\"><a href=\"http:\/\/www.si-hu.eu\/2127\/hu\/p1_pannonian-pg_home\/\" target=\"_self\"><img src=\"http:\/\/www.si-hu.eu\/2127\/wp-content\/uploads\/sites\/14\/2025\/11\/Pannonian-PG-Project-logo-Slovenia-Hungary_bilingual_color-scaled.jpg\" width=\"2560\" height=\"1321\" alt=\"\" title=\"Pannonian P&amp;G Project logo Slovenia-Hungary_bilingual_color\" aria-label=\"Pannonian P&amp;G Project logo Slovenia-Hungary_bilingual_color\" class=\"img-responsive wp-image-15851\" srcset=\"http:\/\/www.si-hu.eu\/2127\/wp-content\/uploads\/sites\/14\/2025\/11\/Pannonian-PG-Project-logo-Slovenia-Hungary_bilingual_color-200x103.jpg 200w, http:\/\/www.si-hu.eu\/2127\/wp-content\/uploads\/sites\/14\/2025\/11\/Pannonian-PG-Project-logo-Slovenia-Hungary_bilingual_color-400x206.jpg 400w, http:\/\/www.si-hu.eu\/2127\/wp-content\/uploads\/sites\/14\/2025\/11\/Pannonian-PG-Project-logo-Slovenia-Hungary_bilingual_color-600x310.jpg 600w, http:\/\/www.si-hu.eu\/2127\/wp-content\/uploads\/sites\/14\/2025\/11\/Pannonian-PG-Project-logo-Slovenia-Hungary_bilingual_color-800x413.jpg 800w, http:\/\/www.si-hu.eu\/2127\/wp-content\/uploads\/sites\/14\/2025\/11\/Pannonian-PG-Project-logo-Slovenia-Hungary_bilingual_color-1200x619.jpg 1200w, http:\/\/www.si-hu.eu\/2127\/wp-content\/uploads\/sites\/14\/2025\/11\/Pannonian-PG-Project-logo-Slovenia-Hungary_bilingual_color-scaled.jpg 2560w\" sizes=\"(min-width: 2200px) 100vw, (min-width: 784px) 397px, (min-width: 712px) 595px, (min-width: 640px) 712px, \" \/><\/a><\/div><\/div><div style=\"padding:5px;\" class=\"fusion-grid-column fusion-gallery-column fusion-gallery-column-3 hover-type-none\"><div class=\"fusion-gallery-image\"><a href=\"http:\/\/www.si-hu.eu\/2127\/hu\/p1_pharmwater_home\/\" target=\"_self\"><img src=\"http:\/\/www.si-hu.eu\/2127\/wp-content\/uploads\/sites\/14\/2025\/11\/PharmWater-Project-logo-Slovenia-Hungary_bilingual_color-scaled.jpg\" width=\"2560\" height=\"1321\" alt=\"\" title=\"PharmWater Project logo Slovenia-Hungary_bilingual_color\" aria-label=\"PharmWater Project logo Slovenia-Hungary_bilingual_color\" class=\"img-responsive wp-image-15707\" srcset=\"http:\/\/www.si-hu.eu\/2127\/wp-content\/uploads\/sites\/14\/2025\/11\/PharmWater-Project-logo-Slovenia-Hungary_bilingual_color-200x103.jpg 200w, http:\/\/www.si-hu.eu\/2127\/wp-content\/uploads\/sites\/14\/2025\/11\/PharmWater-Project-logo-Slovenia-Hungary_bilingual_color-400x206.jpg 400w, http:\/\/www.si-hu.eu\/2127\/wp-content\/uploads\/sites\/14\/2025\/11\/PharmWater-Project-logo-Slovenia-Hungary_bilingual_color-600x310.jpg 600w, http:\/\/www.si-hu.eu\/2127\/wp-content\/uploads\/sites\/14\/2025\/11\/PharmWater-Project-logo-Slovenia-Hungary_bilingual_color-800x413.jpg 800w, http:\/\/www.si-hu.eu\/2127\/wp-content\/uploads\/sites\/14\/2025\/11\/PharmWater-Project-logo-Slovenia-Hungary_bilingual_color-1200x619.jpg 1200w, http:\/\/www.si-hu.eu\/2127\/wp-content\/uploads\/sites\/14\/2025\/11\/PharmWater-Project-logo-Slovenia-Hungary_bilingual_color-scaled.jpg 2560w\" sizes=\"(min-width: 2200px) 100vw, (min-width: 784px) 397px, (min-width: 712px) 595px, (min-width: 640px) 712px, \" \/><\/a><\/div><\/div><div style=\"padding:5px;\" class=\"fusion-grid-column fusion-gallery-column fusion-gallery-column-3 hover-type-none\"><div class=\"fusion-gallery-image\"><a href=\"http:\/\/www.si-hu.eu\/2127\/hu\/p1_pollenact_home\/\" target=\"_self\"><img src=\"http:\/\/www.si-hu.eu\/2127\/wp-content\/uploads\/sites\/14\/2025\/10\/PollenAct-Project-logo-Slovenia-Hungary_bilingual_color-scaled.jpg\" width=\"2560\" height=\"1321\" alt=\"\" title=\"PollenAct Project logo Slovenia-Hungary_bilingual_color\" aria-label=\"PollenAct Project logo Slovenia-Hungary_bilingual_color\" class=\"img-responsive wp-image-15551\" srcset=\"http:\/\/www.si-hu.eu\/2127\/wp-content\/uploads\/sites\/14\/2025\/10\/PollenAct-Project-logo-Slovenia-Hungary_bilingual_color-200x103.jpg 200w, http:\/\/www.si-hu.eu\/2127\/wp-content\/uploads\/sites\/14\/2025\/10\/PollenAct-Project-logo-Slovenia-Hungary_bilingual_color-400x206.jpg 400w, http:\/\/www.si-hu.eu\/2127\/wp-content\/uploads\/sites\/14\/2025\/10\/PollenAct-Project-logo-Slovenia-Hungary_bilingual_color-600x310.jpg 600w, http:\/\/www.si-hu.eu\/2127\/wp-content\/uploads\/sites\/14\/2025\/10\/PollenAct-Project-logo-Slovenia-Hungary_bilingual_color-800x413.jpg 800w, http:\/\/www.si-hu.eu\/2127\/wp-content\/uploads\/sites\/14\/2025\/10\/PollenAct-Project-logo-Slovenia-Hungary_bilingual_color-1200x619.jpg 1200w, http:\/\/www.si-hu.eu\/2127\/wp-content\/uploads\/sites\/14\/2025\/10\/PollenAct-Project-logo-Slovenia-Hungary_bilingual_color-scaled.jpg 2560w\" sizes=\"(min-width: 2200px) 100vw, (min-width: 784px) 397px, (min-width: 712px) 595px, (min-width: 640px) 712px, \" \/><\/a><\/div><\/div><div class=\"clearfix\"><\/div><div style=\"padding:5px;\" class=\"fusion-grid-column fusion-gallery-column fusion-gallery-column-3 hover-type-none\"><div class=\"fusion-gallery-image\"><a href=\"http:\/\/www.si-hu.eu\/2127\/hu\/p1_riskhub-ii-_home\/\" target=\"_self\"><img src=\"http:\/\/www.si-hu.eu\/2127\/wp-content\/uploads\/sites\/14\/2025\/08\/RISKHUB-II.-Project-logo-Slovenia-Hungary_bilingual_color-scaled.jpg\" width=\"2560\" height=\"1321\" alt=\"\" title=\"RISKHUB II. Project logo Slovenia-Hungary_bilingual_color\" aria-label=\"RISKHUB II. Project logo Slovenia-Hungary_bilingual_color\" class=\"img-responsive wp-image-13315\" srcset=\"http:\/\/www.si-hu.eu\/2127\/wp-content\/uploads\/sites\/14\/2025\/08\/RISKHUB-II.-Project-logo-Slovenia-Hungary_bilingual_color-200x103.jpg 200w, http:\/\/www.si-hu.eu\/2127\/wp-content\/uploads\/sites\/14\/2025\/08\/RISKHUB-II.-Project-logo-Slovenia-Hungary_bilingual_color-400x206.jpg 400w, http:\/\/www.si-hu.eu\/2127\/wp-content\/uploads\/sites\/14\/2025\/08\/RISKHUB-II.-Project-logo-Slovenia-Hungary_bilingual_color-600x310.jpg 600w, http:\/\/www.si-hu.eu\/2127\/wp-content\/uploads\/sites\/14\/2025\/08\/RISKHUB-II.-Project-logo-Slovenia-Hungary_bilingual_color-800x413.jpg 800w, http:\/\/www.si-hu.eu\/2127\/wp-content\/uploads\/sites\/14\/2025\/08\/RISKHUB-II.-Project-logo-Slovenia-Hungary_bilingual_color-1200x619.jpg 1200w, http:\/\/www.si-hu.eu\/2127\/wp-content\/uploads\/sites\/14\/2025\/08\/RISKHUB-II.-Project-logo-Slovenia-Hungary_bilingual_color-scaled.jpg 2560w\" sizes=\"(min-width: 2200px) 100vw, (min-width: 784px) 397px, (min-width: 712px) 595px, (min-width: 640px) 712px, \" \/><\/a><\/div><\/div><\/div><\/div><style type=\"text\/css\">.fusion-body .fusion-builder-column-10{width:80% !important;margin-top : 0px;margin-bottom : 20px;}.fusion-builder-column-10 > .fusion-column-wrapper {padding-top : 0px !important;padding-right : 0px !important;margin-right : 2.4%;padding-bottom : 0px !important;padding-left : 0px !important;margin-left : 2.4%;}@media only screen and (max-width:1024px) {.fusion-body .fusion-builder-column-10{width:80% !important;order : 0;}.fusion-builder-column-10 > .fusion-column-wrapper {margin-right : 2.4%;margin-left : 2.4%;}}@media only screen and (max-width:640px) {.fusion-body .fusion-builder-column-10{width:100% !important;order : 0;}.fusion-builder-column-10 > .fusion-column-wrapper {margin-right : 1.92%;margin-left : 1.92%;}}<\/style><\/div><div class=\"fusion-layout-column fusion_builder_column fusion-builder-column-11 fusion_builder_column_1_1 1_1 fusion-flex-column\"><div class=\"fusion-column-wrapper fusion-flex-justify-content-flex-start fusion-content-layout-column\" style=\"background-position:left top;background-repeat:no-repeat;-webkit-background-size:cover;-moz-background-size:cover;-o-background-size:cover;background-size:cover;padding: 0px 0px 0px 0px;\"><div class=\"fusion-text fusion-text-4\" style=\"text-align:left;\"><p style=\"letter-spacing: 3px; text-align: left;\">2. Priorit\u00e1s &#8211; Fenntarthat\u00f3 turizmuson alapul\u00f3 inkluz\u00edv hat\u00e1rr\u00e9gi\u00f3<\/p>\n<\/div><\/div><style type=\"text\/css\">.fusion-body .fusion-builder-column-11{width:100% !important;margin-top : 0px;margin-bottom : 20px;}.fusion-builder-column-11 > .fusion-column-wrapper {padding-top : 0px !important;padding-right : 0px !important;margin-right : 1.92%;padding-bottom : 0px !important;padding-left : 0px !important;margin-left : 1.92%;}@media only screen and (max-width:1024px) {.fusion-body .fusion-builder-column-11{width:100% !important;order : 0;}.fusion-builder-column-11 > .fusion-column-wrapper {margin-right : 1.92%;margin-left : 1.92%;}}@media only screen and (max-width:640px) {.fusion-body .fusion-builder-column-11{width:100% !important;order : 0;}.fusion-builder-column-11 > .fusion-column-wrapper {margin-right : 1.92%;margin-left : 1.92%;}}<\/style><\/div><div class=\"fusion-layout-column fusion_builder_column fusion-builder-column-12 fusion_builder_column_1_5 1_5 fusion-flex-column\"><div class=\"fusion-column-wrapper fusion-flex-justify-content-flex-start fusion-content-layout-column\" style=\"background-position:left top;background-repeat:no-repeat;-webkit-background-size:cover;-moz-background-size:cover;-o-background-size:cover;background-size:cover;padding: 0px 0px 0px 0px;\"><div ><span class=\" fusion-imageframe imageframe-none imageframe-2 hover-type-none\"><img width=\"221\" height=\"221\" title=\"moresocial\" src=\"http:\/\/www.si-hu.eu\/2127\/wp-content\/uploads\/sites\/14\/2021\/10\/moresocial.png\" class=\"img-responsive wp-image-3781\" srcset=\"http:\/\/www.si-hu.eu\/2127\/wp-content\/uploads\/sites\/14\/2021\/10\/moresocial-200x200.png 200w, http:\/\/www.si-hu.eu\/2127\/wp-content\/uploads\/sites\/14\/2021\/10\/moresocial.png 221w\" sizes=\"(max-width: 640px) 100vw, 200px\" \/><\/span><\/div><\/div><style type=\"text\/css\">.fusion-body .fusion-builder-column-12{width:20% !important;margin-top : 0px;margin-bottom : 20px;}.fusion-builder-column-12 > .fusion-column-wrapper {padding-top : 0px !important;padding-right : 0px !important;margin-right : 9.6%;padding-bottom : 0px !important;padding-left : 0px !important;margin-left : 9.6%;}@media only screen and (max-width:1024px) {.fusion-body .fusion-builder-column-12{width:20% !important;order : 0;}.fusion-builder-column-12 > .fusion-column-wrapper {margin-right : 9.6%;margin-left : 9.6%;}}@media only screen and (max-width:640px) {.fusion-body .fusion-builder-column-12{width:100% !important;order : 0;}.fusion-builder-column-12 > .fusion-column-wrapper {margin-right : 1.92%;margin-left : 1.92%;}}<\/style><\/div><div class=\"fusion-layout-column fusion_builder_column fusion-builder-column-13 fusion_builder_column_4_5 4_5 fusion-flex-column\"><div class=\"fusion-column-wrapper fusion-flex-justify-content-flex-start fusion-content-layout-column\" style=\"background-position:left top;background-repeat:no-repeat;-webkit-background-size:cover;-moz-background-size:cover;-o-background-size:cover;background-size:cover;padding: 0px 0px 0px 0px;\"><style type=\"text\/css\">.fusion-gallery-2 .fusion-gallery-image {border:0px solid #e2e2e2;}<\/style><div class=\"fusion-gallery fusion-gallery-container fusion-grid-3 fusion-columns-total-12 fusion-gallery-layout-grid fusion-gallery-2\" style=\"margin:-5px;\"><div style=\"padding:5px;\" class=\"fusion-grid-column fusion-gallery-column fusion-gallery-column-3 hover-type-none\"><div class=\"fusion-gallery-image\"><a href=\"http:\/\/www.si-hu.eu\/2127\/hu\/p2_c4f-elevate_home\/\" target=\"_self\"><img src=\"http:\/\/www.si-hu.eu\/2127\/wp-content\/uploads\/sites\/14\/2025\/12\/C4F-ELEVATE-Project-logo-Slovenia-Hungary_bilingual_color-scaled.jpg\" width=\"2560\" height=\"1321\" alt=\"\" title=\"C4F-ELEVATE Project logo Slovenia-Hungary_bilingual_color\" aria-label=\"C4F-ELEVATE Project logo Slovenia-Hungary_bilingual_color\" class=\"img-responsive wp-image-16301\" srcset=\"http:\/\/www.si-hu.eu\/2127\/wp-content\/uploads\/sites\/14\/2025\/12\/C4F-ELEVATE-Project-logo-Slovenia-Hungary_bilingual_color-200x103.jpg 200w, http:\/\/www.si-hu.eu\/2127\/wp-content\/uploads\/sites\/14\/2025\/12\/C4F-ELEVATE-Project-logo-Slovenia-Hungary_bilingual_color-400x206.jpg 400w, http:\/\/www.si-hu.eu\/2127\/wp-content\/uploads\/sites\/14\/2025\/12\/C4F-ELEVATE-Project-logo-Slovenia-Hungary_bilingual_color-600x310.jpg 600w, http:\/\/www.si-hu.eu\/2127\/wp-content\/uploads\/sites\/14\/2025\/12\/C4F-ELEVATE-Project-logo-Slovenia-Hungary_bilingual_color-800x413.jpg 800w, http:\/\/www.si-hu.eu\/2127\/wp-content\/uploads\/sites\/14\/2025\/12\/C4F-ELEVATE-Project-logo-Slovenia-Hungary_bilingual_color-1200x619.jpg 1200w, http:\/\/www.si-hu.eu\/2127\/wp-content\/uploads\/sites\/14\/2025\/12\/C4F-ELEVATE-Project-logo-Slovenia-Hungary_bilingual_color-scaled.jpg 2560w\" sizes=\"(min-width: 2200px) 100vw, (min-width: 784px) 397px, (min-width: 712px) 595px, (min-width: 640px) 712px, \" \/><\/a><\/div><\/div><div style=\"padding:5px;\" class=\"fusion-grid-column fusion-gallery-column fusion-gallery-column-3 hover-type-none\"><div class=\"fusion-gallery-image\"><a href=\"http:\/\/www.si-hu.eu\/2127\/hu\/p2_cross-sacral_home\/\" target=\"_self\"><img src=\"http:\/\/www.si-hu.eu\/2127\/wp-content\/uploads\/sites\/14\/2025\/12\/CROSS-SACRAL-Project-logo-Slovenia-Hungary_bilingual_color-scaled.jpg\" width=\"2560\" height=\"1321\" alt=\"\" title=\"CROSS-SACRAL Project logo Slovenia-Hungary_bilingual_color\" aria-label=\"CROSS-SACRAL Project logo Slovenia-Hungary_bilingual_color\" class=\"img-responsive wp-image-16337\" srcset=\"http:\/\/www.si-hu.eu\/2127\/wp-content\/uploads\/sites\/14\/2025\/12\/CROSS-SACRAL-Project-logo-Slovenia-Hungary_bilingual_color-200x103.jpg 200w, http:\/\/www.si-hu.eu\/2127\/wp-content\/uploads\/sites\/14\/2025\/12\/CROSS-SACRAL-Project-logo-Slovenia-Hungary_bilingual_color-400x206.jpg 400w, http:\/\/www.si-hu.eu\/2127\/wp-content\/uploads\/sites\/14\/2025\/12\/CROSS-SACRAL-Project-logo-Slovenia-Hungary_bilingual_color-600x310.jpg 600w, http:\/\/www.si-hu.eu\/2127\/wp-content\/uploads\/sites\/14\/2025\/12\/CROSS-SACRAL-Project-logo-Slovenia-Hungary_bilingual_color-800x413.jpg 800w, http:\/\/www.si-hu.eu\/2127\/wp-content\/uploads\/sites\/14\/2025\/12\/CROSS-SACRAL-Project-logo-Slovenia-Hungary_bilingual_color-1200x619.jpg 1200w, http:\/\/www.si-hu.eu\/2127\/wp-content\/uploads\/sites\/14\/2025\/12\/CROSS-SACRAL-Project-logo-Slovenia-Hungary_bilingual_color-scaled.jpg 2560w\" sizes=\"(min-width: 2200px) 100vw, (min-width: 784px) 397px, (min-width: 712px) 595px, (min-width: 640px) 712px, \" \/><\/a><\/div><\/div><div class=\"clearfix\"><\/div><div style=\"padding:5px;\" class=\"fusion-grid-column fusion-gallery-column fusion-gallery-column-3 hover-type-none\"><div class=\"fusion-gallery-image\"><a href=\"http:\/\/www.si-hu.eu\/2127\/hu\/p2_crossdest_home\/\" target=\"_self\"><img src=\"http:\/\/www.si-hu.eu\/2127\/wp-content\/uploads\/sites\/14\/2025\/10\/CROSSDEST-Project-logo-Slovenia-Hungary_bilingual_color-scaled.jpg\" width=\"2560\" height=\"1321\" alt=\"\" title=\"CROSSDEST Project logo Slovenia-Hungary_bilingual_color\" aria-label=\"CROSSDEST Project logo Slovenia-Hungary_bilingual_color\" class=\"img-responsive wp-image-15366\" srcset=\"http:\/\/www.si-hu.eu\/2127\/wp-content\/uploads\/sites\/14\/2025\/10\/CROSSDEST-Project-logo-Slovenia-Hungary_bilingual_color-200x103.jpg 200w, http:\/\/www.si-hu.eu\/2127\/wp-content\/uploads\/sites\/14\/2025\/10\/CROSSDEST-Project-logo-Slovenia-Hungary_bilingual_color-400x206.jpg 400w, http:\/\/www.si-hu.eu\/2127\/wp-content\/uploads\/sites\/14\/2025\/10\/CROSSDEST-Project-logo-Slovenia-Hungary_bilingual_color-600x310.jpg 600w, http:\/\/www.si-hu.eu\/2127\/wp-content\/uploads\/sites\/14\/2025\/10\/CROSSDEST-Project-logo-Slovenia-Hungary_bilingual_color-800x413.jpg 800w, http:\/\/www.si-hu.eu\/2127\/wp-content\/uploads\/sites\/14\/2025\/10\/CROSSDEST-Project-logo-Slovenia-Hungary_bilingual_color-1200x619.jpg 1200w, http:\/\/www.si-hu.eu\/2127\/wp-content\/uploads\/sites\/14\/2025\/10\/CROSSDEST-Project-logo-Slovenia-Hungary_bilingual_color-scaled.jpg 2560w\" sizes=\"(min-width: 2200px) 100vw, (min-width: 784px) 397px, (min-width: 712px) 595px, (min-width: 640px) 712px, \" \/><\/a><\/div><\/div><div style=\"padding:5px;\" class=\"fusion-grid-column fusion-gallery-column fusion-gallery-column-3 hover-type-none\"><div class=\"fusion-gallery-image\"><a href=\"http:\/\/www.si-hu.eu\/2127\/hu\/p2_cultivine_home\/\" target=\"_self\"><img src=\"http:\/\/www.si-hu.eu\/2127\/wp-content\/uploads\/sites\/14\/2025\/12\/CULTIVINE-Project-logo-Slovenia-Hungary_bilingual_color-scaled.jpg\" width=\"2560\" height=\"1321\" alt=\"\" title=\"CULTIVINE Project logo Slovenia-Hungary_bilingual_color\" aria-label=\"CULTIVINE Project logo Slovenia-Hungary_bilingual_color\" class=\"img-responsive wp-image-16361\" srcset=\"http:\/\/www.si-hu.eu\/2127\/wp-content\/uploads\/sites\/14\/2025\/12\/CULTIVINE-Project-logo-Slovenia-Hungary_bilingual_color-200x103.jpg 200w, http:\/\/www.si-hu.eu\/2127\/wp-content\/uploads\/sites\/14\/2025\/12\/CULTIVINE-Project-logo-Slovenia-Hungary_bilingual_color-400x206.jpg 400w, http:\/\/www.si-hu.eu\/2127\/wp-content\/uploads\/sites\/14\/2025\/12\/CULTIVINE-Project-logo-Slovenia-Hungary_bilingual_color-600x310.jpg 600w, http:\/\/www.si-hu.eu\/2127\/wp-content\/uploads\/sites\/14\/2025\/12\/CULTIVINE-Project-logo-Slovenia-Hungary_bilingual_color-800x413.jpg 800w, http:\/\/www.si-hu.eu\/2127\/wp-content\/uploads\/sites\/14\/2025\/12\/CULTIVINE-Project-logo-Slovenia-Hungary_bilingual_color-1200x619.jpg 1200w, http:\/\/www.si-hu.eu\/2127\/wp-content\/uploads\/sites\/14\/2025\/12\/CULTIVINE-Project-logo-Slovenia-Hungary_bilingual_color-scaled.jpg 2560w\" sizes=\"(min-width: 2200px) 100vw, (min-width: 784px) 397px, (min-width: 712px) 595px, (min-width: 640px) 712px, \" \/><\/a><\/div><\/div><div style=\"padding:5px;\" class=\"fusion-grid-column fusion-gallery-column fusion-gallery-column-3 hover-type-none\"><div class=\"fusion-gallery-image\"><a href=\"http:\/\/www.si-hu.eu\/2127\/hu\/p2_exp-castles_home\/\" target=\"_self\"><img src=\"http:\/\/www.si-hu.eu\/2127\/wp-content\/uploads\/sites\/14\/2025\/11\/EXP-Castles-Project-logo-Slovenia-Hungary_bilingual_color-scaled.jpg\" width=\"2560\" height=\"1321\" alt=\"\" title=\"EXP Castles Project logo Slovenia-Hungary_bilingual_color\" aria-label=\"EXP Castles Project logo Slovenia-Hungary_bilingual_color\" class=\"img-responsive wp-image-16072\" srcset=\"http:\/\/www.si-hu.eu\/2127\/wp-content\/uploads\/sites\/14\/2025\/11\/EXP-Castles-Project-logo-Slovenia-Hungary_bilingual_color-200x103.jpg 200w, http:\/\/www.si-hu.eu\/2127\/wp-content\/uploads\/sites\/14\/2025\/11\/EXP-Castles-Project-logo-Slovenia-Hungary_bilingual_color-400x206.jpg 400w, http:\/\/www.si-hu.eu\/2127\/wp-content\/uploads\/sites\/14\/2025\/11\/EXP-Castles-Project-logo-Slovenia-Hungary_bilingual_color-600x310.jpg 600w, http:\/\/www.si-hu.eu\/2127\/wp-content\/uploads\/sites\/14\/2025\/11\/EXP-Castles-Project-logo-Slovenia-Hungary_bilingual_color-800x413.jpg 800w, http:\/\/www.si-hu.eu\/2127\/wp-content\/uploads\/sites\/14\/2025\/11\/EXP-Castles-Project-logo-Slovenia-Hungary_bilingual_color-1200x619.jpg 1200w, http:\/\/www.si-hu.eu\/2127\/wp-content\/uploads\/sites\/14\/2025\/11\/EXP-Castles-Project-logo-Slovenia-Hungary_bilingual_color-scaled.jpg 2560w\" sizes=\"(min-width: 2200px) 100vw, (min-width: 784px) 397px, (min-width: 712px) 595px, (min-width: 640px) 712px, \" \/><\/a><\/div><\/div><div class=\"clearfix\"><\/div><div style=\"padding:5px;\" class=\"fusion-grid-column fusion-gallery-column fusion-gallery-column-3 hover-type-none\"><div class=\"fusion-gallery-image\"><a href=\"http:\/\/www.si-hu.eu\/2127\/hu\/p2_from-mill-to-mill_home\/\" target=\"_self\"><img src=\"http:\/\/www.si-hu.eu\/2127\/wp-content\/uploads\/sites\/14\/2025\/10\/From-Mill-to-Mill-Project-logo-Slovenia-Hungary_bilingual_color-scaled.jpg\" width=\"2560\" height=\"1321\" alt=\"\" title=\"From Mill to Mill Project logo Slovenia-Hungary_bilingual_color\" aria-label=\"From Mill to Mill Project logo Slovenia-Hungary_bilingual_color\" class=\"img-responsive wp-image-15451\" srcset=\"http:\/\/www.si-hu.eu\/2127\/wp-content\/uploads\/sites\/14\/2025\/10\/From-Mill-to-Mill-Project-logo-Slovenia-Hungary_bilingual_color-200x103.jpg 200w, http:\/\/www.si-hu.eu\/2127\/wp-content\/uploads\/sites\/14\/2025\/10\/From-Mill-to-Mill-Project-logo-Slovenia-Hungary_bilingual_color-400x206.jpg 400w, http:\/\/www.si-hu.eu\/2127\/wp-content\/uploads\/sites\/14\/2025\/10\/From-Mill-to-Mill-Project-logo-Slovenia-Hungary_bilingual_color-600x310.jpg 600w, http:\/\/www.si-hu.eu\/2127\/wp-content\/uploads\/sites\/14\/2025\/10\/From-Mill-to-Mill-Project-logo-Slovenia-Hungary_bilingual_color-800x413.jpg 800w, http:\/\/www.si-hu.eu\/2127\/wp-content\/uploads\/sites\/14\/2025\/10\/From-Mill-to-Mill-Project-logo-Slovenia-Hungary_bilingual_color-1200x619.jpg 1200w, http:\/\/www.si-hu.eu\/2127\/wp-content\/uploads\/sites\/14\/2025\/10\/From-Mill-to-Mill-Project-logo-Slovenia-Hungary_bilingual_color-scaled.jpg 2560w\" sizes=\"(min-width: 2200px) 100vw, (min-width: 784px) 397px, (min-width: 712px) 595px, (min-width: 640px) 712px, \" \/><\/a><\/div><\/div><div style=\"padding:5px;\" class=\"fusion-grid-column fusion-gallery-column fusion-gallery-column-3 hover-type-none\"><div class=\"fusion-gallery-image\"><a href=\"http:\/\/www.si-hu.eu\/2127\/hu\/p2_gucimo_home\/\" target=\"_self\"><img src=\"http:\/\/www.si-hu.eu\/2127\/wp-content\/uploads\/sites\/14\/2025\/12\/GUCIMO-Project-logo-Slovenia-Hungary_bilingual_color-scaled.jpg\" width=\"2560\" height=\"1321\" alt=\"\" title=\"GU\u010cIMO Project logo Slovenia-Hungary_bilingual_color\" aria-label=\"GU\u010cIMO Project logo Slovenia-Hungary_bilingual_color\" class=\"img-responsive wp-image-16349\" srcset=\"http:\/\/www.si-hu.eu\/2127\/wp-content\/uploads\/sites\/14\/2025\/12\/GUCIMO-Project-logo-Slovenia-Hungary_bilingual_color-200x103.jpg 200w, http:\/\/www.si-hu.eu\/2127\/wp-content\/uploads\/sites\/14\/2025\/12\/GUCIMO-Project-logo-Slovenia-Hungary_bilingual_color-400x206.jpg 400w, http:\/\/www.si-hu.eu\/2127\/wp-content\/uploads\/sites\/14\/2025\/12\/GUCIMO-Project-logo-Slovenia-Hungary_bilingual_color-600x310.jpg 600w, http:\/\/www.si-hu.eu\/2127\/wp-content\/uploads\/sites\/14\/2025\/12\/GUCIMO-Project-logo-Slovenia-Hungary_bilingual_color-800x413.jpg 800w, http:\/\/www.si-hu.eu\/2127\/wp-content\/uploads\/sites\/14\/2025\/12\/GUCIMO-Project-logo-Slovenia-Hungary_bilingual_color-1200x619.jpg 1200w, http:\/\/www.si-hu.eu\/2127\/wp-content\/uploads\/sites\/14\/2025\/12\/GUCIMO-Project-logo-Slovenia-Hungary_bilingual_color-scaled.jpg 2560w\" sizes=\"(min-width: 2200px) 100vw, (min-width: 784px) 397px, (min-width: 712px) 595px, (min-width: 640px) 712px, \" \/><\/a><\/div><\/div><div style=\"padding:5px;\" class=\"fusion-grid-column fusion-gallery-column fusion-gallery-column-3 hover-type-none\"><div class=\"fusion-gallery-image\"><a href=\"http:\/\/www.si-hu.eu\/2127\/hu\/p2_houses-to-go_home\/\" target=\"_self\"><img src=\"http:\/\/www.si-hu.eu\/2127\/wp-content\/uploads\/sites\/14\/2025\/11\/HOUSES-to-go-Project-logo-Slovenia-Hungary_bilingual_color-scaled.jpg\" width=\"2560\" height=\"1321\" alt=\"\" title=\"HOUSES to go Project logo Slovenia-Hungary_bilingual_color\" aria-label=\"HOUSES to go Project logo Slovenia-Hungary_bilingual_color\" class=\"img-responsive wp-image-15776\" srcset=\"http:\/\/www.si-hu.eu\/2127\/wp-content\/uploads\/sites\/14\/2025\/11\/HOUSES-to-go-Project-logo-Slovenia-Hungary_bilingual_color-200x103.jpg 200w, http:\/\/www.si-hu.eu\/2127\/wp-content\/uploads\/sites\/14\/2025\/11\/HOUSES-to-go-Project-logo-Slovenia-Hungary_bilingual_color-400x206.jpg 400w, http:\/\/www.si-hu.eu\/2127\/wp-content\/uploads\/sites\/14\/2025\/11\/HOUSES-to-go-Project-logo-Slovenia-Hungary_bilingual_color-600x310.jpg 600w, http:\/\/www.si-hu.eu\/2127\/wp-content\/uploads\/sites\/14\/2025\/11\/HOUSES-to-go-Project-logo-Slovenia-Hungary_bilingual_color-800x413.jpg 800w, http:\/\/www.si-hu.eu\/2127\/wp-content\/uploads\/sites\/14\/2025\/11\/HOUSES-to-go-Project-logo-Slovenia-Hungary_bilingual_color-1200x619.jpg 1200w, http:\/\/www.si-hu.eu\/2127\/wp-content\/uploads\/sites\/14\/2025\/11\/HOUSES-to-go-Project-logo-Slovenia-Hungary_bilingual_color-scaled.jpg 2560w\" sizes=\"(min-width: 2200px) 100vw, (min-width: 784px) 397px, (min-width: 712px) 595px, (min-width: 640px) 712px, \" \/><\/a><\/div><\/div><div class=\"clearfix\"><\/div><div style=\"padding:5px;\" class=\"fusion-grid-column fusion-gallery-column fusion-gallery-column-3 hover-type-none\"><div class=\"fusion-gallery-image\"><a href=\"http:\/\/www.si-hu.eu\/2127\/hu\/p2_icdm_home\/\" target=\"_self\"><img src=\"http:\/\/www.si-hu.eu\/2127\/wp-content\/uploads\/sites\/14\/2025\/10\/ICDM-Project-logo-Slovenia-Hungary_bilingual_color-scaled.jpg\" width=\"2560\" height=\"1321\" alt=\"\" title=\"ICDM Project logo Slovenia-Hungary_bilingual_color\" aria-label=\"ICDM Project logo Slovenia-Hungary_bilingual_color\" class=\"img-responsive wp-image-14936\" srcset=\"http:\/\/www.si-hu.eu\/2127\/wp-content\/uploads\/sites\/14\/2025\/10\/ICDM-Project-logo-Slovenia-Hungary_bilingual_color-200x103.jpg 200w, http:\/\/www.si-hu.eu\/2127\/wp-content\/uploads\/sites\/14\/2025\/10\/ICDM-Project-logo-Slovenia-Hungary_bilingual_color-400x206.jpg 400w, http:\/\/www.si-hu.eu\/2127\/wp-content\/uploads\/sites\/14\/2025\/10\/ICDM-Project-logo-Slovenia-Hungary_bilingual_color-600x310.jpg 600w, http:\/\/www.si-hu.eu\/2127\/wp-content\/uploads\/sites\/14\/2025\/10\/ICDM-Project-logo-Slovenia-Hungary_bilingual_color-800x413.jpg 800w, http:\/\/www.si-hu.eu\/2127\/wp-content\/uploads\/sites\/14\/2025\/10\/ICDM-Project-logo-Slovenia-Hungary_bilingual_color-1200x619.jpg 1200w, http:\/\/www.si-hu.eu\/2127\/wp-content\/uploads\/sites\/14\/2025\/10\/ICDM-Project-logo-Slovenia-Hungary_bilingual_color-scaled.jpg 2560w\" sizes=\"(min-width: 2200px) 100vw, (min-width: 784px) 397px, (min-width: 712px) 595px, (min-width: 640px) 712px, \" \/><\/a><\/div><\/div><div style=\"padding:5px;\" class=\"fusion-grid-column fusion-gallery-column fusion-gallery-column-3 hover-type-none\"><div class=\"fusion-gallery-image\"><a href=\"http:\/\/www.si-hu.eu\/2127\/hu\/p2_kul-well_home\/\" target=\"_self\"><img src=\"http:\/\/www.si-hu.eu\/2127\/wp-content\/uploads\/sites\/14\/2025\/12\/Kul-Well-Project-logo-Slovenia-Hungary_bilingual_color-scaled.jpg\" width=\"2560\" height=\"1321\" alt=\"\" title=\"Kul-Well Project logo Slovenia-Hungary_bilingual_color\" aria-label=\"Kul-Well Project logo Slovenia-Hungary_bilingual_color\" class=\"img-responsive wp-image-16313\" srcset=\"http:\/\/www.si-hu.eu\/2127\/wp-content\/uploads\/sites\/14\/2025\/12\/Kul-Well-Project-logo-Slovenia-Hungary_bilingual_color-200x103.jpg 200w, http:\/\/www.si-hu.eu\/2127\/wp-content\/uploads\/sites\/14\/2025\/12\/Kul-Well-Project-logo-Slovenia-Hungary_bilingual_color-400x206.jpg 400w, http:\/\/www.si-hu.eu\/2127\/wp-content\/uploads\/sites\/14\/2025\/12\/Kul-Well-Project-logo-Slovenia-Hungary_bilingual_color-600x310.jpg 600w, http:\/\/www.si-hu.eu\/2127\/wp-content\/uploads\/sites\/14\/2025\/12\/Kul-Well-Project-logo-Slovenia-Hungary_bilingual_color-800x413.jpg 800w, http:\/\/www.si-hu.eu\/2127\/wp-content\/uploads\/sites\/14\/2025\/12\/Kul-Well-Project-logo-Slovenia-Hungary_bilingual_color-1200x619.jpg 1200w, http:\/\/www.si-hu.eu\/2127\/wp-content\/uploads\/sites\/14\/2025\/12\/Kul-Well-Project-logo-Slovenia-Hungary_bilingual_color-scaled.jpg 2560w\" sizes=\"(min-width: 2200px) 100vw, (min-width: 784px) 397px, (min-width: 712px) 595px, (min-width: 640px) 712px, \" \/><\/a><\/div><\/div><div style=\"padding:5px;\" class=\"fusion-grid-column fusion-gallery-column fusion-gallery-column-3 hover-type-none\"><div class=\"fusion-gallery-image\"><a href=\"http:\/\/www.si-hu.eu\/2127\/hu\/p2_messages_home\/\" target=\"_self\"><img src=\"http:\/\/www.si-hu.eu\/2127\/wp-content\/uploads\/sites\/14\/2025\/10\/Messages-Project-logo-Slovenia-Hungary_bilingual_color-scaled.jpg\" width=\"2560\" height=\"1321\" alt=\"\" title=\"Messages Project logo Slovenia-Hungary_bilingual_color\" aria-label=\"Messages Project logo Slovenia-Hungary_bilingual_color\" class=\"img-responsive wp-image-15036\" srcset=\"http:\/\/www.si-hu.eu\/2127\/wp-content\/uploads\/sites\/14\/2025\/10\/Messages-Project-logo-Slovenia-Hungary_bilingual_color-200x103.jpg 200w, http:\/\/www.si-hu.eu\/2127\/wp-content\/uploads\/sites\/14\/2025\/10\/Messages-Project-logo-Slovenia-Hungary_bilingual_color-400x206.jpg 400w, http:\/\/www.si-hu.eu\/2127\/wp-content\/uploads\/sites\/14\/2025\/10\/Messages-Project-logo-Slovenia-Hungary_bilingual_color-600x310.jpg 600w, http:\/\/www.si-hu.eu\/2127\/wp-content\/uploads\/sites\/14\/2025\/10\/Messages-Project-logo-Slovenia-Hungary_bilingual_color-800x413.jpg 800w, http:\/\/www.si-hu.eu\/2127\/wp-content\/uploads\/sites\/14\/2025\/10\/Messages-Project-logo-Slovenia-Hungary_bilingual_color-1200x619.jpg 1200w, http:\/\/www.si-hu.eu\/2127\/wp-content\/uploads\/sites\/14\/2025\/10\/Messages-Project-logo-Slovenia-Hungary_bilingual_color-scaled.jpg 2560w\" sizes=\"(min-width: 2200px) 100vw, (min-width: 784px) 397px, (min-width: 712px) 595px, (min-width: 640px) 712px, \" \/><\/a><\/div><\/div><div class=\"clearfix\"><\/div><div style=\"padding:5px;\" class=\"fusion-grid-column fusion-gallery-column fusion-gallery-column-3 hover-type-none\"><div class=\"fusion-gallery-image\"><a href=\"http:\/\/www.si-hu.eu\/2127\/hu\/p2_re-action_home\/\" target=\"_self\"><img src=\"http:\/\/www.si-hu.eu\/2127\/wp-content\/uploads\/sites\/14\/2025\/10\/RE-ACTION-Project-logo-Slovenia-Hungary_bilingual_color-scaled.jpg\" width=\"2560\" height=\"1321\" alt=\"\" title=\"RE-ACTION Project logo Slovenia-Hungary_bilingual_color\" aria-label=\"RE-ACTION Project logo Slovenia-Hungary_bilingual_color\" class=\"img-responsive wp-image-15528\" srcset=\"http:\/\/www.si-hu.eu\/2127\/wp-content\/uploads\/sites\/14\/2025\/10\/RE-ACTION-Project-logo-Slovenia-Hungary_bilingual_color-200x103.jpg 200w, http:\/\/www.si-hu.eu\/2127\/wp-content\/uploads\/sites\/14\/2025\/10\/RE-ACTION-Project-logo-Slovenia-Hungary_bilingual_color-400x206.jpg 400w, http:\/\/www.si-hu.eu\/2127\/wp-content\/uploads\/sites\/14\/2025\/10\/RE-ACTION-Project-logo-Slovenia-Hungary_bilingual_color-600x310.jpg 600w, http:\/\/www.si-hu.eu\/2127\/wp-content\/uploads\/sites\/14\/2025\/10\/RE-ACTION-Project-logo-Slovenia-Hungary_bilingual_color-800x413.jpg 800w, http:\/\/www.si-hu.eu\/2127\/wp-content\/uploads\/sites\/14\/2025\/10\/RE-ACTION-Project-logo-Slovenia-Hungary_bilingual_color-1200x619.jpg 1200w, http:\/\/www.si-hu.eu\/2127\/wp-content\/uploads\/sites\/14\/2025\/10\/RE-ACTION-Project-logo-Slovenia-Hungary_bilingual_color-scaled.jpg 2560w\" sizes=\"(min-width: 2200px) 100vw, (min-width: 784px) 397px, (min-width: 712px) 595px, (min-width: 640px) 712px, \" \/><\/a><\/div><\/div><\/div><\/div><style type=\"text\/css\">.fusion-body .fusion-builder-column-13{width:80% !important;margin-top : 0px;margin-bottom : 20px;}.fusion-builder-column-13 > .fusion-column-wrapper {padding-top : 0px !important;padding-right : 0px !important;margin-right : 2.4%;padding-bottom : 0px !important;padding-left : 0px !important;margin-left : 2.4%;}@media only screen and (max-width:1024px) {.fusion-body .fusion-builder-column-13{width:80% !important;order : 0;}.fusion-builder-column-13 > .fusion-column-wrapper {margin-right : 2.4%;margin-left : 2.4%;}}@media only screen and (max-width:640px) {.fusion-body .fusion-builder-column-13{width:100% !important;order : 0;}.fusion-builder-column-13 > .fusion-column-wrapper {margin-right : 1.92%;margin-left : 1.92%;}}<\/style><\/div><div class=\"fusion-layout-column fusion_builder_column fusion-builder-column-14 fusion_builder_column_1_1 1_1 fusion-flex-column\"><div class=\"fusion-column-wrapper fusion-flex-justify-content-flex-start fusion-content-layout-column\" style=\"background-position:left top;background-repeat:no-repeat;-webkit-background-size:cover;-moz-background-size:cover;-o-background-size:cover;background-size:cover;padding: 0px 0px 0px 0px;\"><div class=\"fusion-text fusion-text-5\" style=\"text-align:left;\"><p style=\"letter-spacing: 3px; text-align: left;\">3. Priorit\u00e1s &#8211; Egy\u00fcttm\u0171k\u00f6d\u0151 hat\u00e1rr\u00e9gi\u00f3 \/ Az egy\u00fcttm\u0171k\u00f6d\u00e9s jobb ir\u00e1ny\u00edt\u00e1sa<\/p>\n<\/div><\/div><style type=\"text\/css\">.fusion-body .fusion-builder-column-14{width:100% !important;margin-top : 0px;margin-bottom : 20px;}.fusion-builder-column-14 > .fusion-column-wrapper {padding-top : 0px !important;padding-right : 0px !important;margin-right : 1.92%;padding-bottom : 0px !important;padding-left : 0px !important;margin-left : 1.92%;}@media only screen and (max-width:1024px) {.fusion-body .fusion-builder-column-14{width:100% !important;order : 0;}.fusion-builder-column-14 > .fusion-column-wrapper {margin-right : 1.92%;margin-left : 1.92%;}}@media only screen and (max-width:640px) {.fusion-body .fusion-builder-column-14{width:100% !important;order : 0;}.fusion-builder-column-14 > .fusion-column-wrapper {margin-right : 1.92%;margin-left : 1.92%;}}<\/style><\/div><div class=\"fusion-layout-column fusion_builder_column fusion-builder-column-15 fusion_builder_column_1_5 1_5 fusion-flex-column\"><div class=\"fusion-column-wrapper fusion-flex-justify-content-flex-start fusion-content-layout-column\" style=\"background-position:left top;background-repeat:no-repeat;-webkit-background-size:cover;-moz-background-size:cover;-o-background-size:cover;background-size:cover;padding: 0px 0px 0px 0px;\"><div ><span class=\" fusion-imageframe imageframe-none imageframe-3 hover-type-none\"><img width=\"221\" height=\"221\" title=\"icon-blue\" src=\"http:\/\/www.si-hu.eu\/2127\/wp-content\/uploads\/sites\/14\/2021\/10\/icon-blue.png\" class=\"img-responsive wp-image-3803\" srcset=\"http:\/\/www.si-hu.eu\/2127\/wp-content\/uploads\/sites\/14\/2021\/10\/icon-blue-200x200.png 200w, http:\/\/www.si-hu.eu\/2127\/wp-content\/uploads\/sites\/14\/2021\/10\/icon-blue.png 221w\" sizes=\"(max-width: 640px) 100vw, 200px\" \/><\/span><\/div><\/div><style type=\"text\/css\">.fusion-body .fusion-builder-column-15{width:20% !important;margin-top : 0px;margin-bottom : 20px;}.fusion-builder-column-15 > .fusion-column-wrapper {padding-top : 0px !important;padding-right : 0px !important;margin-right : 9.6%;padding-bottom : 0px !important;padding-left : 0px !important;margin-left : 9.6%;}@media only screen and (max-width:1024px) {.fusion-body .fusion-builder-column-15{width:20% !important;order : 0;}.fusion-builder-column-15 > .fusion-column-wrapper {margin-right : 9.6%;margin-left : 9.6%;}}@media only screen and (max-width:640px) {.fusion-body .fusion-builder-column-15{width:100% !important;order : 0;}.fusion-builder-column-15 > .fusion-column-wrapper {margin-right : 1.92%;margin-left : 1.92%;}}<\/style><\/div><div class=\"fusion-layout-column fusion_builder_column fusion-builder-column-16 fusion_builder_column_4_5 4_5 fusion-flex-column\"><div class=\"fusion-column-wrapper fusion-flex-justify-content-flex-start fusion-content-layout-column\" style=\"background-position:left top;background-repeat:no-repeat;-webkit-background-size:cover;-moz-background-size:cover;-o-background-size:cover;background-size:cover;padding: 0px 0px 0px 0px;\"><style type=\"text\/css\">.fusion-gallery-3 .fusion-gallery-image {border:0px solid #e2e2e2;}<\/style><div class=\"fusion-gallery fusion-gallery-container fusion-grid-3 fusion-columns-total-5 fusion-gallery-layout-grid fusion-gallery-3\" style=\"margin:-5px;\"><div style=\"padding:5px;\" class=\"fusion-grid-column fusion-gallery-column fusion-gallery-column-3 hover-type-none\"><div class=\"fusion-gallery-image\"><a href=\"http:\/\/www.si-hu.eu\/2127\/hu\/p3_enerty_home\/\" rel=\"noreferrer\" data-rel=\"iLightbox[gallery_image_3]\" class=\"fusion-lightbox\" target=\"_self\"><img src=\"http:\/\/www.si-hu.eu\/2127\/wp-content\/uploads\/sites\/14\/2025\/08\/EnerTy-Project-logo-Slovenia-Hungary_bilingual_color-scaled.jpg\" width=\"2560\" height=\"1321\" alt=\"\" title=\"EnerTy Project logo Slovenia-Hungary_bilingual_color\" aria-label=\"EnerTy Project logo Slovenia-Hungary_bilingual_color\" class=\"img-responsive wp-image-13283\" srcset=\"http:\/\/www.si-hu.eu\/2127\/wp-content\/uploads\/sites\/14\/2025\/08\/EnerTy-Project-logo-Slovenia-Hungary_bilingual_color-200x103.jpg 200w, http:\/\/www.si-hu.eu\/2127\/wp-content\/uploads\/sites\/14\/2025\/08\/EnerTy-Project-logo-Slovenia-Hungary_bilingual_color-400x206.jpg 400w, http:\/\/www.si-hu.eu\/2127\/wp-content\/uploads\/sites\/14\/2025\/08\/EnerTy-Project-logo-Slovenia-Hungary_bilingual_color-600x310.jpg 600w, http:\/\/www.si-hu.eu\/2127\/wp-content\/uploads\/sites\/14\/2025\/08\/EnerTy-Project-logo-Slovenia-Hungary_bilingual_color-800x413.jpg 800w, http:\/\/www.si-hu.eu\/2127\/wp-content\/uploads\/sites\/14\/2025\/08\/EnerTy-Project-logo-Slovenia-Hungary_bilingual_color-1200x619.jpg 1200w, http:\/\/www.si-hu.eu\/2127\/wp-content\/uploads\/sites\/14\/2025\/08\/EnerTy-Project-logo-Slovenia-Hungary_bilingual_color-scaled.jpg 2560w\" sizes=\"(min-width: 2200px) 100vw, (min-width: 784px) 397px, (min-width: 712px) 595px, (min-width: 640px) 712px, \" \/><\/a><\/div><\/div><div style=\"padding:5px;\" class=\"fusion-grid-column fusion-gallery-column fusion-gallery-column-3 hover-type-none\"><div class=\"fusion-gallery-image\"><a href=\"http:\/\/www.si-hu.eu\/2127\/hu\/p3_guts_home\/\" rel=\"noreferrer\" data-rel=\"iLightbox[gallery_image_3]\" class=\"fusion-lightbox\" target=\"_self\"><img src=\"http:\/\/www.si-hu.eu\/2127\/wp-content\/uploads\/sites\/14\/2025\/10\/GutS-Project-logo-Slovenia-Hungary_bilingual_color-scaled.jpg\" width=\"2560\" height=\"1321\" alt=\"\" title=\"GutS Project logo Slovenia-Hungary_bilingual_color\" aria-label=\"GutS Project logo Slovenia-Hungary_bilingual_color\" class=\"img-responsive wp-image-15286\" srcset=\"http:\/\/www.si-hu.eu\/2127\/wp-content\/uploads\/sites\/14\/2025\/10\/GutS-Project-logo-Slovenia-Hungary_bilingual_color-200x103.jpg 200w, http:\/\/www.si-hu.eu\/2127\/wp-content\/uploads\/sites\/14\/2025\/10\/GutS-Project-logo-Slovenia-Hungary_bilingual_color-400x206.jpg 400w, http:\/\/www.si-hu.eu\/2127\/wp-content\/uploads\/sites\/14\/2025\/10\/GutS-Project-logo-Slovenia-Hungary_bilingual_color-600x310.jpg 600w, http:\/\/www.si-hu.eu\/2127\/wp-content\/uploads\/sites\/14\/2025\/10\/GutS-Project-logo-Slovenia-Hungary_bilingual_color-800x413.jpg 800w, http:\/\/www.si-hu.eu\/2127\/wp-content\/uploads\/sites\/14\/2025\/10\/GutS-Project-logo-Slovenia-Hungary_bilingual_color-1200x619.jpg 1200w, http:\/\/www.si-hu.eu\/2127\/wp-content\/uploads\/sites\/14\/2025\/10\/GutS-Project-logo-Slovenia-Hungary_bilingual_color-scaled.jpg 2560w\" sizes=\"(min-width: 2200px) 100vw, (min-width: 784px) 397px, (min-width: 712px) 595px, (min-width: 640px) 712px, \" \/><\/a><\/div><\/div><div class=\"clearfix\"><\/div><div style=\"padding:5px;\" class=\"fusion-grid-column fusion-gallery-column fusion-gallery-column-3 hover-type-none\"><div class=\"fusion-gallery-image\"><a href=\"http:\/\/www.si-hu.eu\/2127\/hu\/p3_in2local_home\/\" rel=\"noreferrer\" data-rel=\"iLightbox[gallery_image_3]\" class=\"fusion-lightbox\" target=\"_self\"><img src=\"http:\/\/www.si-hu.eu\/2127\/wp-content\/uploads\/sites\/14\/2025\/10\/In2Local-Project-logo-Slovenia-Hungary_bilingual_color-scaled.jpg\" width=\"2560\" height=\"1321\" alt=\"\" title=\"In2Local Project logo Slovenia-Hungary_bilingual_color\" aria-label=\"In2Local Project logo Slovenia-Hungary_bilingual_color\" class=\"img-responsive wp-image-14979\" srcset=\"http:\/\/www.si-hu.eu\/2127\/wp-content\/uploads\/sites\/14\/2025\/10\/In2Local-Project-logo-Slovenia-Hungary_bilingual_color-200x103.jpg 200w, http:\/\/www.si-hu.eu\/2127\/wp-content\/uploads\/sites\/14\/2025\/10\/In2Local-Project-logo-Slovenia-Hungary_bilingual_color-400x206.jpg 400w, http:\/\/www.si-hu.eu\/2127\/wp-content\/uploads\/sites\/14\/2025\/10\/In2Local-Project-logo-Slovenia-Hungary_bilingual_color-600x310.jpg 600w, http:\/\/www.si-hu.eu\/2127\/wp-content\/uploads\/sites\/14\/2025\/10\/In2Local-Project-logo-Slovenia-Hungary_bilingual_color-800x413.jpg 800w, http:\/\/www.si-hu.eu\/2127\/wp-content\/uploads\/sites\/14\/2025\/10\/In2Local-Project-logo-Slovenia-Hungary_bilingual_color-1200x619.jpg 1200w, http:\/\/www.si-hu.eu\/2127\/wp-content\/uploads\/sites\/14\/2025\/10\/In2Local-Project-logo-Slovenia-Hungary_bilingual_color-scaled.jpg 2560w\" sizes=\"(min-width: 2200px) 100vw, (min-width: 784px) 397px, (min-width: 712px) 595px, (min-width: 640px) 712px, \" \/><\/a><\/div><\/div><div style=\"padding:5px;\" class=\"fusion-grid-column fusion-gallery-column fusion-gallery-column-3 hover-type-none\"><div class=\"fusion-gallery-image\"><a href=\"http:\/\/www.si-hu.eu\/2127\/hu\/p3_keep-young-and-fit_home\/\" rel=\"noreferrer\" data-rel=\"iLightbox[gallery_image_3]\" class=\"fusion-lightbox\" target=\"_self\"><img src=\"http:\/\/www.si-hu.eu\/2127\/wp-content\/uploads\/sites\/14\/2025\/10\/Keep-Young-and-Fit-Project-logo-Slovenia-Hungary_bilingual_color-scaled.jpg\" width=\"2560\" height=\"1321\" alt=\"\" title=\"Keep Young and Fit Project logo Slovenia-Hungary_bilingual_color\" aria-label=\"Keep Young and Fit Project logo Slovenia-Hungary_bilingual_color\" class=\"img-responsive wp-image-15201\" srcset=\"http:\/\/www.si-hu.eu\/2127\/wp-content\/uploads\/sites\/14\/2025\/10\/Keep-Young-and-Fit-Project-logo-Slovenia-Hungary_bilingual_color-200x103.jpg 200w, http:\/\/www.si-hu.eu\/2127\/wp-content\/uploads\/sites\/14\/2025\/10\/Keep-Young-and-Fit-Project-logo-Slovenia-Hungary_bilingual_color-400x206.jpg 400w, http:\/\/www.si-hu.eu\/2127\/wp-content\/uploads\/sites\/14\/2025\/10\/Keep-Young-and-Fit-Project-logo-Slovenia-Hungary_bilingual_color-600x310.jpg 600w, http:\/\/www.si-hu.eu\/2127\/wp-content\/uploads\/sites\/14\/2025\/10\/Keep-Young-and-Fit-Project-logo-Slovenia-Hungary_bilingual_color-800x413.jpg 800w, http:\/\/www.si-hu.eu\/2127\/wp-content\/uploads\/sites\/14\/2025\/10\/Keep-Young-and-Fit-Project-logo-Slovenia-Hungary_bilingual_color-1200x619.jpg 1200w, http:\/\/www.si-hu.eu\/2127\/wp-content\/uploads\/sites\/14\/2025\/10\/Keep-Young-and-Fit-Project-logo-Slovenia-Hungary_bilingual_color-scaled.jpg 2560w\" sizes=\"(min-width: 2200px) 100vw, (min-width: 784px) 397px, (min-width: 712px) 595px, (min-width: 640px) 712px, \" \/><\/a><\/div><\/div><div style=\"padding:5px;\" class=\"fusion-grid-column fusion-gallery-column fusion-gallery-column-3 hover-type-none\"><div class=\"fusion-gallery-image\"><a href=\"http:\/\/www.si-hu.eu\/2127\/hu\/p3_right-skills-4u_home\/\" rel=\"noreferrer\" data-rel=\"iLightbox[gallery_image_3]\" class=\"fusion-lightbox\" target=\"_self\"><img src=\"http:\/\/www.si-hu.eu\/2127\/wp-content\/uploads\/sites\/14\/2025\/11\/RS4U-Project-logo-Slovenia-Hungary_bilingual_color-scaled.jpg\" width=\"2560\" height=\"1321\" alt=\"\" title=\"RS4U Project logo Slovenia-Hungary_bilingual_color\" aria-label=\"RS4U Project logo Slovenia-Hungary_bilingual_color\" class=\"img-responsive wp-image-16131\" srcset=\"http:\/\/www.si-hu.eu\/2127\/wp-content\/uploads\/sites\/14\/2025\/11\/RS4U-Project-logo-Slovenia-Hungary_bilingual_color-200x103.jpg 200w, http:\/\/www.si-hu.eu\/2127\/wp-content\/uploads\/sites\/14\/2025\/11\/RS4U-Project-logo-Slovenia-Hungary_bilingual_color-400x206.jpg 400w, http:\/\/www.si-hu.eu\/2127\/wp-content\/uploads\/sites\/14\/2025\/11\/RS4U-Project-logo-Slovenia-Hungary_bilingual_color-600x310.jpg 600w, http:\/\/www.si-hu.eu\/2127\/wp-content\/uploads\/sites\/14\/2025\/11\/RS4U-Project-logo-Slovenia-Hungary_bilingual_color-800x413.jpg 800w, http:\/\/www.si-hu.eu\/2127\/wp-content\/uploads\/sites\/14\/2025\/11\/RS4U-Project-logo-Slovenia-Hungary_bilingual_color-1200x619.jpg 1200w, http:\/\/www.si-hu.eu\/2127\/wp-content\/uploads\/sites\/14\/2025\/11\/RS4U-Project-logo-Slovenia-Hungary_bilingual_color-scaled.jpg 2560w\" sizes=\"(min-width: 2200px) 100vw, (min-width: 784px) 397px, (min-width: 712px) 595px, (min-width: 640px) 712px, \" \/><\/a><\/div><\/div><div class=\"clearfix\"><\/div><\/div><\/div><style type=\"text\/css\">.fusion-body .fusion-builder-column-16{width:80% !important;margin-top : 0px;margin-bottom : 20px;}.fusion-builder-column-16 > .fusion-column-wrapper {padding-top : 0px !important;padding-right : 0px !important;margin-right : 2.4%;padding-bottom : 0px !important;padding-left : 0px !important;margin-left : 2.4%;}@media only screen and (max-width:1024px) {.fusion-body .fusion-builder-column-16{width:80% !important;order : 0;}.fusion-builder-column-16 > .fusion-column-wrapper {margin-right : 2.4%;margin-left : 2.4%;}}@media only screen and (max-width:640px) {.fusion-body .fusion-builder-column-16{width:100% !important;order : 0;}.fusion-builder-column-16 > .fusion-column-wrapper {margin-right : 1.92%;margin-left : 1.92%;}}<\/style><\/div><div class=\"fusion-layout-column fusion_builder_column fusion-builder-column-17 fusion_builder_column_1_1 1_1 fusion-flex-column\"><div class=\"fusion-column-wrapper fusion-flex-justify-content-flex-start fusion-content-layout-column\" style=\"background-position:left top;background-repeat:no-repeat;-webkit-background-size:cover;-moz-background-size:cover;-o-background-size:cover;background-size:cover;padding: 0px 0px 0px 0px;\"><div class=\"fusion-text fusion-text-6\" style=\"text-align:left;\"><p style=\"letter-spacing: 3px; text-align: left;\">3. Priorit\u00e1s &#8211; Egy\u00fcttm\u0171k\u00f6d\u0151 hat\u00e1rr\u00e9gi\u00f3 \/ A k\u00f6lcs\u00f6n\u00f6s bizalom \u00e9p\u00edt\u00e9se, k\u00fcl\u00f6n\u00f6sen az emberek k\u00f6z\u00f6tti kapcsolatokat er\u0151s\u00edt\u0151 fell\u00e9p\u00e9sek el\u0151mozd\u00edt\u00e1s\u00e1val<\/p>\n<\/div><\/div><style type=\"text\/css\">.fusion-body .fusion-builder-column-17{width:100% !important;margin-top : 0px;margin-bottom : 20px;}.fusion-builder-column-17 > .fusion-column-wrapper {padding-top : 0px !important;padding-right : 0px !important;margin-right : 1.92%;padding-bottom : 0px !important;padding-left : 0px !important;margin-left : 1.92%;}@media only screen and (max-width:1024px) {.fusion-body .fusion-builder-column-17{width:100% !important;order : 0;}.fusion-builder-column-17 > .fusion-column-wrapper {margin-right : 1.92%;margin-left : 1.92%;}}@media only screen and (max-width:640px) {.fusion-body .fusion-builder-column-17{width:100% !important;order : 0;}.fusion-builder-column-17 > .fusion-column-wrapper {margin-right : 1.92%;margin-left : 1.92%;}}<\/style><\/div><div class=\"fusion-layout-column fusion_builder_column fusion-builder-column-18 fusion_builder_column_1_5 1_5 fusion-flex-column\"><div class=\"fusion-column-wrapper fusion-flex-justify-content-flex-start fusion-content-layout-column\" style=\"background-position:left top;background-repeat:no-repeat;-webkit-background-size:cover;-moz-background-size:cover;-o-background-size:cover;background-size:cover;padding: 0px 0px 0px 0px;\"><div ><span class=\" fusion-imageframe imageframe-none imageframe-4 hover-type-none\"><img width=\"221\" height=\"221\" title=\"icon-blue\" src=\"http:\/\/www.si-hu.eu\/2127\/wp-content\/uploads\/sites\/14\/2021\/10\/icon-blue.png\" class=\"img-responsive wp-image-3803\" srcset=\"http:\/\/www.si-hu.eu\/2127\/wp-content\/uploads\/sites\/14\/2021\/10\/icon-blue-200x200.png 200w, http:\/\/www.si-hu.eu\/2127\/wp-content\/uploads\/sites\/14\/2021\/10\/icon-blue.png 221w\" sizes=\"(max-width: 640px) 100vw, 200px\" \/><\/span><\/div><\/div><style type=\"text\/css\">.fusion-body .fusion-builder-column-18{width:20% !important;margin-top : 0px;margin-bottom : 20px;}.fusion-builder-column-18 > .fusion-column-wrapper {padding-top : 0px !important;padding-right : 0px !important;margin-right : 9.6%;padding-bottom : 0px !important;padding-left : 0px !important;margin-left : 9.6%;}@media only screen and (max-width:1024px) {.fusion-body .fusion-builder-column-18{width:20% !important;order : 0;}.fusion-builder-column-18 > .fusion-column-wrapper {margin-right : 9.6%;margin-left : 9.6%;}}@media only screen and (max-width:640px) {.fusion-body .fusion-builder-column-18{width:100% !important;order : 0;}.fusion-builder-column-18 > .fusion-column-wrapper {margin-right : 1.92%;margin-left : 1.92%;}}<\/style><\/div><div class=\"fusion-layout-column fusion_builder_column fusion-builder-column-19 fusion_builder_column_4_5 4_5 fusion-flex-column\"><div class=\"fusion-column-wrapper fusion-flex-justify-content-flex-start fusion-content-layout-column\" style=\"background-position:left top;background-repeat:no-repeat;-webkit-background-size:cover;-moz-background-size:cover;-o-background-size:cover;background-size:cover;padding: 0px 0px 0px 0px;\"><style type=\"text\/css\">.fusion-accordian  #accordion-4302-1 .panel-title a .fa-fusion-box{ color: #ffffff;}.fusion-accordian  #accordion-4302-1 .panel-title a .fa-fusion-box:before{ font-size: 16px; width: 16px;}.fusion-accordian  #accordion-4302-1 .fa-fusion-box { background-color: #212934;border-color: #212934;}.fusion-accordian  #accordion-4302-1 .panel-title a:hover, #accordion-4302-1 .fusion-toggle-boxed-mode:hover .panel-title a { color: #79ad38;}.fusion-accordian  #accordion-4302-1 .panel-title .active .fa-fusion-box,.fusion-accordian  #accordion-4302-1 .panel-title a:hover .fa-fusion-box { background-color: #79ad38!important;border-color: #79ad38!important;}<\/style><div class=\"accordian fusion-accordian\"><div class=\"panel-group\" id=\"accordion-4302-1\"><div class=\"fusion-panel panel-default\"><div class=\"panel-heading\"><h4 class=\"panel-title toggle\"><a aria-expanded=\"false\" aria-controls=\"1058d8ed1debd3610\" role=\"button\" data-toggle=\"collapse\" data-parent=\"#accordion-4302-1\" data-target=\"#1058d8ed1debd3610\" href=\"#1058d8ed1debd3610\"><span class=\"fusion-toggle-icon-wrapper\" aria-hidden=\"true\"><i class=\"fa-fusion-box\" aria-hidden=\"true\"><\/i><\/span><span class=\"fusion-toggle-heading\">SMARAGDITE<\/span><\/a><\/h4><\/div><div id=\"1058d8ed1debd3610\" class=\"panel-collapse collapse \"><div class=\"panel-body toggle-content fusion-clearfix\">\n<p><img class=\"size-medium wp-image-8749 alignnone\" src=\"http:\/\/www.si-hu.eu\/2127\/wp-content\/uploads\/sites\/14\/2024\/03\/SMARAGDITE-Project-logo-Slovenia-Hungary_bilingual_color-500x258.png\" alt=\"\" width=\"500\" height=\"258\" srcset=\"http:\/\/www.si-hu.eu\/2127\/wp-content\/uploads\/sites\/14\/2024\/03\/SMARAGDITE-Project-logo-Slovenia-Hungary_bilingual_color-200x103.png 200w, http:\/\/www.si-hu.eu\/2127\/wp-content\/uploads\/sites\/14\/2024\/03\/SMARAGDITE-Project-logo-Slovenia-Hungary_bilingual_color-400x206.png 400w, http:\/\/www.si-hu.eu\/2127\/wp-content\/uploads\/sites\/14\/2024\/03\/SMARAGDITE-Project-logo-Slovenia-Hungary_bilingual_color-500x258.png 500w, http:\/\/www.si-hu.eu\/2127\/wp-content\/uploads\/sites\/14\/2024\/03\/SMARAGDITE-Project-logo-Slovenia-Hungary_bilingual_color-600x310.png 600w, http:\/\/www.si-hu.eu\/2127\/wp-content\/uploads\/sites\/14\/2024\/03\/SMARAGDITE-Project-logo-Slovenia-Hungary_bilingual_color-768x396.png 768w, http:\/\/www.si-hu.eu\/2127\/wp-content\/uploads\/sites\/14\/2024\/03\/SMARAGDITE-Project-logo-Slovenia-Hungary_bilingual_color-800x413.png 800w, http:\/\/www.si-hu.eu\/2127\/wp-content\/uploads\/sites\/14\/2024\/03\/SMARAGDITE-Project-logo-Slovenia-Hungary_bilingual_color-1024x529.png 1024w, http:\/\/www.si-hu.eu\/2127\/wp-content\/uploads\/sites\/14\/2024\/03\/SMARAGDITE-Project-logo-Slovenia-Hungary_bilingual_color-1200x619.png 1200w, http:\/\/www.si-hu.eu\/2127\/wp-content\/uploads\/sites\/14\/2024\/03\/SMARAGDITE-Project-logo-Slovenia-Hungary_bilingual_color-1536x793.png 1536w\" sizes=\"(max-width: 500px) 100vw, 500px\" \/><\/p>\n<p><strong>Projekt c\u00edme: <\/strong>Okosan, z\u00f6lden \u00e9s digit\u00e1lisan a szakk\u00e9pz\u00e9sben<\/p>\n<p><strong>Projekt k\u00f6lts\u00e9gvet\u00e9s <\/strong><strong>(ERFA t\u00e1rsfinansz\u00edroz\u00e1s): <\/strong>20.845,00 EUR<\/p>\n<p><strong>Projekt id\u0151tartama:<\/strong> 2025.01.01. &#8211; 2025.12.31.<\/p>\n<p><strong>Projektpartnerek: <\/strong>Pomurska gospodarska zbornica, Zala V\u00e1rmegyei Kereskedelmi \u00e9s Iparkamara<\/p>\n<p>A Zala V\u00e1rmegyei Kereskedelmi \u00e9s Iparkamara \u00e9s a Muravid\u00e9ki Gazdas\u00e1gi Kamara t\u00f6bb mint egy \u00e9vtizede hat\u00e9konyan m\u0171k\u00f6dik egy\u00fctt mind a gazdas\u00e1gfejleszt\u00e9s, mind a szakk\u00e9pz\u00e9s ter\u00fclet\u00e9n, \u00e9s tev\u00e9kenys\u00e9geivel pozit\u00edv hat\u00e1st gyakorol a szlov\u00e9n-magyar hat\u00e1rmenti r\u00e9gi\u00f3 gazdas\u00e1g\u00e1ra. A gazdas\u00e1g folyamatosan meg\u00fajul\u00f3 kih\u00edv\u00e1sokkal n\u00e9z szembe, mellyel csak akkor tud megk\u00fczdeni, ha gyorsan \u00e9s hat\u00e9konyan tud reag\u00e1lni a megv\u00e1ltozott \u00fczleti, digit\u00e1lis, k\u00f6rnyezeti \u00e9s munkaer\u0151piaci helyzetekre. Projekt\u00fcnk ebb\u0151l kiindulva c\u00e9lozza meg a fiatalok szeml\u00e9letform\u00e1l\u00e1s\u00e1t, melyben a jelen digit\u00e1lis \u00e9s fenntarthat\u00f3s\u00e1gi szakmai elv\u00e1r\u00e1soknak val\u00f3 folyamatos megfelel\u00e9sre, az \u00e9lethosszig tart\u00f3 tanul\u00e1s jelent\u0151s\u00e9g\u00e9re, a rugalmass\u00e1gra, a rezilienci\u00e1ra, valamint a digit\u00e1lis \u00e9s z\u00f6ld k\u00e9pess\u00e9gek megszerz\u00e9s\u00e9re f\u00f3kusz\u00e1l. Az Eur\u00f3pai Bizotts\u00e1g a k\u00e9szs\u00e9gfejleszt\u00e9st helyezte az uni\u00f3s szakpolitikai menetrend k\u00f6z\u00e9ppontj\u00e1ba, melyben c\u00e9lul t\u0171zte ki a megl\u00e9v\u0151 k\u00e9szs\u00e9gek fejleszt\u00e9s\u00e9nek \u00e9s az \u00faj k\u00e9szs\u00e9gek elsaj\u00e1t\u00edt\u00e1s\u00e1nak t\u00e1mogat\u00e1s\u00e1t, valamint az emberek k\u00e9szs\u00e9geibe val\u00f3 \u00e1llami \u00e9s mag\u00e1nberuh\u00e1z\u00e1sokat. \u00cdgy szeretn\u00e9nk t\u00e1mogatni a hat\u00e1rr\u00e9gi\u00f3 fiataljait, hogy hazai k\u00f6rnyezetben \u00e9p\u00edthessenek karriert, hozz\u00e1j\u00e1rulva r\u00e9gi\u00f3 fejl\u0151d\u00e9s\u00e9hez.<\/p>\n<p>A SMARAGDITE projekt k\u00e9t nagyszab\u00e1s\u00fa rendezv\u00e9nyt k\u00edv\u00e1n lebonyol\u00edtani Muravid\u00e9ken \u00e9s Zala v\u00e1rmegy\u00e9ben, melynek k\u00f6z\u00e9ppontj\u00e1ban a turizmus-vend\u00e9gl\u00e1t\u00e1s \u00e9s az \u00e9p\u00edt\u0151ipar \u00e1gazatok v\u00e1llalkoz\u00e1sai \u00e9s a tanul\u00f3k \/ di\u00e1kok, mint leend\u0151 munkav\u00e1llal\u00f3k \u00e1llnak. Az esem\u00e9nyeken, mely a Szakm\u00e1k fesztiv\u00e1lja nevet viseli, e k\u00e9t c\u00e9lcsoport tal\u00e1lkozhat \u00e9s kapcsolatba ker\u00fclhet egym\u00e1ssal oldott, k\u00f6tetlen fesztiv\u00e1lhangulatban, mely seg\u00edti a szorosabb interakci\u00f3k kialakul\u00e1s\u00e1t. A szlov\u00e9n-magyar k\u00f6z\u00f6sen szervezett rendezv\u00e9nyeken a szakmai programok mellett, megjelennek a fiatalok \u00e9rdekl\u0151d\u00e9s\u00e9t felkelt\u0151 innovat\u00edv z\u00f6ld \u00e9s digit\u00e1lis megold\u00e1sokat bemutat\u00f3 szakmaszigetek, emellett az adott \u00e1gazathoz kapcsol\u00f3d\u00f3an szakmai versenyeket szervez\u00fcnk a r\u00e9sztvev\u0151 magyar \u00e9s szlov\u00e9n tanul\u00f3k \/ di\u00e1kok sz\u00e1m\u00e1ra. Az adott \u00e1gazatokon bel\u00fcl a gener\u00e1ci\u00f3k \u00f6sszekapcsol\u00e1sa c\u00e9lj\u00e1b\u00f3l visszatekint\u00e9st k\u00edv\u00e1nunk ny\u00fajtani hogyan alakultak \u00e9s fejl\u0151dtek a turizmus \u00e9s az \u00e9p\u00edt\u0151ipari tev\u00e9kenys\u00e9gek, eszk\u00f6z\u00f6k, elv\u00e1r\u00e1sok \u00e9s mik\u00e9nt lehet hasznos\u00edtani a hagyom\u00e1nyos, j\u00f3l bev\u00e1lt gyakorlatokat, elj\u00e1r\u00e1sokat a modern korban. Terveink k\u00f6z\u00f6tt szerepel, hogy a Szakm\u00e1k fesztiv\u00e1lja rendezv\u00e9nyeket a hat\u00e1rmenti r\u00e9gi\u00f3 legnagyobb szlov\u00e9n-magyar szakmai esem\u00e9ny\u00e9v\u00e9 tegy\u00fck.<\/p>\n<p>Tev\u00e9kenys\u00e9geinket \u00fajszer\u0171, innovat\u00edv m\u00f3don k\u00edv\u00e1njuk el\u00e9rni, felhaszn\u00e1lva a digit\u00e1lis lehet\u0151s\u00e9gek adta er\u0151forr\u00e1sokat, kiemelt figyelmet k\u00edv\u00e1nunk ford\u00edtani a z\u00f6ld \u00e9s digit\u00e1lis \u00e1t\u00e1ll\u00e1shoz elengedhetetlen k\u00e9szs\u00e9gekre, hiszen a v\u00e1llalkoz\u00e1soknak f\u0151k\u00e9nt ilyen munkaer\u0151re van sz\u00fcks\u00e9g\u00fck.<\/p>\n<p>Projekt\u00fcnk eredm\u00e9nyek\u00e9nt tov\u00e1bb er\u0151s\u00edtj\u00fck a projektpartnerek int\u00e9zm\u00e9nyeinek szakmai egy\u00fcttm\u0171k\u00f6d\u00e9s\u00e9t, az egy\u00fctt gondolkod\u00e1st \u00e9s a szlov\u00e9n-magyar hat\u00e1rr\u00e9gi\u00f3ban felmer\u00fcl\u0151 probl\u00e9m\u00e1k k\u00f6z\u00f6s kezel\u00e9s\u00e9t, megold\u00e1si lehet\u0151s\u00e9gek felt\u00e9rk\u00e9pez\u00e9s\u00e9t.<\/p>\n<p>Forr\u00e1s: p\u00e1ly\u00e1zati adatlap (SIHU00058)<\/p>\n<\/div><\/div><\/div><div class=\"fusion-panel panel-default\"><div class=\"panel-heading\"><h4 class=\"panel-title toggle\"><a aria-expanded=\"false\" aria-controls=\"990e4e8f3b229a871\" role=\"button\" data-toggle=\"collapse\" data-parent=\"#accordion-4302-1\" data-target=\"#990e4e8f3b229a871\" href=\"#990e4e8f3b229a871\"><span class=\"fusion-toggle-icon-wrapper\" aria-hidden=\"true\"><i class=\"fa-fusion-box\" aria-hidden=\"true\"><\/i><\/span><span class=\"fusion-toggle-heading\">BRIDGE OVER BORDER<\/span><\/a><\/h4><\/div><div id=\"990e4e8f3b229a871\" class=\"panel-collapse collapse \"><div class=\"panel-body toggle-content fusion-clearfix\">\n<p><img class=\"size-medium wp-image-8757 alignnone\" src=\"http:\/\/www.si-hu.eu\/2127\/wp-content\/uploads\/sites\/14\/2024\/03\/BRIDGE-OVER-BORDER-Project-logo-Slovenia-Hungary_bilingual_color-500x258.png\" alt=\"\" width=\"500\" height=\"258\" srcset=\"http:\/\/www.si-hu.eu\/2127\/wp-content\/uploads\/sites\/14\/2024\/03\/BRIDGE-OVER-BORDER-Project-logo-Slovenia-Hungary_bilingual_color-200x103.png 200w, http:\/\/www.si-hu.eu\/2127\/wp-content\/uploads\/sites\/14\/2024\/03\/BRIDGE-OVER-BORDER-Project-logo-Slovenia-Hungary_bilingual_color-400x206.png 400w, http:\/\/www.si-hu.eu\/2127\/wp-content\/uploads\/sites\/14\/2024\/03\/BRIDGE-OVER-BORDER-Project-logo-Slovenia-Hungary_bilingual_color-500x258.png 500w, http:\/\/www.si-hu.eu\/2127\/wp-content\/uploads\/sites\/14\/2024\/03\/BRIDGE-OVER-BORDER-Project-logo-Slovenia-Hungary_bilingual_color-600x310.png 600w, http:\/\/www.si-hu.eu\/2127\/wp-content\/uploads\/sites\/14\/2024\/03\/BRIDGE-OVER-BORDER-Project-logo-Slovenia-Hungary_bilingual_color-768x396.png 768w, http:\/\/www.si-hu.eu\/2127\/wp-content\/uploads\/sites\/14\/2024\/03\/BRIDGE-OVER-BORDER-Project-logo-Slovenia-Hungary_bilingual_color-800x413.png 800w, http:\/\/www.si-hu.eu\/2127\/wp-content\/uploads\/sites\/14\/2024\/03\/BRIDGE-OVER-BORDER-Project-logo-Slovenia-Hungary_bilingual_color-1024x529.png 1024w, http:\/\/www.si-hu.eu\/2127\/wp-content\/uploads\/sites\/14\/2024\/03\/BRIDGE-OVER-BORDER-Project-logo-Slovenia-Hungary_bilingual_color-1200x619.png 1200w, http:\/\/www.si-hu.eu\/2127\/wp-content\/uploads\/sites\/14\/2024\/03\/BRIDGE-OVER-BORDER-Project-logo-Slovenia-Hungary_bilingual_color-1536x793.png 1536w\" sizes=\"(max-width: 500px) 100vw, 500px\" \/><\/p>\n<p><strong>Projekt c\u00edme: <\/strong>A bridgek\u00f6z\u00f6ss\u00e9g kialak\u00edt\u00e1sa, er\u0151s\u00edt\u00e9se a hat\u00e1ron t\u00fali t\u00e9rs\u00e9gben<\/p>\n<p><strong>Projekt k\u00f6lts\u00e9gvet\u00e9s <\/strong><strong>(ERFA t\u00e1rsfinansz\u00edroz\u00e1s):&nbsp;<\/strong>22.375,00 EUR<\/p>\n<p><strong>Projekt id\u0151tartama:<\/strong> 2024.05.01. &#8211; 2025.04.30.<\/p>\n<p><strong>Projektpartnerek: <\/strong>ZSR &#8211; zavod za socialni razvoj Murska Sobota, so.p., Nagykanizsai Bridzs Sportegyes\u00fclet<\/p>\n<p>Az iskol\u00e1kban tan\u00edtj\u00e1k a bridzs j\u00e1t\u00e9kot n\u00e9h\u00e1ny helyen Eur\u00f3p\u00e1ban. Sz\u00e1mos kutat\u00e1s azt mutatja, hogy a bridzs j\u00e1t\u00e9kosok\/versenyz\u0151k sikeresebbek lettek a k\u00fcl\u00f6nb\u00f6z\u0151 tant\u00e1rgyakban. 2022. okt\u00f3ber 1-j\u00e9t\u0151l a bridzs t\u00e1rgy is beker\u00fclt a Ljubljanai Egyetem Matematika \u00e9s Fizika Kar\u00e1nak tanterv\u00e9be, \u00e9s 32 r\u00e9sztvev\u0151 j\u00e1r jelenleg, ami a maxim\u00e1lis hallgat\u00f3i l\u00e9tsz\u00e1m.<\/p>\n<p>A bridzs egy bonyolult k\u00e1rtyaj\u00e1t\u00e9k, amelyhez k\u00e9t p\u00e1ros j\u00e1t\u00e9kos sz\u00fcks\u00e9ges. A j\u00e1t\u00e9k l\u00e9nyege az &#8220;hidat&#8221; (bridge) k\u00e9pezni k\u00e9t partnerj\u00e1t\u00e9kos k\u00f6z\u00f6tt &#8211; t\u00e1rsj\u00e1t\u00e9kos k\u00f6z\u00f6tt, akik a j\u00e1t\u00e9kszab\u00e1lyok \u00e9s a nem verb\u00e1lis kommunik\u00e1ci\u00f3 seg\u00edts\u00e9g\u00e9vel megegyeznek a j\u00e1t\u00e9k strat\u00e9gi\u00e1j\u00e1ban.<\/p>\n<p>A bridzs logikus gondolkod\u00e1sra, toleranci\u00e1ra, t\u00fcrelemre, kitart\u00e1sra, egy\u00fcttm\u0171k\u00f6d\u00e9sre, emp\u00e1ti\u00e1ra, becs\u00fcletess\u00e9gre tan\u00edt, \u00e9s \u00f6szt\u00f6nzi az \u00e9rdekl\u0151d\u00e9st, a tov\u00e1bbi ismeretek keres\u00e9s\u00e9t \u00e9s a sikerorient\u00e1lts\u00e1got. A bridzs j\u00e1t\u00e9k\u00e1n kereszt\u00fcl spont\u00e1n kapcsolat alakul ki a fiatalok \u00e9s az id\u0151sebbek k\u00f6z\u00f6tt, ez\u00e1ltal el\u0151seg\u00edtve az intergener\u00e1ci\u00f3s egy\u00fcttm\u0171k\u00f6d\u00e9st.<\/p>\n<p>A szomsz\u00e9dos orsz\u00e1gok, bele\u00e9rtve Szlov\u00e9ni\u00e1t \u00e9s Magyarorsz\u00e1got, t\u00f6bb mint 25000 regisztr\u00e1lt bridzs j\u00e1t\u00e9kossal rendelkeznek. Ez csak azokat a j\u00e1t\u00e9kosokat jelenti, akik r\u00e9szt vesznek a versenyeken, \u00e9s fizetik a klubtags\u00e1gukat. A hobbij\u00e1t\u00e9kosok sz\u00e1ma sokkal nagyobb. A klubokban j\u00e1tsz\u00f3 j\u00e1t\u00e9kosok k\u00f6z\u00f6tt egyre t\u00f6bb id\u0151sebb (60 \u00e9v feletti) \u00e9s egyre kevesebb fiatal (30 \u00e9v alatti) van. Ez\u00e9rt a projekt tev\u00e9kenys\u00e9geivel hozz\u00e1 szeretn\u00e9nk j\u00e1rulni a bridzs n\u00e9pszer\u0171s\u00edt\u00e9s\u00e9hez, k\u00fcl\u00f6n\u00f6sen a fiatalok k\u00f6r\u00e9ben, mivel ez sokkal hasznosabb \u00e9s magasabb min\u0151s\u00e9g\u0171 szabadid\u0151s tev\u00e9kenys\u00e9get k\u00edn\u00e1l, mint az IT eszk\u00f6z\u00f6kkel val\u00f3 j\u00e1t\u00e9k.<\/p>\n<p>C\u00e9lunk egy hat\u00e1ron \u00e1tny\u00fal\u00f3 bridzs k\u00f6z\u00f6ss\u00e9g l\u00e9trehoz\u00e1sa, amely m\u00e9g hossz\u00fa \u00e9veken \u00e1t sikeresen egy\u00fcttm\u0171k\u00f6dik a projekt ut\u00e1n, \u00e9s sikeresen szervezi a hat\u00e1ron \u00e1tny\u00fal\u00f3 bridzs versenyeket a p\u00e1ratlan k\u00f6rnyezetben, a kiv\u00e1l\u00f3 helyi turisztikai k\u00edn\u00e1lattal &#8211; sz\u00e1ll\u00e1s, gasztron\u00f3mia, bor\u00e1szat, k\u00e9zm\u0171vess\u00e9g, \u00e9lm\u00e9nyek, term\u00e9szeti \u00e9s kultur\u00e1lis \u00f6r\u00f6ks\u00e9g&#8230;<\/p>\n<p>A projekt c\u00e9lja:<\/p>\n<ul>\n<li>A bridzs pozit\u00edv hat\u00e1sainak a nyilv\u00e1noss\u00e1g tudom\u00e1s\u00e1ra hozatala az id\u0151sebbek eg\u00e9szs\u00e9g\u00e9re (mem\u00f3ria, demencia, Alzheimer) \u00e9s a fiatalok fejl\u0151d\u00e9s\u00e9re (kognit\u00edv fejl\u0151d\u00e9s, t\u00e1rsas k\u00e9szs\u00e9gek), valamint \u00faj j\u00e1t\u00e9kosok bevon\u00e1sa;<\/li>\n<li>Ehhez minden lehets\u00e9ges csatorn\u00e1t haszn\u00e1lunk a partnerekkel &#8211; sajt\u00f3t\u00e1j\u00e9koztat\u00f3, k\u00e9tnyelv\u0171 t\u00e1j\u00e9koztat\u00f3 f\u00fczetek, Facebook, partnerek \u00e9s az Interreg program weboldalai, \u00fajs\u00e1g\u00edr\u00f3k \u00e9rtes\u00edt\u00e9se stb.<\/li>\n<li>Anim\u00e1ci\u00f3s tev\u00e9kenys\u00e9gek k\u00f6z\u00e9piskol\u00e1kban \u00e9s egyetemeken, valamint ingyenes bridzs kurzusok megszervez\u00e9se az \u00e9rdekl\u0151d\u0151 (fiatal) j\u00e1t\u00e9kosok sz\u00e1m\u00e1ra a Pomurje \u00e9s Zala megy\u00e9ben;<\/li>\n<li>Az intergener\u00e1ci\u00f3s egy\u00fcttm\u0171k\u00f6d\u00e9s er\u0151s\u00edt\u00e9se;<\/li>\n<li>Az \u00e9lvezetes \u00e9s kih\u00edv\u00e1sokkal teli j\u00e1t\u00e9k n\u00e9pszer\u0171s\u00edt\u00e9se \u00e9s bemutat\u00e1sa a projekt tev\u00e9kenys\u00e9gei \u00e1ltal;<\/li>\n<li>Emberekkel val\u00f3 k\u00f6z\u00f6ss\u00e9gi sz\u00f3rakoz\u00e1s \u00e9s megismerked\u00e9s &#8211; bridzs j\u00e1t\u00e9kosokkal Szlov\u00e9nia \u00e9s Magyarorsz\u00e1g hat\u00e1r\u00e1n \u00e9s a sz\u00e9lesebb k\u00f6rnyezetben;<\/li>\n<li>M\u00e9lyrehat\u00f3 hat\u00e1ron \u00e1tny\u00fal\u00f3 klubok k\u00f6z\u00f6tti egy\u00fcttm\u0171k\u00f6d\u00e9s; \u00e9s v\u00e9g\u00fcl<\/li>\n<li>Verseny &#8211; a BRIDGE FESZTIV\u00c1L szervez\u00e9se &#8211; 4 verseny (\u00f6sszesen legal\u00e1bb 250 r\u00e9sztvev\u0151vel) Szlov\u00e9nia \u00e9s Magyarorsz\u00e1g hat\u00e1r\u00e1n.<\/li>\n<\/ul>\n<p>Ezzel lehet\u0151s\u00e9get k\u00edv\u00e1nunk ny\u00fajtani a helyi (turisztikai) szolg\u00e1ltat\u00f3knak mindk\u00e9t oldalon a hat\u00e1rt a n\u00e9pszer\u0171s\u00edt\u00e9sre, a k\u00f6z\u00f6s egy\u00fcttm\u0171k\u00f6d\u00e9sre \u00e9s a k\u00edn\u00e1latuk bevon\u00e1s\u00e1ra a hat\u00e1ron \u00e1tny\u00fal\u00f3 bridzs esem\u00e9nyekbe.<\/p>\n<p>Forr\u00e1s: p\u00e1ly\u00e1zati adatlap (SIHU00063)<\/p>\n<\/div><\/div><\/div><div class=\"fusion-panel panel-default\"><div class=\"panel-heading\"><h4 class=\"panel-title toggle\"><a aria-expanded=\"false\" aria-controls=\"95f55f0eb507a1c76\" role=\"button\" data-toggle=\"collapse\" data-parent=\"#accordion-4302-1\" data-target=\"#95f55f0eb507a1c76\" href=\"#95f55f0eb507a1c76\"><span class=\"fusion-toggle-icon-wrapper\" aria-hidden=\"true\"><i class=\"fa-fusion-box\" aria-hidden=\"true\"><\/i><\/span><span class=\"fusion-toggle-heading\">Crafts4Future<\/span><\/a><\/h4><\/div><div id=\"95f55f0eb507a1c76\" class=\"panel-collapse collapse \"><div class=\"panel-body toggle-content fusion-clearfix\">\n<p><img class=\"size-medium wp-image-8764 alignnone\" src=\"http:\/\/www.si-hu.eu\/2127\/wp-content\/uploads\/sites\/14\/2024\/03\/Crafts4Future-Project-logo-Slovenia-Hungary_bilingual_color-500x258.png\" alt=\"\" width=\"500\" height=\"258\" srcset=\"http:\/\/www.si-hu.eu\/2127\/wp-content\/uploads\/sites\/14\/2024\/03\/Crafts4Future-Project-logo-Slovenia-Hungary_bilingual_color-200x103.png 200w, http:\/\/www.si-hu.eu\/2127\/wp-content\/uploads\/sites\/14\/2024\/03\/Crafts4Future-Project-logo-Slovenia-Hungary_bilingual_color-400x206.png 400w, http:\/\/www.si-hu.eu\/2127\/wp-content\/uploads\/sites\/14\/2024\/03\/Crafts4Future-Project-logo-Slovenia-Hungary_bilingual_color-500x258.png 500w, http:\/\/www.si-hu.eu\/2127\/wp-content\/uploads\/sites\/14\/2024\/03\/Crafts4Future-Project-logo-Slovenia-Hungary_bilingual_color-600x310.png 600w, http:\/\/www.si-hu.eu\/2127\/wp-content\/uploads\/sites\/14\/2024\/03\/Crafts4Future-Project-logo-Slovenia-Hungary_bilingual_color-768x396.png 768w, http:\/\/www.si-hu.eu\/2127\/wp-content\/uploads\/sites\/14\/2024\/03\/Crafts4Future-Project-logo-Slovenia-Hungary_bilingual_color-800x413.png 800w, http:\/\/www.si-hu.eu\/2127\/wp-content\/uploads\/sites\/14\/2024\/03\/Crafts4Future-Project-logo-Slovenia-Hungary_bilingual_color-1024x529.png 1024w, http:\/\/www.si-hu.eu\/2127\/wp-content\/uploads\/sites\/14\/2024\/03\/Crafts4Future-Project-logo-Slovenia-Hungary_bilingual_color-1200x619.png 1200w, http:\/\/www.si-hu.eu\/2127\/wp-content\/uploads\/sites\/14\/2024\/03\/Crafts4Future-Project-logo-Slovenia-Hungary_bilingual_color-1536x793.png 1536w\" sizes=\"(max-width: 500px) 100vw, 500px\" \/><\/p>\n<p><strong>Projekt c\u00edme: <\/strong>A k\u00e9zm\u0171ves \u00f6r\u00f6ks\u00e9g meg\u0151rz\u00e9se Szlov\u00e9nia \u00e9s Magyarorsz\u00e1g hat\u00e1rmenti t\u00e9rs\u00e9g\u00e9ben<\/p>\n<p><strong>Projekt k\u00f6lts\u00e9gvet\u00e9s <\/strong><strong>(ERFA t\u00e1rsfinansz\u00edroz\u00e1s): <\/strong>14.687,50&nbsp;EUR<\/p>\n<p><strong>Projekt id\u0151tartama:<\/strong> 2024.03.01. &#8211; 2024.06.30.<\/p>\n<p><strong>Projektpartnerek: <\/strong>Pomelaj, zadruga za razvoj pode\u017eelja, z.o.o, Vasv\u00e1ri Nagyt\u00e9rs\u00e9gi N\u00e9pf\u0151iskol\u00e1\u00e9rt Alap\u00edtv\u00e1ny<\/p>\n<p>A Crafts4Future projekt a Pomelaj \u00e9s a VNNA projektpartnerek hat\u00e1rokon \u00e1tny\u00fal\u00f3 egy\u00fcttm\u0171k\u00f6d\u00e9se r\u00e9v\u00e9n els\u0151sorban a hat\u00e1rmenti t\u00e9rs\u00e9gben \u00e9l\u0151 k\u00e9zm\u0171vesek \u00e9s az \u0151ket t\u00f6m\u00f6r\u00edt\u0151 h\u00e1l\u00f3zatok kih\u00edv\u00e1s\u00e1val foglalkozik, akiknek a k\u00f6vetkez\u0151 kih\u00edv\u00e1sokkal kell szemben\u00e9zni\u00fck: a vid\u00e9ki ter\u00fcletekr\u0151l val\u00f3 elv\u00e1ndorl\u00e1s, a k\u00e9zm\u0171ves \u00f6r\u00f6ks\u00e9g, a k\u00e9zm\u0171vess\u00e9g \u00e9s a v\u00e1llalkoz\u00f3i tev\u00e9kenys\u00e9g elt\u0171n\u00e9se a t\u00e9rs\u00e9gben, a nyelvi akad\u00e1lyok, a t\u00e9rs\u00e9g vonzerej\u00e9nek val\u00f3 megfelel\u00e9s, a trendek k\u00f6vet\u00e9se \u00e9s a szoci\u00e1lisan h\u00e1tr\u00e1nyos helyzet\u0171 csoportok bevon\u00e1sa a munk\u00e1ba. A projekt c\u00e9lja a hossz\u00fa t\u00e1v\u00fa int\u00e9zm\u00e9nyi egy\u00fcttm\u0171k\u00f6d\u00e9s \u00e9s a bizalom\u00e9p\u00edt\u00e9s alapjainak megteremt\u00e9se Szlov\u00e9nia \u00e9s Magyarorsz\u00e1g hat\u00e1rmenti t\u00e9rs\u00e9g\u00e9ben h\u00e9t k\u00e9zm\u0171ves m\u0171helymunka keret\u00e9ben, a kultur\u00e1lis \u00f6r\u00f6ks\u00e9g meg\u0151rz\u00e9s\u00e9nek innovat\u00edv megk\u00f6zel\u00edt\u00e9seit bemutatva. A munkaer\u0151piac jelenlegi helyzet\u00e9t figyelembe v\u00e9ve szeretn\u00e9nk felh\u00edvni a fiatalok figyelm\u00e9t a kult\u00fara \u00e9s a kultur\u00e1lis \u00f6r\u00f6ks\u00e9g \u00e1pol\u00e1s\u00e1nak sz\u00fcks\u00e9gess\u00e9g\u00e9re, ami a j\u00f6v\u0151ben nagyon fontos lesz, tekintettel a t\u00f6megtermel\u00e9sre, az emelked\u0151 \u00e1rakra \u00e9s a n\u00f6vekv\u0151 negat\u00edv k\u00f6rnyezeti hat\u00e1sokra. A m\u0171helyek mentori megk\u00f6zel\u00edt\u00e9sen alapulnak, kiv\u00e9ve az els\u0151 m\u0171helyt, amely a Pomurje r\u00e9gi\u00f3, valamint Vas \u00e9s Zala megye helyi k\u00e9zm\u0171veseit fogja \u00f6ssze, azzal a c\u00e9llal, hogy strat\u00e9gi\u00e1t dolgozzanak ki a tov\u00e1bbi tev\u00e9kenys\u00e9gek megval\u00f3s\u00edt\u00e1s\u00e1ra, ak\u00e1r a projekt befejez\u00e9se ut\u00e1n is. A f\u0151 hat\u00e1smutat\u00f3k a k\u00f6vetkez\u0151k: 6 szervezet hat\u00e1rokon \u00e1tny\u00fal\u00f3 egy\u00fcttm\u0171k\u00f6d\u00e9s a kult\u00fara, az \u00f6r\u00f6ks\u00e9g \u00e9s a k\u00e9zm\u0171vess\u00e9g ter\u00fclet\u00e9n, valamint 7 k\u00f6z\u00f6sen szervezett, hat\u00e1rokon \u00e1tny\u00fal\u00f3 rendezv\u00e9ny a fiatalok sz\u00e1m\u00e1ra az \u00f6r\u00f6ks\u00e9g meg\u0151rz\u00e9s\u00e9r\u0151l. A szervezetek r\u00e9szv\u00e9tele \u00e9s a workshopok\/rendezv\u00e9nyek megszervez\u00e9se a projektpartnerek, valamint a projektben r\u00e9szt vev\u0151 \u00f6sszes t\u00f6bbi \u00e9rdekelt f\u00e9l \u00e9s a nagyk\u00f6z\u00f6ns\u00e9g jav\u00e1t szolg\u00e1lja, akiket k\u00fcl\u00f6nb\u00f6z\u0151 kommunik\u00e1ci\u00f3s eszk\u00f6z\u00f6k\u00f6n \u00e9s csatorn\u00e1kon kereszt\u00fcl \u00e9r\u00fcnk el. A f\u0151 c\u00e9lcsoport a k\u00e9zm\u0171vesek \u00e9s a fiatalok, akikben fejl\u0151d\u00e9si lehet\u0151s\u00e9geket l\u00e1t a projekt. Az el\u0151ny\u00f6k a c\u00e9lcsoportok tudatoss\u00e1g\u00e1nak n\u00f6vel\u00e9s\u00e9ben \u00e9s a hat\u00e1rokon \u00e1tny\u00fal\u00f3 r\u00e9gi\u00f3 vonzerej\u00e9nek n\u00f6vel\u00e9s\u00e9ben is megmutatkoznak majd. A hat\u00e1r mindk\u00e9t oldal\u00e1n \u00e9l\u0151 k\u00e9zm\u0171veseket \u00f6sszek\u00f6t\u0151 int\u00e9zm\u00e9nyek ugyanazokkal a kih\u00edv\u00e1sokkal n\u00e9znek szembe az egykor k\u00f6z\u00f6s ter\u00fcletnek sz\u00e1m\u00edt\u00f3 ter\u00fcleten. A r\u00e9gi\u00f3 k\u00e9zm\u0171ves mesters\u00e9gei azonos alapokon nyugszanak, m\u00edg bizonyos gyakorlatok az egyik orsz\u00e1gban jobban fejl\u0151dtek, mint a m\u00e1sikban, \u00e9s ford\u00edtva. Ez\u00e9rt m\u00e9g nagyobb sz\u00fcks\u00e9g van a hat\u00e1rokon \u00e1tny\u00fal\u00f3 egy\u00fcttm\u0171k\u00f6d\u00e9sre, amely j\u00f3 lehet\u0151s\u00e9geket rejt mag\u00e1ban a ter\u00fclet fejl\u0151d\u00e9s\u00e9re, olyan szervezetek t\u00e1mogat\u00e1s\u00e1val, amelyek rendelkeznek a k\u00e9zm\u0171vess\u00e9g \u00faj szintre emel\u00e9s\u00e9hez sz\u00fcks\u00e9ges know-how-val \u00e9s tapasztalattal. A projekt a kultur\u00e1lis \u00f6r\u00f6ks\u00e9g \u00e9s a k\u00e9zm\u0171vess\u00e9g meg\u0151rz\u00e9s\u00e9nek k\u00fcl\u00f6nb\u00f6z\u0151 megk\u00f6zel\u00edt\u00e9seit alkalmazza, k\u00f6vetve az \u00e1gazatban tapasztalhat\u00f3 trendeket \u00e9s innovat\u00edv megk\u00f6zel\u00edt\u00e9seket, mint p\u00e9ld\u00e1ul a k\u00f6rnyezetbar\u00e1t anyagok haszn\u00e1lata, \u00fajrahasznos\u00edtott anyagok, divatir\u00e1nyzatok, a szoci\u00e1lisan h\u00e1tr\u00e1nyos helyzet\u0171 emberek bevon\u00e1sa \u00e9s foglalkoztat\u00e1sa, a rendezv\u00e9nyek \u00e9s workshopok szervez\u00e9s\u00e9nek k\u00fcl\u00f6nb\u00f6z\u0151 m\u00f3djai, egy\u00e9b jelent\u0151s stakeholderek bevon\u00e1sa a tev\u00e9kenys\u00e9gekbe stb. Ezek mind olyan gyakorlatok, amelyek a hat\u00e1rokon \u00e1tny\u00fal\u00f3 egy\u00fcttm\u0171k\u00f6d\u00e9s eredetis\u00e9g\u00e9t mutatj\u00e1k, \u00e9s amelyek k\u00f6z\u00fcl n\u00e9h\u00e1nyat m\u00e9g nem alkalmaztak kor\u00e1bban a hat\u00e1rokon \u00e1tny\u00fal\u00f3 t\u00e9rs\u00e9gben.<\/p>\n<p>Forr\u00e1s: p\u00e1ly\u00e1zati adatlap (SIHU00071)<\/p>\n<\/div><\/div><\/div><div class=\"fusion-panel panel-default\"><div class=\"panel-heading\"><h4 class=\"panel-title toggle\"><a aria-expanded=\"false\" aria-controls=\"2c123c637609a2160\" role=\"button\" data-toggle=\"collapse\" data-parent=\"#accordion-4302-1\" data-target=\"#2c123c637609a2160\" href=\"#2c123c637609a2160\"><span class=\"fusion-toggle-icon-wrapper\" aria-hidden=\"true\"><i class=\"fa-fusion-box\" aria-hidden=\"true\"><\/i><\/span><span class=\"fusion-toggle-heading\">Mills \u2013 our mutual value<\/span><\/a><\/h4><\/div><div id=\"2c123c637609a2160\" class=\"panel-collapse collapse \"><div class=\"panel-body toggle-content fusion-clearfix\">\n<p><img class=\"size-medium wp-image-8772 alignnone\" src=\"http:\/\/www.si-hu.eu\/2127\/wp-content\/uploads\/sites\/14\/2024\/03\/Mills-our-mutual-value-Project-logo-Slovenia-Hungary_bilingual_color-500x258.png\" alt=\"\" width=\"500\" height=\"258\" srcset=\"http:\/\/www.si-hu.eu\/2127\/wp-content\/uploads\/sites\/14\/2024\/03\/Mills-our-mutual-value-Project-logo-Slovenia-Hungary_bilingual_color-200x103.png 200w, http:\/\/www.si-hu.eu\/2127\/wp-content\/uploads\/sites\/14\/2024\/03\/Mills-our-mutual-value-Project-logo-Slovenia-Hungary_bilingual_color-400x206.png 400w, http:\/\/www.si-hu.eu\/2127\/wp-content\/uploads\/sites\/14\/2024\/03\/Mills-our-mutual-value-Project-logo-Slovenia-Hungary_bilingual_color-500x258.png 500w, http:\/\/www.si-hu.eu\/2127\/wp-content\/uploads\/sites\/14\/2024\/03\/Mills-our-mutual-value-Project-logo-Slovenia-Hungary_bilingual_color-600x310.png 600w, http:\/\/www.si-hu.eu\/2127\/wp-content\/uploads\/sites\/14\/2024\/03\/Mills-our-mutual-value-Project-logo-Slovenia-Hungary_bilingual_color-768x396.png 768w, http:\/\/www.si-hu.eu\/2127\/wp-content\/uploads\/sites\/14\/2024\/03\/Mills-our-mutual-value-Project-logo-Slovenia-Hungary_bilingual_color-800x413.png 800w, http:\/\/www.si-hu.eu\/2127\/wp-content\/uploads\/sites\/14\/2024\/03\/Mills-our-mutual-value-Project-logo-Slovenia-Hungary_bilingual_color-1024x529.png 1024w, http:\/\/www.si-hu.eu\/2127\/wp-content\/uploads\/sites\/14\/2024\/03\/Mills-our-mutual-value-Project-logo-Slovenia-Hungary_bilingual_color-1200x619.png 1200w, http:\/\/www.si-hu.eu\/2127\/wp-content\/uploads\/sites\/14\/2024\/03\/Mills-our-mutual-value-Project-logo-Slovenia-Hungary_bilingual_color-1536x793.png 1536w\" sizes=\"(max-width: 500px) 100vw, 500px\" \/><\/p>\n<p><strong>Projekt c\u00edme: <\/strong>K\u00f6z\u00f6s tev\u00e9kenys\u00e9g a malom \u00e9s \u0151rl\u00e9s hagyom\u00e1ny\u00e1nak meg\u0151rz\u00e9s\u00e9re a SI-HU hat\u00e1r menti t\u00e9rs\u00e9gben<\/p>\n<p><strong>Projekt k\u00f6lts\u00e9gvet\u00e9s <\/strong><strong>(ERFA t\u00e1rsfinansz\u00edroz\u00e1s): <\/strong>&nbsp;20.800,00 EUR<\/p>\n<p><strong>Projekt id\u0151tartama:<\/strong> 2024.02.15. &#8211; 2024.09.14.<\/p>\n<p><strong>Projektpartnerek: <\/strong>Zavod Multimedija Panonija-MMP zavod za informiranje in obve\u0161\u010danje okolja, Cven; BABI\u010cEV MLIN NA MURI &#8211; zavod za ohranjanje, razvoj in promocijo Babi\u010devega mlina na Muri, Ver\u017eej; Cs\u00f6r\u00f6tneki Ifj\u00fas\u00e1gi Kultur\u00e1lis Egyes\u00fclet<\/p>\n<p>A Mills Projekt &#8211; k\u00f6z\u00f6s \u00e9rt\u00e9k\u00fcnk els\u0151sorban a megfelel\u0151 megold\u00e1sok akut hi\u00e1ny\u00e1nak kih\u00edv\u00e1s\u00e1ra v\u00e1laszol, amelyekkel a k\u00e9t r\u00e9gi\u00f3 &#8211; a malomipar \u00e9s a malmok &#8211; egyik legfontosabb elemei, a vid\u00e9ki hagyom\u00e1ny \u00e9s a kultur\u00e1lis \u00f6r\u00f6ks\u00e9g v\u00e9delm\u00e9ben megakad\u00e1lyozhatn\u00e1nk a lass\u00fa pusztul\u00e1st \u00e9s elt\u0171n\u00e9s\u00fcket. A kih\u00edv\u00e1s nem helyi, sem region\u00e1lis, nem csak szlov\u00e9n vagy magyar probl\u00e9ma, hanem \u00e1ltal\u00e1nosan jelen van a gyorsan v\u00e1ltoz\u00f3 modern eur\u00f3pai vid\u00e9ki ter\u00fcleteken. Ezzel a hat\u00e1rokon \u00e1tny\u00fal\u00f3 projekttel csak egy r\u00e9sz\u00e9t kezelj\u00fck ennek a sokkal \u00f6sszetettebb probl\u00e9m\u00e1nak, el\u0151sz\u00f6r k\u00edn\u00e1lunk megold\u00e1sokat, amelyek kor\u00e1bban nem l\u00e9teztek ezen a ter\u00fcleten: szlov\u00e9n \u00e9s magyar civil szervezetek hat\u00e1rokon \u00e1tny\u00fal\u00f3 \u00f6sszekapcsol\u00e1sa a malomipar hagyom\u00e1ny\u00e1nak meg\u0151rz\u00e9se ter\u00e9n a Mura \u00e9s a R\u00e1ba foly\u00f3k ment\u00e9n rendezett jelent\u0151s nyilv\u00e1nos esem\u00e9nyek szervez\u00e9s\u00e9vel. Ezen esem\u00e9nyeken a c\u00e9lcsoportok tagjai \u00e9s a nagyk\u00f6z\u00f6ns\u00e9g k\u00f6z\u00f6sen keresik a v\u00e1laszokat arra a k\u00e9rd\u00e9sre, hogy van-e \u00e9rtelme a malmok tov\u00e1bbi fennmarad\u00e1s\u00e1nak, \u00e9s ez\u00e1ltal el\u0151t\u00e9rbe helyezik a malmok szerep\u00e9t, amelyet m\u00e1r ma, de k\u00fcl\u00f6n\u00f6sen a j\u00f6v\u0151ben, bet\u00f6lthetnek az \u00e9lelmiszer-\u00f6nell\u00e1t\u00e1s, a fenntarthat\u00f3 energiagazd\u00e1lkod\u00e1s, a k\u00f6z\u00f6s kultur\u00e1lis technikai \u00f6r\u00f6ks\u00e9g meg\u0151rz\u00e9se \u00e9s azon bels\u0151 t\u00e1rsadalmi kapcsolatok meg\u0151rz\u00e9se szempontj\u00e1b\u00f3l, amelyek jellemz\u0151ek voltak azokra az emberekre, akik a malmok mellett \u00e9ltek \u00e9s dolgoztak. A projekt keret\u00e9ben l\u00e9trej\u00f6v\u0151 t\u00f6rt\u00e9net k\u00fcl\u00f6n\u00f6sen \u00e9rdekes, mert mag\u00e1ban foglalja a hat\u00e1rokon \u00e1tny\u00fal\u00f3 kezdem\u00e9nyez\u00e9s\u00fcnkben r\u00e9sztvev\u0151 n\u00e9h\u00e1ny legkarakteresebb malmot a hat\u00e1r k\u00e9t oldal\u00e1n: az utols\u00f3 m\u0171k\u00f6d\u0151 v\u00edzi malmot a Mur\u00e1n \u00e9s egy egykor fontos malmot a R\u00e1b\u00e1n. A projekt ugyanakkor kiemeli a hat\u00e1rokon \u00e1tny\u00fal\u00f3 civil kezdem\u00e9nyez\u00e9sek elengedhetetlen szerep\u00e9t, amelyre a h\u00e1rom partner a k\u00e9t foly\u00f3 ment\u00e9n k\u00e9pes \u00e9s hajland\u00f3 v\u00e1llalkozni a malomipar \u00f6r\u00f6ks\u00e9g\u00e9nek n\u00e9pszer\u0171s\u00edt\u00e9se \u00e9s \u00fajra\u00e9rt\u00e9kel\u00e9se \u00e9rdek\u00e9ben. A projekt konkr\u00e9t eredm\u00e9nyei a tervezett hat\u00e1sindik\u00e1torok k\u00f6z\u00f6tt vannak felosztva. Az els\u0151 mutat\u00f3 az eg\u00e9sz projekt kiindul\u00e1si probl\u00e9m\u00e1j\u00e1nak megold\u00e1s\u00e1ra vonatkozik, amely az \u00e9rdekelt szerepl\u0151k \u00e9s r\u00e9sztvev\u0151k hi\u00e1ny\u00e1ban mer\u00fcl fel, akik hajland\u00f3ak lenn\u00e9nek idej\u00fcket \u00e9s emberi er\u0151forr\u00e1saikat a malomipar hossz\u00fa t\u00e1v\u00fa fennmarad\u00e1s\u00e1nak biztos\u00edt\u00e1s\u00e1ra ford\u00edtani. A m\u00e1sodik mutat\u00f3 a malmok n\u00e9pszer\u0171s\u00edt\u00e9se \u00e9rdek\u00e9ben szervezett nyilv\u00e1nos esem\u00e9nyek hat\u00e9konys\u00e1g\u00e1nak bemutat\u00e1s\u00e1ra vonatkozik, mint a kor\u00e1bban eml\u00edtett c\u00e9l el\u00e9r\u00e9s\u00e9nek egyik lehets\u00e9ges m\u00f3dja. Mindk\u00e9t esem\u00e9ny 2024 m\u00e1jusa \u00e9s szeptembere k\u00f6z\u00f6tt ker\u00fcl megrendez\u00e9sre, \u00e9s azonos koncepci\u00f3t k\u00f6vet: el\u0151sz\u00f6r szakmai konferencia lesz, melyen kompetens szak\u00e9rt\u0151k (etnol\u00f3gusok, kultur\u00e1lis \u00f6r\u00f6ks\u00e9g konzerv\u00e1torok, malomkezel\u0151k, stb.) fognak r\u00e9szt venni, majd k\u00f6vetkezik a kultur\u00e1lis program a helyi \u00e9s vend\u00e9g t\u00e1nc- \u00e9s folkl\u00f3r csoportok (3+2) fell\u00e9p\u00e9s\u00e9vel. A k\u00eds\u00e9r\u0151program a gyermekek \u00e9s fiatalok d\u00edjazott m\u0171v\u00e9szeti alkot\u00e1saib\u00f3l (30 m\u0171) ki\u00e1ll\u00edt\u00e1snyit\u00e1ssal kezd\u0151dik a malomipar t\u00e9mak\u00f6r\u00e9ben, k\u00f6z\u00f6s pet\u00edci\u00f3 bemutat\u00e1s\u00e1val \u00e9s al\u00e1\u00edr\u00e1s\u00e1val a malmok meg\u0151rz\u00e9se \u00e9rdek\u00e9ben, valamint egy gasztron\u00f3miai versennyel (keny\u00e9r, l\u00e1ngos). A rendezv\u00e9ny helysz\u00edn\u00e9n folyamatosan jelen lesznek a helyi \u00e1rusok is standjaikkal (10+10). Az \u00f6sszes esem\u00e9nyre \u00f6sszesen legal\u00e1bb 500 l\u00e1togat\u00f3 \u00e9rkezik Szlov\u00e9ni\u00e1b\u00f3l \u00e9s Magyarorsz\u00e1gr\u00f3l.<\/p>\n<p>Forr\u00e1s: p\u00e1ly\u00e1zati adatlap (SIHU00072)<\/p>\n<\/div><\/div><\/div><div class=\"fusion-panel panel-default\"><div class=\"panel-heading\"><h4 class=\"panel-title toggle\"><a aria-expanded=\"false\" aria-controls=\"81d74fb497424ba02\" role=\"button\" data-toggle=\"collapse\" data-parent=\"#accordion-4302-1\" data-target=\"#81d74fb497424ba02\" href=\"#81d74fb497424ba02\"><span class=\"fusion-toggle-icon-wrapper\" aria-hidden=\"true\"><i class=\"fa-fusion-box\" aria-hidden=\"true\"><\/i><\/span><span class=\"fusion-toggle-heading\">Folk Music Show<\/span><\/a><\/h4><\/div><div id=\"81d74fb497424ba02\" class=\"panel-collapse collapse \"><div class=\"panel-body toggle-content fusion-clearfix\">\n<p><img class=\"size-medium wp-image-8779 alignnone\" src=\"http:\/\/www.si-hu.eu\/2127\/wp-content\/uploads\/sites\/14\/2024\/03\/Folk-Music-Show-Project-logo-Slovenia-Hungary_bilingual_color-500x258.png\" alt=\"\" width=\"500\" height=\"258\" srcset=\"http:\/\/www.si-hu.eu\/2127\/wp-content\/uploads\/sites\/14\/2024\/03\/Folk-Music-Show-Project-logo-Slovenia-Hungary_bilingual_color-200x103.png 200w, http:\/\/www.si-hu.eu\/2127\/wp-content\/uploads\/sites\/14\/2024\/03\/Folk-Music-Show-Project-logo-Slovenia-Hungary_bilingual_color-400x206.png 400w, http:\/\/www.si-hu.eu\/2127\/wp-content\/uploads\/sites\/14\/2024\/03\/Folk-Music-Show-Project-logo-Slovenia-Hungary_bilingual_color-500x258.png 500w, http:\/\/www.si-hu.eu\/2127\/wp-content\/uploads\/sites\/14\/2024\/03\/Folk-Music-Show-Project-logo-Slovenia-Hungary_bilingual_color-600x310.png 600w, http:\/\/www.si-hu.eu\/2127\/wp-content\/uploads\/sites\/14\/2024\/03\/Folk-Music-Show-Project-logo-Slovenia-Hungary_bilingual_color-768x396.png 768w, http:\/\/www.si-hu.eu\/2127\/wp-content\/uploads\/sites\/14\/2024\/03\/Folk-Music-Show-Project-logo-Slovenia-Hungary_bilingual_color-800x413.png 800w, http:\/\/www.si-hu.eu\/2127\/wp-content\/uploads\/sites\/14\/2024\/03\/Folk-Music-Show-Project-logo-Slovenia-Hungary_bilingual_color-1024x529.png 1024w, http:\/\/www.si-hu.eu\/2127\/wp-content\/uploads\/sites\/14\/2024\/03\/Folk-Music-Show-Project-logo-Slovenia-Hungary_bilingual_color-1200x619.png 1200w, http:\/\/www.si-hu.eu\/2127\/wp-content\/uploads\/sites\/14\/2024\/03\/Folk-Music-Show-Project-logo-Slovenia-Hungary_bilingual_color-1536x793.png 1536w\" sizes=\"(max-width: 500px) 100vw, 500px\" \/><\/p>\n<p><strong>Projekt c\u00edme: <\/strong>K\u00f6z\u00f6s n\u00e9pzenekincs &#8211; k\u00f6z\u00f6s bemutat\u00f3k<\/p>\n<p><strong>Projekt k\u00f6lts\u00e9gvet\u00e9s <\/strong><strong>(ERFA t\u00e1rsfinansz\u00edroz\u00e1s): <\/strong> 20.312,50 EUR<\/p>\n<p><strong>Projekt id\u0151tartama:<\/strong> 2024.04.01. &#8211; 2024.09.30.<\/p>\n<p><strong>Projektpartnerek: <\/strong>&#8220;HUM\u00c1N ES\u00c9LY&#8221; Tan\u00e1csad\u00f3 Nonprofit K\u00f6zhaszn\u00fa Korl\u00e1tolt Felel\u0151ss\u00e9g\u0171 T\u00e1rsas\u00e1g, Javni zavod za turizem kulturo in \u0161port Beltinci<\/p>\n<p>A muravid\u00e9ki n\u00e9pzene a hat\u00e1rr\u00e9gi\u00f3 k\u00f6z\u00f6s kultur\u00e1lis \u00f6r\u00f6ks\u00e9ge, amelyet egy\u00fcttes eg\u00e9szk\u00e9nt kell kezelni a hat\u00e1r mindk\u00e9t oldal\u00e1n. A k\u00f6z\u00f6s kult\u00farkincs akkor v\u00e1lik igaz\u00e1n k\u00f6z\u00f6ss\u00e9, ha a befogad\u00f3 k\u00f6z\u00f6ns\u00e9g egym\u00e1s mellett hallja a szlov\u00e9n \u00e9s magyar n\u00e9pdalokat, melyek azonos t\u0151r\u0151l fakadnak. A projektben Muravid\u00e9k \u00e9s Zala megye autentikus n\u00e9pzen\u00e9j\u00e9nek bemutat\u00e1sa t\u00f6rt\u00e9nik a k\u00e9t orsz\u00e1gb\u00f3l bevont n\u00e9pi egy\u00fcttesek, n\u00e9pzen\u00e9t oktat\u00f3 iskol\u00e1k \u00e9s amat\u0151r n\u00e9pzenei k\u00f3rusok k\u00f6zrem\u0171k\u00f6d\u00e9s\u00e9vel. Beltinciben a ZTKS Beltinci (PP2) \u00e1ltal szervezett&nbsp; nyilv\u00e1nos n\u00e9pzenei bemutat\u00f3n fell\u00e9p a r\u00e9gi\u00f3 3 n\u00e9pzenei egy\u00fcttese \u00e9s a Beltinci Zeneiskola n\u00e9pi egy\u00fcttese. A Beltinci Zeneiskola k\u00fcl\u00f6nlegess\u00e9ge, hogy Szlov\u00e9ni\u00e1ban egyed\u00fcl itt van cimbalom tanszak. A bemutat\u00f3n r\u00e9szt vesz legal\u00e1bb 1 magyar vend\u00e9g egy\u00fcttes vagy k\u00f3rus \u00e9s a magyarorsz\u00e1gi rendezv\u00e9nyen fell\u00e9p\u0151 magyar n\u00e9pzenei egy\u00fcttesek \u00e9s a zalaegerszegi Liszt Ferenc \u00c1ltal\u00e1nos Iskola n\u00e9pzene oktat\u00f3i (Zala megy\u00e9ben ebben az iskol\u00e1ban zajlik tanrend szerint n\u00e9pzenei k\u00e9pz\u00e9s). Zalaegerszegen, a Hum\u00e1n Es\u00e9ly Nonprofit Kft. (LP1) \u00e1ltal szervezett&nbsp; nyilv\u00e1nos n\u00e9pzenei bemutat\u00f3n fell\u00e9p Zala megy\u00e9b\u0151l 3 n\u00e9pzenei egy\u00fcttes, illetve k\u00f3rus \u00e9s a zalaegerszegi Liszt Ferenc \u00c1ltal\u00e1nos Iskola tanul\u00f3ib\u00f3l \u00e1ll\u00f3 &#8220;kis- \u00e9s nagyk\u00f3rus&#8221; zalai n\u00e9pzenei gy\u0171jt\u00e9sekb\u0151l \u00e9s muravid\u00e9ki gy\u0171jt\u00e9sekb\u0151l \u00e1ll\u00f3 n\u00e9pdalcsokrokat ad el\u0151 id. Horv\u00e1th K\u00e1roly, Vajda J\u00f3zsef \u00e9s Pungor Antal gy\u0171jt\u00e9s\u00e9b\u0151l, tov\u00e1bb\u00e1 a szlov\u00e9niai gy\u0171jt\u00e9sekb\u0151l sz\u00e1rmaz\u00f3 k\u00f6z\u00f6s gy\u00f6ker\u0171, magyar \u00e9s szlov\u00e9n nyelv\u0171 n\u00e9pdalokat mutatnak be \u201eAkkor t\u00e1ncol a medve\u201d c\u00edmmel. A bemutat\u00f3n r\u00e9szt vesz legal\u00e1bb 1 szlov\u00e9niai vend\u00e9gegy\u00fcttes \u00e9s a magyarorsz\u00e1gi \u00e9s a&nbsp; szlov\u00e9niai partnerek k\u00e9pvisel\u0151i. A projekt c\u00e9ljainak \u00e9s v\u00e1rhat\u00f3 eredm\u00e9nyeinek le\u00edr\u00e1s\u00e1t \u00e9s a n\u00e9pzenei bemutat\u00f3k programj\u00e1t tartalmaz\u00f3 sajt\u00f3k\u00f6zlem\u00e9nyt k\u00e9sz\u00edt\u00fcnk a helyi, illetve region\u00e1lis sajt\u00f3 sz\u00e1m\u00e1ra. A rendezv\u00e9nyekre megh\u00edvjuk a sajt\u00f3 k\u00e9pvisel\u0151it. A Facebookon \u00f6n\u00e1ll\u00f3 k\u00e9tnyelv\u0171 oldal l\u00e9trehoz\u00e1s\u00e1val \u00e9s a projektesem\u00e9nyekr\u0151l val\u00f3 t\u00e1j\u00e9koztat\u00e1ssal seg\u00edtj\u00fck a program \u00e9s a projekt prom\u00f3ci\u00f3j\u00e1t. A k\u00f6z\u00f6ss\u00e9gi oldalon el\u0151zetesek, beharangoz\u00f3k \u00e9s az egyes m\u0171sorsz\u00e1mokr\u00f3l t\u00f6rt\u00e9n\u0151 f\u00e9nyk\u00e9pes tud\u00f3s\u00edt\u00e1s lesz el\u00e9rhet\u0151, tov\u00e1bb\u00e1 az oldalon lehet\u0151s\u00e9get adunk c\u00edmek \u00e9s el\u00e9rhet\u0151s\u00e9gek megad\u00e1s\u00e1val, hogy a programter\u00fcleten m\u0171k\u00f6d\u0151 n\u00e9pzenei el\u0151ad\u00f3k felvegy\u00e9k a kapcsolatot a fell\u00e9p\u0151 egy\u00fcttesekkel \u00e9s a projektpartnerekkel.<\/p>\n<p>Forr\u00e1s: p\u00e1ly\u00e1zati adatlap (SIHU00075)<\/p>\n<\/div><\/div><\/div><div class=\"fusion-panel panel-default\"><div class=\"panel-heading\"><h4 class=\"panel-title toggle\"><a aria-expanded=\"false\" aria-controls=\"d5c39d46b5ba9d433\" role=\"button\" data-toggle=\"collapse\" data-parent=\"#accordion-4302-1\" data-target=\"#d5c39d46b5ba9d433\" href=\"#d5c39d46b5ba9d433\"><span class=\"fusion-toggle-icon-wrapper\" aria-hidden=\"true\"><i class=\"fa-fusion-box\" aria-hidden=\"true\"><\/i><\/span><span class=\"fusion-toggle-heading\">NBW<\/span><\/a><\/h4><\/div><div id=\"d5c39d46b5ba9d433\" class=\"panel-collapse collapse \"><div class=\"panel-body toggle-content fusion-clearfix\">\n<p><img class=\"size-medium wp-image-8785 alignnone\" src=\"http:\/\/www.si-hu.eu\/2127\/wp-content\/uploads\/sites\/14\/2024\/03\/NBW-Project-logo-Slovenia-Hungary_bilingual_color-500x258.png\" alt=\"\" width=\"500\" height=\"258\" srcset=\"http:\/\/www.si-hu.eu\/2127\/wp-content\/uploads\/sites\/14\/2024\/03\/NBW-Project-logo-Slovenia-Hungary_bilingual_color-200x103.png 200w, http:\/\/www.si-hu.eu\/2127\/wp-content\/uploads\/sites\/14\/2024\/03\/NBW-Project-logo-Slovenia-Hungary_bilingual_color-400x206.png 400w, http:\/\/www.si-hu.eu\/2127\/wp-content\/uploads\/sites\/14\/2024\/03\/NBW-Project-logo-Slovenia-Hungary_bilingual_color-500x258.png 500w, http:\/\/www.si-hu.eu\/2127\/wp-content\/uploads\/sites\/14\/2024\/03\/NBW-Project-logo-Slovenia-Hungary_bilingual_color-600x310.png 600w, http:\/\/www.si-hu.eu\/2127\/wp-content\/uploads\/sites\/14\/2024\/03\/NBW-Project-logo-Slovenia-Hungary_bilingual_color-768x396.png 768w, http:\/\/www.si-hu.eu\/2127\/wp-content\/uploads\/sites\/14\/2024\/03\/NBW-Project-logo-Slovenia-Hungary_bilingual_color-800x413.png 800w, http:\/\/www.si-hu.eu\/2127\/wp-content\/uploads\/sites\/14\/2024\/03\/NBW-Project-logo-Slovenia-Hungary_bilingual_color-1024x529.png 1024w, http:\/\/www.si-hu.eu\/2127\/wp-content\/uploads\/sites\/14\/2024\/03\/NBW-Project-logo-Slovenia-Hungary_bilingual_color-1200x619.png 1200w, http:\/\/www.si-hu.eu\/2127\/wp-content\/uploads\/sites\/14\/2024\/03\/NBW-Project-logo-Slovenia-Hungary_bilingual_color-1536x793.png 1536w\" sizes=\"(max-width: 500px) 100vw, 500px\" \/><\/p>\n<p><strong>Projekt c\u00edme: <\/strong>No border words<\/p>\n<p><strong>Projekt k\u00f6lts\u00e9gvet\u00e9s <\/strong><strong>(ERFA t\u00e1rsfinansz\u00edroz\u00e1s): <\/strong>25.000,00&nbsp;EUR<\/p>\n<p><strong>Projekt id\u0151tartama:<\/strong> 2024.03.01. &#8211; 2024.09.30.<\/p>\n<p><strong>Projektpartnerek: <\/strong>Kulturni center Maribor so.p., \u0150ri Alap\u00edtv\u00e1ny<\/p>\n<p>A projekt egym\u00e1s meg\u00e9rt\u00e9s\u00e9nek \u00e9s az egy\u00fcttm\u0171k\u00f6d\u00e9s el\u0151seg\u00edt\u00e9s\u00e9nek k\u00f6z\u00f6s kih\u00edv\u00e1s\u00e1val foglalkozik a hat\u00e1r menti r\u00e9gi\u00f3ban. A partnerek a NO BORDER WORDS projektet a hat\u00e1rokon \u00e1t\u00edvel\u0151 k\u00f6lcs\u00f6n\u00f6s egy\u00fcttm\u0171k\u00f6d\u00e9s er\u0151s\u00edt\u00e9s\u00e9re hozz\u00e1k l\u00e9tre. Abban a korban, amikor Eur\u00f3pa k\u00fcls\u0151 hat\u00e1rain h\u00e1bor\u00fak d\u00falnak, a bels\u0151 hat\u00e1rokon ker\u00edt\u00e9sek \u00e9p\u00fclnek, a hat\u00e1ron \u00e1tny\u00fal\u00f3 egy\u00fcttm\u0171k\u00f6d\u00e9s nemcsak aktu\u00e1lis, de ak\u00e1r a mindennapi gondolkod\u00e1s \u00e9s gyakorlat sz\u00fcks\u00e9ges t\u00e9m\u00e1j\u00e1v\u00e1 is v\u00e1lik. A Maribor Kultur\u00e1lis K\u00f6zpont harminc \u00e9ves tapasztalattal rendelkezik az ilyen t\u00edpus\u00fa kapcsolatok ter\u00e9n, hiszen az 1990-es \u00e9vek \u00f3ta szervez olyan nemzetk\u00f6zi zenei fesztiv\u00e1lokat, mint a Rock ob meji \u00e9s a No Border Jam. Ez\u00fattal m\u00e1s ter\u00fcletekre is kiterjesztj\u00fck tev\u00e9kenys\u00e9g\u00fcnket, hiszen gazdag tapasztalatunk megtan\u00edtott arra, hogy a m\u0171v\u00e9szet \u00e9s a m\u0171v\u00e9szeti egy\u00fctt alkot\u00e1s \u00e9s cserekapcsolatok er\u0151s \u00e9s tart\u00f3s k\u00f6tel\u00e9keket alak\u00edtanak ki a k\u00fcl\u00f6nb\u00f6z\u0151 nyelvi, etnikai \u00e9s nemzeti k\u00f6z\u00f6ss\u00e9gek k\u00f6z\u00f6tt. Mivel a jelent\u00e9s a nyelv felett \u00e1ll, a szavak nem akadnak fenn a nyelvek hat\u00e1r\u00e1n, elvileg nincs akad\u00e1lya, hogy b\u00e1rkihez eljussanak. A k\u00fcl\u00f6nb\u00f6z\u0151 nyelvi k\u00f6zegben \u00e9l\u0151knek a j\u00f3 ford\u00edt\u00f3k seg\u00edtenek meghaladni a nyelvi korl\u00e1tokat. Szerep\u00fck fontos, mert csak j\u00f3 ford\u00edt\u00e1sok seg\u00edts\u00e9g\u00e9vel ismerhetj\u00fck meg a szavak \u00e9rtelm\u00e9t \u00e9s a k\u00f6zl\u00e9sben megnyilatkoz\u00f3 embert. B\u00e1r a szlov\u00e9n-magyar kultur\u00e1lis cserekapcsolatok ter\u00e9n t\u00f6rt\u00e9nt el\u0151re l\u00e9p\u00e9s, m\u00e9gis \u00e9rz\u00fcnk n\u00e9mi hi\u00e1nyt, f\u0151leg az \u00e9l\u0151, kort\u00e1rs irodalom ter\u00e9n, k\u00fcl\u00f6n\u00f6sen olyan szerz\u0151k k\u00f6r\u00e9ben, akik m\u00e9g nem rendelkeznek sz\u00e9lesebb, region\u00e1lis (k\u00f6z\u00e9p-eur\u00f3pai, visegr\u00e1di, balk\u00e1ni) elismerts\u00e9ggel. A NO BORDER WORDS projekttel szeretn\u00e9nk megteremteni az els\u0151 szem\u00e9lyes \u00e9s int\u00e9zm\u00e9nyi kapcsolatokat, \u00e9s lehet\u0151s\u00e9get nyitni a j\u00f6v\u0151beni sz\u00e9lesebb k\u00f6r\u0171 egy\u00fcttm\u0171k\u00f6d\u00e9sre. A projekt k\u00f6z\u00f6s esem\u00e9nyek, akci\u00f3k, rendezv\u00e9nyek r\u00e9v\u00e9n val\u00f3sul meg, \u00e9s mag\u00e1ban foglalja: irodalmi \u00e9s zenei alkot\u00f3k tal\u00e1lkoz\u00f3j\u00e1t, m\u0171veik megismertet\u00e9s\u00e9t kiad\u00f3kkal, m\u0171helymunk\u00e1t, m\u0171v\u00e9szeti ki\u00e1ll\u00edt\u00e1sok \u00e9s k\u00f6z\u00f6s alkot\u00e1sok lehet\u0151s\u00e9g\u00e9t, m\u00e9dia megjelen\u00e9st (pl. SI.TV AV). A k\u00f6z\u00f6s rendezv\u00e9nyek tervez\u00e9se, lebonyol\u00edt\u00e1sa, \u00faj alkot\u00e1sok k\u00e9sz\u00edt\u00e9se, a k\u00f6z\u00f6s alkot\u00f3 munka olyan \u00faj, kreat\u00edv tev\u00e9kenys\u00e9g, amely \u00e1lland\u00f3 egy\u00fcttm\u0171k\u00f6d\u00e9si form\u00e1v\u00e1 v\u00e1lik. \u00d6szt\u00f6n\u00f6zz\u00fck a rendszeres m\u0171ford\u00edt\u00f3i gyakorlatot, k\u00f6z\u00f6s m\u0171vek projektjeit val\u00f3s\u00edtjuk meg \u00e9s n\u00f6velj\u00fck a megjelent m\u0171vek sz\u00e1m\u00e1t. Akt\u00edvan \u00f6sszekapcsoljuk az \u00edr\u00f3kat, k\u00f6lt\u0151ket \u00e9s zen\u00e9szeket, hogy \u00faj, k\u00f6z\u00f6s produkci\u00f3kat hozzanak l\u00e9tre. A k\u00f6z\u00f6s gy\u00e1rt\u00e1s az eg\u00e9sz ter\u00fclet alkot\u00f3i, kiad\u00f3i \u00e9s kreat\u00edv szektora el\u0151tt \u00e1ll\u00f3 kih\u00edv\u00e1sokra v\u00e1laszol. A termel\u00e9si felt\u00e9telek hasonl\u00f3ak \u00e9s n\u00e9mileg jellemz\u0151ek a hat\u00e1r menti ter\u00fcletekre. A hi\u00e1nyoss\u00e1gokat lehet\u0151s\u00e9gekk\u00e9, \u00e9s \u00faj produkci\u00f3k terveiv\u00e9, megval\u00f3s\u00edt\u00e1saiv\u00e1 alak\u00edtjuk.&nbsp;Az egy\u00fcttm\u0171k\u00f6d\u00e9s nagyobb nyilv\u00e1noss\u00e1got tesz lehet\u0151v\u00e9, amit a hat\u00e1rmenti r\u00e9gi\u00f3ra ir\u00e1nyul\u00f3 pozit\u00edv k\u00f6zfigyelem is al\u00e1t\u00e1maszt \u00e9s egy kicsit megk\u00f6nny\u00edti a kreat\u00edv \u00e9rv\u00e9nyes\u00fcl\u00e9st a sz\u00e9lesebb eur\u00f3pai t\u00e9rs\u00e9gben.<\/p>\n<p>Forr\u00e1s: p\u00e1ly\u00e1zati adatlap (SIHU00091)<\/p>\n<\/div><\/div><\/div><div class=\"fusion-panel panel-default\"><div class=\"panel-heading\"><h4 class=\"panel-title toggle\"><a aria-expanded=\"false\" aria-controls=\"73f80d1227634907c\" role=\"button\" data-toggle=\"collapse\" data-parent=\"#accordion-4302-1\" data-target=\"#73f80d1227634907c\" href=\"#73f80d1227634907c\"><span class=\"fusion-toggle-icon-wrapper\" aria-hidden=\"true\"><i class=\"fa-fusion-box\" aria-hidden=\"true\"><\/i><\/span><span class=\"fusion-toggle-heading\">Namizni tenis povezuje<\/span><\/a><\/h4><\/div><div id=\"73f80d1227634907c\" class=\"panel-collapse collapse \"><div class=\"panel-body toggle-content fusion-clearfix\">\n<p><img class=\"size-medium wp-image-8791 alignnone\" src=\"http:\/\/www.si-hu.eu\/2127\/wp-content\/uploads\/sites\/14\/2024\/03\/Namizni-tenis-povezuje-Project-logo-Slovenia-Hungary_bilingual_color-500x258.png\" alt=\"\" width=\"500\" height=\"258\" srcset=\"http:\/\/www.si-hu.eu\/2127\/wp-content\/uploads\/sites\/14\/2024\/03\/Namizni-tenis-povezuje-Project-logo-Slovenia-Hungary_bilingual_color-200x103.png 200w, http:\/\/www.si-hu.eu\/2127\/wp-content\/uploads\/sites\/14\/2024\/03\/Namizni-tenis-povezuje-Project-logo-Slovenia-Hungary_bilingual_color-400x206.png 400w, http:\/\/www.si-hu.eu\/2127\/wp-content\/uploads\/sites\/14\/2024\/03\/Namizni-tenis-povezuje-Project-logo-Slovenia-Hungary_bilingual_color-500x258.png 500w, http:\/\/www.si-hu.eu\/2127\/wp-content\/uploads\/sites\/14\/2024\/03\/Namizni-tenis-povezuje-Project-logo-Slovenia-Hungary_bilingual_color-600x310.png 600w, http:\/\/www.si-hu.eu\/2127\/wp-content\/uploads\/sites\/14\/2024\/03\/Namizni-tenis-povezuje-Project-logo-Slovenia-Hungary_bilingual_color-768x396.png 768w, http:\/\/www.si-hu.eu\/2127\/wp-content\/uploads\/sites\/14\/2024\/03\/Namizni-tenis-povezuje-Project-logo-Slovenia-Hungary_bilingual_color-800x413.png 800w, http:\/\/www.si-hu.eu\/2127\/wp-content\/uploads\/sites\/14\/2024\/03\/Namizni-tenis-povezuje-Project-logo-Slovenia-Hungary_bilingual_color-1024x529.png 1024w, http:\/\/www.si-hu.eu\/2127\/wp-content\/uploads\/sites\/14\/2024\/03\/Namizni-tenis-povezuje-Project-logo-Slovenia-Hungary_bilingual_color-1200x619.png 1200w, http:\/\/www.si-hu.eu\/2127\/wp-content\/uploads\/sites\/14\/2024\/03\/Namizni-tenis-povezuje-Project-logo-Slovenia-Hungary_bilingual_color-1536x793.png 1536w\" sizes=\"(max-width: 500px) 100vw, 500px\" \/><\/p>\n<p><strong>Projekt c\u00edme: <\/strong>Namizni tenis povezuje<\/p>\n<p><strong>Projekt k\u00f6lts\u00e9gvet\u00e9s <\/strong><strong>(ERFA t\u00e1rsfinansz\u00edroz\u00e1s): <\/strong>25.000,00&nbsp;EUR<\/p>\n<p><strong>Projekt id\u0151tartama:<\/strong> 2024.02.01. &#8211; 2024.09.30.<\/p>\n<p><strong>Projektpartnerek: <\/strong>Namiznoteni\u0161ki klub Sobota, Murska Sobota; Szombathely Asztalitenisz K\u00f6r<\/p>\n<p>A klubok k\u00f6z\u00f6tti egy\u00fcttm\u0171k\u00f6d\u00e9s kulcsfontoss\u00e1g\u00fa a prom\u00f3ci\u00f3 szempontj\u00e1b\u00f3l. Eddig sikeresen m\u0171k\u00f6dt\u00fcnk egy\u00fctt Szlov\u00e9nia egyes\u00fcletekkel, de k\u00fclf\u00f6ldi klubokkal m\u00e9g nem folytattunk ilyen egy\u00fcttm\u0171k\u00f6d\u00e9st. Partner\u00fcnk, a Szombathelyi Asztalitenisz K\u00f6r Magyarorsz\u00e1gr\u00f3l is j\u00f3 kapcsolatot \u00e1pol egyes\u00fcletekkel, de sz\u00edvesen egy\u00fcttm\u0171k\u00f6dnek k\u00fclf\u00f6ldiekkel is, hiszen egy ilyen kapcsolat mindenkire, gyerekekre, fiatalokra \u00e9s feln\u0151ttekre egyar\u00e1nt nagy hat\u00e1ssal lesz. Minden edz\u0151nek megvan a saj\u00e1t n\u00e9zete a j\u00e1t\u00e9kosok fejl\u0151d\u00e9s\u00e9r\u0151l, \u00edgy min\u00e9l t\u00f6bb szemmel l\u00e1tj\u00e1k a j\u00e1t\u00e9kosokat, ann\u00e1l nagyobb az es\u00e9ly arra, hogy minden hib\u00e1t kik\u00fcsz\u00f6b\u00f6ljenek, \u00e9s mindenki maxim\u00e1lisan fejl\u0151dhessen asztaliteniszez\u0151k\u00e9nt. A fejl\u0151d\u00e9shez, a jobb j\u00e1t\u00e9koss\u00e1 v\u00e1l\u00e1shoz id\u0151re, tehets\u00e9gre, munk\u00e1ra \u00e9s min\u0151s\u00e9gi szakemberekre van sz\u00fcks\u00e9g. Ez\u00e9rt ez k\u00e9t nagy hagyom\u00e1nyokkal rendelkez\u0151 klub egy\u00fcttm\u0171k\u00f6d\u00e9se k\u00fcl\u00f6nleges lesz, Muraszombaton.<\/p>\n<p>2024-ben lesz v\u00e1rosunkban 100 \u00e9ves az asztalitenisz sport (a kezdetek 1924-ig ny\u00falnak vissza) \u00e9s egy magyarorsz\u00e1gi asztalitenisz klub, amely 2024-ben lesz pontosan 30 \u00e9ves. (A Szombathelyi Asztalitenisz Klub 1994-ben alakult.) C\u00e9lunk, hogy az egy\u00fcttm\u0171k\u00f6d\u00e9s meghozza a gy\u00fcm\u00f6lcs\u00e9t, \u00e9s k\u00f6z\u00f6s er\u0151fesz\u00edt\u00e9seinkkel seg\u00edtj\u00fck a j\u00e1t\u00e9kosok hib\u00e1inak kik\u00fcsz\u00f6b\u00f6l\u00e9s\u00e9t, \u00e9s a k\u00e9t klub edz\u0151inek k\u00f6zrem\u0171k\u00f6d\u00e9s\u00e9vel a tov\u00e1bb fejl\u0151d\u00e9st. Minden r\u00e9sztvev\u0151 a legt\u00f6bbet profit\u00e1l bel\u0151le, hiszen bar\u00e1ts\u00e1gok sz\u00f6v\u0151dnek a k\u00f6z\u00f6s tr\u00e9ningek, el\u0151ad\u00e1sok, k\u00f6z\u00f6s eb\u00e9dek ill. vacsor\u00e1k \u00e9s szabadid\u0151 a napi tev\u00e9kenys\u00e9gek k\u00f6zben. A gyerekek, fiatalok sz\u00fcleit is bevonjuk, hogy a gyerekek edz\u00e9se sor\u00e1n a sz\u00fcl\u0151k is tal\u00e1lkozhassanak egym\u00e1ssal, \u00e9s bar\u00e1ts\u00e1gokat \u00e9p\u00edtsenek, ami mindenki sz\u00e1m\u00e1ra t\u00f6bb mint kiv\u00e1l\u00f3 lenne. Az edz\u0151i tapasztalatcsere \u00e9s a j\u00e1t\u00e9kosok el\u0151rel\u00e9p\u00e9se mellett ez az egyik f\u0151 m\u00f3dja annak, hogy minden r\u00e9sztvev\u0151 kapcsolatot l\u00e9tes\u00edtsen, \u00e9s minden szinten \u00e1lland\u00f3suljanak az egy\u00fcttm\u0171k\u00f6d\u00e9sek. A beilleszked\u00e9si terv szerint Muraszombatr\u00f3l havonta egyszer, 2023 okt\u00f3ber\u00e9t\u0151l 2024 m\u00e1jus\u00e1ig elmegy\u00fcnk Szombathelyre, ahol egy hosszabb k\u00f6z\u00f6s edz\u00e9st tartunk, k\u00fcl\u00f6nb\u00f6z\u0151 szakmai el\u0151ad\u00e1sokat tartunk a sportr\u00f3l, t\u00e1pl\u00e1lkoz\u00e1sr\u00f3l, \u00e9s \u00e1ltal\u00e1nos etikettr\u0151l. Ezen fel\u00fcl havonta egyszer \u00e9rkeznek szombathelyi bar\u00e1tok Muraszombatra, ahol azonos foglalkoz\u00e1sok zajlanak majd. Addig is k\u00e9t napot kiv\u00e1lasztunk, mindk\u00e9t orsz\u00e1g versenynapt\u00e1r\u00e1t\u00f3l f\u00fcgg\u0151en, mivel mindk\u00e9t klubnak nagyon sok versenye van k\u00fcl\u00f6nb\u00f6z\u0151 koroszt\u00e1lyokban. A szezon sor\u00e1n, ezen k\u00edv\u00fcl m\u00e9g sok a bajnoki m\u00e9rk\u0151z\u00e9s, \u00edgy el\u0151zetes egyeztet\u00e9s is sz\u00fcks\u00e9ges, de ezt k\u00f6vet\u0151en, \u00f6sszevonhatjuk er\u0151inket azzal a c\u00e9llal, hogy mindannyiunk profit\u00e1lhasson bel\u0151le. Az els\u0151 \u00e9s az utols\u00f3 tal\u00e1lkoz\u00f3n koroszt\u00e1lyos m\u00e9rk\u0151z\u00e9seket v\u00edvunk, 2023 augusztus\u00e1ban a Muraszombat 53. ny\u00edlt bajnoks\u00e1g\u00e1n &#8211; Mirko Unger 8. eml\u00e9kverseny\u00e9n &#8211; vesznek r\u00e9szt \u00e9s mi is r\u00e9szt vesz\u00fcnk az egyik szombathelyi verseny\u00fck\u00f6n. A pontos d\u00e1tumokat 2023 szeptember\u00e9ben adjuk \u00e1t.<\/p>\n<p>Az egy\u00fcttm\u0171k\u00f6d\u00e9s lehet\u0151v\u00e9 teszi mindk\u00e9t klub edz\u0151i sz\u00e1m\u00e1ra, hogy sz\u00e9lesebb r\u00e1l\u00e1t\u00e1st kapjanak arra, hogy gyermekeik \u00e9s az id\u0151sebb j\u00e1t\u00e9kosok hogyan tudj\u00e1k kik\u00fcsz\u00f6b\u00f6lni az esetleges hib\u00e1kat \u00fct\u00e9stechnikai \u00e9rtelemben, az asztal melletti mozg\u00e1stechnik\u00e1ban. K\u00f6z\u00f6s megbesz\u00e9lhetik a k\u00fcl\u00f6nb\u00f6z\u0151 hib\u00e1k kik\u00fcsz\u00f6b\u00f6l\u00e9s\u00e9t. K\u00f6z\u00f6s tr\u00e9ningeken, tapasztalatcser\u00e9n \u00e9s egy\u00fcttm\u0171k\u00f6d\u00e9sen kereszt\u00fcl minden \u00e9rdekelt f\u00e9l lehet\u0151s\u00e9get kap az el\u0151rel\u00e9p\u00e9sre, az aktu\u00e1lis j\u00e1t\u00e9k hib\u00e1inak kik\u00fcsz\u00f6b\u00f6l\u00e9s\u00e9vel. A gyerekek megismerkednek t\u00e1rsaikkal, a fiatalok \u00e9s term\u00e9szetesen a tags\u00e1g is megismeri egym\u00e1st, \u00e9lm\u00e9nyekkel gazdagodhatnak. Klubunkban fogyat\u00e9kkal \u00e9l\u0151kkel is foglalkozunk, \u00e9s valamilyen k\u00e9pz\u00e9sbe bevonjuk \u0151ket, valamint kialak\u00edtottuk az els\u0151 kapcsolatokat Parkinson-k\u00f3ros emberekkel, \u00e9s valamilyen m\u00f3don lehet\u0151v\u00e9 tessz\u00fck sz\u00e1mukra a r\u00e9szv\u00e9telt. Sokat v\u00e1runk a veter\u00e1nokt\u00f3l \u00e9s a rekre\u00e1ci\u00f3s szakemberekt\u0151l, mert mind Pomurj\u00e9ben, mind a vasi r\u00e9gi\u00f3ban nagyon sok ilyen elk\u00f6telezett ember van, akiknek lehet\u0151s\u00e9g\u00fck lesz megismerni, \u00e9s kapcsolatokat teremteni, s\u0151t, ak\u00e1r \u00fczleti kapcsolatokat is kialak\u00edtani. K\u00f6z\u00f6tt\u00fck nagyon sok v\u00e1llalkoz\u00f3 \u00e9s olyan ember van, akik k\u00fcl\u00f6nb\u00f6z\u0151 c\u00e9gekn\u00e9l dolgoznak, teh\u00e1t lehet\u0151s\u00e9g\u00fck van az egy\u00fcttm\u0171k\u00f6d\u00e9sre. \u00cdgy lehet\u0151s\u00e9g van arra is, hogy a sporton kereszt\u00fcl az emberek \u00fczleti kapcsolatot alak\u00edtsanak ki. Sz\u00f3val sok pozit\u00edv hat\u00e1sa lehet a sport-egy\u00fcttm\u0171k\u00f6d\u00e9snek. Kapcsolatteremt\u00e9s, t\u00f6bb ter\u00fcleten val\u00f3 hossz\u00fa t\u00e1v\u00fa egy\u00fcttm\u0171k\u00f6d\u00e9s \u00e9s ak\u00e1r egy p\u00e1r \u00e9ven bel\u00fcli esk\u00fcv\u0151 sem kiz\u00e1rt. Mi\u00e9rt ne \u00e9lj\u00fcnk ezzel a lehet\u0151s\u00e9ggel, amikor olyan k\u00f6zel lakunk, de nem ismerj\u00fck egym\u00e1st, \u00e9s az egyetlen k\u00f6z\u00f6s nyelv az asztalitenisz, amib\u0151l igaz\u00e1n sz\u00e9p egy\u00fcttm\u0171k\u00f6d\u00e9s alakulhat ki. A kommunik\u00e1ci\u00f3 nyelve kezdett\u0151l fogva angol vagy n\u00e9met lesz, az el\u0151ad\u00e1sokat szlov\u00e9nr\u00f3l magyarra ford\u00edtj\u00e1k \u00e9s ford\u00edtva, de nincs sz\u00fcks\u00e9g\u00fcnk ford\u00edt\u00e1sra az asztaln\u00e1l, a sport univerz\u00e1lis nyelv, \u00e9s k\u00e1r lenne ez nem kihaszn\u00e1lni. V\u00e1rjuk k\u00e9t sikeres asztalitenisz klub egy\u00fcttm\u0171k\u00f6d\u00e9s\u00e9t, vid\u00e1m \u00e9s boldog embereket, akik k\u00f6z\u00f6s tev\u00e9kenys\u00e9ggel t\u00f6ltik el idej\u00fcket mind Szlov\u00e9ni\u00e1ban, mind Magyarorsz\u00e1gon. K\u00f6sz\u00f6nj\u00fck a lehet\u0151s\u00e9get, \u00e9s sz\u00edvesen megtesz\u00fcnk mindent annak \u00e9rdek\u00e9ben, hogy mindenki kapjon valamit ebb\u0151l a projektb\u0151l.<\/p>\n<p>Forr\u00e1s: p\u00e1ly\u00e1zati adatlap (SIHU00096)<\/p>\n<\/div><\/div><\/div><div class=\"fusion-panel panel-default\"><div class=\"panel-heading\"><h4 class=\"panel-title toggle\"><a aria-expanded=\"false\" aria-controls=\"d8ebf323dc455d212\" role=\"button\" data-toggle=\"collapse\" data-parent=\"#accordion-4302-1\" data-target=\"#d8ebf323dc455d212\" href=\"#d8ebf323dc455d212\"><span class=\"fusion-toggle-icon-wrapper\" aria-hidden=\"true\"><i class=\"fa-fusion-box\" aria-hidden=\"true\"><\/i><\/span><span class=\"fusion-toggle-heading\">DIHAJMO! \/ L\u00c9LEGEZZ\u00dcNK!<\/span><\/a><\/h4><\/div><div id=\"d8ebf323dc455d212\" class=\"panel-collapse collapse \"><div class=\"panel-body toggle-content fusion-clearfix\">\n<p><img class=\"size-medium wp-image-8797 alignnone\" src=\"http:\/\/www.si-hu.eu\/2127\/wp-content\/uploads\/sites\/14\/2024\/03\/DIHAJMO-LELEGEZZUNK-Project-logo-Slovenia-Hungary_bilingual_color-500x258.png\" alt=\"\" width=\"500\" height=\"258\" srcset=\"http:\/\/www.si-hu.eu\/2127\/wp-content\/uploads\/sites\/14\/2024\/03\/DIHAJMO-LELEGEZZUNK-Project-logo-Slovenia-Hungary_bilingual_color-200x103.png 200w, http:\/\/www.si-hu.eu\/2127\/wp-content\/uploads\/sites\/14\/2024\/03\/DIHAJMO-LELEGEZZUNK-Project-logo-Slovenia-Hungary_bilingual_color-400x206.png 400w, http:\/\/www.si-hu.eu\/2127\/wp-content\/uploads\/sites\/14\/2024\/03\/DIHAJMO-LELEGEZZUNK-Project-logo-Slovenia-Hungary_bilingual_color-500x258.png 500w, http:\/\/www.si-hu.eu\/2127\/wp-content\/uploads\/sites\/14\/2024\/03\/DIHAJMO-LELEGEZZUNK-Project-logo-Slovenia-Hungary_bilingual_color-600x310.png 600w, http:\/\/www.si-hu.eu\/2127\/wp-content\/uploads\/sites\/14\/2024\/03\/DIHAJMO-LELEGEZZUNK-Project-logo-Slovenia-Hungary_bilingual_color-768x396.png 768w, http:\/\/www.si-hu.eu\/2127\/wp-content\/uploads\/sites\/14\/2024\/03\/DIHAJMO-LELEGEZZUNK-Project-logo-Slovenia-Hungary_bilingual_color-800x413.png 800w, http:\/\/www.si-hu.eu\/2127\/wp-content\/uploads\/sites\/14\/2024\/03\/DIHAJMO-LELEGEZZUNK-Project-logo-Slovenia-Hungary_bilingual_color-1024x529.png 1024w, http:\/\/www.si-hu.eu\/2127\/wp-content\/uploads\/sites\/14\/2024\/03\/DIHAJMO-LELEGEZZUNK-Project-logo-Slovenia-Hungary_bilingual_color-1200x619.png 1200w, http:\/\/www.si-hu.eu\/2127\/wp-content\/uploads\/sites\/14\/2024\/03\/DIHAJMO-LELEGEZZUNK-Project-logo-Slovenia-Hungary_bilingual_color-1536x793.png 1536w\" sizes=\"(max-width: 500px) 100vw, 500px\" \/><\/p>\n<p><strong>Projekt c\u00edme: <\/strong>L\u00c9LEGEZZ\u00dcNK EGY\u00dcTT!\/DIHAJMO SKUPAJ!<\/p>\n<p><strong>Projekt k\u00f6lts\u00e9gvet\u00e9s <\/strong><strong>(ERFA t\u00e1rsfinansz\u00edroz\u00e1s): <\/strong>20.800,00 EUR<\/p>\n<p><strong>Projekt id\u0151tartama:<\/strong> 2024.03.01. &#8211; 2024.08.31.<\/p>\n<p><strong>Projektpartnerek: <\/strong>OB\u010cINA SELNICA OB DRAVI, Zalakaros V\u00e1ros \u00d6nkorm\u00e1nyzata<\/p>\n<p>A L\u00c9LEGEZZ projektben megold\u00e1st ny\u00fajtunk az olyan k\u00f6z\u00f6s kih\u00edv\u00e1sok kezel\u00e9s\u00e9hez, mint az int\u00e9zm\u00e9nyek \u00e9s a civil t\u00e1rsadalom hat\u00e1ron \u00e1tny\u00fal\u00f3 egy\u00fcttm\u0171k\u00f6d\u00e9se, a nyelv ismeret\u00e9nek a hi\u00e1nya, valamint a lakoss\u00e1g valamennyi gener\u00e1ci\u00f3j\u00e1nak alacsony szint\u0171 bevon\u00e1sa a helyi k\u00f6z\u00f6ss\u00e9gek fenntarthat\u00f3 \u2013 z\u00f6ld \u00e9s mindenre kiterjed\u0151 &#8211; fejl\u0151d\u00e9s\u00e9t seg\u00edt\u0151 tev\u00e9kenys\u00e9gek tervez\u00e9s\u00e9be \u00e9s megval\u00f3s\u00edt\u00e1s\u00e1ba. A k\u00e9t telep\u00fcl\u00e9s k\u00f6zt sok hasonl\u00f3s\u00e1g van, ez\u00e9rt d\u00f6nt\u00f6tt\u00fcnk \u00fagy, hogy p\u00e1ly\u00e1zunk a projektre. A projektet k\u00f6z\u00f6sen tervezt\u00fck, k\u00f6z\u00f6s projektcsoport kialak\u00edtva. Mindk\u00e9t telep\u00fcl\u00e9s lakoss\u00e1gsz\u00e1ma megk\u00f6zel\u00edt\u0151leg azonos. A k\u00e9t \u00f6nkorm\u00e1nyzat szervezeti fel\u00e9p\u00edt\u00e9s\u00e9t tekintve hasonl\u00f3, mindketten akt\u00edvan egy\u00fcttm\u0171k\u00f6dnek az \u00e1ltal\u00e1nos iskol\u00e1kkal. Mindk\u00e9t telep\u00fcl\u00e9sen alacsony az ipar szintje. Mindk\u00e9t telep\u00fcl\u00e9snek szembes\u00fclnie kell a lakoss\u00e1g el\u00f6reged\u00e9s\u00e9vel \u00e9s a z\u00f6ld \u00e9s term\u00e9szetes fejl\u0151d\u00e9s ir\u00e1nti ig\u00e9nnyel. A civil t\u00e1rsadalom akt\u00edv r\u00e9szv\u00e9tele n\u00e9lk\u00fcl a t\u00e1rsadalom fenntarthat\u00f3 fejl\u0151d\u00e9se nem val\u00f3sulhat meg. Ez\u00e9rt mindk\u00e9t \u00f6nkorm\u00e1nyzat sz\u00e1m\u00e1ra fontos az ismeretek \u00e9s a j\u00f3 gyakorlatok megoszt\u00e1sa.<\/p>\n<p>A L\u00c9LEGEZZ projekt c\u00e9lja, hogy megteremtse az \u00f6nkorm\u00e1nyzati vezet\u0151k, mint a telep\u00fcl\u00e9sek fejl\u0151d\u00e9s\u00e9nek motorjai k\u00f6z\u00f6tt, a hossz\u00fa t\u00e1v\u00fa egy\u00fcttm\u0171k\u00f6d\u00e9s alapjait, valamint meger\u0151s\u00edtse a kapcsolatot \u00e9s a bizalmat. Mindk\u00e9t telep\u00fcl\u00e9sen k\u00e9t-k\u00e9t tal\u00e1lkoz\u00f3val szeretn\u00e9nk akt\u00edv egy\u00fcttm\u0171k\u00f6d\u00e9st \u00e9s szem\u00e9lyes kapcsolatot kialak\u00edtani a munkat\u00e1rsak k\u00f6z\u00f6tt, \u00e9s lehet\u0151v\u00e9 tenni sz\u00e1mukra a j\u00f3 gyakorlatok megoszt\u00e1s\u00e1t. Ismeretben \u00e9s tapasztalatban a k\u00e9t telep\u00fcl\u00e9s kieg\u00e9sz\u00edti egym\u00e1st: Selnica ob Dravi K\u00f6zs\u00e9g \u00d6nkorm\u00e1nyzata akt\u00edvan dolgozik sz\u00e9nl\u00e1bnyom\u00e1nak cs\u00f6kkent\u00e9s\u00e9n, \u00e9s strat\u00e9gi\u00e1val rendelkezik a fenntarthat\u00f3 fogyaszt\u00e1s, a hullad\u00e9kcs\u00f6kkent\u00e9s \u00e9s \u00fajrafelhaszn\u00e1l\u00e1s t\u00e1mogat\u00e1s\u00e1ra, hogy biztos\u00edthassa a lakoss\u00e1g \u00e9s a term\u00e9szet eg\u00e9szs\u00e9g\u00e9t, valamint a nemek \u00e9s kor szerinti megk\u00fcl\u00f6nb\u00f6ztet\u00e9s n\u00e9lk\u00fcl minden gener\u00e1ci\u00f3 j\u00f3l\u00e9t\u00e9t. Zalakaros V\u00e1ros \u00d6nkorm\u00e1nyzata pedig a fenntarthat\u00f3 \u00e9s z\u00f6ld fejl\u0151d\u00e9st seg\u00edt\u0151 uni\u00f3s projektek megval\u00f3s\u00edt\u00e1s\u00e1ban jeleskedik. A civil t\u00e1rsadalom (turisztikai egyes\u00fclet, nyugd\u00edjasok egyes\u00fclete, sportegyes\u00fcletek, kultur\u00e1lis \u00e9s m\u0171v\u00e9szeti egyes\u00fclet&#8230;) seg\u00edts\u00e9get kap a kapcsolatteremt\u00e9sben, amely a tapasztalatcser\u00e9n kereszt\u00fcl \u00faj ismerets\u00e9gekre, ismeretekre tesz szert, interperszon\u00e1lis bizalmat \u00e9p\u00edt, \u00e9s megnyitja az utat a k\u00e9toldal\u00fa tal\u00e1lkoz\u00f3k keret\u00e9ben megval\u00f3s\u00edthat\u00f3 k\u00f6z\u00f6s projektek lehet\u0151s\u00e9ge el\u0151tt. A r\u00e9sztvev\u0151 iskol\u00e1k a di\u00e1kokkal \u00e9s tan\u00e1rokkal bizalmat \u00e9s egy\u00fcttm\u0171k\u00f6d\u00e9st \u00e9p\u00edtenek a szinkrontolm\u00e1csol\u00e1s digit\u00e1lis m\u00f3dszereinek seg\u00edts\u00e9g\u00e9vel. A v\u00e9gs\u0151 v\u00e1rhat\u00f3 eredm\u00e9ny a nagyk\u00f6z\u00f6ns\u00e9g szintj\u00e9n fog bek\u00f6vetkezni, akiknek lehet\u0151s\u00e9g\u00fck lesz, hogy egy nyilv\u00e1nos rendezv\u00e9nyen a fenntarthat\u00f3 \u00e9letm\u00f3ddal \u00e9s turizmussal kapcsolatos ismeretekr\u0151l tanulhassanak \u00e9s tudatoss\u00e1gukat n\u00f6velj\u00e9k, valamint megismerj\u00e9k a hat\u00e1rmenti telep\u00fcl\u00e9seket, ez\u00e1ltal cs\u00f6kkentve a k\u00e9t nyelv k\u00f6z\u00f6tti k\u00fcl\u00f6nb\u00f6z\u0151s\u00e9gb\u0151l ad\u00f3d\u00f3 akad\u00e1lyokat.<\/p>\n<p>A f\u0151 eredm\u00e9ny\u00fcnk k\u00e9t (telep\u00fcl\u00e9senk\u00e9nt egy-egy) eg\u00e9sz napos, nyilv\u00e1nos, tartalmilag struktur\u00e1lt rendezv\u00e9ny lesz: L\u00c9LEGEZZ\u00dcNK EGY\u00dcTT SELNICA OB DRAVI telep\u00fcl\u00e9ssel \u00e9s a L\u00c9LEGEZZ\u00dcNK EGY\u00dcTT ZALAKAROSSAL. Mindk\u00e9t rendezv\u00e9nyen r\u00e9szt vesznek az \u00f6nkorm\u00e1nyzatok, a civil t\u00e1rsadalom (egyes\u00fcletek \u00e9s civil szervezetek), az \u00e1ltal\u00e1nos iskol\u00e1k, a di\u00e1kok \u00e9s a nagyk\u00f6z\u00f6ns\u00e9g k\u00e9pvisel\u0151i. D\u00e9lel\u0151tt a fogad\u00f3 \u00f6nkorm\u00e1nyzat mutatkozik be. Sor ker\u00fcl az \u00f6nkorm\u00e1nyzati vezet\u0151k, egyes\u00fcletek \u00e9s civil szervezetek, \u00e9s az iskol\u00e1k k\u00e9pvisel\u0151inek tal\u00e1lkoz\u00f3ira, valamint az inform\u00e1ci\u00f3s \u00e9s kommunik\u00e1ci\u00f3s technol\u00f3gi\u00e1k (digit\u00e1lis ford\u00edt\u00f3k) haszn\u00e1lat\u00e1r\u00f3l sz\u00f3l\u00f3 m\u0171helyfoglalkoz\u00e1s val\u00f3sul meg a di\u00e1kok sz\u00e1m\u00e1ra. D\u00e9lut\u00e1n k\u00f6z\u00f6s sporttev\u00e9kenys\u00e9geket szervez\u00fcnk, \u00e9s a vend\u00e9g \u00f6nkorm\u00e1nyzat bemutatja kultur\u00e1lis programj\u00e1t a nyilv\u00e1noss\u00e1g el\u0151tt. Megrendez\u00e9sre ker\u00fcl a fenntarthat\u00f3 term\u00e9kek v\u00e1s\u00e1ra a helyi term\u00e9kek k\u00f3stol\u00e1s\u00e1val \u00e9s a turisztikai k\u00edn\u00e1lat bemutat\u00e1s\u00e1val. A fenntarthat\u00f3s\u00e1gi v\u00e1s\u00e1ron a parterek \u00e9s civil szervezetek bemutatkoz\u00e1sa lehet\u0151v\u00e9 teszi, hogy a turisztikai szempontb\u00f3l fejlett Zalakaros n\u00e9pszer\u0171s\u00edtse \u00e9s n\u00f6velje ismerts\u00e9g\u00e9t a partnertelep\u00fcl\u00e9s lakosai el\u0151tt. Selnica ob Dravi fenntarthat\u00f3 term\u00e9kei n\u00f6velni fogj\u00e1k a telep\u00fcl\u00e9s ismerts\u00e9g\u00e9t \u00e9s piaci potenci\u00e1ljukat. A partnerek egy\u00fcttm\u0171k\u00f6d\u00e9si meg\u00e1llapod\u00e1st \u00edrnak al\u00e1 a gazdas\u00e1g, a kult\u00fara \u00e9s a sport vonatkoz\u00e1s\u00e1ban, amely strat\u00e9giai keretet ny\u00fajt a tov\u00e1bbi k\u00f6lcs\u00f6n\u00f6s egy\u00fcttm\u0171k\u00f6d\u00e9shez. Az \u00e1ltal\u00e1nos iskol\u00e1k k\u00e9pvisel\u0151i is egy\u00fcttm\u0171k\u00f6d\u00e9si meg\u00e1llapod\u00e1st k\u00f6tnek, amely az els\u0151 l\u00e9p\u00e9s az ismeretek rendszeres megoszt\u00e1sa \u00e9s a iskolai l\u00e1togat\u00e1sok szervez\u00e9se, valamint a nemzetk\u00f6zi projektekben val\u00f3 r\u00e9szv\u00e9tel lehet\u0151s\u00e9ge fel\u00e9. A L\u00c9LEGEZZ projekt innovat\u00edv megk\u00f6zel\u00edt\u00e9st k\u00edn\u00e1l az int\u00e9zm\u00e9nyek \u00e9s a civil t\u00e1rsadalom k\u00f6z\u00f6tti hat\u00e1ron \u00e1tny\u00fal\u00f3 egy\u00fcttm\u0171k\u00f6d\u00e9s fejleszt\u00e9s\u00e9hez a gazdas\u00e1g, a kult\u00fara \u00e9s a sport ter\u00fclet\u00e9n, bele\u00e9rtve a z\u00f6ld fejl\u0151d\u00e9s \u00e9s a digitaliz\u00e1ci\u00f3 t\u00e9m\u00e1it is. A projekt innovat\u00edv m\u00f3dszert dolgoz ki a k\u00fcl\u00f6nb\u00f6z\u0151 gener\u00e1ci\u00f3k k\u00f6z\u00f6tti egy\u00fcttm\u0171k\u00f6d\u00e9s kialak\u00edt\u00e1s\u00e1ra \u00e9s a bizalom\u00e9p\u00edt\u00e9sre a kisebb telep\u00fcl\u00e9sek sz\u00e1m\u00e1ra, ahol mind az int\u00e9zm\u00e9nyek, mind a civil t\u00e1rsadalom kevesebb tud\u00e1ssal \u00e9s tapasztalattal rendelkezik a hat\u00e1ron \u00e1tny\u00fal\u00f3 integr\u00e1ci\u00f3 ter\u00e9n.<\/p>\n<p>Forr\u00e1s: p\u00e1ly\u00e1zati adatlap (SIHU00098)<\/p>\n<\/div><\/div><\/div><div class=\"fusion-panel panel-default\"><div class=\"panel-heading\"><h4 class=\"panel-title toggle\"><a aria-expanded=\"false\" aria-controls=\"986ce755d3930bc6d\" role=\"button\" data-toggle=\"collapse\" data-parent=\"#accordion-4302-1\" data-target=\"#986ce755d3930bc6d\" href=\"#986ce755d3930bc6d\"><span class=\"fusion-toggle-icon-wrapper\" aria-hidden=\"true\"><i class=\"fa-fusion-box\" aria-hidden=\"true\"><\/i><\/span><span class=\"fusion-toggle-heading\">MURA-ZALA Youth Community<\/span><\/a><\/h4><\/div><div id=\"986ce755d3930bc6d\" class=\"panel-collapse collapse \"><div class=\"panel-body toggle-content fusion-clearfix\">\n<p><img class=\"alignnone size-medium wp-image-8805\" src=\"http:\/\/www.si-hu.eu\/2127\/wp-content\/uploads\/sites\/14\/2024\/03\/MURA-ZALA-Youth-Community-Project-logo-Slovenia-Hungary_bilingual_color-500x258.png\" alt=\"\" width=\"500\" height=\"258\" srcset=\"http:\/\/www.si-hu.eu\/2127\/wp-content\/uploads\/sites\/14\/2024\/03\/MURA-ZALA-Youth-Community-Project-logo-Slovenia-Hungary_bilingual_color-200x103.png 200w, http:\/\/www.si-hu.eu\/2127\/wp-content\/uploads\/sites\/14\/2024\/03\/MURA-ZALA-Youth-Community-Project-logo-Slovenia-Hungary_bilingual_color-400x206.png 400w, http:\/\/www.si-hu.eu\/2127\/wp-content\/uploads\/sites\/14\/2024\/03\/MURA-ZALA-Youth-Community-Project-logo-Slovenia-Hungary_bilingual_color-500x258.png 500w, http:\/\/www.si-hu.eu\/2127\/wp-content\/uploads\/sites\/14\/2024\/03\/MURA-ZALA-Youth-Community-Project-logo-Slovenia-Hungary_bilingual_color-600x310.png 600w, http:\/\/www.si-hu.eu\/2127\/wp-content\/uploads\/sites\/14\/2024\/03\/MURA-ZALA-Youth-Community-Project-logo-Slovenia-Hungary_bilingual_color-768x396.png 768w, http:\/\/www.si-hu.eu\/2127\/wp-content\/uploads\/sites\/14\/2024\/03\/MURA-ZALA-Youth-Community-Project-logo-Slovenia-Hungary_bilingual_color-800x413.png 800w, http:\/\/www.si-hu.eu\/2127\/wp-content\/uploads\/sites\/14\/2024\/03\/MURA-ZALA-Youth-Community-Project-logo-Slovenia-Hungary_bilingual_color-1024x529.png 1024w, http:\/\/www.si-hu.eu\/2127\/wp-content\/uploads\/sites\/14\/2024\/03\/MURA-ZALA-Youth-Community-Project-logo-Slovenia-Hungary_bilingual_color-1200x619.png 1200w, http:\/\/www.si-hu.eu\/2127\/wp-content\/uploads\/sites\/14\/2024\/03\/MURA-ZALA-Youth-Community-Project-logo-Slovenia-Hungary_bilingual_color-1536x793.png 1536w\" sizes=\"(max-width: 500px) 100vw, 500px\" \/>&nbsp;<\/p>\n<p><strong>Projekt c\u00edme:<\/strong> MURA-ZALA Youth Community<\/p>\n<p><strong>Projekt k\u00f6lts\u00e9gvet\u00e9s <\/strong><strong>(ERFA t\u00e1rsfinansz\u00edroz\u00e1s): <\/strong>20.725,00 EUR<\/p>\n<p><strong>Projekt id\u0151tartama:<\/strong> 2024.04.01. &#8211; 2025.03.31.<\/p>\n<p><strong>Projektpartnerek:<\/strong>Zalaegerszegi Gazdas\u00e1gi, Informatikai, M\u0171szaki K\u00e9pz\u00e9sek\u00e9rt Alap\u00edtv\u00e1ny, Pomursko mad\u017earsko mladinsko dru\u0161tvo &#8211; Muravid\u00e9ki Magyar Ifj\u00fas\u00e1gi Szervezet, OB\u010cINA LENDAVA &#8211; LENDVA K\u00d6ZSEG<\/p>\n<p>A MURA-ZALA Youth Community projekt a k\u00f6lcs\u00f6n\u00f6s bizalom\u00e9p\u00edt\u00e9s\u00e9t c\u00e9lozza meg h\u00e1rom egy\u00fcttm\u0171k\u00f6d\u0151 partner k\u00f6z\u00f6tt: Zalaegerszegi Gazdas\u00e1gi, Informatikai, M\u0171szaki K\u00e9pz\u00e9sek\u00e9rt Alap\u00edtv\u00e1ny (ZKA) vezet\u0151 partnerk\u00e9nt a magyar oldalon, Muravid\u00e9ki Magyar Ifj\u00fas\u00e1gi Szervezet (MMISZ) \u00e9s a Lendva k\u00f6zs\u00e9g a szlov\u00e9n oldalon val\u00f3s\u00edt meg hat\u00e1ron \u00e9s r\u00e9gi\u00f3kon \u00e1t\u00edvel\u0151 programsorozatokat. A partnerek hossz\u00fat\u00e1von elk\u00f6telez\u0151dnek a fiatalok (k\u00f6z\u00e9piskol\u00e1s di\u00e1kok \u00e9s fels\u0151oktat\u00e1sban r\u00e9sztvev\u0151 hallgat\u00f3k) v\u00e9gzetts\u00e9g megszerz\u00e9s\u00e9t k\u00f6vet\u0151 helyben marad\u00e1sa \u00e9s karrierc\u00e9ljaik megva\u00f3s\u00edt\u00e1s\u00e1nak seg\u00edt\u00e9se ir\u00e1nt, ezzel is cs\u00f6kkentve a Zala v\u00e1rmegy\u00e9b\u0151l valamint a Pomurska r\u00e9gi\u00f3b\u00f3l t\u00f6rt\u00e9n\u0151 elv\u00e1ndorl\u00e1st. A projektpartnerek egy\u00fcttm\u0171k\u00f6d\u00e9si meg\u00e1llapod\u00e1st \u00edrnak al\u00e1, melyben elk\u00f6telez\u0151dnek a k\u00e9t r\u00e9gi\u00f3 k\u00e9pzetts\u00e9gi szintj\u00e1nek n\u00f6veked\u00e9se ir\u00e1nt, amely egyben egy standard projekt alapja is lehet. A projekt c\u00e9lja h\u00e1rom egy\u00fcttm\u0171k\u00f6d\u0151 szervezet partners\u00e9g\u00e9nek l\u00e9trehoz\u00e1sa, amely hossz\u00fat\u00e1von biztos\u00edtja az \u00e1tfog\u00f3 c\u00e9lok megval\u00f3sul\u00e1s\u00e1t. A megval\u00f3sul\u00f3 programok r\u00e9v\u00e9n h\u00e1rom egy\u00fcttm\u0171k\u00f6d\u0151 szervezet t\u00f6bb, mint 60, a c\u00e9lcsoportba tartoz\u00f3, szlov\u00e9n \u00e9s magyar r\u00e9sztvev\u0151 bevon\u00e1s\u00e1val k\u00f6lcs\u00f6n\u00f6s kooper\u00e1ci\u00f3t \u00e9s egym\u00e1s meg\u00e9rt\u00e9s\u00e9t ir\u00e1nyozza el\u0151. A meghat\u00e1rozott c\u00e9lok el\u00e9r\u00e9se \u00e9rdek\u00e9ben h\u00e1rom esem\u00e9ny val\u00f3sul meg a programid\u0151szakban, a k\u00e9t orsz\u00e1gban: Int\u00e9zm\u00e9nyvezet\u0151i Workshop a Lendva k\u00f6zs\u00e9g f\u0151szervez\u00e9s\u00e9ben, az MMISZ \u00e9s ZKA t\u00e1rsszervez\u00e9s\u00e9ben, Youth Camp Zalaegerszeg a ZKA f\u0151szervez\u00e9s\u00e9ben, az MMISZ t\u00e1rsszervez\u00e9s\u00e9vel \u00e9s a Youth Camp Lendava az MMISZ f\u0151szervez\u00e9s\u00e9ben \u00e9s a ZKA t\u00e1rsszervez\u00e9s\u00e9ben. Az Int\u00e9zm\u00e9nyvezet\u0151i Workshop sor\u00e1n a r\u00e9sztvev\u0151k megismerik mind a szlov\u00e9n mind a magyar k\u00f6z\u00e9pfok\u00fa \u00e9s fels\u0151fok\u00fa oktat\u00e1si rendszert, annak pozit\u00edvumait, j\u00f3 gyakorlatait, melyeket a k\u00e9s\u0151bbiekben a megfelel\u0151 \u00e9rdekv\u00e9delmi, szakmai f\u00f3rumokon hasznos\u00edtani tudnak. Mind a ZKA, mind pedig az MMISZ olyan h\u00e1rom napos t\u00e1bor megval\u00f3s\u00edt\u00e1s\u00e1t v\u00e1llalja a c\u00e9lcsoport sz\u00e1m\u00e1ra, melyek a felmer\u00fcl\u0151 probl\u00e9m\u00e1kra, jav\u00edtand\u00f3 ter\u00fcletekre szakmai programokkal reag\u00e1lnak. A t\u00e1borokban a r\u00e9sztvev\u0151 fiatalok tematikus szakmai napok keretein bel\u00fcl (Carrier day, Sustainabilty day, Innovation day) megismerhetik t\u00f6bbek k\u00f6z\u00f6tt egym\u00e1s kult\u00far\u00e1j\u00e1t, a fenntarthat\u00f3 fejl\u0151d\u00e9s k\u00e9rd\u00e9sk\u00f6r\u00e9t, az online t\u00e9rben el\u0151fordul\u00f3 vesz\u00e9lyeket, j\u00f3 gyakorlatokat saj\u00e1t\u00edthatnak el a digit\u00e1lis \u00f6nv\u00e9delem keret\u00e9ben, megismerheti a Pannon Egyetem zalaegerszegi kampusza \u00e1ltal ny\u00fajtott k\u00e9pz\u00e9seket, a munkaer\u0151piacra l\u00e9p\u00e9st k\u00f6vet\u0151 karrierutakat, karrierlehet\u0151s\u00e9geket, sportprogramokon vehetnek r\u00e9szt \u00e9s sz\u00e1mos program szolg\u00e1l a r\u00e9szvev\u0151knek az innov\u00e1ci\u00f3s lehet\u0151s\u00e9gek bemutat\u00e1s\u00e1ra mind az ipar, mind a fels\u0151fok\u00fa oktat\u00e1sban a k\u00e9pz\u00e9sek ter\u00fclet\u00e9n. A Youth Camp Lendava programk\u00edn\u00e1lat\u00e1ban h\u00e1rom tematikus napon vehetnek r\u00e9szt (Cultural day, Traditional and Sports day, Carrier day), melyen egym\u00e1s kult\u00far\u00e1j\u00e1t, ipari k\u00f6rnyezet\u00e9t, n\u00e9pi hagyom\u00e1nyait \u00e9s sport \u00e9let\u00e9t ismerhetik meg. Az egy\u00fcttm\u0171k\u00f6d\u00e9s c\u00e9lja egyr\u00e9szt az is, hogy a di\u00e1kok k\u00f6z\u00e9pfok\u00fa tanulm\u00e1nyaik v\u00e9gezt\u00e9vel olyan fels\u0151oktat\u00e1si int\u00e9zm\u00e9nyben tanulhassanak, mind a k\u00e9pz\u00e9si form\u00e1val, mind pedig a relev\u00e1ns szakmai kompetenci\u00e1kkal ell\u00e1tja \u0151ket, ezzel is cs\u00f6kkentve az elv\u00e1ndorl\u00e1st nagyobb v\u00e1rosok, f\u0151v\u00e1ros fel\u00e9. A projekt partnerek k\u00f6z\u00f6tt kialakul\u00f3 k\u00f6lcs\u00f6n\u00f6s bizalom seg\u00edti a tov\u00e1bbi k\u00f6z\u00f6s gondolkod\u00e1st, a c\u00e9lcsoport k\u00e9s\u0151bbi probl\u00e9m\u00e1inak felt\u00e1r\u00e1s\u00e1t, azokra k\u00f6z\u00f6s gondolkod\u00e1s ut\u00e1ni egy\u00fcttes fell\u00e9p\u00e9st, probl\u00e9mamegold\u00e1st, tov\u00e1bb\u00e1 egy k\u00e9s\u0151bbi nagy p\u00e1ly\u00e1zat beny\u00fajt\u00e1s\u00e1nak alapjait val\u00f3s\u00edtj\u00e1k meg. A projekt sor\u00e1n szlov\u00e9n \u00e9s magyar fiatalok megismerik a hat\u00e1r k\u00e9t oldal\u00e1n l\u00e9v\u0151 fels\u0151oktat\u00e1si int\u00e9zm\u00e9nyek lehet\u0151s\u00e9geit, tov\u00e1bb\u00e1 a kultur\u00e1lis \u00e9rt\u00e9keket \u00e9s a fenntarthat\u00f3s\u00e1g k\u00e9rd\u00e9sk\u00f6r\u00e9be tartoz\u00f3 probl\u00e9ma&nbsp; megold\u00e1sokat, j\u00f3 gyakorlatokat. A helyi akci\u00f3kkal eddigiekben csak helyi. megyei c\u00e9lokat siker\u00fclt el\u00e9rni, a projekt lehet\u0151s\u00e9get k\u00edn\u00e1l arra, hogy egym\u00e1s j\u00f3 gyakorlatait megismerve, ezek egy\u00fcttese alkalmaz\u00e1sa tov\u00e1bbi c\u00e9lok el\u00e9r\u00e9s\u00e9t szolg\u00e1lja a k\u00e9s\u0151bbi k\u00f6z\u00f6s projektek alapj\u00e1ul szolg\u00e1lva. A fiatalok hat\u00e1rmenti k\u00f6z\u00f6s t\u00e1boroz\u00e1sa, \u00e9lm\u00e9nyei er\u0151s koh\u00e9zi\u00f3t eredm\u00e9nyeznek, tov\u00e1bb\u00e1 a k\u00f6z\u00e9pfok\u00fa \u00e9s fels\u0151fok\u00fa oktat\u00e1si rendszerek \u00e1tj\u00e1rhat\u00f3s\u00e1g\u00e1t el\u0151seg\u00edti a k\u00e9t orsz\u00e1g k\u00f6z\u00f6tti egy\u00fcttm\u0171k\u00f6d\u00e9sben. A k\u00e9t t\u00e9rs\u00e9g k\u00f6zels\u00e9ge az egym\u00e1s orsz\u00e1gaiban val\u00f3 tanul\u00e1s lehet\u0151s\u00e9geinek megval\u00f3sul\u00e1s\u00e1t seg\u00edti el\u0151. A k\u00e9t orsz\u00e1g di\u00e1kjai, hallgat\u00f3i \u00e9s int\u00e9zm\u00e9nyvezet\u0151i egym\u00e1s oktat\u00e1si rendszer\u00e9t, kult\u00far\u00e1j\u00e1t megismerik, valamint a kultur\u00e1lis, t\u00e1rsadalmi \u00e9s fenntarthat\u00f3s\u00e1ggal kapcsolatos \u00e9rt\u00e9keire is r\u00e1l\u00e1t\u00e1suk lesz a k\u00f6z\u00e9piskolai \u00e9s egyetemi oktat\u00e1si rendszeren kereszt\u00fcl. A hat\u00e1r k\u00f6zels\u00e9ge lehet\u0151v\u00e9 teszi, hogy a gyakorlati oktat\u00e1sban a zalaegerszegi kampusz du\u00e1lis k\u00e9pz\u00e9si partnerlist\u00e1j\u00e1n szerepl\u0151 c\u00e9gek, v\u00e1llalatok k\u00f6z\u00fcl a gazdas\u00e1gi, informatikai, m\u0171szaki \u00e9s m\u00e9rn\u00f6ki ter\u00fcleteken \u00e9p\u00edthesse karrierj\u00e9t, ugyanakkor m\u00e9gis lak\u00f3hely\u00e9hez k\u00f6zel maradhasson. Innovat\u00edv elem, hogy a projekt arra t\u00f6rekszik, hogy a k\u00e9t orsz\u00e1g k\u00f6z\u00f6tt k\u00edn\u00e1lt k\u00f6z\u00e9p- \u00e9s fels\u0151oktat\u00e1si k\u00e9pz\u00e9sek k\u00f6nnyebben \u00e1tj\u00e1rhat\u00f3v\u00e1 v\u00e1ljanak.<\/p>\n<p>Forr\u00e1s: p\u00e1ly\u00e1zati adatlap (SIHU00102)<\/p>\n<\/div><\/div><\/div><div class=\"fusion-panel panel-default\"><div class=\"panel-heading\"><h4 class=\"panel-title toggle\"><a aria-expanded=\"false\" aria-controls=\"a242d4bd69c18fad0\" role=\"button\" data-toggle=\"collapse\" data-parent=\"#accordion-4302-1\" data-target=\"#a242d4bd69c18fad0\" href=\"#a242d4bd69c18fad0\"><span class=\"fusion-toggle-icon-wrapper\" aria-hidden=\"true\"><i class=\"fa-fusion-box\" aria-hidden=\"true\"><\/i><\/span><span class=\"fusion-toggle-heading\">Kot neko\u010d K\u00fczmi\u010d<\/span><\/a><\/h4><\/div><div id=\"a242d4bd69c18fad0\" class=\"panel-collapse collapse \"><div class=\"panel-body toggle-content fusion-clearfix\">\n<p><img class=\"alignnone size-medium wp-image-8813\" src=\"http:\/\/www.si-hu.eu\/2127\/wp-content\/uploads\/sites\/14\/2024\/03\/Kot-nekoc-Kuzmic-Project-logo-Slovenia-Hungary_bilingual_color-500x258.png\" alt=\"\" width=\"500\" height=\"258\" srcset=\"http:\/\/www.si-hu.eu\/2127\/wp-content\/uploads\/sites\/14\/2024\/03\/Kot-nekoc-Kuzmic-Project-logo-Slovenia-Hungary_bilingual_color-200x103.png 200w, http:\/\/www.si-hu.eu\/2127\/wp-content\/uploads\/sites\/14\/2024\/03\/Kot-nekoc-Kuzmic-Project-logo-Slovenia-Hungary_bilingual_color-400x206.png 400w, http:\/\/www.si-hu.eu\/2127\/wp-content\/uploads\/sites\/14\/2024\/03\/Kot-nekoc-Kuzmic-Project-logo-Slovenia-Hungary_bilingual_color-500x258.png 500w, http:\/\/www.si-hu.eu\/2127\/wp-content\/uploads\/sites\/14\/2024\/03\/Kot-nekoc-Kuzmic-Project-logo-Slovenia-Hungary_bilingual_color-600x310.png 600w, http:\/\/www.si-hu.eu\/2127\/wp-content\/uploads\/sites\/14\/2024\/03\/Kot-nekoc-Kuzmic-Project-logo-Slovenia-Hungary_bilingual_color-768x396.png 768w, http:\/\/www.si-hu.eu\/2127\/wp-content\/uploads\/sites\/14\/2024\/03\/Kot-nekoc-Kuzmic-Project-logo-Slovenia-Hungary_bilingual_color-800x413.png 800w, http:\/\/www.si-hu.eu\/2127\/wp-content\/uploads\/sites\/14\/2024\/03\/Kot-nekoc-Kuzmic-Project-logo-Slovenia-Hungary_bilingual_color-1024x529.png 1024w, http:\/\/www.si-hu.eu\/2127\/wp-content\/uploads\/sites\/14\/2024\/03\/Kot-nekoc-Kuzmic-Project-logo-Slovenia-Hungary_bilingual_color-1200x619.png 1200w, http:\/\/www.si-hu.eu\/2127\/wp-content\/uploads\/sites\/14\/2024\/03\/Kot-nekoc-Kuzmic-Project-logo-Slovenia-Hungary_bilingual_color-1536x793.png 1536w\" sizes=\"(max-width: 500px) 100vw, 500px\" \/>&nbsp;<\/p>\n<p><strong>Projekt c\u00edme:<\/strong> Ahogy K\u00fczmi\u010d tette egykor &#8211; Kapcsoljuk \u00f6ssze az egykori k\u00f6z\u00f6s kultur\u00e1lis teret a m\u00e1ban<\/p>\n<p><strong>Projekt k\u00f6lts\u00e9gvet\u00e9s <\/strong><strong>(ERFA t\u00e1rsfinansz\u00edroz\u00e1s): <\/strong>20.725,00 EUR<\/p>\n<p><strong>Projekt id\u0151tartama:<\/strong> 2024.09.01. &#8211; 2024.10.31.<\/p>\n<p><strong>Projektpartnerek: <\/strong>Razvojni zavod Ob\u010dine Puconci, Szakonyfalu K\u00f6zs\u00e9g \u00d6nkorm\u00e1nyzata<\/p>\n<p>A f\u00f6ldrajzi ter\u00fclet, ahol ma a r\u00e1ba-vid\u00e9ki szlov\u00e9nek \u00e9lnek, \u00e9s a prekmurjei ter\u00fclet a m\u00e1sodik vil\u00e1gh\u00e1bor\u00fa el\u0151tt k\u00f6z\u00f6s volt. A helyi lakosok a Mura \u00e9s a R\u00e1ba foly\u00f3k k\u00f6z\u00f6tti ter\u00fcleten saj\u00e1t nyelvet, az \u00f3prekmurjei nyelvet fejlesztett\u00e9k ki. A k\u00f6z\u00f6s nyelv mellett hasonl\u00f3 \u00e9letm\u00f3dot \u00e9s kultur\u00e1lis szok\u00e1sokat is ismertek. E ter\u00fclet nyelv\u00e9t \u00e9s kult\u00far\u00e1j\u00e1t er\u0151s elszigetelts\u00e9g jellemezte K\u00f6z\u00e9p-Szlov\u00e9nia ter\u00fclet\u00e9t\u0151l. Ezeket a kapcsolatokat a m\u00faltban durva politikai t\u00f6r\u00e9s szak\u00edtotta meg, de ma \u00fajra\u00e9lesztik \u00e9s \u00e1polj\u00e1k. Ez\u00e9rt a Puconci Fejleszt\u00e9si Int\u00e9zet \u00e9s Szakonyfalu K\u00f6zs\u00e9g \u00d6nkorm\u00e1nyzata jelen felh\u00edv\u00e1s keret\u00e9ben olyan egy\u00fcttm\u0171k\u00f6d\u00e9sr\u0151l \u00e1llapodtunk meg, amelyet a j\u00f6v\u0151ben igyeksz\u00fcnk \u00e1lland\u00f3s\u00edtani. A hat\u00e1rokon \u00e1tny\u00fal\u00f3 kultur\u00e1lis esem\u00e9nyeken kereszt\u00fcl szeretn\u00e9nk \u00f6sszekapcsolni az egykori k\u00f6z\u00f6s kultur\u00e1lis teret, amelynek k\u00f6z\u00f6s sz\u00e1la K\u00fczmics Istv\u00e1n, a prekmurjei nyelv megalap\u00edt\u00f3ja, hiszen \u0151 az els\u0151 prekmurjei m\u0171 szerz\u0151je. K\u00fczmi\u0107 m\u0171vei \u00e9s prekmurjei ford\u00edt\u00e1sai jelentett\u00e9k az alapj\u00e1t a szlov\u00e9n nyelv meg\u0151rz\u00e9s\u00e9nek \u00e9s tov\u00e1bbfejleszt\u00e9s\u00e9nek az akkori Habsburg Monarchi\u00e1ban.&nbsp; K\u00fczmics Istv\u00e1n \u00edr\u00f3, tan\u00e1r \u00e9s pap a szlov\u00e9niai Strukovciban sz\u00fcletett 1723-ban, de Magyarorsz\u00e1gon szolg\u00e1lt, dolgozott \u00e9s \u00e9lt, ahol eltemett\u00e9k. M\u0171vei a reform\u00e1ci\u00f3 szellem\u00e9ben \u00edr\u00f3dtak, amely azt vallotta, hogy minden nemzetnek saj\u00e1t nyelv\u00e9n kell olvasnia Isten Ig\u00e9j\u00e9t. K\u00fczmics a korszak kulcsfontoss\u00e1g\u00fa m\u0171veinek ford\u00edt\u00e1saival \u00e9s saj\u00e1t eredeti m\u0171veivel jelent\u0151sen hozz\u00e1j\u00e1rult a prekmurjei irodalom elterjed\u00e9s\u00e9hez \u00e9s megalapoz\u00e1s\u00e1hoz. Emellett fontos oktat\u00e1si szerepet j\u00e1tszott a korabeli emberek sz\u00e1m\u00e1ra, hiszen t\u00f6rt\u00e9nelmi, matematikai, f\u00f6ldrajzi t\u00e9m\u00e1j\u00fa k\u00f6nyveket \u00edrt. K\u00fczmi\u010d t\u00f6rt\u00e9nelmi \u00e9s kultur\u00e1lis kontextusban kapcsolja \u00f6ssze Prekmurj\u00e9t \u00e9s R\u00e1ba-vid\u00e9k\u00e9t, kiemelve k\u00f6z\u00f6s kultur\u00e1lis \u00f6r\u00f6ks\u00e9g\u00fcket \u00e9s identit\u00e1sukat. Id\u00e9n \u00fcnnepelj\u00fck sz\u00fclet\u00e9s\u00e9nek 300. \u00e9vfordul\u00f3j\u00e1t. Annak \u00e9rdek\u00e9ben, hogy felh\u00edvjuk a figyelmet akkori \u00e9s k\u00e9s\u0151bbi jelent\u0151s\u00e9g\u00e9re a prekmurjei \u00e9s pomer\u00e1niai r\u00e9gi\u00f3 sz\u00e1m\u00e1ra, \u00e9s hogy kapcsolatokat alak\u00edtsunk ki a tov\u00e1bbi egy\u00fcttm\u0171k\u00f6d\u00e9s \u00e9rdek\u00e9ben, k\u00e9t K\u00fczmicsnek szentelt, hat\u00e1rokon \u00e1tny\u00fal\u00f3 rendezv\u00e9nyt szervez\u00fcnk, mik\u00f6zben lehet\u0151s\u00e9get \u00e9s k\u00f6rnyezetet teremt\u00fcnk a sz\u00e9lesebb k\u00f6r\u0171 interakci\u00f3ra, kellemes t\u00e1rsas\u00e1gi \u00e9letet biztos\u00edtunk, \u00e9s gazdag kultur\u00e1lis \u00e9s sz\u00f3rakoztat\u00f3 programot k\u00edn\u00e1lunk a l\u00e1togat\u00f3knak. A k\u00e9t rendezv\u00e9nyt &#8221; Ahogy K\u00fczmi\u010d tette egykor &#8211; Kapcsoljuk \u00f6ssze az egykori k\u00f6z\u00f6s kultur\u00e1lis teret ma&#8221; c\u00edmmel tartjuk meg.&nbsp;Egy olyan esem\u00e9ny l\u00e9trehoz\u00e1s\u00e1val, amelynek c\u00e9lja a szlov\u00e9niai prekmurjei \u00e9s a magyarorsz\u00e1gi r\u00e1ba-vid\u00e9ki emberek \u00f6sszehoz\u00e1sa \u00e9s megismer\u00e9se, K\u00fczmics \u00edr\u00f3 \u00f6r\u00f6ks\u00e9g\u00e9re alapozva, aki m\u00e1r a m\u00faltban is \u00f6sszek\u00f6t\u00f6tt minket, \u00e9s ma is \u00f6sszek\u00f6t minket a r\u00e9gi prekmurjei nyelv alapj\u00e1n, amelyet m\u00e9g mindig mindk\u00e9t oldalon \u00e9rtenek. A projekt c\u00e9lja az lesz, hogy a hat\u00e1r k\u00e9t oldal\u00e1n \u00e9l\u0151 embereket tartalmasan \u00f6sszekapcsolja, k\u00e9t eg\u00e9sz napos rendezv\u00e9nyt szervez, amely K\u00fczmics k\u00f6z\u00f6s t\u00f6rt\u00e9nelmi \u00e9s kultur\u00e1lis t\u00f6rt\u00e9net\u00e9nek sz\u00e9ps\u00e9ges \u00f6sszefoglal\u00e1s\u00e1t jelenti majd. Az eg\u00e9sz napos rendezv\u00e9ny kiv\u00e1l\u00f3 alkalom lesz az egyes\u00fcletek, m\u0171v\u00e9szek, helyi szolg\u00e1ltat\u00f3k, \u00f6nkorm\u00e1nyzati \u00e9s tan\u00e1csi tagok, \u00e9rdekl\u0151d\u0151 lakosok minden koroszt\u00e1lya k\u00f6z\u00f6tti tal\u00e1lkoz\u00e1sra \u00e9s eszmecser\u00e9re. Emellett fontos inform\u00e1ci\u00f3kat ny\u00fajt majd a t\u00f6rt\u00e9nelem sor\u00e1n kialakult kultur\u00e1lis kapcsolatainkr\u00f3l, \u00e9s biztos\u00edtja a r\u00e9gi prekmurjei nyelv \u00e9letben tart\u00e1s\u00e1t \u00e9s meg\u0151rz\u00e9s\u00e9t. A k\u00f6z\u00f6s rendezv\u00e9ny \u00edgy tiszteleg k\u00f6z\u00f6s kultur\u00e1lis \u00f6r\u00f6ks\u00e9g\u00fcnk el\u0151tt, amely eddig nem kapott kell\u0151 figyelmet. A rendezv\u00e9nyek keret\u00e9ben t\u00f6rt\u00e9nelmi t\u00e9nyeket fogunk felt\u00e1rni, \u00e9s egy ki\u00e1ll\u00edt\u00e1st hozunk l\u00e9tre K\u00fczmics Istv\u00e1n munk\u00e1ss\u00e1g\u00e1r\u00f3l \u00e9s \u00e9let\u00e9r\u0151l, amely vadonat\u00faj lesz, \u00e9s mindk\u00e9t orsz\u00e1gban megtekinthet\u0151 lesz. A k\u00e9t hasonl\u00f3, kultur\u00e1lis, oktat\u00e1si, gasztron\u00f3miai \u00e9s sz\u00f3rakoztat\u00f3 elemeket \u00f6tv\u00f6z\u0151, mindk\u00e9t orsz\u00e1gb\u00f3l \u00e9s mindk\u00e9t orsz\u00e1gban megval\u00f3sul\u00f3 rendezv\u00e9ny koncepci\u00f3ja egyed\u00fcl\u00e1ll\u00f3 \u00e9s teljesen \u00faj lesz ebben a k\u00f6rnyezetben, hiszen ilyen jelleg\u0171 rendezv\u00e9nyeink m\u00e9g nem voltak. A rendezv\u00e9nyek r\u00e9v\u00e9n er\u0151s\u00edteni fogjuk a kultur\u00e1lis \u00f6r\u00f6ks\u00e9get \u00e9s meg\u0151rizz\u00fck a prekmurjei \u00e9s az r\u00e1ba-vid\u00e9ki dialektust, mivel a rendezv\u00e9nyeken mindk\u00e9t dialektus haszn\u00e1lva lesz. A vend\u00e9geket v\u00e9gigkalauzoljuk K\u00fczmics \u00e9let\u00e9n \u00e9s munk\u00e1ss\u00e1g\u00e1n mindk\u00e9t orsz\u00e1gban, megtekinthetik a m\u0171veib\u0151l rendezett ki\u00e1ll\u00edt\u00e1st, kultur\u00e1lis programon vehetnek r\u00e9szt, megk\u00f3stolhatj\u00e1k a helyi konyh\u00e1t, valamint k\u00f6tetlen l\u00e9gk\u00f6rben ismerkedhetnek \u00e9s ismerkedhetnek egym\u00e1ssal.&nbsp; Hogy az \u00e9lm\u00e9nyt a lehet\u0151 leg\u00e9rdekesebb\u00e9 tegy\u00fck, a programot \u00fagy alak\u00edtjuk ki, hogy az t\u00f6bb c\u00e9lcsoport sz\u00e1m\u00e1ra is vonz\u00f3 legyen.<\/p>\n<p>Forr\u00e1s: p\u00e1ly\u00e1zati adatlap (SIHU00104)<\/p>\n<\/div><\/div><\/div><div class=\"fusion-panel panel-default\"><div class=\"panel-heading\"><h4 class=\"panel-title toggle\"><a aria-expanded=\"false\" aria-controls=\"1d81216e989098531\" role=\"button\" data-toggle=\"collapse\" data-parent=\"#accordion-4302-1\" data-target=\"#1d81216e989098531\" href=\"#1d81216e989098531\"><span class=\"fusion-toggle-icon-wrapper\" aria-hidden=\"true\"><i class=\"fa-fusion-box\" aria-hidden=\"true\"><\/i><\/span><span class=\"fusion-toggle-heading\">INCLUSION FEST<\/span><\/a><\/h4><\/div><div id=\"1d81216e989098531\" class=\"panel-collapse collapse \"><div class=\"panel-body toggle-content fusion-clearfix\">\n<p><img class=\"alignnone size-medium wp-image-8820\" src=\"http:\/\/www.si-hu.eu\/2127\/wp-content\/uploads\/sites\/14\/2024\/03\/INCLUSION-FEST-Project-logo-Slovenia-Hungary_bilingual_color-500x258.png\" alt=\"\" width=\"500\" height=\"258\" srcset=\"http:\/\/www.si-hu.eu\/2127\/wp-content\/uploads\/sites\/14\/2024\/03\/INCLUSION-FEST-Project-logo-Slovenia-Hungary_bilingual_color-200x103.png 200w, http:\/\/www.si-hu.eu\/2127\/wp-content\/uploads\/sites\/14\/2024\/03\/INCLUSION-FEST-Project-logo-Slovenia-Hungary_bilingual_color-400x206.png 400w, http:\/\/www.si-hu.eu\/2127\/wp-content\/uploads\/sites\/14\/2024\/03\/INCLUSION-FEST-Project-logo-Slovenia-Hungary_bilingual_color-500x258.png 500w, http:\/\/www.si-hu.eu\/2127\/wp-content\/uploads\/sites\/14\/2024\/03\/INCLUSION-FEST-Project-logo-Slovenia-Hungary_bilingual_color-600x310.png 600w, http:\/\/www.si-hu.eu\/2127\/wp-content\/uploads\/sites\/14\/2024\/03\/INCLUSION-FEST-Project-logo-Slovenia-Hungary_bilingual_color-768x396.png 768w, http:\/\/www.si-hu.eu\/2127\/wp-content\/uploads\/sites\/14\/2024\/03\/INCLUSION-FEST-Project-logo-Slovenia-Hungary_bilingual_color-800x413.png 800w, http:\/\/www.si-hu.eu\/2127\/wp-content\/uploads\/sites\/14\/2024\/03\/INCLUSION-FEST-Project-logo-Slovenia-Hungary_bilingual_color-1024x529.png 1024w, http:\/\/www.si-hu.eu\/2127\/wp-content\/uploads\/sites\/14\/2024\/03\/INCLUSION-FEST-Project-logo-Slovenia-Hungary_bilingual_color-1200x619.png 1200w, http:\/\/www.si-hu.eu\/2127\/wp-content\/uploads\/sites\/14\/2024\/03\/INCLUSION-FEST-Project-logo-Slovenia-Hungary_bilingual_color-1536x793.png 1536w\" sizes=\"(max-width: 500px) 100vw, 500px\" \/> &nbsp;<\/p>\n<p><strong>Projekt c\u00edme:<\/strong> A gener\u00e1ci\u00f3k k\u00f6z\u00f6tti hat\u00e1rokon \u00e1tny\u00fal\u00f3 kapcsolatok er\u0151s\u00edt\u00e9se a kult\u00far\u00e1k k\u00f6z\u00f6tti p\u00e1rbesz\u00e9d r\u00e9v\u00e9n<\/p>\n<p><strong>Projekt k\u00f6lts\u00e9gvet\u00e9s <\/strong><strong>(ERFA t\u00e1rsfinansz\u00edroz\u00e1s): <\/strong>20.312,50&nbsp;EUR<\/p>\n<p><strong>Projekt id\u0151tartama:<\/strong> 2024.04.01. &#8211; 2024.12.31.<\/p>\n<p><strong>Projektpartnerek: <\/strong>Korenika, zavod za usposabljanje in zaposlovanje invalidnih oseb, \u0160alovci; MURABA KORL\u00c1TOLT FELEL\u0150SS\u00c9G\u0170 EUR\u00d3PAI TER\u00dcLETI T\u00c1RSUL\u00c1S<\/p>\n<p>Muravid\u00e9k \u00e9s R\u00e1bavid\u00e9k mint vid\u00e9ki hat\u00e1rr\u00e9gi\u00f3k\u00e9nt sz\u00e1mos k\u00f6z\u00f6s fejleszt\u00e9si kih\u00edv\u00e1ssal n\u00e9z szembe, mint p\u00e9ld\u00e1ul a tart\u00f3s munkan\u00e9lk\u00fclis\u00e9g, a v\u00e1llalkoz\u00f3i tev\u00e9kenys\u00e9g alacsony szintje, a fiatalok elv\u00e1ndorl\u00e1sa, a n\u00e9pess\u00e9g el\u00f6reged\u00e9se \u00e9s a t\u00e1rsadalmi kirekeszt\u00e9s, k\u00fcl\u00f6n\u00f6sen az id\u0151sek eset\u00e9ben. A vid\u00e9ken van n\u00e9h\u00e1ny szoci\u00e1lis v\u00e9delmi szolg\u00e1ltat\u00e1s, k\u00fcl\u00f6n\u00f6sen az id\u0151sek sz\u00e1m\u00e1ra, amelyeket azonban gyakran nem haszn\u00e1lnak ki az alacsony integr\u00e1ci\u00f3 \u00e9s a potenci\u00e1lis felhaszn\u00e1l\u00f3k t\u00e1j\u00e9kozatlans\u00e1ga miatt. Az egyes\u00fcletek \u00e9s a nem korm\u00e1nyzati szervezetek er\u0151s szerepet j\u00e1tszanak a vid\u00e9ken, gener\u00e1ci\u00f3k k\u00f6z\u00f6tti h\u00e1l\u00f3zat\u00e9p\u00edt\u00e9st biztos\u00edtva \u00e9s a t\u00e1rsadalmi tev\u00e9kenys\u00e9gek szervezve. A t\u00e1rsadalmi v\u00e1llalkoz\u00f3i tev\u00e9kenys\u00e9g ter\u00e9n vannak j\u00f3 p\u00e9ld\u00e1k \u0160alovci \u00e9s Szentgotth\u00e1rd eset\u00e9ben, amelyek c\u00e9lja a v\u00e1llalkoz\u00f3i t\u00f6rt\u00e9net fel\u00e9p\u00edt\u00e9se \u00e9s pozit\u00edv t\u00e1rsadalmi hat\u00e1sok l\u00e9trehoz\u00e1sa a kiszolg\u00e1ltatott csoportok k\u00e9pz\u00e9s\u00e9vel \u00e9s foglalkoztat\u00e1s\u00e1val.&nbsp;A Korenika \u00e9s a Muraba partners\u00e9get k\u00f6t\u00f6tt, hogy k\u00f6z\u00f6s k\u00fcldet\u00e9st k\u00f6vessenek, amely els\u0151sorban a szervezetek \u00e9s felhaszn\u00e1l\u00f3k \u00f6sszefog\u00e1s\u00e1n alapul a t\u00e1rsadalmi kirekeszt\u00e9s cs\u00f6kkent\u00e9se \u00e9s a vid\u00e9ki ter\u00fcletek kiszolg\u00e1ltatott csoportjai sz\u00e1m\u00e1ra ny\u00fajtott szolg\u00e1ltat\u00e1sok jav\u00edt\u00e1sa \u00e9rdek\u00e9ben. Rendezv\u00e9nyekkel \u00f6sszek\u00f6tj\u00fck a szoci\u00e1lis \u00e9s fogyat\u00e9koss\u00e1gi ell\u00e1t\u00e1s ter\u00fclet\u00e9n m\u0171k\u00f6d\u0151 int\u00e9zm\u00e9nyeket a nem korm\u00e1nyzati szektorral, a potenci\u00e1lis kedvezm\u00e9nyezettekkel \u00e9s a nagyk\u00f6z\u00f6ns\u00e9ggel. Fesztiv\u00e1lok szervez\u00e9s\u00e9vel el\u0151seg\u00edtj\u00fck a bizalmat, n\u00f6velj\u00fck a k\u00f6lcs\u00f6n\u00f6s meg\u00e9rt\u00e9st \u00e9s a koh\u00e9zi\u00f3t a t\u00e9rs\u00e9g lakoss\u00e1ga k\u00f6z\u00f6tt. A \u0160alovci \u00e9s Szentgotth\u00e1rdi fesztiv\u00e1lok keret\u00e9ben konzult\u00e1ci\u00f3k \u00e9s kultur\u00e1lis rendezv\u00e9nyek szervez\u00e9s\u00e9vel \u00f6sszehozzuk a kiszolg\u00e1ltatott csoportok \u00e9s a vid\u00e9ki ter\u00fcletek sz\u00fcks\u00e9gleteivel foglalkoz\u00f3 szerepl\u0151ket, \u00faj egy\u00fcttm\u0171k\u00f6d\u00e9si kapcsolatokat teremt\u00fcnk, \u00e9s el\u0151mozd\u00edtjuk a gener\u00e1ci\u00f3k k\u00f6z\u00f6tti szolidarit\u00e1st. A projekt nagy jelent\u0151s\u00e9ggel b\u00edr a figyelemfelkelt\u00e9s, a t\u00e1j\u00e9koztat\u00e1s \u00e9s a szerepl\u0151k \u00f6sszefog\u00e1sa szempontj\u00e1b\u00f3l, hogy megold\u00e1sokat tal\u00e1ljanak. A j\u00f3l fogadott fesztiv\u00e1lok keret\u00e9ben a szocializ\u00e1ci\u00f3 \u00e9s az egy\u00e9ni vit\u00e1k r\u00e9v\u00e9n l\u00e9trej\u00f6n a kult\u00far\u00e1k k\u00f6z\u00f6tti p\u00e1rbesz\u00e9d. Ily m\u00f3don a partnerek a hat\u00e1rokon \u00e1tny\u00fal\u00f3 megk\u00f6zel\u00edt\u00e9s r\u00e9v\u00e9n sokkal magasabb szint\u0171 eredm\u00e9nyeket \u00e9rnek el. A Korenika koordin\u00e1lja a projektet, szervezi a rendezv\u00e9nyt \u0160alovcin, \u00e9s r\u00e9szt vesz a Szentgotth\u00e1rdi rendezv\u00e9ny programj\u00e1nak megtervez\u00e9s\u00e9ben \u00e9s megval\u00f3s\u00edt\u00e1s\u00e1ban. A Korenika kulcsszerepet fog j\u00e1tszani mag\u00e1nak a rendezv\u00e9nynek az \u00e9rdemi r\u00e9sz\u00e9ben \u00e9s az egyes konzult\u00e1ci\u00f3k, vit\u00e1k moder\u00e1l\u00e1s\u00e1ban, valamint a szlov\u00e9niai oldal int\u00e9zm\u00e9nyeinek bevon\u00e1s\u00e1ban. A kultur\u00e1lis r\u00e9szr\u0151l \u00e9s a r\u00e9sztvev\u0151 magyarorsz\u00e1gi szervezetek koordin\u00e1l\u00e1s\u00e1r\u00f3l a partner Muraba gondoskodik. A k\u00e9t rendezv\u00e9ny szervez\u0151csapata k\u00f6z\u00f6s lesz. A rendezv\u00e9nyek szervez\u00e9s\u00e9vel er\u0151s\u00edteni fogjuk a k\u00f6lcs\u00f6n\u00f6s kapcsolatokat, \u00faj kapcsolatokat teremt\u00fcnk a civil t\u00e1rsadalmi egy\u00fcttm\u0171k\u00f6d\u00e9sben, el\u0151mozd\u00edtjuk a hat\u00e1rokon \u00e1tny\u00fal\u00f3, gener\u00e1ci\u00f3k k\u00f6z\u00f6tti szolidarit\u00e1st, a bizalmat \u00e9s a kult\u00far\u00e1k k\u00f6z\u00f6tti p\u00e1rbesz\u00e9det. Er\u0151s\u00edteni fogjuk az egyes\u00fcletek (ifj\u00fas\u00e1gi \u00e9s id\u0151sek egyes\u00fcletei), a szoci\u00e1lis v\u00e1llalkoz\u00e1sok szerep\u00e9t, \u00e9s \u00f6sszekapcsoljuk \u0151ket. Ugyanakkor \u00f6sszekapcsoljuk \u0151ket a k\u00f6zint\u00e9zm\u00e9nyek \u00e9s a nem korm\u00e1nyzati szervezetek h\u00e1l\u00f3zat\u00e1val. 2 k\u00f6z\u00f6s, hat\u00e1rokon \u00e1tny\u00fal\u00f3 nyilv\u00e1nos rendezv\u00e9nyt lesz szervezve, amelyen legal\u00e1bb 30 szolg\u00e1ltat\u00f3 mutatkozik be. A rendezv\u00e9nyen 400 l\u00e1togat\u00f3 vesz r\u00e9szt. A rendezv\u00e9nyek h\u00e1rom sz\u00e1lon futnak: szakmai, kultur\u00e1lis \u00e9s t\u00e1rsadalmi. A szakmai a k\u00f6zint\u00e9zm\u00e9nyeknek, a szoci\u00e1lis v\u00e1llalkoz\u00e1soknak, a helyi hat\u00f3s\u00e1goknak \u00e9s a nyilv\u00e1noss\u00e1gnak sz\u00f3lnak. Az els\u0151 rendezv\u00e9nyre \u00e1prilis-m\u00e1jusban ker\u00fcl sor a Korenika szoci\u00e1lis gazdas\u00e1gon, a m\u00e1sodikra pedig augusztusban Szentgotth\u00e1rdon, az els\u0151 rendezv\u00e9ny folytat\u00e1sak\u00e9nt. A \u0160alovciban megrendez\u00e9sre ker\u00fcl\u0151 esem\u00e9ny a t\u00e1rsadalmi befogad\u00e1s \u00e9s a gener\u00e1ci\u00f3k k\u00f6z\u00f6tti egy\u00fcttm\u0171k\u00f6d\u00e9s ter\u00fclet\u00e9n int\u00e9zm\u00e9nyek k\u00f6z\u00f6tti k\u00f6lcs\u00f6n\u00f6s tanul\u00e1son alapul. A vid\u00e9ki szolg\u00e1ltat\u00f3k el\u0151ad\u00f3k\u00e9nt vesznek r\u00e9szt \u00e9s a l\u00e1togat\u00f3kkal k\u00f6z\u00f6sen konzult\u00e1lva felv\u00e1zolj\u00e1k a hat\u00e1r menti t\u00e9rs\u00e9g legfontosabb kih\u00edv\u00e1sait. A szoci\u00e1lis \u00e9s fogyat\u00e9koss\u00e1g\u00fcgyi ell\u00e1t\u00e1s ter\u00fclet\u00e9n m\u0171k\u00f6d\u0151 int\u00e9zm\u00e9nyekb\u0151l h\u00e1l\u00f3zatot hoznak l\u00e9tre, hogy az inform\u00e1ci\u00f3k \u00e9s a bev\u00e1lt gyakorlatok megoszt\u00e1sa r\u00e9v\u00e9n egy\u00fcttm\u0171k\u00f6d\u00e9s\u00fckre \u00e9p\u00edtsenek. A kult\u00far\u00e1k k\u00f6z\u00f6tti p\u00e1rbesz\u00e9d \u00e9s a fiatalabb \u00e9s id\u0151sebb gener\u00e1ci\u00f3k r\u00e9szv\u00e9tele kulcsfontoss\u00e1g\u00fa lesz a vid\u00e9ki kih\u00edv\u00e1sok holisztikus kezel\u00e9s\u00e9ben. A szentgotth\u00e1rdi rendezv\u00e9ny a szolg\u00e1ltat\u00e1sok felhaszn\u00e1l\u00f3ira, nevezetesen a fiatalokra, az id\u0151sekre \u00e9s a fogyat\u00e9kkal \u00e9l\u0151kre \u00f6sszpontos\u00edt. A kerekasztalt nekik szentelj\u00fck, \u00e9s akt\u00edv szerep\u00fckre is kit\u00e9r\u00fcnk. \u0150k ismertetik majd a n\u00e9z\u0151pontjukat \u00e9s ig\u00e9nyeiket, \u00e9s felv\u00e1zolj\u00e1k a gener\u00e1ci\u00f3k k\u00f6z\u00f6tti egy\u00fcttm\u0171k\u00f6d\u00e9s lehet\u0151s\u00e9geit. A partnerek a projekt befejez\u00e9se ut\u00e1n is a k\u00fcldet\u00e9sre \u00e9p\u00edtenek, \u00e9s hossz\u00fa t\u00e1von egy\u00fctt fognak dolgozni a gener\u00e1ci\u00f3k k\u00f6z\u00f6tti hat\u00e1rokon \u00e1tny\u00fal\u00f3 kapcsolatok er\u0151s\u00edt\u00e9se \u00e9rdek\u00e9ben. Szlov\u00e9ni\u00e1ban a rendezv\u00e9ny a term\u00e9szeti \u00e9s kultur\u00e1lis \u00f6r\u00f6ks\u00e9ggel val\u00f3 kapcsolatra \u00f6sszpontos\u00edt, bele\u00e9rtve a mez\u0151gazdas\u00e1got is, m\u00edg a szentgotth\u00e1rdi rendezv\u00e9ny els\u0151sorban a kultur\u00e1lis \u00f6r\u00f6ks\u00e9gre (a t\u00f6rt\u00e9nelem \u00e9s a hagyom\u00e1nyok meg\u0151rz\u00e9s\u00e9re).<\/p>\n<p>Forr\u00e1s: p\u00e1ly\u00e1zati adatlap (SIHU00105)<\/p>\n<\/div><\/div><\/div><div class=\"fusion-panel panel-default\"><div class=\"panel-heading\"><h4 class=\"panel-title toggle\"><a aria-expanded=\"false\" aria-controls=\"0507d50d71c0b564e\" role=\"button\" data-toggle=\"collapse\" data-parent=\"#accordion-4302-1\" data-target=\"#0507d50d71c0b564e\" href=\"#0507d50d71c0b564e\"><span class=\"fusion-toggle-icon-wrapper\" aria-hidden=\"true\"><i class=\"fa-fusion-box\" aria-hidden=\"true\"><\/i><\/span><span class=\"fusion-toggle-heading\">Vse je v na\u0161ih bu\u010dah<\/span><\/a><\/h4><\/div><div id=\"0507d50d71c0b564e\" class=\"panel-collapse collapse \"><div class=\"panel-body toggle-content fusion-clearfix\">\n<p><img class=\"alignnone size-medium wp-image-12560\" src=\"http:\/\/www.si-hu.eu\/2127\/wp-content\/uploads\/sites\/14\/2025\/05\/Project-logo-Slovenia-Hungary_Vse-je-v-nasih-bucah_bilingual_color-500x258.png\" alt=\"\" width=\"500\" height=\"258\" srcset=\"http:\/\/www.si-hu.eu\/2127\/wp-content\/uploads\/sites\/14\/2025\/05\/Project-logo-Slovenia-Hungary_Vse-je-v-nasih-bucah_bilingual_color-200x103.png 200w, http:\/\/www.si-hu.eu\/2127\/wp-content\/uploads\/sites\/14\/2025\/05\/Project-logo-Slovenia-Hungary_Vse-je-v-nasih-bucah_bilingual_color-400x206.png 400w, http:\/\/www.si-hu.eu\/2127\/wp-content\/uploads\/sites\/14\/2025\/05\/Project-logo-Slovenia-Hungary_Vse-je-v-nasih-bucah_bilingual_color-500x258.png 500w, http:\/\/www.si-hu.eu\/2127\/wp-content\/uploads\/sites\/14\/2025\/05\/Project-logo-Slovenia-Hungary_Vse-je-v-nasih-bucah_bilingual_color-600x310.png 600w, http:\/\/www.si-hu.eu\/2127\/wp-content\/uploads\/sites\/14\/2025\/05\/Project-logo-Slovenia-Hungary_Vse-je-v-nasih-bucah_bilingual_color-768x396.png 768w, http:\/\/www.si-hu.eu\/2127\/wp-content\/uploads\/sites\/14\/2025\/05\/Project-logo-Slovenia-Hungary_Vse-je-v-nasih-bucah_bilingual_color-800x413.png 800w, http:\/\/www.si-hu.eu\/2127\/wp-content\/uploads\/sites\/14\/2025\/05\/Project-logo-Slovenia-Hungary_Vse-je-v-nasih-bucah_bilingual_color-1024x529.png 1024w, http:\/\/www.si-hu.eu\/2127\/wp-content\/uploads\/sites\/14\/2025\/05\/Project-logo-Slovenia-Hungary_Vse-je-v-nasih-bucah_bilingual_color-1200x619.png 1200w, http:\/\/www.si-hu.eu\/2127\/wp-content\/uploads\/sites\/14\/2025\/05\/Project-logo-Slovenia-Hungary_Vse-je-v-nasih-bucah_bilingual_color-1536x793.png 1536w\" sizes=\"(max-width: 500px) 100vw, 500px\" \/>&nbsp;&nbsp;<\/p>\n<p><strong>Projekt c\u00edme:<\/strong> A t\u00f6k- \u00e9s t\u00f6kmagtermeszt\u00e9s, valamint feldolgoz\u00e1s hagyom\u00e1nyainak \u00e9s gasztron\u00f3mi\u00e1j\u00e1nak n\u00e9pszer\u0171s\u00edt\u00e9se a Gori\u010dko \u00e9s a R\u00e1bavid\u00e9k t\u00e9rs\u00e9g\u00e9ben<\/p>\n<p><strong>Projekt k\u00f6lts\u00e9gvet\u00e9s <\/strong><strong>(ERFA t\u00e1rsfinansz\u00edroz\u00e1s): <\/strong>20.312,50&nbsp;EUR<\/p>\n<p><strong>Projekt id\u0151tartama:<\/strong> 2025.04.01. &#8211; 2025.10.31.<\/p>\n<p><strong>Projektpartnerek:&nbsp;<\/strong>Dru\u0161tvo za prepih znanja in informacij V\u00f6ter; Cs\u00f6r\u00f6tnek K\u00f6zs\u00e9g \u00d6nkorm\u00e1nyzata<\/p>\n<p>A k\u00f6z\u00f6s kih\u00edv\u00e1s, amelyet projekt\u00fcnk ha nem is old meg, de legal\u00e1bb felveti \u00e9s tematiz\u00e1lja, az egyfajta elszigetelts\u00e9g vagy akaratlan \u00f6nell\u00e1t\u00e1s meghalad\u00e1sa a kisebb egyes\u00fcletek eset\u00e9ben, melyek tev\u00e9kenys\u00e9g\u00fck r\u00e9v\u00e9n &#8211; f\u0151k\u00e9nt nyelvi \u00e9s p\u00e9nz\u00fcgyi akad\u00e1lyok miatt &#8211; nem l\u00e9pnek t\u00fal saj\u00e1t nemzeti k\u00f6z\u00f6ss\u00e9g\u00fck keretein annak ellen\u00e9re, hogy viszonylag k\u00f6zel \u00e9lnek a hat\u00e1rhoz, \u00e9s \u00edgy hasonl\u00f3 m\u00e1s egyes\u00fcletek\u00e9hez, amelyek hasonl\u00f3 programc\u00e9lokkal rendelkeznek. Val\u00f3 igaz, hogy l\u00e9tezik a m\u00faltban m\u00e1r kialakult \u00e9s meger\u0151s\u00f6d\u00f6tt egy\u00fcttm\u0171k\u00f6d\u00e9s a hat\u00e1r mindk\u00e9t oldal\u00e1n l\u00e9v\u0151 egyes\u00fcletek \u00e9s civil t\u00e1rsadalom k\u00f6z\u00f6tt, azonban ezekben az esetekben gyakran kisebbs\u00e9gi szervezetekr\u0151l van sz\u00f3 (p\u00e9ld\u00e1ul a szlov\u00e9niai magyar nemzeti k\u00f6z\u00f6ss\u00e9g szervezetei), ahol a kapcsolattart\u00e1s hasonl\u00f3 szervezetekkel a magyar oldalon a k\u00e9t nyelv ismerete miatt sokkal k\u00f6nnyebb. Azonban mik\u00e9nt lehet kapcsolatot teremteni k\u00e9t szervezet k\u00f6z\u00f6tt, melyek mindegyike a hagyom\u00e1nyok \u00e9s a vid\u00e9ki \u00e9let \u00fajj\u00e1\u00e9leszt\u00e9se ter\u00fclet\u00e9n akt\u00edv saj\u00e1t r\u00e9gi\u00f3j\u00e1ban, \u00e9s melyek tagjai nem \u00e9rtik a m\u00e1sik szervezet tagjainak nyelv\u00e9t? Ez a kih\u00edv\u00e1s kor\u00e1ntsem k\u00f6nny\u0171, \u00e9s puszt\u00e1n saj\u00e1t szem\u00e9lyi \u00e9s p\u00e9nz\u00fcgyi er\u0151forr\u00e1sokkal egyik partner sem k\u00e9pes megoldani. A projektek \u00e1ltal biztos\u00edtott k\u00f6rnyezet azonban elegend\u0151 p\u00e9nz\u00fcgyi h\u00e1tteret \u00e9s tov\u00e1bbi emberi er\u0151forr\u00e1st biztos\u00edt, hogy e k\u00fcl\u00f6nbs\u00e9geket is \u00e1thidaljuk. Csak ezen el\u0151felt\u00e9teleknek a biztos\u00edt\u00e1s\u00e1val v\u00e1lik lehet\u0151v\u00e9 a tagok k\u00f6z\u00f6tti tal\u00e1lkoz\u00e1s, ismerked\u00e9s, a partnerek k\u00fcldet\u00e9s\u00e9nek \u00e9s tev\u00e9kenys\u00e9g\u00e9nek megismer\u00e9se.<\/p>\n<p>A projekt \u00e1ltal\u00e1nos c\u00e9lja kihaszn\u00e1lni a p\u00e1ly\u00e1zati ki\u00edr\u00e1s \u00e1ltal k\u00edn\u00e1lt programk\u00f6rnyezetet, mely hat\u00e1ron \u00e1tny\u00fal\u00f3 kapcsolatot biztos\u00edt egy hasonl\u00f3 szervezettel, \u00e9s k\u00e9t nagyobb esem\u00e9ny megval\u00f3s\u00edt\u00e1sa r\u00e9v\u00e9n a sz\u00e9lesebb nyilv\u00e1noss\u00e1gnak (k\u00fcl\u00f6n\u00f6sen az esem\u00e9nyek r\u00e9sztvev\u0151inek) bemutatni az egyes\u00fclet munk\u00e1j\u00e1t \u00e9s k\u00fcldet\u00e9s\u00e9t a kiv\u00e1lasztott t\u00e9m\u00e1ban, valamint n\u00e9pszer\u0171s\u00edteni azokat az \u00e9rt\u00e9keket, melyeket mindk\u00e9t partner k\u00e9pvisel a hagyom\u00e1nyok, a nemzeti identit\u00e1s meg\u0151rz\u00e9se, valamint a jelenlegi \u00e9s j\u00f6v\u0151beli gener\u00e1ci\u00f3k sz\u00e1m\u00e1ra egy eg\u00e9szs\u00e9ges t\u00e1rsadalmi \u00e9s term\u00e9szeti k\u00f6rnyezet biztos\u00edt\u00e1sa ter\u00e9n. A v\u00e1lasztott k\u00f6zponti t\u00e9ma &#8211; teljesen \u0151szint\u00e9n &#8211; tulajdonk\u00e9pp csak egyfajta \u201e\u00fcr\u00fcgy\u201d, hogy a t\u00f6bbi c\u00e9lcsoport sz\u00e1m\u00e1ra min\u00e9l vonz\u00f3bb \u00e9s szeml\u00e9letesebb m\u00f3don mutassuk be mindk\u00e9t egyes\u00fclet \u00e1tfog\u00f3 k\u00fcldet\u00e9s\u00e9t \u00e9s \u00e9rt\u00e9keit. A t\u00f6ktermeszt\u00e9s hagyom\u00e1nya \u00e9s gasztron\u00f3mi\u00e1ja csup\u00e1n egyike azon lehets\u00e9ges platformoknak, amiken kereszt\u00fcl a partnerek fel\u00e9p\u00edthetik \u00e9s megval\u00f3s\u00edthatj\u00e1k aktivit\u00e1si strat\u00e9gi\u00e1jukat, melyek c\u00e9lja a lehet\u0151 legsz\u00e9lesebb k\u00f6z\u00f6ns\u00e9g el\u00e9r\u00e9se. Ez a platform, ez a t\u00e9ma sz\u00e1mos el\u0151nnyel rendelkezik, melyek miatt v\u00e9g\u00fcl a projekt vez\u00e9rfonal\u00e1v\u00e1 lett v\u00e1lasztva: \u00f6sszek\u00f6ti a hagyom\u00e1nyt, az eg\u00e9szs\u00e9ges t\u00e1pl\u00e1lkoz\u00e1st \u00e9s a k\u00f6rnyezetv\u00e9delmet, ugyanakkor sz\u00e9lesk\u00f6r\u0171 megval\u00f3s\u00edt\u00e1si lehet\u0151s\u00e9geket k\u00edn\u00e1l, melyek egyszer ezt, m\u00e1skor azt az oldalt emelhetik ki (paraszti szok\u00e1sok, k\u00fcl\u00f6nf\u00e9le \u00e9telek, levesek, desszertek, f\u0171szerek, t\u00f6kmagolaj stb.). A t\u00f6k termeszt\u00e9se \u00e9s feldolgoz\u00e1sa a modern mez\u0151gazdas\u00e1gi trendek szempontj\u00e1b\u00f3l semmilyen m\u00f3don nem problematikus, \u00e9s a k\u00f6z\u00f6s hat\u00e1r menti t\u00e9rs\u00e9gben m\u00e1r l\u00e9teznek a t\u00f6kh\u00f6z (k\u00fcl\u00f6n\u00f6sen a t\u00f6kmagolajhoz) kapcsol\u00f3d\u00f3 esem\u00e9nyek amelyek bizony\u00edtj\u00e1k, hogy a helyi lakoss\u00e1g m\u00e1r pozit\u00edvan viszonyul ehhez.<\/p>\n<p>Forr\u00e1s: p\u00e1ly\u00e1zati adatlap (SIHU00161)<\/p>\n<\/div><\/div><\/div><div class=\"fusion-panel panel-default\"><div class=\"panel-heading\"><h4 class=\"panel-title toggle\"><a aria-expanded=\"false\" aria-controls=\"808ceea601a63e11b\" role=\"button\" data-toggle=\"collapse\" data-parent=\"#accordion-4302-1\" data-target=\"#808ceea601a63e11b\" href=\"#808ceea601a63e11b\"><span class=\"fusion-toggle-icon-wrapper\" aria-hidden=\"true\"><i class=\"fa-fusion-box\" aria-hidden=\"true\"><\/i><\/span><span class=\"fusion-toggle-heading\">Herba Fest<\/span><\/a><\/h4><\/div><div id=\"808ceea601a63e11b\" class=\"panel-collapse collapse \"><div class=\"panel-body toggle-content fusion-clearfix\">\n<p><img class=\"alignnone size-medium wp-image-12567\" src=\"http:\/\/www.si-hu.eu\/2127\/wp-content\/uploads\/sites\/14\/2025\/05\/Project-logo-Slovenia-Hungary_Herba-Fest_bilingual_color-500x258.png\" alt=\"\" width=\"500\" height=\"258\" srcset=\"http:\/\/www.si-hu.eu\/2127\/wp-content\/uploads\/sites\/14\/2025\/05\/Project-logo-Slovenia-Hungary_Herba-Fest_bilingual_color-200x103.png 200w, http:\/\/www.si-hu.eu\/2127\/wp-content\/uploads\/sites\/14\/2025\/05\/Project-logo-Slovenia-Hungary_Herba-Fest_bilingual_color-400x206.png 400w, http:\/\/www.si-hu.eu\/2127\/wp-content\/uploads\/sites\/14\/2025\/05\/Project-logo-Slovenia-Hungary_Herba-Fest_bilingual_color-500x258.png 500w, http:\/\/www.si-hu.eu\/2127\/wp-content\/uploads\/sites\/14\/2025\/05\/Project-logo-Slovenia-Hungary_Herba-Fest_bilingual_color-600x310.png 600w, http:\/\/www.si-hu.eu\/2127\/wp-content\/uploads\/sites\/14\/2025\/05\/Project-logo-Slovenia-Hungary_Herba-Fest_bilingual_color-768x396.png 768w, http:\/\/www.si-hu.eu\/2127\/wp-content\/uploads\/sites\/14\/2025\/05\/Project-logo-Slovenia-Hungary_Herba-Fest_bilingual_color-800x413.png 800w, http:\/\/www.si-hu.eu\/2127\/wp-content\/uploads\/sites\/14\/2025\/05\/Project-logo-Slovenia-Hungary_Herba-Fest_bilingual_color-1024x529.png 1024w, http:\/\/www.si-hu.eu\/2127\/wp-content\/uploads\/sites\/14\/2025\/05\/Project-logo-Slovenia-Hungary_Herba-Fest_bilingual_color-1200x619.png 1200w, http:\/\/www.si-hu.eu\/2127\/wp-content\/uploads\/sites\/14\/2025\/05\/Project-logo-Slovenia-Hungary_Herba-Fest_bilingual_color-1536x793.png 1536w\" sizes=\"(max-width: 500px) 100vw, 500px\" \/>&nbsp;&nbsp;<\/p>\n<p><strong>Projekt c\u00edme:<\/strong> Gy\u00f3gyn\u00f6v\u00e9nyek nyom\u00e1n: A hat\u00e1ron \u00e1tny\u00fal\u00f3 k\u00f6z\u00f6ss\u00e9gek \u00f6sszekapcsol\u00e1sa a term\u00e9szeti \u00f6r\u00f6ks\u00e9gen kereszt\u00fcl<\/p>\n<p><strong>Projekt k\u00f6lts\u00e9gvet\u00e9s <\/strong><strong>(ERFA t\u00e1rsfinansz\u00edroz\u00e1s): <\/strong>20.312,50&nbsp;EUR<\/p>\n<p><strong>Projekt id\u0151tartama:<\/strong> 2025.05.01. &#8211; 2025.10.31.<\/p>\n<p><strong>Projektpartnerek:&nbsp;<\/strong>Turisti\u010dno dru\u0161tvo Gornji Lako\u0161 \/ Turisztikai egyes\u00fclet Fels\u0151lakos; Zalai Hagyom\u00e1ny\u0151rz\u0151k Egyes\u00fclet<\/p>\n<p>A projekt\u00fcnk c\u00e9lja a programter\u00fclet k\u00f6z\u00f6s kih\u00edv\u00e1sainak kezel\u00e9se, k\u00fcl\u00f6n\u00f6s tekintettel a kultur\u00e1lis \u00e9s t\u00e1rsadalmi kapcsolatok er\u0151s\u00edt\u00e9s\u00e9re, valamint a lakoss\u00e1g akt\u00edv r\u00e9szv\u00e9tel\u00e9nek el\u0151mozd\u00edt\u00e1s\u00e1ra a hat\u00e1ron \u00e1tny\u00fal\u00f3 k\u00f6z\u00f6ss\u00e9g fejleszt\u00e9s\u00e9ben. A k\u00f6lcs\u00f6n\u00f6s bizalmat \u00e9s meg\u00e9rt\u00e9st a k\u00f6z\u00f6s term\u00e9szeti \u00e9s kultur\u00e1lis \u00f6r\u00f6ks\u00e9g felfedez\u00e9se r\u00e9v\u00e9n fogjuk \u00e9p\u00edteni.<\/p>\n<p>K\u00e9t eg\u00e9sz napos hat\u00e1ron \u00e1tny\u00fal\u00f3 esem\u00e9nyt szervez\u00fcnk \u2013 az egyiket Fels\u0151lakosban szeptemberben, a m\u00e1sikat Kehidakust\u00e1nyban, j\u00faniusban &#8211; ahol a gy\u00f3gyn\u00f6v\u00e9nyek kiemelt szerepet kapnak, mint \u00f6sszek\u00f6t\u0151 elem. Ezek mindk\u00e9t nemzet sz\u00e1m\u00e1ra fontos kultur\u00e1lis, t\u00f6rt\u00e9nelmi \u00e9s gazdas\u00e1gi szereppel b\u00edrnak. A helyi gasztron\u00f3miai \u00e9s gy\u00f3gy\u00e1szati hagyom\u00e1nyok r\u00e9sz\u00e9t k\u00e9pezik, \u00e9s kapcsol\u00f3dnak a fenntarthat\u00f3 termeszt\u00e9si m\u00f3dszerekhez, ami hozz\u00e1j\u00e1rul az \u00f6kosziszt\u00e9ma v\u00e9delm\u00e9hez is. Az esem\u00e9nyeken v\u00e1ltozatos programokat k\u00edn\u00e1lunk, amelyek lehet\u0151s\u00e9get biztos\u00edtanak a hat\u00e1r mindk\u00e9t oldal\u00e1n \u00e9l\u0151k sz\u00e1m\u00e1ra az ismerked\u00e9sre \u00e9s a k\u00f6z\u00f6s \u00e9lm\u00e9nyek meg\u00e9l\u00e9s\u00e9re. Szervez\u00fcnk k\u00f6z\u00f6s t\u00far\u00e1kat, ahol a r\u00e9sztvev\u0151k egy\u00fctt fedezik fel \u00e9s ismerik meg a gy\u00f3gyn\u00f6v\u00e9nyeket. A m\u0171helyekben gy\u00f3gyn\u00f6v\u00e9nyekb\u0151l k\u00e9sz\u00fclt \u00e9teleket, italokat \u00e9s kozmetikumokat k\u00e9sz\u00edt\u00fcnk, valamint term\u00e9szetes szappanokat, amelyeket k\u00f6z\u00f6sen \u00e1ll\u00edtunk el\u0151 (SLO-HU).<\/p>\n<p>Az el\u0151ad\u00e1sok a gy\u00f3gyn\u00f6v\u00e9nyek szerep\u00e9t vil\u00e1g\u00edtj\u00e1k meg mindk\u00e9t orsz\u00e1g hagyom\u00e1nyos kult\u00far\u00e1j\u00e1ban \u00e9s modern orvosl\u00e1s\u00e1ban, valamint azok szerep\u00e9t a test salaktalan\u00edt\u00e1s\u00e1ban. Lehet\u0151s\u00e9g lesz helyi \u00e9telek \u00e9s italok k\u00f3stol\u00e1s\u00e1ra, gy\u00f3gyn\u00f6v\u00e9nyek desztill\u00e1ci\u00f3j\u00e1nak bemutat\u00e1s\u00e1ra, \u00e9s egy hat\u00e1ron \u00e1tny\u00fal\u00f3 gy\u00f3gyn\u00f6v\u00e9nyv\u00e1s\u00e1rra. Kiemelt figyelmet ford\u00edtunk a vegyes (SLO-HU) csapatok f\u0151z\u0151verseny\u00e9re, valamint a k\u00f6z\u00f6s gy\u00f3gyn\u00f6v\u00e9ny\u00fcltet\u00e9sre. A kerekasztal-besz\u00e9lget\u00e9sen a gy\u00f3gyn\u00f6v\u00e9nyek termeszt\u00e9s\u00e9ben \u00e9s \u00e9rt\u00e9kes\u00edt\u00e9s\u00e9ben rejl\u0151 hat\u00e1ron \u00e1tny\u00fal\u00f3 egy\u00fcttm\u0171k\u00f6d\u00e9si lehet\u0151s\u00e9gekr\u0151l esik majd sz\u00f3. A legkisebbek sz\u00e1m\u00e1ra nyelvi j\u00e1t\u00e9kokat (SLO-HU gy\u00f3gyn\u00f6v\u00e9ny-sz\u00f3t\u00e1r k\u00e9sz\u00edt\u00e9se), teafilter-k\u00e9sz\u00edt\u00e9st, gy\u00f3gyn\u00f6v\u00e9nykoszor\u00fa-fon\u00e1st \u00e9s kincskeres\u00e9st szervez\u00fcnk. A szlov\u00e9niai esem\u00e9nyt koncerttel z\u00e1rjuk.<\/p>\n<p>A programok \u00fagy ker\u00fcltek kialak\u00edt\u00e1sra, hogy a r\u00e9sztvev\u0151ket akt\u00edvan bevonj\u00e1k. A k\u00f6zrem\u0171k\u00f6d\u0151k betekint\u00e9st nyerhetnek a hat\u00e1ron \u00e1tny\u00fal\u00f3 ter\u00fclet term\u00e9szeti \u00e9s kultur\u00e1lis \u00f6r\u00f6ks\u00e9g\u00e9be, valamint megismerhetik a k\u00e9t nemzet kultur\u00e1lis elemeinek hasonl\u00f3s\u00e1gait \u00e9s k\u00fcl\u00f6nbs\u00e9geit. Ez er\u0151s\u00edti majd a k\u00fcl\u00f6nb\u00f6z\u0151s\u00e9gek ir\u00e1nti tisztelet\u00fcket, valamint a hat\u00e1ron \u00e1tny\u00fal\u00f3 egy\u00fcttm\u0171k\u00f6d\u00e9s fontoss\u00e1g\u00e1nak tudat\u00e1t, amely elengedhetetlen az identit\u00e1s meg\u0151rz\u00e9s\u00e9hez \u00e9s a hat\u00e1r menti k\u00f6z\u00f6ss\u00e9g fejl\u0151d\u00e9s\u00e9hez.<\/p>\n<p>Minden egyes esem\u00e9nyre legal\u00e1bb 200 r\u00e9sztvev\u0151t v\u00e1runk \u00f6sszesen mindk\u00e9t oldalr\u00f3l. \u00d6sszesen 2 esem\u00e9nyt fogunk k\u00e9sz\u00edteni (1 Fels\u0151lakos, 1 Kehidakust\u00e1ny) valamint 18 \u00f3r\u00e1nyi programot biztos\u00edtani. Legal\u00e1bb 16 helyi szolg\u00e1ltat\u00f3t \u00e9s szervezetet kapcsolunk be, \u00e9s biztos\u00edtjuk legal\u00e1bb 6, a gy\u00f3gyn\u00f6v\u00e9nyek \u00e9s gy\u00f3gyhat\u00e1s\u00fa n\u00f6v\u00e9nyek ter\u00fclet\u00e9n dolgoz\u00f3 szakember r\u00e9szv\u00e9tel\u00e9t.<\/p>\n<p>Forr\u00e1s: p\u00e1ly\u00e1zati adatlap (SIHU00164)<\/p>\n<\/div><\/div><\/div><div class=\"fusion-panel panel-default\"><div class=\"panel-heading\"><h4 class=\"panel-title toggle\"><a aria-expanded=\"false\" aria-controls=\"32749310086621ffc\" role=\"button\" data-toggle=\"collapse\" data-parent=\"#accordion-4302-1\" data-target=\"#32749310086621ffc\" href=\"#32749310086621ffc\"><span class=\"fusion-toggle-icon-wrapper\" aria-hidden=\"true\"><i class=\"fa-fusion-box\" aria-hidden=\"true\"><\/i><\/span><span class=\"fusion-toggle-heading\">CONNECT<\/span><\/a><\/h4><\/div><div id=\"32749310086621ffc\" class=\"panel-collapse collapse \"><div class=\"panel-body toggle-content fusion-clearfix\">\n<p><img class=\"alignnone size-medium wp-image-12574\" src=\"http:\/\/www.si-hu.eu\/2127\/wp-content\/uploads\/sites\/14\/2025\/05\/Project-logo-Slovenia-Hungary_CONNECT_bilingual_color-500x258.png\" alt=\"\" width=\"500\" height=\"258\" srcset=\"http:\/\/www.si-hu.eu\/2127\/wp-content\/uploads\/sites\/14\/2025\/05\/Project-logo-Slovenia-Hungary_CONNECT_bilingual_color-200x103.png 200w, http:\/\/www.si-hu.eu\/2127\/wp-content\/uploads\/sites\/14\/2025\/05\/Project-logo-Slovenia-Hungary_CONNECT_bilingual_color-400x206.png 400w, http:\/\/www.si-hu.eu\/2127\/wp-content\/uploads\/sites\/14\/2025\/05\/Project-logo-Slovenia-Hungary_CONNECT_bilingual_color-500x258.png 500w, http:\/\/www.si-hu.eu\/2127\/wp-content\/uploads\/sites\/14\/2025\/05\/Project-logo-Slovenia-Hungary_CONNECT_bilingual_color-600x310.png 600w, http:\/\/www.si-hu.eu\/2127\/wp-content\/uploads\/sites\/14\/2025\/05\/Project-logo-Slovenia-Hungary_CONNECT_bilingual_color-768x396.png 768w, http:\/\/www.si-hu.eu\/2127\/wp-content\/uploads\/sites\/14\/2025\/05\/Project-logo-Slovenia-Hungary_CONNECT_bilingual_color-800x413.png 800w, http:\/\/www.si-hu.eu\/2127\/wp-content\/uploads\/sites\/14\/2025\/05\/Project-logo-Slovenia-Hungary_CONNECT_bilingual_color-1024x529.png 1024w, http:\/\/www.si-hu.eu\/2127\/wp-content\/uploads\/sites\/14\/2025\/05\/Project-logo-Slovenia-Hungary_CONNECT_bilingual_color-1200x619.png 1200w, http:\/\/www.si-hu.eu\/2127\/wp-content\/uploads\/sites\/14\/2025\/05\/Project-logo-Slovenia-Hungary_CONNECT_bilingual_color-1536x793.png 1536w\" sizes=\"(max-width: 500px) 100vw, 500px\" \/>&nbsp;&nbsp;<\/p>\n<p><strong>Projekt c\u00edme:<\/strong> Kiszolg\u00e1ltatott c\u00e9lcsoportok \u00f6sszekapcsol\u00e1sa a t\u00e1rsadalmi kapcsolatok \u00e9s a ment\u00e1lis eg\u00e9szs\u00e9g er\u0151s\u00edt\u00e9se \u00e9rdek\u00e9ben Szlov\u00e9nia \u00e9s Magyarorsz\u00e1g hat\u00e1r menti t\u00e9rs\u00e9g\u00e9ben<\/p>\n<p><strong>Projekt k\u00f6lts\u00e9gvet\u00e9s <\/strong><strong>(ERFA t\u00e1rsfinansz\u00edroz\u00e1s): <\/strong>13.000,00&nbsp;EUR<\/p>\n<p><strong>Projekt id\u0151tartama:<\/strong> 2025.09.01. &#8211; 2026.02.28.<\/p>\n<p><strong>Projektpartnerek: <\/strong>Stella, zasebni zavod za krepitev du\u0161evnega zdravja in izobra\u017eevanje; Vasv\u00e1ri Nagyt\u00e9rs\u00e9gi N\u00e9pf\u0151iskol\u00e1\u00e9rt Alap\u00edtv\u00e1ny<\/p>\n<p>A projekt a Stella Int\u00e9zet \u00e9s a VNNA projektpartnerek egy\u00fcttm\u0171k\u00f6d\u00e9s\u00e9ben foglalkozik a demogr\u00e1fiai kih\u00edv\u00e1sokkal, a h\u00e1tr\u00e1nyos helyzet\u0171 csoportok t\u00e1rsadalmi elszigetelts\u00e9g\u00e9vel, a gener\u00e1ci\u00f3k k\u00f6z\u00f6tti egy\u00fcttm\u0171k\u00f6d\u00e9s hi\u00e1ny\u00e1val \u00e9s a ment\u00e1lis eg\u00e9szs\u00e9gfejleszt\u00e9s korl\u00e1tozott lehet\u0151s\u00e9geivel, amelyek kih\u00edv\u00e1st jelentenek a szlov\u00e9niai \u00e9s magyarorsz\u00e1gi programter\u00fcleten. Mind a magyarorsz\u00e1gi Vas v\u00e1rmegye, mind a szlov\u00e9niai Pomurje r\u00e9gi\u00f3 az el\u00f6reged\u0151 n\u00e9pess\u00e9g \u00e9s a fiatalok akt\u00edv elv\u00e1ndorl\u00e1s\u00e1nak probl\u00e9m\u00e1j\u00e1val k\u00fczd, k\u00fcl\u00f6n\u00f6sen a vid\u00e9ki ter\u00fcleteken. Mindez egyre ink\u00e1bb elszigeteltebb lakoss\u00e1ghoz, roml\u00f3 \u00e9letmin\u0151s\u00e9ghez, az egy\u00e9nek k\u00f6z\u00f6tti kapcsolatok hi\u00e1ny\u00e1hoz \u00e9s a betegs\u00e9gek sz\u00e9les k\u00f6r\u00e9nek kialakul\u00e1s\u00e1hoz vezet. A h\u00e1tr\u00e1nyos helyzet\u0171 c\u00e9lcsoportok azok, akiket a fentiek legink\u00e1bb korl\u00e1toznak, \u00e9s a kih\u00edv\u00e1sok kezel\u00e9se \u00f6sszehangolt er\u0151fesz\u00edt\u00e9seket ig\u00e9nyel a hat\u00e1r mindk\u00e9t oldal\u00e1n.<\/p>\n<p>A projekt f\u0151 c\u00e9lja a h\u00e1tr\u00e1nyos helyzet\u0171 c\u00e9lcsoportok ment\u00e1lis eg\u00e9szs\u00e9g\u00e9nek \u00e9s t\u00e1rsadalmi koh\u00e9zi\u00f3j\u00e1nak jav\u00edt\u00e1sa Szlov\u00e9nia \u00e9s Magyarorsz\u00e1g hat\u00e1r menti t\u00e9rs\u00e9g\u00e9ben a projektpartnerek h\u00e1l\u00f3zatba szervez\u00e9se \u00e9s az egy\u00fcttm\u0171k\u00f6d\u00e9s r\u00e9v\u00e9n, a kreat\u00edv \u00e9s pszichol\u00f3giai meger\u0151s\u00edt\u0151 tev\u00e9kenys\u00e9gekre \u00f6sszpontos\u00edtva. Ezt 4 workshop, illetve tev\u00e9kenys\u00e9gek szervez\u00e9s\u00e9vel \u00e9rik el k\u00fcl\u00f6nb\u00f6z\u0151 ter\u00fcleteken &#8211; m\u0171v\u00e9szet \u00e9s kreativit\u00e1s, zene \u00e9s t\u00e1nc, j\u00e1t\u00e9k \u00e9s gasztron\u00f3mia. A m\u0171helyek els\u0151sorban a kiszolg\u00e1ltatott c\u00e9lcsoportok, k\u00f6zt\u00fck az id\u0151sek, a t\u00e1rsadalmilag elszigetelt emberek, az alacsonyabb iskolai v\u00e9gzetts\u00e9g\u0171ek, a k\u00fcl\u00f6nb\u00f6z\u0151 fogyat\u00e9kkal \u00e9l\u0151k \u00e9s a fiatalok sz\u00e1m\u00e1ra lesznek hasznosak. A projekt egyik f\u0151 eredm\u00e9nye, hogy a projektben 2 szervezet &#8211; projektpartner &#8211; vesz r\u00e9szt, akik a projektben hossz\u00fa t\u00e1v\u00fa h\u00e1l\u00f3zat\u00e9p\u00edt\u00e9s c\u00e9lj\u00e1b\u00f3l fognak egy\u00fctt dolgozni a vesz\u00e9lyeztetett c\u00e9lcsoportok szoci\u00e1lis k\u00e9szs\u00e9geinek \u00e9s ment\u00e1lis eg\u00e9szs\u00e9g\u00e9nek er\u0151s\u00edt\u00e9se ter\u00e9n.<\/p>\n<p>A hat\u00e1rokon \u00e1tny\u00fal\u00f3 egy\u00fcttm\u0171k\u00f6d\u00e9s ezen a ter\u00fcleten lehet\u0151v\u00e9 teszi a h\u00e1l\u00f3zat\u00e9p\u00edt\u00e9st \u00e9s a k\u00fcl\u00f6nb\u00f6z\u0151 gyakorlatok \u00e9s tapasztalatok \u00f6sszehangol\u00e1s\u00e1t, mik\u00f6zben sz\u00e9lesebb k\u00f6z\u00f6ns\u00e9ghez jut el annak \u00e9rdek\u00e9ben, hogy er\u0151sebb kapcsolatokat \u00e9p\u00edtsen ki a k\u00fcl\u00f6nb\u00f6z\u0151 orsz\u00e1gokb\u00f3l \u00e9s gener\u00e1ci\u00f3kb\u00f3l sz\u00e1rmaz\u00f3 egy\u00e9nek k\u00f6z\u00f6tt, \u00e9s er\u0151s\u00edtse a t\u00e1mogat\u00f3 k\u00f6rnyezetet sz\u00e1mukra.<\/p>\n<p>A projekt c\u00e9lja a h\u00e1tr\u00e1nyos helyzet\u0171 c\u00e9lcsoportok ment\u00e1lis eg\u00e9szs\u00e9g\u00e9nek meger\u0151s\u00edt\u00e9se olyan innovat\u00edv \u00e9s kreat\u00edv m\u00f3dszerekkel, mint p\u00e9ld\u00e1ul a k\u00f6z\u00f6s zen\u00e9l\u00e9s, t\u00e1rsasj\u00e1t\u00e9kok k\u00e9sz\u00edt\u00e9se stb. Ezek a m\u00f3dszerek el\u0151seg\u00edtik az egy\u00fcttm\u0171k\u00f6d\u00e9st, az emp\u00e1ti\u00e1t \u00e9s a koh\u00e9zi\u00f3t. Az innovat\u00edv megk\u00f6zel\u00edt\u00e9s \u00fajdons\u00e1g\u00e1val t\u0171nik ki, \u00e9s lehet\u0151v\u00e9 teszi a m\u00e9lyebb integr\u00e1ci\u00f3t, f\u00fcggetlen\u00fcl a nyelvi vagy kultur\u00e1lis korl\u00e1tokt\u00f3l.<\/p>\n<p>Forr\u00e1s: p\u00e1ly\u00e1zati adatlap (SIHU00165)<\/p>\n<\/div><\/div><\/div><div class=\"fusion-panel panel-default\"><div class=\"panel-heading\"><h4 class=\"panel-title toggle\"><a aria-expanded=\"false\" aria-controls=\"96ad2a589e4a1d184\" role=\"button\" data-toggle=\"collapse\" data-parent=\"#accordion-4302-1\" data-target=\"#96ad2a589e4a1d184\" href=\"#96ad2a589e4a1d184\"><span class=\"fusion-toggle-icon-wrapper\" aria-hidden=\"true\"><i class=\"fa-fusion-box\" aria-hidden=\"true\"><\/i><\/span><span class=\"fusion-toggle-heading\">REGIOTASTE<\/span><\/a><\/h4><\/div><div id=\"96ad2a589e4a1d184\" class=\"panel-collapse collapse \"><div class=\"panel-body toggle-content fusion-clearfix\">\n<p><img class=\"alignnone size-medium wp-image-12994\" src=\"http:\/\/www.si-hu.eu\/2127\/wp-content\/uploads\/sites\/14\/2025\/06\/Project-logo-Slovenia-Hungary_REGIOTASTE_bilingual_color-500x258.png\" alt=\"\" width=\"500\" height=\"258\" srcset=\"http:\/\/www.si-hu.eu\/2127\/wp-content\/uploads\/sites\/14\/2025\/06\/Project-logo-Slovenia-Hungary_REGIOTASTE_bilingual_color-200x103.png 200w, http:\/\/www.si-hu.eu\/2127\/wp-content\/uploads\/sites\/14\/2025\/06\/Project-logo-Slovenia-Hungary_REGIOTASTE_bilingual_color-400x206.png 400w, http:\/\/www.si-hu.eu\/2127\/wp-content\/uploads\/sites\/14\/2025\/06\/Project-logo-Slovenia-Hungary_REGIOTASTE_bilingual_color-500x258.png 500w, http:\/\/www.si-hu.eu\/2127\/wp-content\/uploads\/sites\/14\/2025\/06\/Project-logo-Slovenia-Hungary_REGIOTASTE_bilingual_color-600x310.png 600w, http:\/\/www.si-hu.eu\/2127\/wp-content\/uploads\/sites\/14\/2025\/06\/Project-logo-Slovenia-Hungary_REGIOTASTE_bilingual_color-768x396.png 768w, http:\/\/www.si-hu.eu\/2127\/wp-content\/uploads\/sites\/14\/2025\/06\/Project-logo-Slovenia-Hungary_REGIOTASTE_bilingual_color-800x413.png 800w, http:\/\/www.si-hu.eu\/2127\/wp-content\/uploads\/sites\/14\/2025\/06\/Project-logo-Slovenia-Hungary_REGIOTASTE_bilingual_color-1024x529.png 1024w, http:\/\/www.si-hu.eu\/2127\/wp-content\/uploads\/sites\/14\/2025\/06\/Project-logo-Slovenia-Hungary_REGIOTASTE_bilingual_color-1200x619.png 1200w, http:\/\/www.si-hu.eu\/2127\/wp-content\/uploads\/sites\/14\/2025\/06\/Project-logo-Slovenia-Hungary_REGIOTASTE_bilingual_color-1536x793.png 1536w\" sizes=\"(max-width: 500px) 100vw, 500px\" \/>&nbsp;&nbsp;<\/p>\n<p><strong>Projekt c\u00edme:<\/strong> A szlov\u00e9n-magyar hat\u00e1rt\u00e9rs\u00e9g kulin\u00e1ris \u00f6r\u00f6ks\u00e9g\u00e9nek meg\u0151rz\u00e9se<\/p>\n<p><strong>Projekt k\u00f6lts\u00e9gvet\u00e9s <\/strong><strong>(ERFA t\u00e1rsfinansz\u00edroz\u00e1s): <\/strong>19.562,50&nbsp;EUR<\/p>\n<p><strong>Projekt id\u0151tartama:<\/strong> 2025.05.01. &#8211; 2025.10.31.<\/p>\n<p><strong>Projektpartnerek: <\/strong>Pomelaj, zadruga za razvoj pode\u017eelja, z.o.o.; Szlov\u00e9n Vid\u00e9k K\u00f6zhaszn\u00fa Nonprofit Kft<\/p>\n<p>A REGIOTASTE projekt a projektpartnerek, a Pomelaj Sz\u00f6vetkezet \u00e9s a Szlov\u00e9n Vid\u00e9k K\u00f6zhaszn\u00fa Nonprofit Kft hat\u00e1rokon \u00e1tny\u00fal\u00f3 egy\u00fcttm\u0171k\u00f6d\u00e9se r\u00e9v\u00e9n els\u0151sorban a gasztron\u00f3mia kultur\u00e1lis \u00f6r\u00f6ks\u00e9g elt\u0171n\u00e9s\u00e9vel kapcsolatos kih\u00edv\u00e1sokkal foglalkozik. A programter\u00fcletet hagyom\u00e1nyosan a helyi gasztron\u00f3miai k\u00fcl\u00f6nlegess\u00e9gek \u00e9s a kulin\u00e1ris ismeretek \u00e9s hagyom\u00e1nyok k\u00f6tik \u00f6ssze, az \u00fcnnepekhez \u00e9s szok\u00e1sokhoz f\u0151z\u00e9si ritu\u00e1l\u00e9k kapcsol\u00f3dnak, amelyeket a hat\u00e1r mindk\u00e9t oldal\u00e1n \u00e9l\u0151 lakosok \u00e9vsz\u00e1zadok \u00f3ta tisztelnek \u00e9s adnak \u00e1t gener\u00e1ci\u00f3r\u00f3l gener\u00e1ci\u00f3ra. A hat\u00e1r menti t\u00e9rs\u00e9gnek szembe kell n\u00e9znie az el\u00f6reged\u0151 n\u00e9pess\u00e9g \u00e9s a vid\u00e9ki ter\u00fcletekr\u0151l elv\u00e1ndorl\u00f3 fiatalok kih\u00edv\u00e1saival. A t\u00e9rs\u00e9gben a v\u00e1llalkoz\u00e1si lehet\u0151s\u00e9gek cs\u00f6kken\u00e9se, a nemzetis\u00e9gi nyelvek meg\u0151rz\u00e9se; a t\u00e9rs\u00e9g cs\u00f6kkent vonzereje, valamint a trendekkel val\u00f3 l\u00e9p\u00e9start\u00e1s \u00e9s a szoci\u00e1lisan h\u00e1tr\u00e1nyos helyzet\u0171 csoportok munkatev\u00e9kenys\u00e9gbe val\u00f3 bevon\u00e1sa jelentette kih\u00edv\u00e1sokkal is szembe kell n\u00e9znie.<\/p>\n<p>A projekt c\u00e9lja a hossz\u00fa t\u00e1v\u00fa int\u00e9zm\u00e9nyi egy\u00fcttm\u0171k\u00f6d\u00e9s \u00e9s bizalom\u00e9p\u00edt\u00e9s alapjainak megteremt\u00e9se a szlov\u00e9n-magyar hat\u00e1r menti t\u00e9rs\u00e9gben 7 workshopon kereszt\u00fcl az \u00e9tkez\u00e9si kult\u00fara \u00e9s a kulin\u00e1ris \u00f6r\u00f6ks\u00e9g meg\u0151rz\u00e9se ter\u00e9n \u00e9s annak innovat\u00edv megk\u00f6zel\u00edt\u00e9se. A gasztron\u00f3mia, mint szellemi kultur\u00e1lis \u00f6r\u00f6ks\u00e9g meg\u00e9rt\u00e9se \u00e9s v\u00e9delme mag\u00e1ban foglalja a t\u00e9rs\u00e9gre jellemz\u0151 hagyom\u00e1nyos \u00e9telek meg\u0151rz\u00e9s\u00e9t \u00e9s ezzel egyidej\u0171leg a hagyom\u00e1nyos ritu\u00e1l\u00e9k \u00f6r\u00f6ks\u00e9g\u00e9nek meg\u0151rz\u00e9s\u00e9t. Ezen \u00e9telek elk\u00e9sz\u00edt\u00e9s\u00e9t \u00f6vez\u0151 ritu\u00e1l\u00e9knak, szok\u00e1soknak, szimbolikus szerep\u00fck van, valamint az \u00e9tkez\u00e9si kult\u00far\u00e1ban bet\u00f6lt\u00f6tt nem is d\u00e9dany\u00e1ink, hanem sokkal r\u00e9gebbi gener\u00e1ci\u00f3k receptjei alapj\u00e1n k\u00e9sz\u00edtettek, \u00e9s amelyek m\u00e1r a feled\u00e9s hom\u00e1ly\u00e1ba vesznek. Ezek a r\u00e9gi, \u0151shonos \u00e9telek lehetnek h\u00e9tk\u00f6znapiak vagy \u00fcnnepi \u00e9telek (keresztel\u0151, sz\u00fcret, esk\u00fcv\u0151). A h\u00e1zi koszt r\u00e9gen a sz\u00fclet\u00e9st\u0151l a hal\u00e1lig elk\u00eds\u00e9rte az embereket, ez\u00e9rt is van nagy kultur\u00e1lis \u00e9rt\u00e9ke. A helyi konyha a szezonalit\u00e1shoz k\u00f6t\u0151dik. Ezenk\u00edv\u00fcl az \u00e9telek a f\u00f6ldrajzi ter\u00fclet nyelv\u00e9hez, k\u00fcl\u00f6n\u00f6sen a helyi k\u00f6z\u00f6ss\u00e9gek nyelvj\u00e1r\u00e1si saj\u00e1toss\u00e1gaihoz kapcsol\u00f3dnak. A gasztron\u00f3mia nyelve egy\u00e9bk\u00e9nt a hagyom\u00e1nyos \u00e9telekkel egy\u00fctt feled\u00e9sbe mer\u00fcl.<\/p>\n<p>A kulin\u00e1ris \u00f6r\u00f6ks\u00e9g \u00e9rt\u00e9ke felbecs\u00fclhetetlen a bizonytalan glob\u00e1lis trendek, az emelked\u0151 \u00e9lelmiszer\u00e1rak \u00e9s a negat\u00edv k\u00f6rnyezeti hat\u00e1sok k\u00f6zepette. A h\u00e1zias, tradicion\u00e1lis \u00e9teleket meg kell \u0151rizni a fiatalok sz\u00e1m\u00e1ra, \u00e9s magasabb szintre kell emelni.&nbsp; A helyi gasztron\u00f3miai k\u00fcl\u00f6nlegess\u00e9gek gy\u0171jt\u00e9se kutat\u00e1si feladat form\u00e1j\u00e1ban val\u00f3sul meg. A m\u0171helymunk\u00e1k mentori megk\u00f6zel\u00edt\u00e9sen alapulnak, \u00e9s az els\u0151 m\u0171helymunk\u00e1n a kulin\u00e1ris szak\u00e9rt\u0151k, p\u00e9ld\u00e1ul helyi h\u00e1ziasszonyok, vend\u00e9gl\u00e1t\u00f3sok, turisztikai dolgoz\u00f3k, v\u00e1llalkoz\u00f3k tal\u00e1lkoznak a hat\u00e1rmenti programter\u00fcletr\u0151l, hogy kidolgozz\u00e1k a kutat\u00e1si projekt strat\u00e9gi\u00e1j\u00e1t a fiatalokkal folytatott tev\u00e9kenys\u00e9gekhez, ak\u00e1r a projekt befejez\u00e9se ut\u00e1n is. A f\u0151 hat\u00e1smutat\u00f3k a k\u00f6vetkez\u0151k: 2 szervezet 3 \u00e1ltal\u00e1nos iskol\u00e1val hat\u00e1ron \u00e1tny\u00fal\u00f3 egy\u00fcttm\u0171k\u00f6d\u00e9st alakit ki a gasztron\u00f3mia, a kult\u00fara \u00e9s a kultur\u00e1lis \u00f6r\u00f6ks\u00e9g ter\u00fclet\u00e9n, valamint 7 k\u00f6z\u00f6sen szervezett hat\u00e1ron \u00e1tny\u00fal\u00f3 rendezv\u00e9ny a kulin\u00e1ris \u00f6r\u00f6ks\u00e9g meg\u0151rz\u00e9se t\u00e9m\u00e1j\u00e1ban a fiatalok sz\u00e1m\u00e1ra. A szervezetek k\u00f6z\u00f6tti egy\u00fcttm\u0171k\u00f6d\u00e9s, valamint a m\u0171helymunk\u00e1k \u00e9s rendezv\u00e9nyek szervez\u00e9se a projektpartnerek mellett minden m\u00e1s \u00e9rdekl\u0151d\u0151 sz\u00e1m\u00e1ra is el\u0151ny\u00f6s \u00e9s hasznos lesz, akiket k\u00fcl\u00f6nb\u00f6z\u0151 kommunik\u00e1ci\u00f3s eszk\u00f6z\u00f6kkel \u00e9rnek el. A f\u0151 c\u00e9lcsoport a fiatalok, akikben l\u00e1tjuk a meg\u0151rz\u00e9s \u00e9s a fejleszt\u00e9s lehet\u0151s\u00e9g\u00e9t. A haszon abban fog megmutatkozni, hogy a c\u00e9lcsoportok jobban megismerik a projekt \u00e1ltal \u00e9rintett probl\u00e9ma \u00f6sszetetts\u00e9g\u00e9t. A hat\u00e1ron \u00e1tny\u00fal\u00f3 r\u00e9gi\u00f3 is vonz\u00f3bb\u00e1 v\u00e1lik a projekt eredm\u00e9nyeinek k\u00f6sz\u00f6nhet\u0151en. A r\u00e9sztvev\u0151 int\u00e9zm\u00e9nyek, amelyeket a kulin\u00e1ris \u00f6r\u00f6ks\u00e9g hat\u00e1rokon \u00e1t\u00edvel\u0151 meg\u0151rz\u00e9se hoz \u00f6ssze, ugyanazokkal a kih\u00edv\u00e1sokkal n\u00e9znek szembe egy egykor k\u00f6z\u00f6s t\u00e9rs\u00e9gben. A t\u00e9rs\u00e9g konyh\u00e1ja \u00e9s gasztron\u00f3miai gyakorlatai ugyanazokban a hagyom\u00e1nyokban gy\u00f6kereznek. A hat\u00e1r egyik oldal\u00e1n bizonyos \u00e9teleket m\u00e9g mindig \u0151riznek, m\u00edg a m\u00e1sik oldalon a feled\u00e9s hom\u00e1ly\u00e1ba mer\u00fcltek, \u00e9s ford\u00edtva. Ez\u00e9rt van m\u00e9g nagyobb sz\u00fcks\u00e9g a hat\u00e1rokon \u00e1tny\u00fal\u00f3 egy\u00fcttm\u0171k\u00f6d\u00e9sre, amely j\u00f3 lehet\u0151s\u00e9geket mutat a t\u00e9rs\u00e9g fejl\u0151d\u00e9s\u00e9re, olyan szervezetek t\u00e1mogat\u00e1s\u00e1val, amelyek rendelkeznek az \u00f6r\u00f6ks\u00e9g meg\u0151rz\u00e9s\u00e9hez \u00e9s a tud\u00e1s \u00e1tad\u00e1s\u00e1hoz a fiataloknak sz\u00fcks\u00e9ges know-how-val \u00e9s tapasztalattal. A hagyom\u00e1nyos hat\u00e1r menti konyha gazdags\u00e1g\u00e1b\u00f3l sz\u00e1rmaz\u00f3 \u0151shonos \u00e9telek meg\u0151rz\u00e9s\u00e9vel a gasztron\u00f3mia \u00faj szintre emel\u00e9s\u00e9ben rejlik a lehet\u0151s\u00e9g, a receptek naprak\u00e9ssz\u00e9 t\u00e9tel\u00e9vel, a fiatalok \u00e9s mentoraik sz\u00e1m\u00e1ra k\u00f6vethet\u0151 m\u00f3don. A projekt modern technol\u00f3gi\u00e1t alkalmaz a dokument\u00e1l\u00e1sban, a kulin\u00e1ris m\u0171helyekben pedig gyakorlatias m\u00f3don adj\u00e1k \u00e1t nekik a tud\u00e1st, \u00e9s innovat\u00edv megk\u00f6zel\u00edt\u00e9ssel, trendi m\u00f3don moderniz\u00e1lj\u00e1k az \u00e9teleket. A hat\u00e1smutat\u00f3k k\u00f6z\u00f6tt szerepelnek a helyi \u00e9s szezon\u00e1lis nyersanyagok felhaszn\u00e1l\u00e1s\u00e1val kapcsolatos figyelemfelkelt\u00e9s, a gener\u00e1ci\u00f3k k\u00f6z\u00f6tti kapcsolatok, a nyelvj\u00e1r\u00e1si kifejez\u00e9sek \u00e9s a nyelv meg\u0151rz\u00e9se, a szoci\u00e1lisan h\u00e1tr\u00e1nyos helyzet\u0171 emberek bevon\u00e1sa, a tev\u00e9kenys\u00e9gek megszervez\u00e9s\u00e9nek elt\u00e9r\u0151 m\u00f3dja, a befoly\u00e1sos szerepl\u0151k bevon\u00e1sa.<\/p>\n<p>Forr\u00e1s: p\u00e1ly\u00e1zati adatlap (SIHU00173)<\/p>\n<\/div><\/div><\/div><div class=\"fusion-panel panel-default\"><div class=\"panel-heading\"><h4 class=\"panel-title toggle\"><a aria-expanded=\"false\" aria-controls=\"c5b70f0433542d3fd\" role=\"button\" data-toggle=\"collapse\" data-parent=\"#accordion-4302-1\" data-target=\"#c5b70f0433542d3fd\" href=\"#c5b70f0433542d3fd\"><span class=\"fusion-toggle-icon-wrapper\" aria-hidden=\"true\"><i class=\"fa-fusion-box\" aria-hidden=\"true\"><\/i><\/span><span class=\"fusion-toggle-heading\">Neighborhood<\/span><\/a><\/h4><\/div><div id=\"c5b70f0433542d3fd\" class=\"panel-collapse collapse \"><div class=\"panel-body toggle-content fusion-clearfix\">\n<p><img class=\"alignnone size-medium wp-image-13001\" src=\"http:\/\/www.si-hu.eu\/2127\/wp-content\/uploads\/sites\/14\/2025\/06\/Project-logo-Slovenia-Hungary_Neighborhood_bilingual_color-500x258.png\" alt=\"\" width=\"500\" height=\"258\" srcset=\"http:\/\/www.si-hu.eu\/2127\/wp-content\/uploads\/sites\/14\/2025\/06\/Project-logo-Slovenia-Hungary_Neighborhood_bilingual_color-200x103.png 200w, http:\/\/www.si-hu.eu\/2127\/wp-content\/uploads\/sites\/14\/2025\/06\/Project-logo-Slovenia-Hungary_Neighborhood_bilingual_color-400x206.png 400w, http:\/\/www.si-hu.eu\/2127\/wp-content\/uploads\/sites\/14\/2025\/06\/Project-logo-Slovenia-Hungary_Neighborhood_bilingual_color-500x258.png 500w, http:\/\/www.si-hu.eu\/2127\/wp-content\/uploads\/sites\/14\/2025\/06\/Project-logo-Slovenia-Hungary_Neighborhood_bilingual_color-600x310.png 600w, http:\/\/www.si-hu.eu\/2127\/wp-content\/uploads\/sites\/14\/2025\/06\/Project-logo-Slovenia-Hungary_Neighborhood_bilingual_color-768x396.png 768w, http:\/\/www.si-hu.eu\/2127\/wp-content\/uploads\/sites\/14\/2025\/06\/Project-logo-Slovenia-Hungary_Neighborhood_bilingual_color-800x413.png 800w, http:\/\/www.si-hu.eu\/2127\/wp-content\/uploads\/sites\/14\/2025\/06\/Project-logo-Slovenia-Hungary_Neighborhood_bilingual_color-1024x529.png 1024w, http:\/\/www.si-hu.eu\/2127\/wp-content\/uploads\/sites\/14\/2025\/06\/Project-logo-Slovenia-Hungary_Neighborhood_bilingual_color-1200x619.png 1200w, http:\/\/www.si-hu.eu\/2127\/wp-content\/uploads\/sites\/14\/2025\/06\/Project-logo-Slovenia-Hungary_Neighborhood_bilingual_color-1536x793.png 1536w\" sizes=\"(max-width: 500px) 100vw, 500px\" \/>&nbsp;&nbsp;<\/p>\n<p><strong>Projekt c\u00edme:<\/strong> Szomsz\u00e9dol\u00e1s az \u0150rs\u00e9gt\u0151l a Mur\u00e1ig<\/p>\n<p><strong>Projekt k\u00f6lts\u00e9gvet\u00e9s <\/strong><strong>(ERFA t\u00e1rsfinansz\u00edroz\u00e1s): <\/strong>20.312,50&nbsp;EUR<\/p>\n<p><strong>Projekt id\u0151tartama:<\/strong> 2025.04.01. &#8211; 2025.09.30.<\/p>\n<p><strong>Projektpartnerek:<\/strong>Visz\u00e1ki Veter\u00e1n Klub; Turisti\u010dno in okoljevarstveno dru\u0161tvo Peti\u0161ovci<\/p>\n<p>Az eg\u00e9sz Eur\u00f3p\u00e1ra jellemz\u0151 jellemz\u0151 el\u00f6reged\u00e9s szemmel l\u00e1that\u00f3lag jelen van a szlov\u00e9n-magyar hat\u00e1rmenti, f\u0151leg a kisebb telep\u00fcl\u00e9seken is, \u00fagy mint a programter\u00fcletk\u00e9nt meghat\u00e1rozott telep\u00fcl\u00e9seken, a szlov\u00e9n Petesh\u00e1z\u00e1n \u00e9s a magyar Visz\u00e1kon. E telep\u00fcl\u00e9seken szinte egy eg\u00e9sz &#8211; a 35 \u00e9s 55 \u00e9v k\u00f6z\u00f6tti \u2013 koroszt\u00e1ly hi\u00e1nyzik az alacsonyabb l\u00e9leksz\u00e1m\u00fa telep\u00fcl\u00e9sek k\u00f6z\u00f6ss\u00e9gi \u00e9let\u00e9b\u0151l. Gondot okoz a civil t\u00e1rsadalom \u00e9s a k\u00f6z\u00f6ss\u00e9gek ut\u00e1np\u00f3tl\u00e1sa, mely k\u00fcl\u00f6n\u00f6sen a k\u00f6z\u00f6ss\u00e9gfejleszt\u0151, hagyom\u00e1ny\u0151rz\u0151 \u2013 kev\u00e9sb\u00e9 polg\u00e1r\u0151r, \u00f6nk\u00e9tes t\u0171zolt\u00f3 &#8211; civil szervezeteket \u00e9rinti \u00e9rz\u00e9kenyen. Az a koroszt\u00e1ly, mely biztos\u00edtan\u00e1 a hagyom\u00e1nyok \u00e1pol\u00e1s\u00e1t, a szok\u00e1sok tov\u00e1bbvitel\u00e9t, az ismeretek tov\u00e1bb \u0151rz\u00e9s\u00e9t jelenleg ugyan ott \u00e9l, azonban l\u00e1thatatlan. Nem vesznek r\u00e9szt a k\u00f6z\u00f6ss\u00e9gi \u00e9letben, nem mutatnak aktivit\u00e1st a helyi d\u00f6nt\u00e9shoz\u00f3i folyamatokban. A fiatalok (15-25 \u00e9ves koroszt\u00e1ly) egy\u00e1ltal\u00e1n nem kapcsol\u00f3dnak be a telep\u00fcl\u00e9sek k\u00f6z\u00f6ss\u00e9gi \u00e9let\u00e9be, az akt\u00edv k\u00f6z\u00e9pkor\u00faak (35-55 \u00e9ves koroszt\u00e1ly) ugyan mutatnak n\u00e9mi aktivit\u00e1st, de nem elegend\u0151 m\u00e9rt\u00e9kben. Ezen koroszt\u00e1lyok t\u00e1volmarad\u00e1sa egy kis telep\u00fcl\u00e9s k\u00f6z\u00f6ss\u00e9g\u00e9nek \u00e9let\u00e9ben kultur\u00e1lis probl\u00e9m\u00e1kat is felvet, hiszen a helyi hagyom\u00e1nyok, helyi kincsek meg\u0151rz\u00e9se (n\u00e9pdalok, t\u00e1ncok, szok\u00e1sok) \u00e1tad\u00e1sa, meg\u0151rz\u00e9se akad\u00e1lyba \u00fctk\u00f6zik.<\/p>\n<p>Projekt\u00fcnk e kih\u00edv\u00e1sra k\u00edv\u00e1n megold\u00e1st tal\u00e1lni, legal\u00e1bbis igyekszik a kezdeti l\u00e9p\u00e9seket megtenni.<\/p>\n<p>A siker kulcsa az, hogy a telep\u00fcl\u00e9sek k\u00e9pesek legyenek alkalmazkodni a demogr\u00e1fiai v\u00e1ltoz\u00e1sokhoz, \u00e9s kihaszn\u00e1lj\u00e1k azokat az er\u0151forr\u00e1sokat, amelyekkel rendelkeznek. Az \u00f6nkorm\u00e1nyzatoknak, a civil szervezeteknek \u00e9s a lakosoknak egy\u00fctt kell m\u0171k\u00f6dni\u00fck, hogy megtal\u00e1lj\u00e1k a leghat\u00e9konyabb megold\u00e1sokat.<\/p>\n<p>Projekt\u00fcnk c\u00e9lja a magyar Visz\u00e1k \u00e9s a szlov\u00e9n Petesh\u00e1za telep\u00fcl\u00e9sek kapcs\u00e1n a fiatal koroszt\u00e1ly integr\u00e1l\u00e1sa a k\u00f6z\u00f6ss\u00e9gi \u00e9letbe, a civil szervezetek tags\u00e1g\u00e1nak n\u00f6vel\u00e9se kultur\u00e1lis \u00e9s m\u0171v\u00e9szeti \u00e9rt\u00e9kteremt\u0151 tal\u00e1lkoz\u00f3k \u00e9s figyelemfelh\u00edv\u00f3 kezdem\u00e9nyez\u00e9sek, tov\u00e1bb\u00e1 tud\u00e1smegoszt\u00f3 alkalmak szervez\u00e9s\u00e9vel, \u00fagy, hogy k\u00f6zben a k\u00e9t telep\u00fcl\u00e9s hat\u00e1ron \u00e1tny\u00fal\u00f3 egy\u00fcttm\u0171k\u00f6d\u00e9se szorosabb\u00e1 v\u00e1lik mind civil t\u00e1rsadalmi, mind pedig a lakoss\u00e1g tekintet\u00e9ben, s szinteret biztos\u00edt a gener\u00e1ci\u00f3k k\u00f6z\u00f6tti egy\u00fcttm\u0171k\u00f6d\u00e9snek.<\/p>\n<p>A partners\u00e9g tudat\u00e1ban van annak, hogy megjel\u00f6lt c\u00e9lcsoportok, de legink\u00e1bb a fiatalok bevon\u00e1sa egy hossz\u00fa t\u00e1v\u00fa folyamat, a siker kulcsa azonban az \u0151szinte \u00e9rdekl\u0151d\u00e9s, a k\u00f6z\u00f6s gondolkod\u00e1s \u00e9s a folyamatos kommunik\u00e1ci\u00f3, melyet jelen projekt igyekszik figyelembe venni. A k\u00f6z\u00f6ss\u00e9gi rendezv\u00e9nyeknek kiemelked\u0151 szerep\u00fck van a helyi identit\u00e1s er\u0151s\u00edt\u00e9s\u00e9ben. A projekt a k\u00f6z\u00f6s \u00e9lm\u00e9nyekre, azok meg\u00e9l\u00e9s\u00e9re, a hagyom\u00e1nyok \u00e1pol\u00e1sa, a helyi \u00e9rt\u00e9kek k\u00f6z\u00f6s bemutat\u00e1sa f\u00f3kusz\u00e1l.<\/p>\n<p>A hagyom\u00e1nyok \u00e1t\u00f6r\u00f6k\u00edt\u00e9s\u00e9ben a rendezv\u00e9nyeknek kiemelked\u0151 szerep\u00fck van, ez\u00e9rt projekt\u00fcnkbe olyan tev\u00e9kenys\u00e9geket igyekezt\u00fcnk tervezni, mely els\u0151sorban az \u00e9rintett koroszt\u00e1lyt (fiatalok, k\u00f6z\u00e9pkor\u00faak), mint befogad\u00f3, m\u00e1sodsorban pedig az id\u0151s koroszt\u00e1lyt, mint \u00e1tad\u00f3 k\u00edv\u00e1njuk bevonni. Az id\u0151sek tud\u00e1s\u00e1t fel kell jegyezni, dokument\u00e1lni, hogy az elj\u00f6vend\u0151 gener\u00e1ci\u00f3k sz\u00e1m\u00e1ra is hozz\u00e1f\u00e9rhet\u0151 legyen. A hagyom\u00e1ny\u0151rz\u0151 rendezv\u00e9nyek tematik\u00e1j\u00e1t, kommunik\u00e1ci\u00f3j\u00e1t, \u00fczenet\u00e9t, pedig a megsz\u00f3l\u00edtand\u00f3 c\u00e9lcsoportokhoz igyeksz\u00fcnk igaz\u00edtani, hogy ez\u00e1ltal \u00e9rdekesebb\u00e9, interakt\u00edvabb\u00e1 v\u00e1ljon, hogy a bevonand\u00f3 koroszt\u00e1lyok is sz\u00edvesen r\u00e9szt vegyenek rajtuk.<\/p>\n<p>A projekt megold\u00e1sk\u00e9nt az al\u00e1bbi tev\u00e9kenys\u00e9gek tudatos egym\u00e1sra \u00e9p\u00edt\u00e9s\u00e9vel igyekszik a felmer\u00fcl\u0151 probl\u00e9m\u00e1t orvosolni a hat\u00e1ron \u00e1tny\u00fal\u00f3 civil egy\u00fcttm\u0171k\u00f6d\u00e9sek jav\u00edt\u00e1s\u00e1ra, a telep\u00fcl\u00e9si k\u00f6z\u00f6ss\u00e9gek fejleszt\u00e9se, a fiatal koroszt\u00e1ly k\u00f6z\u00f6ss\u00e9gbe von\u00e1sa, az egyes\u00fcletei tagl\u00e9tsz\u00e1m n\u00f6vel\u00e9se \u00e9rdek\u00e9ben:<\/p>\n<ul>\n<li>Civil, telep\u00fcl\u00e9si \u00e9s int\u00e9zm\u00e9nyi egy\u00fcttm\u0171k\u00f6d\u00e9sek kialak\u00edt\u00e1sa, egy\u00fcttm\u0171k\u00f6d\u0151 partnerek (telep\u00fcl\u00e9si vezet\u0151k, civil k\u00e9pvisel\u0151k \u00e9s int\u00e9zm\u00e9nyi vezet\u0151k tal\u00e1lkoz\u00e1sa<\/li>\n<li>Tanulm\u00e1nyutak<\/li>\n<li>Amat\u0151r fot\u00f3p\u00e1ly\u00e1zat \u00e9s ki\u00e1ll\u00edt\u00e1s<\/li>\n<li>\u0150rs\u00e9g-Muravid\u00e9k Tal\u00e1lkoz\u00f3 \u00e9s Kultur\u00e1lis Fesztiv\u00e1l<\/li>\n<\/ul>\n<p>E hat\u00e1ron \u00e1tny\u00fal\u00f3 kezdem\u00e9nyez\u00e9sek seg\u00edtik a k\u00f6z\u00f6s probl\u00e9m\u00e1k hat\u00e9konyabb megold\u00e1s\u00e1ban, hiszen a partners\u00e9get alkot\u00f3 civil szervezetek m\u00e1s-m\u00e1s gazdas\u00e1gi \u00e9s k\u00f6rnyezeti kult\u00far\u00e1b\u00f3l \u00e9rkeznek, \u00edgy tapasztalataik, er\u0151forr\u00e1saik mindenk\u00e9ppen gazdag\u00edtj\u00e1k a befogad\u00f3 felet.<\/p>\n<p>Projekt\u00fcnk az al\u00e1bbi innovat\u00edv m\u00f3dszerek alkalmaz\u00e1s\u00e1val k\u00edv\u00e1nja a 15-25 \u00e9ves fiatal, illetve a 35-55 \u00e9ves koroszt\u00e1lyt bevonni a k\u00f6z\u00f6ss\u00e9gi \u00e9letbe e k\u00e9t telep\u00fcl\u00e9sen:<\/p>\n<p>R\u00e9szv\u00e9teli lehet\u0151s\u00e9gek biztos\u00edt\u00e1sa:<\/p>\n<ul>\n<li>A fiatalok bevon\u00e1sa a d\u00f6nt\u00e9shozatalba, \u00f6tleteik megval\u00f3s\u00edt\u00e1s\u00e1nak t\u00e1mogat\u00e1sa<\/li>\n<li>V\u00e1ltozatos programok: C\u00e9lcsoport \u00e9rdekl\u0151d\u00e9si k\u00f6r\u00e9hez, \u00e9letkori saj\u00e1toss\u00e1gaihoz igaz\u00edtott (zenei programok, Fiatalok Kertje &#8211; fa\u00fcltet\u00e9s) programok el\u0151t\u00e9rbe helyez\u00e9se<\/li>\n<li>\u00d6nk\u00e9ntes munka: fiatalok bevon\u00e1sa k\u00f6z\u00f6ss\u00e9gi projektekbe<\/li>\n<\/ul>\n<p>Kommunik\u00e1ci\u00f3:<\/p>\n<ul>\n<li>A fiatalok bevon\u00e1sa a kommunik\u00e1ci\u00f3s eszk\u00f6z\u00f6k tervez\u00e9s\u00e9be<\/li>\n<\/ul>\n<p>Hagyom\u00e1nyok \u00e9s identit\u00e1s er\u0151s\u00edt\u00e9se:<\/p>\n<ul>\n<li>N\u00e9pi hagyom\u00e1nyok \u00e1pol\u00e1sa: t\u00e1nch\u00e1z, gasztron\u00f3miai verseny<\/li>\n<li>Helyi \u00e9rt\u00e9kek sz\u00e1mba v\u00e9tele, azok megismertet\u00e9se: amat\u0151r fot\u00f3p\u00e1ly\u00e1zat, ki\u00e1ll\u00edt\u00e1sok szervez\u00e9se<\/li>\n<li>K\u00f6z\u00f6ss\u00e9gi rendezv\u00e9nyek: helyi \u00fcnnepekhez igaz\u00edtott rendezv\u00e9nyek, tal\u00e1lkoz\u00f3k, helyi term\u00e9keket bemutat\u00f3 v\u00e1s\u00e1rok szervez\u00e9se<\/li>\n<\/ul>\n<p>Forr\u00e1s: p\u00e1ly\u00e1zati adatlap (SIHU00159)<\/p>\n<\/div><\/div><\/div><\/div><\/div><\/div><style type=\"text\/css\">.fusion-body .fusion-builder-column-19{width:80% !important;margin-top : 0px;margin-bottom : 20px;}.fusion-builder-column-19 > .fusion-column-wrapper {padding-top : 0px !important;padding-right : 0px !important;margin-right : 2.4%;padding-bottom : 0px !important;padding-left : 0px !important;margin-left : 2.4%;}@media only screen and (max-width:1024px) {.fusion-body .fusion-builder-column-19{width:80% !important;order : 0;}.fusion-builder-column-19 > .fusion-column-wrapper {margin-right : 2.4%;margin-left : 2.4%;}}@media only screen and (max-width:640px) {.fusion-body .fusion-builder-column-19{width:100% !important;order : 0;}.fusion-builder-column-19 > .fusion-column-wrapper {margin-right : 1.92%;margin-left : 1.92%;}}<\/style><\/div><\/div><style type=\"text\/css\">.fusion-body .fusion-flex-container.fusion-builder-row-2{ padding-top : 0px;margin-top : 0px;padding-right : 0px;padding-bottom : 0px;margin-bottom : 0px;padding-left : 0px;}<\/style><\/div><\/div><div id=\"map\"><div class=\"fusion-fullwidth fullwidth-box fusion-builder-row-3 fusion-flex-container nonhundred-percent-fullwidth non-hundred-percent-height-scrolling\" style=\"background-color: rgba(255,255,255,0);background-position: center center;background-repeat: no-repeat;border-width: 0px 0px 0px 0px;border-color:#e2e2e2;border-style:solid;\" ><div class=\"fusion-builder-row fusion-row fusion-flex-align-items-flex-start\" style=\"max-width:1248px;margin-left: calc(-4% \/ 2 );margin-right: calc(-4% \/ 2 );\"><div class=\"fusion-layout-column fusion_builder_column fusion-builder-column-20 fusion_builder_column_1_1 1_1 fusion-flex-column\"><div class=\"fusion-column-wrapper fusion-flex-justify-content-flex-start fusion-content-layout-column\" style=\"background-position:left top;background-repeat:no-repeat;-webkit-background-size:cover;-moz-background-size:cover;-o-background-size:cover;background-size:cover;padding: 0px 0px 0px 0px;\"><style type=\"text\/css\">@media only screen and (max-width:1024px) {.fusion-title.fusion-title-7{margin-top:30px!important; margin-right:0px!important;margin-bottom:15px!important;margin-left:0px!important;}}@media only screen and (max-width:640px) {.fusion-title.fusion-title-7{margin-top:10px!important; margin-right:0px!important;margin-bottom:10px!important; margin-left:0px!important;}}<\/style><div class=\"fusion-title title fusion-title-7 fusion-sep-none fusion-title-text fusion-title-size-two\" style=\"margin-top:30px;margin-right:0px;margin-bottom:15px;margin-left:0px;\"><h2 class=\"title-heading-left\" style=\"margin:0;\">T\u00e9rk\u00e9p<\/h2><\/div><div class=\"fusion-separator fusion-full-width-sep\" style=\"align-self: center;margin-left: auto;margin-right: auto;width:100%;\"><div class=\"fusion-separator-border sep-single sep-solid\" style=\"border-color:#e2e2e2;border-top-width:1px;\"><\/div><\/div><div class=\"fusion-text fusion-text-7\"><p style=\"text-align: center;\"><iframe src=\"https:\/\/www.google.com\/maps\/d\/embed?mid=1RZ-s6-ei_jZx2MDD62hOyaXKNrbLWqs&amp;ehbc=2E312F\" width=\"640\" height=\"480\"><\/iframe><\/p>\n<\/div><\/div><style type=\"text\/css\">.fusion-body .fusion-builder-column-20{width:100% !important;margin-top : 0px;margin-bottom : 20px;}.fusion-builder-column-20 > .fusion-column-wrapper {padding-top : 0px !important;padding-right : 0px !important;margin-right : 1.92%;padding-bottom : 0px !important;padding-left : 0px !important;margin-left : 1.92%;}@media only screen and (max-width:1024px) {.fusion-body .fusion-builder-column-20{width:100% !important;order : 0;}.fusion-builder-column-20 > .fusion-column-wrapper {margin-right : 1.92%;margin-left : 1.92%;}}@media only screen and (max-width:640px) {.fusion-body .fusion-builder-column-20{width:100% !important;order : 0;}.fusion-builder-column-20 > .fusion-column-wrapper {margin-right : 1.92%;margin-left : 1.92%;}}<\/style><\/div><\/div><style type=\"text\/css\">.fusion-body .fusion-flex-container.fusion-builder-row-3{ padding-top : 0px;margin-top : 0px;padding-right : 0px;padding-bottom : 0px;margin-bottom : 0px;padding-left : 0px;}<\/style><\/div><\/div><div id=\"guidelines\"><div class=\"fusion-fullwidth fullwidth-box fusion-builder-row-4 fusion-flex-container nonhundred-percent-fullwidth non-hundred-percent-height-scrolling\" style=\"background-color: rgba(255,255,255,0);background-position: center center;background-repeat: no-repeat;border-width: 0px 0px 0px 0px;border-color:#e2e2e2;border-style:solid;\" ><div class=\"fusion-builder-row fusion-row fusion-flex-align-items-stretch\" style=\"max-width:1248px;margin-left: calc(-4% \/ 2 );margin-right: calc(-4% \/ 2 );\"><div class=\"fusion-layout-column fusion_builder_column fusion-builder-column-21 fusion_builder_column_1_1 1_1 fusion-flex-column\"><div class=\"fusion-column-wrapper fusion-flex-justify-content-flex-start fusion-content-layout-column\" style=\"background-position:left top;background-repeat:no-repeat;-webkit-background-size:cover;-moz-background-size:cover;-o-background-size:cover;background-size:cover;padding: 0px 0px 0px 0px;\"><div class=\"fusion-separator fusion-display-normal-only fusion-full-width-sep\" style=\"align-self: center;margin-left: auto;margin-right: auto;width:100%;\"><div class=\"fusion-separator-border sep-single sep-solid\" style=\"border-color:#e2e2e2;border-top-width:1px;\"><\/div><\/div>\n<\/div><style type=\"text\/css\">.fusion-body .fusion-builder-column-21{width:100% !important;margin-top : 0px;margin-bottom : 20px;}.fusion-builder-column-21 > .fusion-column-wrapper {padding-top : 0px !important;padding-right : 0px !important;margin-right : 1.92%;padding-bottom : 0px !important;padding-left : 0px !important;margin-left : 1.92%;}@media only screen and (max-width:1024px) {.fusion-body .fusion-builder-column-21{width:100% !important;order : 0;}.fusion-builder-column-21 > .fusion-column-wrapper {margin-right : 1.92%;margin-left : 1.92%;}}@media only screen and (max-width:640px) {.fusion-body .fusion-builder-column-21{width:100% !important;order : 0;}.fusion-builder-column-21 > .fusion-column-wrapper {margin-right : 1.92%;margin-left : 1.92%;}}<\/style><\/div><div class=\"fusion-layout-column fusion_builder_column fusion-builder-column-22 fusion_builder_column_1_1 1_1 fusion-flex-column\"><div class=\"fusion-column-wrapper fusion-flex-justify-content-flex-start fusion-content-layout-column\" style=\"background-position:left top;background-repeat:no-repeat;-webkit-background-size:cover;-moz-background-size:cover;-o-background-size:cover;background-size:cover;padding: 0px 0px 0px 0px;\"><style type=\"text\/css\">@media only screen and (max-width:1024px) {.fusion-title.fusion-title-8{margin-top:30px!important; margin-right:0px!important;margin-bottom:15px!important;margin-left:0px!important;}}@media only screen and (max-width:640px) {.fusion-title.fusion-title-8{margin-top:10px!important; margin-right:0px!important;margin-bottom:10px!important; margin-left:0px!important;}}<\/style><div class=\"fusion-title title fusion-title-8 fusion-sep-none fusion-title-text fusion-title-size-two\" style=\"margin-top:30px;margin-right:0px;margin-bottom:15px;margin-left:0px;\"><h2 class=\"title-heading-left\" style=\"margin:0;\">K\u00e9zik\u00f6nyv a kedvezm\u00e9nyezetteknek<\/h2><\/div><div class=\"fusion-separator fusion-full-width-sep\" style=\"align-self: center;margin-left: auto;margin-right: auto;width:100%;\"><div class=\"fusion-separator-border sep-single sep-solid\" style=\"border-color:#e2e2e2;border-top-width:1px;\"><\/div><\/div><\/div><style type=\"text\/css\">.fusion-body .fusion-builder-column-22{width:100% !important;margin-top : 37px;margin-bottom : 20px;}.fusion-builder-column-22 > .fusion-column-wrapper {padding-top : 0px !important;padding-right : 0px !important;margin-right : 1.92%;padding-bottom : 0px !important;padding-left : 0px !important;margin-left : 1.92%;}@media only screen and (max-width:1024px) {.fusion-body .fusion-builder-column-22{width:100% !important;order : 0;}.fusion-builder-column-22 > .fusion-column-wrapper {margin-right : 1.92%;margin-left : 1.92%;}}@media only screen and (max-width:640px) {.fusion-body .fusion-builder-column-22{width:100% !important;order : 0;}.fusion-builder-column-22 > .fusion-column-wrapper {margin-right : 1.92%;margin-left : 1.92%;}}<\/style><\/div><div class=\"fusion-layout-column fusion_builder_column fusion-builder-column-23 fusion_builder_column_2_3 2_3 fusion-flex-column\"><div class=\"fusion-column-wrapper fusion-column-has-shadow fusion-flex-justify-content-flex-start fusion-content-layout-column\" style=\"background-position:left top;background-repeat:no-repeat;-webkit-background-size:cover;-moz-background-size:cover;-o-background-size:cover;background-size:cover;border-radius:10px 10px 10px 10px;border-width: 0 0 0 0;border-color:#dddddd;border-style:solid;border-radius:10px 10px 10px 10px;overflow:hidden;box-shadow:0px 10px 51px 3px rgba(0,0,0,0.15);;padding: 0px 30px 30px 30px;\"><i class=\"fb-icon-element-1 fb-icon-element fontawesome-icon classic-book-solid circle-yes\" style=\"font-size:23.76px;line-height:45.52px;height:47.52px;width:47.52px;border-width:1px;align-self:center;margin-top:40px;margin-right:0px;margin-bottom:20px;margin-left:0px;\"><\/i><style>i.fb-icon-element.fontawesome-icon.fb-icon-element-1{ color: #ffffff; background-color: #79ad38; border-color: #ffffff;}i.fb-icon-element.fontawesome-icon.fb-icon-element-1:hover { color: #ffffff; background-color: #65bc7b; border-color: #65bc7b;}<\/style><style type=\"text\/css\">@media only screen and (max-width:1024px) {.fusion-title.fusion-title-9{margin-top:10px!important; margin-right:0px!important;margin-bottom:10px!important;margin-left:0px!important;}}@media only screen and (max-width:640px) {.fusion-title.fusion-title-9{margin-top:10px!important; margin-right:0px!important;margin-bottom:10px!important; margin-left:0px!important;}}<\/style><div class=\"fusion-title title fusion-title-9 fusion-sep-none fusion-title-center fusion-title-text fusion-title-size-one\" style=\"font-size:24px;margin-top:10px;margin-right:0px;margin-bottom:10px;margin-left:0px;\"><h1 class=\"title-heading-center\" style=\"font-family:&quot;Montserrat&quot;;font-weight:500;margin:0;font-size:1em;\">Program \u00fatmutat\u00f3k<\/h1><\/div><div class=\"fusion-separator fusion-full-width-sep\" style=\"align-self: center;margin-left: auto;margin-right: auto;width:100%;\"><div class=\"fusion-separator-border sep-single sep-solid\" style=\"border-color:#e2e2e2;border-top-width:1px;\"><\/div><\/div><div class=\"fusion-text fusion-text-8\" style=\"margin-top:10px;\"><p>PROGRAMLOGO (nyelvi \u00e9s sz\u00ednv\u00e1ltozatok)<\/p>\n<p><a href=\"http:\/\/www.si-hu.eu\/2127\/wp-content\/uploads\/sites\/14\/2024\/03\/IP-SIHU-programme-logo-bilingual.zip\"><strong>K\u00e9tnyelv\u0171 v\u00e1ltozatok<\/strong><\/a><\/p>\n<p><a href=\"http:\/\/www.si-hu.eu\/2127\/wp-content\/uploads\/sites\/14\/2024\/03\/IP-SIHU-programme-logo-English.zip\"><strong>Angol nyelv\u0171 v\u00e1ltozatok<\/strong><\/a><\/p>\n<\/div><div class=\"fusion-separator fusion-full-width-sep\" style=\"align-self: center;margin-left: auto;margin-right: auto;width:100%;\"><div class=\"fusion-separator-border sep-single sep-solid\" style=\"border-color:#e2e2e2;border-top-width:1px;\"><\/div><\/div><div class=\"fusion-text fusion-text-9\" style=\"margin-top:10px;\"><p>A program l\u00e1that\u00f3s\u00e1gi k\u00f6vetelm\u00e9nyeinek megfelel\u0151 betart\u00e1sa \u00e9rdek\u00e9ben a projektpartnereknek legal\u00e1bb egy A\/3-as m\u00e9ret\u0171 plak\u00e1tot vagy ezzel egyen\u00e9rt\u00e9k\u0171 elektronikus kijelz\u0151t kell kihelyezni\u00fck a projektpartnerek helysz\u00ednein az Interreg-projektr\u0151l sz\u00f3l\u00f3 inform\u00e1ci\u00f3kkal, kiemelve az Interreg SI-HU program t\u00e1mogat\u00e1s\u00e1t. A nyomtatott vagy elektronikus kijelz\u0151ket a projekt megkezd\u00e9sekor, de legk\u00e9s\u0151bb hat h\u00f3nappal a projekt j\u00f3v\u00e1hagy\u00e1s\u00e1t k\u00f6vet\u0151en kell kihelyezni.<\/p>\n<p><a href=\"http:\/\/www.si-hu.eu\/2127\/wp-content\/uploads\/sites\/14\/2024\/02\/SI-HU_A3-poster_2127.pptx\"><strong>A\/3 plak\u00e1tsablon<\/strong><\/a><\/p>\n<\/div><div class=\"fusion-separator fusion-full-width-sep\" style=\"align-self: center;margin-left: auto;margin-right: auto;width:100%;\"><div class=\"fusion-separator-border sep-single sep-solid\" style=\"border-color:#e2e2e2;border-top-width:1px;\"><\/div><\/div><div class=\"fusion-text fusion-text-10\" style=\"margin-top:10px;\"><p>A projektek k\u00f6telesek egy t\u00e1bl\u00e1t vagy hirdet\u0151t\u00e1bl\u00e1t kihelyezni, amennyiben &nbsp;<\/p>\n<ul>\n<li>a projekt fizikai beruh\u00e1z\u00e1ssal vagy eszk\u00f6z beszerz\u00e9s\u00e9vel j\u00e1r,<\/li>\n<li>amelyek \u00f6sszk\u00f6lts\u00e9ge meghaladja a 100&nbsp;000&nbsp;EUR-t.<\/li>\n<\/ul>\n<p>A hirdet\u0151t\u00e1bl\u00e1kat vagy t\u00e1bl\u00e1kat azon a helyen kell elhelyezni, ahol a fizikai beruh\u00e1z\u00e1st vagy az eszk\u00f6zt elhelyezt\u00e9k\/telep\u00edtett\u00e9k, amint az eszk\u00f6z fizikai kivitelez\u00e9se vagy beszerz\u00e9se megkezd\u0151dik.<\/p>\n<p>Tov\u00e1bbi \u00fatmutat\u00e1sokat a Kedvezm\u00e9nyezetteknek sz\u00f3l\u00f3 k\u00e9zik\u00f6nyv vonatkoz\u00f3 r\u00e9sz\u00e9ben tal\u00e1l.<\/p>\n<p><a href=\"http:\/\/www.si-hu.eu\/2127\/wp-content\/uploads\/sites\/14\/2025\/05\/SI-HU_billboard_2127.pptx\"><b>Hirdet\u0151t\u00e1bla sablon<\/b><\/a><\/p>\n<p><a href=\"http:\/\/www.si-hu.eu\/2127\/wp-content\/uploads\/sites\/14\/2025\/05\/SI-HU_plaque_2127.pptx\"><strong>T\u00e1bla sablon<\/strong><\/a><\/p>\n<\/div><\/div><style type=\"text\/css\">.fusion-body .fusion-builder-column-23{width:66.666666666667% !important;margin-top : 0px;margin-bottom : 15px;}.fusion-builder-column-23 > .fusion-column-wrapper {padding-top : 0px !important;padding-right : 30px !important;margin-right : 7.5px;padding-bottom : 30px !important;padding-left : 30px !important;margin-left : 2.88%;}@media only screen and (max-width:1024px) {.fusion-body .fusion-builder-column-23{width:66.666666666667% !important;}.fusion-builder-column-23 > .fusion-column-wrapper {margin-right : 7.5px;margin-left : 2.88%;}}@media only screen and (max-width:640px) {.fusion-body .fusion-builder-column-23{width:100% !important;}.fusion-builder-column-23 > .fusion-column-wrapper {margin-right : 1.92%;margin-left : 1.92%;}}<\/style><\/div><div class=\"fusion-layout-column fusion_builder_column fusion-builder-column-24 fusion_builder_column_1_3 1_3 fusion-flex-column\"><div class=\"fusion-column-wrapper fusion-column-has-shadow fusion-flex-justify-content-flex-start fusion-content-layout-column\" style=\"background-position:left top;background-repeat:no-repeat;-webkit-background-size:cover;-moz-background-size:cover;-o-background-size:cover;background-size:cover;border-radius:10px 10px 10px 10px;border-width: 0 0 0 0;border-color:#dddddd;border-style:solid;border-radius:10px 10px 10px 10px;overflow:hidden;box-shadow:0px 10px 51px 3px rgba(0,0,0,0.15);;padding: 0px 30px 30px 30px;\"><i class=\"fb-icon-element-2 fb-icon-element fontawesome-icon classic-book-solid circle-yes\" style=\"font-size:23.76px;line-height:45.52px;height:47.52px;width:47.52px;border-width:1px;align-self:center;margin-top:40px;margin-right:0px;margin-bottom:10px;margin-left:0px;\"><\/i><style>i.fb-icon-element.fontawesome-icon.fb-icon-element-2{ color: #ffffff; background-color: #79ad38; border-color: #ffffff;}i.fb-icon-element.fontawesome-icon.fb-icon-element-2:hover { color: #ffffff; background-color: #65bc7b; border-color: #65bc7b;}<\/style><style type=\"text\/css\">@media only screen and (max-width:1024px) {.fusion-title.fusion-title-10{margin-top:10px!important; margin-right:0px!important;margin-bottom:10px!important;margin-left:0px!important;}}@media only screen and (max-width:640px) {.fusion-title.fusion-title-10{margin-top:10px!important; margin-right:0px!important;margin-bottom:10px!important; margin-left:0px!important;}}<\/style><div class=\"fusion-title title fusion-title-10 fusion-sep-none fusion-title-center fusion-title-text fusion-title-size-one\" style=\"font-size:24px;margin-top:10px;margin-right:0px;margin-bottom:10px;margin-left:0px;\"><h1 class=\"title-heading-center\" style=\"font-family:&quot;Montserrat&quot;;font-weight:500;margin:0;font-size:1em;\">Egy\u00e9b \u00fatmutat\u00f3k<\/h1><\/div><div class=\"fusion-separator fusion-full-width-sep\" style=\"align-self: center;margin-left: auto;margin-right: auto;width:100%;\"><div class=\"fusion-separator-border sep-single sep-solid\" style=\"border-color:#e2e2e2;border-top-width:1px;\"><\/div><\/div><div class=\"fusion-text fusion-text-11\" style=\"margin-top:10px;\"><p>A standard projektek magyar projektpartnerei sz\u00e1m\u00e1ra el\u00e9rhet\u0151v\u00e9 v\u00e1lt a jelent\u00e9st\u00e9teli csomag, amely tartalmazza a nemzeti beszerz\u00e9si szab\u00e1lyzatot, a kieg\u00e9sz\u00edt\u0151 jelent\u00e9st\u00e9teli \u00fatmutat\u00f3t \u00e9s egy\u00e9b dokumentumokat. A dokumentumok elolvas\u00e1sa \u00e9s az \u00fatmutat\u00f3k betart\u00e1sa nagym\u00e9rt\u00e9kben seg\u00edti a magyar projektpartnereket, hogy j\u00f3 min\u0151s\u00e9g\u0171 partnerjelent\u00e9seket ny\u00fajtsanak be a programszervekhez.<\/p>\n<p>2026. m\u00e1jus 1-\u00e9n hat\u00e1lyba l\u00e9p a Szlov\u00e9nia-Magyarorsz\u00e1g Interreg Program magyar partnerei sz\u00e1m\u00e1ra k\u00e9sz\u00fclt Elsz\u00e1mol\u00e1si seg\u00e9dlet leg\u00fajabb verzi\u00f3ja.&nbsp;<\/p>\n<p><strong><a href=\"http:\/\/www.si-hu.eu\/2127\/wp-content\/uploads\/sites\/14\/2026\/04\/Partneri-jelentesi-csomag_20260415.zip\">Jelent\u00e9st\u00e9teli csomag a standard projektek magyar projektpartnerei sz\u00e1m\u00e1ra (hat\u00e1lyos 20260415)<\/a><\/strong><\/p>\n<p><strong><a href=\"http:\/\/www.si-hu.eu\/2127\/wp-content\/uploads\/sites\/14\/2026\/01\/Partneri-jelentesi-csomag_20260127.zip\">Jelent\u00e9st\u00e9teli csomag a standard projektek magyar projektpartnerei sz\u00e1m\u00e1ra (arch\u00edv 20260127)<\/a><\/strong><\/p>\n<p><a href=\"http:\/\/www.si-hu.eu\/2127\/wp-content\/uploads\/sites\/14\/2025\/08\/Partneri-jelentesi-csomag_20250805.zip\"><strong>Jelent\u00e9st\u00e9teli csomag a standard projektek magyar projektpartnerei sz\u00e1m\u00e1ra (arch\u00edv 20250808)<\/strong><\/a><\/p>\n<p><strong><a href=\"http:\/\/www.si-hu.eu\/2127\/wp-content\/uploads\/sites\/14\/2025\/06\/Partneri-jelentesi-csomag_20250530.zip\">Jelent\u00e9st\u00e9teli csomag a standard projektek magyar projektpartnerei sz\u00e1m\u00e1ra (arch\u00edv 20250530)<\/a><\/strong><\/p>\n<p><strong><a href=\"http:\/\/www.si-hu.eu\/2127\/wp-content\/uploads\/sites\/14\/2024\/03\/Partneri-jelentesi-csomag_20240301.zip\">Jelent\u00e9st\u00e9teli csomag a standard projektek magyar projektpartnerei sz\u00e1m\u00e1ra (arch\u00edv 20240301)&nbsp;<\/a><\/strong><\/p>\n<\/div><\/div><style type=\"text\/css\">.fusion-body .fusion-builder-column-24{width:33.333333333333% !important;margin-top : 0px;margin-bottom : 15px;}.fusion-builder-column-24 > .fusion-column-wrapper {padding-top : 0px !important;padding-right : 30px !important;margin-right : 7.5px;padding-bottom : 30px !important;padding-left : 30px !important;margin-left : 7.5px;}@media only screen and (max-width:1024px) {.fusion-body .fusion-builder-column-24{width:33.333333333333% !important;}.fusion-builder-column-24 > .fusion-column-wrapper {margin-right : 7.5px;margin-left : 7.5px;}}@media only screen and (max-width:640px) {.fusion-body .fusion-builder-column-24{width:100% !important;}.fusion-builder-column-24 > .fusion-column-wrapper {margin-right : 1.92%;margin-left : 1.92%;}}<\/style><\/div><\/div><style type=\"text\/css\">.fusion-body .fusion-flex-container.fusion-builder-row-4{ padding-top : 0px;margin-top : 0px;padding-right : 0px;padding-bottom : 80px;margin-bottom : 0px;padding-left : 0px;}<\/style><\/div><\/div><div id=\"workshops\"><div class=\"fusion-fullwidth fullwidth-box fusion-builder-row-5 fusion-flex-container nonhundred-percent-fullwidth non-hundred-percent-height-scrolling\" style=\"background-color: rgba(255,255,255,0);background-position: center center;background-repeat: no-repeat;border-width: 0px 0px 0px 0px;border-color:#e2e2e2;border-style:solid;\" ><div class=\"fusion-builder-row fusion-row fusion-flex-align-items-flex-start\" style=\"max-width:1248px;margin-left: calc(-4% \/ 2 );margin-right: calc(-4% \/ 2 );\"><div class=\"fusion-layout-column fusion_builder_column fusion-builder-column-25 fusion_builder_column_1_1 1_1 fusion-flex-column\"><div class=\"fusion-column-wrapper fusion-flex-justify-content-flex-start fusion-content-layout-column\" style=\"background-position:left top;background-repeat:no-repeat;-webkit-background-size:cover;-moz-background-size:cover;-o-background-size:cover;background-size:cover;padding: 0px 0px 0px 0px;\"><div class=\"fusion-separator fusion-display-normal-only fusion-full-width-sep\" style=\"align-self: center;margin-left: auto;margin-right: auto;width:100%;\"><div class=\"fusion-separator-border sep-single sep-solid\" style=\"border-color:#e2e2e2;border-top-width:1px;\"><\/div><\/div>\n<\/div><style type=\"text\/css\">.fusion-body .fusion-builder-column-25{width:100% !important;margin-top : 0px;margin-bottom : 20px;}.fusion-builder-column-25 > .fusion-column-wrapper {padding-top : 0px !important;padding-right : 0px !important;margin-right : 1.92%;padding-bottom : 0px !important;padding-left : 0px !important;margin-left : 1.92%;}@media only screen and (max-width:1024px) {.fusion-body .fusion-builder-column-25{width:100% !important;order : 0;}.fusion-builder-column-25 > .fusion-column-wrapper {margin-right : 1.92%;margin-left : 1.92%;}}@media only screen and (max-width:640px) {.fusion-body .fusion-builder-column-25{width:100% !important;order : 0;}.fusion-builder-column-25 > .fusion-column-wrapper {margin-right : 1.92%;margin-left : 1.92%;}}<\/style><\/div><div class=\"fusion-layout-column fusion_builder_column fusion-builder-column-26 fusion_builder_column_1_3 1_3 fusion-flex-column\"><div class=\"fusion-column-wrapper fusion-flex-justify-content-flex-start fusion-content-layout-column\" style=\"background-position:left top;background-repeat:no-repeat;-webkit-background-size:cover;-moz-background-size:cover;-o-background-size:cover;background-size:cover;padding: 0px 0px 0px 0px;\"><style type=\"text\/css\">@media only screen and (max-width:1024px) {.fusion-title.fusion-title-11{margin-top:10px!important; margin-right:0px!important;margin-bottom:15px!important;margin-left:0px!important;}}@media only screen and (max-width:640px) {.fusion-title.fusion-title-11{margin-top:10px!important; margin-right:0px!important;margin-bottom:10px!important; margin-left:0px!important;}}<\/style><div class=\"fusion-title title fusion-title-11 fusion-sep-none fusion-title-text fusion-title-size-two\" style=\"margin-top:10px;margin-right:0px;margin-bottom:15px;margin-left:0px;\"><h2 class=\"title-heading-left\" style=\"margin:0;\">Workshopok kedvezm\u00e9nyezettek sz\u00e1m\u00e1ra<\/h2><\/div><\/div><style type=\"text\/css\">.fusion-body .fusion-builder-column-26{width:33.333333333333% !important;margin-top : 0px;margin-bottom : 20px;}.fusion-builder-column-26 > .fusion-column-wrapper {padding-top : 0px !important;padding-right : 0px !important;margin-right : 8.64%;padding-bottom : 0px !important;padding-left : 0px !important;margin-left : 5.76%;}@media only screen and (max-width:1024px) {.fusion-body .fusion-builder-column-26{width:33.333333333333% !important;}.fusion-builder-column-26 > .fusion-column-wrapper {margin-right : 8.64%;margin-left : 5.76%;}}@media only screen and (max-width:640px) {.fusion-body .fusion-builder-column-26{width:100% !important;}.fusion-builder-column-26 > .fusion-column-wrapper {margin-right : 1.92%;margin-left : 1.92%;}}<\/style><\/div><div class=\"fusion-layout-column fusion_builder_column fusion-builder-column-27 fusion_builder_column_2_3 2_3 fusion-flex-column\"><div class=\"fusion-column-wrapper fusion-flex-justify-content-flex-start fusion-content-layout-column\" style=\"background-position:left top;background-repeat:no-repeat;-webkit-background-size:cover;-moz-background-size:cover;-o-background-size:cover;background-size:cover;padding: 0px 0px 0px 0px;\"><div class=\"fusion-text fusion-text-12\"><p>Tudnival\u00f3k a kedvezm\u00e9nyezettek sz\u00e1m\u00e1ra szervezett workshopokr\u00f3l<\/p>\n<\/div><style type=\"text\/css\">.fusion-accordian  #accordion-4302-2 .panel-title a .fa-fusion-box{ color: #ffffff;}.fusion-accordian  #accordion-4302-2 .panel-title a .fa-fusion-box:before{ font-size: 16px; width: 16px;}.fusion-accordian  #accordion-4302-2 .fa-fusion-box { background-color: #79ad38;border-color: #79ad38;}.fusion-accordian  #accordion-4302-2 .panel-title a:hover, #accordion-4302-2 .fusion-toggle-boxed-mode:hover .panel-title a { color: #79ad38;}.fusion-accordian  #accordion-4302-2 .panel-title .active .fa-fusion-box,.fusion-accordian  #accordion-4302-2 .panel-title a:hover .fa-fusion-box { background-color: #79ad38!important;border-color: #79ad38!important;}<\/style><div class=\"accordian fusion-accordian\"><div class=\"panel-group\" id=\"accordion-4302-2\"><div class=\"fusion-panel panel-default\"><div class=\"panel-heading\"><h4 class=\"panel-title toggle\"><a aria-expanded=\"false\" aria-controls=\"d8164ba9c78f79abd\" role=\"button\" data-toggle=\"collapse\" data-parent=\"#accordion-4302-2\" data-target=\"#d8164ba9c78f79abd\" href=\"#d8164ba9c78f79abd\"><span class=\"fusion-toggle-icon-wrapper\" aria-hidden=\"true\"><i class=\"fa-fusion-box\" aria-hidden=\"true\"><\/i><\/span><span class=\"fusion-toggle-heading\">1. Workshop a kedvezm\u00e9nyezetteknek - 2024. \u00e1prilis 23.<\/span><\/a><\/h4><\/div><div id=\"d8164ba9c78f79abd\" class=\"panel-collapse collapse \"><div class=\"panel-body toggle-content fusion-clearfix\">\n<p>2024. \u00e1prilis 23-\u00e1n Mariborban ker\u00fclt sor az els\u0151 k\u00e9toldal\u00fa jelent\u00e9st\u00e9teli workshopra a Szlov\u00e9nia-Magyarorsz\u00e1g Interreg Program els\u0151 beny\u00fajt\u00e1si fordul\u00f3iban j\u00f3v\u00e1hagyott standard \u00e9s kisl\u00e9pt\u00e9k\u0171 projektek projektpartnerei sz\u00e1m\u00e1ra.<\/p>\n<p><img class=\"size-medium wp-image-9470 alignright\" src=\"http:\/\/www.si-hu.eu\/2127\/wp-content\/uploads\/sites\/14\/2024\/04\/kollazs-500x400.png\" alt=\"\" width=\"500\" height=\"400\" srcset=\"http:\/\/www.si-hu.eu\/2127\/wp-content\/uploads\/sites\/14\/2024\/04\/kollazs-177x142.png 177w, http:\/\/www.si-hu.eu\/2127\/wp-content\/uploads\/sites\/14\/2024\/04\/kollazs-200x160.png 200w, http:\/\/www.si-hu.eu\/2127\/wp-content\/uploads\/sites\/14\/2024\/04\/kollazs-400x320.png 400w, http:\/\/www.si-hu.eu\/2127\/wp-content\/uploads\/sites\/14\/2024\/04\/kollazs-500x400.png 500w, http:\/\/www.si-hu.eu\/2127\/wp-content\/uploads\/sites\/14\/2024\/04\/kollazs-600x480.png 600w, http:\/\/www.si-hu.eu\/2127\/wp-content\/uploads\/sites\/14\/2024\/04\/kollazs-768x614.png 768w, http:\/\/www.si-hu.eu\/2127\/wp-content\/uploads\/sites\/14\/2024\/04\/kollazs-800x640.png 800w, http:\/\/www.si-hu.eu\/2127\/wp-content\/uploads\/sites\/14\/2024\/04\/kollazs-1024x819.png 1024w, http:\/\/www.si-hu.eu\/2127\/wp-content\/uploads\/sites\/14\/2024\/04\/kollazs-1200x960.png 1200w, http:\/\/www.si-hu.eu\/2127\/wp-content\/uploads\/sites\/14\/2024\/04\/kollazs-1536x1229.png 1536w\" sizes=\"(max-width: 500px) 100vw, 500px\" \/><\/p>\n<\/div><\/div><\/div><div class=\"fusion-panel panel-default\"><div class=\"panel-heading\"><h4 class=\"panel-title toggle\"><a aria-expanded=\"false\" aria-controls=\"7f802a08ed9b7b6b7\" role=\"button\" data-toggle=\"collapse\" data-parent=\"#accordion-4302-2\" data-target=\"#7f802a08ed9b7b6b7\" href=\"#7f802a08ed9b7b6b7\"><span class=\"fusion-toggle-icon-wrapper\" aria-hidden=\"true\"><i class=\"fa-fusion-box\" aria-hidden=\"true\"><\/i><\/span><span class=\"fusion-toggle-heading\">2. Workshop a kedvezm\u00e9nyezetteknek - 2025. szeptember 24.<\/span><\/a><\/h4><\/div><div id=\"7f802a08ed9b7b6b7\" class=\"panel-collapse collapse \"><div class=\"panel-body toggle-content fusion-clearfix\">\n<p>2025. szeptember 24-\u00e9n Lentiben ker\u00fclt megrendez\u00e9sre a Szlov\u00e9nia-Magyarorsz\u00e1g Interreg Program 2021-2027 keret\u00e9ben a m\u00e1r j\u00f3v\u00e1hagyott projektek partnerei sz\u00e1m\u00e1ra szervezett jelent\u00e9st\u00e9teli workshop.<\/p>\n<p><img class=\"size-medium wp-image-14242 alignright\" src=\"http:\/\/www.si-hu.eu\/2127\/wp-content\/uploads\/sites\/14\/2025\/09\/kollazs_ws20250924-500x400.png\" alt=\"\" width=\"500\" height=\"400\" srcset=\"http:\/\/www.si-hu.eu\/2127\/wp-content\/uploads\/sites\/14\/2025\/09\/kollazs_ws20250924-177x142.png 177w, http:\/\/www.si-hu.eu\/2127\/wp-content\/uploads\/sites\/14\/2025\/09\/kollazs_ws20250924-200x160.png 200w, http:\/\/www.si-hu.eu\/2127\/wp-content\/uploads\/sites\/14\/2025\/09\/kollazs_ws20250924-400x320.png 400w, http:\/\/www.si-hu.eu\/2127\/wp-content\/uploads\/sites\/14\/2025\/09\/kollazs_ws20250924-500x400.png 500w, http:\/\/www.si-hu.eu\/2127\/wp-content\/uploads\/sites\/14\/2025\/09\/kollazs_ws20250924-600x480.png 600w, http:\/\/www.si-hu.eu\/2127\/wp-content\/uploads\/sites\/14\/2025\/09\/kollazs_ws20250924-768x614.png 768w, http:\/\/www.si-hu.eu\/2127\/wp-content\/uploads\/sites\/14\/2025\/09\/kollazs_ws20250924-800x640.png 800w, http:\/\/www.si-hu.eu\/2127\/wp-content\/uploads\/sites\/14\/2025\/09\/kollazs_ws20250924-1024x819.png 1024w, http:\/\/www.si-hu.eu\/2127\/wp-content\/uploads\/sites\/14\/2025\/09\/kollazs_ws20250924-1200x960.png 1200w, http:\/\/www.si-hu.eu\/2127\/wp-content\/uploads\/sites\/14\/2025\/09\/kollazs_ws20250924-1536x1229.png 1536w\" sizes=\"(max-width: 500px) 100vw, 500px\" \/><\/p>\n<\/div><\/div><\/div><\/div><\/div><\/div><style type=\"text\/css\">.fusion-body .fusion-builder-column-27{width:66.666666666667% !important;margin-top : 0px;margin-bottom : 60px;}.fusion-builder-column-27 > .fusion-column-wrapper {padding-top : 0px !important;padding-right : 0px !important;margin-right : 2.88%;padding-bottom : 0px !important;padding-left : 0px !important;margin-left : 4.32%;}@media only screen and (max-width:1024px) {.fusion-body .fusion-builder-column-27{width:66.666666666667% !important;}.fusion-builder-column-27 > .fusion-column-wrapper {margin-right : 2.88%;margin-left : 4.32%;}}@media only screen and (max-width:640px) {.fusion-body .fusion-builder-column-27{width:100% !important;}.fusion-builder-column-27 > .fusion-column-wrapper {margin-right : 1.92%;margin-left : 1.92%;}}<\/style><\/div><\/div><style type=\"text\/css\">.fusion-body .fusion-flex-container.fusion-builder-row-5{ padding-top : 40px;margin-top : 18px;padding-right : 0px;padding-bottom : 20px;margin-bottom : 0px;padding-left : 0px;}<\/style><\/div><\/div><\/p>\n","protected":false},"excerpt":{"rendered":"","protected":false},"author":6,"featured_media":0,"parent":0,"menu_order":0,"comment_status":"closed","ping_status":"closed","template":"","meta":{"ngg_post_thumbnail":0},"_links":{"self":[{"href":"http:\/\/www.si-hu.eu\/2127\/hu\/wp-json\/wp\/v2\/pages\/4302"}],"collection":[{"href":"http:\/\/www.si-hu.eu\/2127\/hu\/wp-json\/wp\/v2\/pages"}],"about":[{"href":"http:\/\/www.si-hu.eu\/2127\/hu\/wp-json\/wp\/v2\/types\/page"}],"author":[{"embeddable":true,"href":"http:\/\/www.si-hu.eu\/2127\/hu\/wp-json\/wp\/v2\/users\/6"}],"replies":[{"embeddable":true,"href":"http:\/\/www.si-hu.eu\/2127\/hu\/wp-json\/wp\/v2\/comments?post=4302"}],"version-history":[{"count":100,"href":"http:\/\/www.si-hu.eu\/2127\/hu\/wp-json\/wp\/v2\/pages\/4302\/revisions"}],"predecessor-version":[{"id":18252,"href":"http:\/\/www.si-hu.eu\/2127\/hu\/wp-json\/wp\/v2\/pages\/4302\/revisions\/18252"}],"wp:attachment":[{"href":"http:\/\/www.si-hu.eu\/2127\/hu\/wp-json\/wp\/v2\/media?parent=4302"}],"curies":[{"name":"wp","href":"https:\/\/api.w.org\/{rel}","templated":true}]}}