{"id":996,"date":"2016-02-06T18:19:56","date_gmt":"2016-02-06T17:19:56","guid":{"rendered":"http:\/\/theme-fusion.com\/avada\/classic\/shop\/"},"modified":"2026-04-15T12:09:40","modified_gmt":"2026-04-15T10:09:40","slug":"news","status":"publish","type":"page","link":"http:\/\/www.si-hu.eu\/2127\/news\/","title":{"rendered":"News"},"content":{"rendered":"<div class=\"fusion-fullwidth fullwidth-box fusion-builder-row-1 fusion-flex-container nonhundred-percent-fullwidth non-hundred-percent-height-scrolling\" style=\"background-color: rgba(255,255,255,0);background-position: left top;background-repeat: no-repeat;border-width: 0px 0px 0px 0px;border-color:#e2e2e2;border-style:solid;\" ><div class=\"fusion-builder-row fusion-row fusion-flex-align-items-flex-start\" style=\"max-width:calc( 1200px + 0px );margin-left: calc(-0px \/ 2 );margin-right: calc(-0px \/ 2 );\"><div class=\"fusion-layout-column fusion_builder_column fusion-builder-column-0 fusion_builder_column_1_1 1_1 fusion-flex-column fusion-flex-align-self-flex-start fusion-column-no-min-height\"><div class=\"fusion-column-wrapper fusion-flex-justify-content-flex-start fusion-content-layout-column\" style=\"background-position:left top;background-repeat:no-repeat;-webkit-background-size:cover;-moz-background-size:cover;-o-background-size:cover;background-size:cover;padding: 0px 0px 0px 0px;\"><style type=\"text\/css\">@media only screen and (max-width:1024px) {.fusion-title.fusion-title-1{margin-top:10px!important; margin-right:0px!important;margin-bottom:15px!important;margin-left:0px!important;}}@media only screen and (max-width:640px) {.fusion-title.fusion-title-1{margin-top:10px!important; margin-right:0px!important;margin-bottom:10px!important; margin-left:0px!important;}}<\/style><div class=\"fusion-title title fusion-title-1 fusion-sep-none fusion-title-text fusion-title-size-two\" style=\"margin-top:10px;margin-right:0px;margin-bottom:15px;margin-left:0px;\"><h2 class=\"title-heading-left\" style=\"margin:0;\">Programme News<\/h2><\/div><div class=\"fusion-blog-shortcode fusion-blog-shortcode-1 fusion-blog-archive fusion-blog-layout-medium-alternate fusion-blog-pagination .fusion-recent-posts .recent-posts-content .entry-title{ font-size:20px; }\"><div class=\"fusion-posts-container fusion-posts-container-pagination fusion-blog-rollover\" data-pages=\"36\"><article id=\"blog-1-post-18118\" class=\"fusion-post-medium-alternate post-18118 post type-post status-publish format-standard has-post-thumbnail hentry category-programme-news\">\n<div class=\"fusion-date-and-formats\"><div class=\"fusion-date-box updated\"><span class=\"fusion-date\">2<\/span><span class=\"fusion-month-year\">04, 2026<\/span><\/div><div class=\"fusion-format-box\"><i class=\"awb-icon-pen\" aria-hidden=\"true\"><\/i><\/div><\/div>\t<style type=\"text\/css\">\n\t\t\n\t\t\n\t\t\n\t\t\n\t\t\t<\/style>\n\n\n\t\t\t<div class=\"fusion-flexslider flexslider fusion-flexslider-loading fusion-post-slideshow\" style=\"\">\n\t\t<ul class=\"slides\">\n\t\t\t\n\t\t\t\t\t\t\t\t\t\t\t\t\t\t<li><div  class=\"fusion-image-wrapper fusion-image-size-fixed\" aria-haspopup=\"true\">\n\t\t\t\t  <img width=\"320\" height=\"202\" src=\"http:\/\/www.si-hu.eu\/2127\/wp-content\/uploads\/sites\/14\/2026\/04\/Easter-2026-EN-320x202.png\" class=\"attachment-blog-medium size-blog-medium wp-post-image\" alt=\"\" srcset=\"http:\/\/www.si-hu.eu\/2127\/wp-content\/uploads\/sites\/14\/2026\/04\/Easter-2026-EN-320x202.png 320w, http:\/\/www.si-hu.eu\/2127\/wp-content\/uploads\/sites\/14\/2026\/04\/Easter-2026-EN-700x441.png 700w\" sizes=\"(max-width: 320px) 100vw, 320px\" \/><div class=\"fusion-rollover\">\n\t<div class=\"fusion-rollover-content\">\n\n\t\t\t\t\t\t\t\t\t\t\t\t\t\t<a class=\"fusion-rollover-link\" href=\"http:\/\/www.si-hu.eu\/2127\/2026\/04\/02\/happy-easter\/\">Happy Easter!<\/a>\n\t\t\t\n\t\t\t\t\t\t\t\t\t\t\t\t\t\t\n\t\t\t\t\t\t\t\t\n\t\t\t\t\t\t\t\t\t\t\t\t\t<div class=\"fusion-rollover-sep\"><\/div>\n\t\t\t\t\n\t\t\t\t\t\t\t\t\t\t\t\t\t\t\t\t\t\t<a class=\"fusion-rollover-gallery\" href=\"http:\/\/www.si-hu.eu\/2127\/wp-content\/uploads\/sites\/14\/2026\/04\/Easter-2026-EN.png\" data-id=\"18118\" data-rel=\"iLightbox[gallery]\" data-title=\"Easter 2026 EN\" data-caption=\"\">\n\t\t\t\t\t\tGallery\t\t\t\t\t<\/a>\n\t\t\t\t\t\t\t\t\t\t\t\t\t\t\n\t\t\n\t\t\t\t\t\t\t\t\t\t\t\t<h4 class=\"fusion-rollover-title\">\n\t\t\t\t\t<a class=\"fusion-rollover-title-link\" href=\"http:\/\/www.si-hu.eu\/2127\/2026\/04\/02\/happy-easter\/\">\n\t\t\t\t\t\tHappy Easter!\t\t\t\t\t<\/a>\n\t\t\t\t<\/h4>\n\t\t\t\n\t\t\t\t\t\t\t\t\t\t<div class=\"fusion-rollover-categories\"><a href=\"http:\/\/www.si-hu.eu\/2127\/category\/programme-news\/\" rel=\"tag\">Programme News<\/a><\/div>\t\t\t\t\t\n\t\t\n\t\t\t\t\t\t<a class=\"fusion-link-wrapper\" href=\"http:\/\/www.si-hu.eu\/2127\/2026\/04\/02\/happy-easter\/\" aria-label=\"Happy Easter!\"><\/a>\n\t<\/div>\n<\/div>\n<\/div>\n<\/li>\n\t\t\t\n\t\t\t\n\t\t\t\t\t\t\t\t\t\t\t\t\t\t\t\t\t\t\t\t\t\t\t\t\t\t\t\t\t\t\t\t\t\t\t\t\t\t\t\t\t\t\t\t\t\t\t\t\t\t\t\t\t\t\t\t\t\t\t\t\t\t\t\t\t\t\t\t<\/ul>\n\t<\/div>\n\t<div class=\"fusion-post-content post-content\"><h2 class=\"blog-shortcode-post-title entry-title\"><a href=\"http:\/\/www.si-hu.eu\/2127\/2026\/04\/02\/happy-easter\/\">Happy Easter!<\/a><\/h2><p class=\"fusion-single-line-meta\"><span class=\"vcard\" style=\"display: none;\"><span class=\"fn\"><a href=\"http:\/\/www.si-hu.eu\/2127\/author\/gomag\/\" title=\"Posts by gomag\" rel=\"author\">gomag<\/a><\/span><\/span><span class=\"updated\" style=\"display:none;\">2026-04-02T13:39:19+02:00<\/span><span>2. April, 2026<\/span><span class=\"fusion-inline-sep\">|<\/span><\/p><div class=\"fusion-post-content-container\"><p>On the occasion of the upcoming Easter holidays, we wish you peaceful and pleasant days, along with an abundance of personal satisfaction.<\/p><\/div><\/div><div class=\"fusion-clearfix\"><\/div><div class=\"fusion-meta-info\"><div class=\"fusion-alignright\"><a class=\"fusion-read-more\" href=\"http:\/\/www.si-hu.eu\/2127\/2026\/04\/02\/happy-easter\/\" aria-label=\"More on Happy Easter!\">Read More<\/a><\/div><\/div><\/article>\n<article id=\"blog-1-post-17179\" class=\"fusion-post-medium-alternate post-17179 post type-post status-publish format-standard has-post-thumbnail hentry category-programme-news\">\n<div class=\"fusion-date-and-formats\"><div class=\"fusion-date-box updated\"><span class=\"fusion-date\">13<\/span><span class=\"fusion-month-year\">02, 2026<\/span><\/div><div class=\"fusion-format-box\"><i class=\"awb-icon-pen\" aria-hidden=\"true\"><\/i><\/div><\/div>\t<style type=\"text\/css\">\n\t\t\n\t\t\n\t\t\n\t\t\n\t\t\t<\/style>\n\n\n\t\t\t<div class=\"fusion-flexslider flexslider fusion-flexslider-loading fusion-post-slideshow\" style=\"\">\n\t\t<ul class=\"slides\">\n\t\t\t\n\t\t\t\t\t\t\t\t\t\t\t\t\t\t<li><div  class=\"fusion-image-wrapper fusion-image-size-fixed\" aria-haspopup=\"true\">\n\t\t\t\t  <img width=\"320\" height=\"202\" src=\"http:\/\/www.si-hu.eu\/2127\/wp-content\/uploads\/sites\/14\/2026\/02\/REGIOSTARS_2026_square-320x202.png\" class=\"attachment-blog-medium size-blog-medium wp-post-image\" alt=\"\" srcset=\"http:\/\/www.si-hu.eu\/2127\/wp-content\/uploads\/sites\/14\/2026\/02\/REGIOSTARS_2026_square-320x202.png 320w, http:\/\/www.si-hu.eu\/2127\/wp-content\/uploads\/sites\/14\/2026\/02\/REGIOSTARS_2026_square-700x441.png 700w\" sizes=\"(max-width: 320px) 100vw, 320px\" \/><div class=\"fusion-rollover\">\n\t<div class=\"fusion-rollover-content\">\n\n\t\t\t\t\t\t\t\t\t\t\t\t\t\t<a class=\"fusion-rollover-link\" href=\"http:\/\/www.si-hu.eu\/2127\/2026\/02\/13\/regiostars-award-2026-apply-now\/\">REGIOSTARS Award 2026 \u2013 apply now!<\/a>\n\t\t\t\n\t\t\t\t\t\t\t\t\t\t\t\t\t\t\n\t\t\t\t\t\t\t\t\n\t\t\t\t\t\t\t\t\t\t\t\t\t<div class=\"fusion-rollover-sep\"><\/div>\n\t\t\t\t\n\t\t\t\t\t\t\t\t\t\t\t\t\t\t\t\t\t\t<a class=\"fusion-rollover-gallery\" href=\"http:\/\/www.si-hu.eu\/2127\/wp-content\/uploads\/sites\/14\/2026\/02\/REGIOSTARS_2026_square.png\" data-id=\"17179\" data-rel=\"iLightbox[gallery]\" data-title=\"REGIOSTARS_2026_square\" data-caption=\"\">\n\t\t\t\t\t\tGallery\t\t\t\t\t<\/a>\n\t\t\t\t\t\t\t\t\t\t\t\t\t\t\n\t\t\n\t\t\t\t\t\t\t\t\t\t\t\t<h4 class=\"fusion-rollover-title\">\n\t\t\t\t\t<a class=\"fusion-rollover-title-link\" href=\"http:\/\/www.si-hu.eu\/2127\/2026\/02\/13\/regiostars-award-2026-apply-now\/\">\n\t\t\t\t\t\tREGIOSTARS Award 2026 \u2013 apply now!\t\t\t\t\t<\/a>\n\t\t\t\t<\/h4>\n\t\t\t\n\t\t\t\t\t\t\t\t\t\t<div class=\"fusion-rollover-categories\"><a href=\"http:\/\/www.si-hu.eu\/2127\/category\/programme-news\/\" rel=\"tag\">Programme News<\/a><\/div>\t\t\t\t\t\n\t\t\n\t\t\t\t\t\t<a class=\"fusion-link-wrapper\" href=\"http:\/\/www.si-hu.eu\/2127\/2026\/02\/13\/regiostars-award-2026-apply-now\/\" aria-label=\"REGIOSTARS Award 2026 \u2013 apply now!\"><\/a>\n\t<\/div>\n<\/div>\n<\/div>\n<\/li>\n\t\t\t\n\t\t\t\n\t\t\t\t\t\t\t\t\t\t\t\t\t\t\t\t\t\t\t\t\t\t\t\t\t\t\t\t\t\t\t\t\t\t\t\t\t\t\t\t\t\t\t\t\t\t\t\t\t\t\t\t\t\t\t\t\t\t\t\t\t\t\t\t\t\t\t\t<\/ul>\n\t<\/div>\n\t<div class=\"fusion-post-content post-content\"><h2 class=\"blog-shortcode-post-title entry-title\"><a href=\"http:\/\/www.si-hu.eu\/2127\/2026\/02\/13\/regiostars-award-2026-apply-now\/\">REGIOSTARS Award 2026 \u2013 apply now!<\/a><\/h2><p class=\"fusion-single-line-meta\"><span class=\"vcard\" style=\"display: none;\"><span class=\"fn\"><a href=\"http:\/\/www.si-hu.eu\/2127\/author\/gomag\/\" title=\"Posts by gomag\" rel=\"author\">gomag<\/a><\/span><\/span><span class=\"updated\" style=\"display:none;\">2026-02-13T08:49:58+01:00<\/span><span>13. February, 2026<\/span><span class=\"fusion-inline-sep\">|<\/span><\/p><div class=\"fusion-post-content-container\"><p>The European Commission announced the launch of the 2026 REGIOSTARS competition for the best projects supported by the EU\u2019s Cohesion Policy.<\/p><\/div><\/div><div class=\"fusion-clearfix\"><\/div><div class=\"fusion-meta-info\"><div class=\"fusion-alignright\"><a class=\"fusion-read-more\" href=\"http:\/\/www.si-hu.eu\/2127\/2026\/02\/13\/regiostars-award-2026-apply-now\/\" aria-label=\"More on REGIOSTARS Award 2026 \u2013 apply now!\">Read More<\/a><\/div><\/div><\/article>\n<article id=\"blog-1-post-16987\" class=\"fusion-post-medium-alternate post-16987 post type-post status-publish format-standard has-post-thumbnail hentry category-programme-news\">\n<div class=\"fusion-date-and-formats\"><div class=\"fusion-date-box updated\"><span class=\"fusion-date\">4<\/span><span class=\"fusion-month-year\">02, 2026<\/span><\/div><div class=\"fusion-format-box\"><i class=\"awb-icon-pen\" aria-hidden=\"true\"><\/i><\/div><\/div>\t<style type=\"text\/css\">\n\t\t\n\t\t\n\t\t\n\t\t\n\t\t\t<\/style>\n\n\n\t\t\t<div class=\"fusion-flexslider flexslider fusion-flexslider-loading fusion-post-slideshow\" style=\"\">\n\t\t<ul class=\"slides\">\n\t\t\t\n\t\t\t\t\t\t\t\t\t\t\t\t\t\t<li><div  class=\"fusion-image-wrapper fusion-image-size-fixed\" aria-haspopup=\"true\">\n\t\t\t\t  <img width=\"320\" height=\"202\" src=\"http:\/\/www.si-hu.eu\/2127\/wp-content\/uploads\/sites\/14\/2026\/02\/European-Social-Security-Pass-320x202.png\" class=\"attachment-blog-medium size-blog-medium wp-post-image\" alt=\"\" srcset=\"http:\/\/www.si-hu.eu\/2127\/wp-content\/uploads\/sites\/14\/2026\/02\/European-Social-Security-Pass-320x202.png 320w, http:\/\/www.si-hu.eu\/2127\/wp-content\/uploads\/sites\/14\/2026\/02\/European-Social-Security-Pass-700x441.png 700w\" sizes=\"(max-width: 320px) 100vw, 320px\" \/><div class=\"fusion-rollover\">\n\t<div class=\"fusion-rollover-content\">\n\n\t\t\t\t\t\t\t\t\t\t\t\t\t\t<a class=\"fusion-rollover-link\" href=\"http:\/\/www.si-hu.eu\/2127\/2026\/02\/04\/join-the-consultation-on-the-european-social-security-pass\/\">Join the consultation on the European Social Security Pass!<\/a>\n\t\t\t\n\t\t\t\t\t\t\t\t\t\t\t\t\t\t\n\t\t\t\t\t\t\t\t\n\t\t\t\t\t\t\t\t\t\t\t\t\t<div class=\"fusion-rollover-sep\"><\/div>\n\t\t\t\t\n\t\t\t\t\t\t\t\t\t\t\t\t\t\t\t\t\t\t<a class=\"fusion-rollover-gallery\" href=\"http:\/\/www.si-hu.eu\/2127\/wp-content\/uploads\/sites\/14\/2026\/02\/European-Social-Security-Pass.png\" data-id=\"16987\" data-rel=\"iLightbox[gallery]\" data-title=\"European Social Security Pass\" data-caption=\"\">\n\t\t\t\t\t\tGallery\t\t\t\t\t<\/a>\n\t\t\t\t\t\t\t\t\t\t\t\t\t\t\n\t\t\n\t\t\t\t\t\t\t\t\t\t\t\t<h4 class=\"fusion-rollover-title\">\n\t\t\t\t\t<a class=\"fusion-rollover-title-link\" href=\"http:\/\/www.si-hu.eu\/2127\/2026\/02\/04\/join-the-consultation-on-the-european-social-security-pass\/\">\n\t\t\t\t\t\tJoin the consultation on the European Social Security Pass!\t\t\t\t\t<\/a>\n\t\t\t\t<\/h4>\n\t\t\t\n\t\t\t\t\t\t\t\t\t\t<div class=\"fusion-rollover-categories\"><a href=\"http:\/\/www.si-hu.eu\/2127\/category\/programme-news\/\" rel=\"tag\">Programme News<\/a><\/div>\t\t\t\t\t\n\t\t\n\t\t\t\t\t\t<a class=\"fusion-link-wrapper\" href=\"http:\/\/www.si-hu.eu\/2127\/2026\/02\/04\/join-the-consultation-on-the-european-social-security-pass\/\" aria-label=\"Join the consultation on the European Social Security Pass!\"><\/a>\n\t<\/div>\n<\/div>\n<\/div>\n<\/li>\n\t\t\t\n\t\t\t\n\t\t\t\t\t\t\t\t\t\t\t\t\t\t\t\t\t\t\t\t\t\t\t\t\t\t\t\t\t\t\t\t\t\t\t\t\t\t\t\t\t\t\t\t\t\t\t\t\t\t\t\t\t\t\t\t\t\t\t\t\t\t\t\t\t\t\t\t<\/ul>\n\t<\/div>\n\t<div class=\"fusion-post-content post-content\"><h2 class=\"blog-shortcode-post-title entry-title\"><a href=\"http:\/\/www.si-hu.eu\/2127\/2026\/02\/04\/join-the-consultation-on-the-european-social-security-pass\/\">Join the consultation on the European Social Security Pass!<\/a><\/h2><p class=\"fusion-single-line-meta\"><span class=\"vcard\" style=\"display: none;\"><span class=\"fn\"><a href=\"http:\/\/www.si-hu.eu\/2127\/author\/gomag\/\" title=\"Posts by gomag\" rel=\"author\">gomag<\/a><\/span><\/span><span class=\"updated\" style=\"display:none;\">2026-02-04T11:59:26+01:00<\/span><span>4. February, 2026<\/span><span class=\"fusion-inline-sep\">|<\/span><\/p><div class=\"fusion-post-content-container\"><p>The European Commission has launched a 12-week public consultation on the forthcoming proposal for a European Social Security Pass, which will be part of the Fair labour mobility package to be presented this year.<\/p><\/div><\/div><div class=\"fusion-clearfix\"><\/div><div class=\"fusion-meta-info\"><div class=\"fusion-alignright\"><a class=\"fusion-read-more\" href=\"http:\/\/www.si-hu.eu\/2127\/2026\/02\/04\/join-the-consultation-on-the-european-social-security-pass\/\" aria-label=\"More on Join the consultation on the European Social Security Pass!\">Read More<\/a><\/div><\/div><\/article>\n<\/div><div class=\"pagination clearfix\"><span class=\"current\">1<\/span><a href=\"http:\/\/www.si-hu.eu\/2127\/wp-json\/wp\/v2\/pages\/996\/page\/2\/\" class=\"inactive\">2<\/a><a class=\"pagination-next\" rel=\"next\" href=\"http:\/\/www.si-hu.eu\/2127\/wp-json\/wp\/v2\/pages\/996\/page\/2\/\"><span class=\"page-text\">Next<\/span><span class=\"page-next\"><\/span><\/a><\/div><div class=\"fusion-clearfix\"><\/div><\/div><div class=\"fusion-separator fusion-full-width-sep\" style=\"align-self: center;margin-left: auto;margin-right: auto;margin-top:50px;width:100%;\"><\/div><style type=\"text\/css\">@media only screen and (max-width:1024px) {.fusion-title.fusion-title-2{margin-top:10px!important; margin-right:0px!important;margin-bottom:15px!important;margin-left:0px!important;}}@media only screen and (max-width:640px) {.fusion-title.fusion-title-2{margin-top:10px!important; margin-right:0px!important;margin-bottom:10px!important; margin-left:0px!important;}}<\/style><div class=\"fusion-title title fusion-title-2 fusion-sep-none fusion-title-text fusion-title-size-two\" style=\"margin-top:10px;margin-right:0px;margin-bottom:15px;margin-left:0px;\"><h2 class=\"title-heading-left\" style=\"margin:0;\">Project News<\/h2><\/div><div class=\"fusion-blog-shortcode fusion-blog-shortcode-2 fusion-blog-archive fusion-blog-layout-medium-alternate fusion-blog-pagination .fusion-recent-posts .recent-posts-content .entry-title{ font-size:20px; }\"><div class=\"fusion-posts-container fusion-posts-container-pagination fusion-blog-rollover\" data-pages=\"14\"><article id=\"blog-2-post-18624\" class=\"fusion-post-medium-alternate post-18624 post type-post status-publish format-standard has-post-thumbnail hentry category-project-news category-project-news_pannonianpg\">\n<div class=\"fusion-date-and-formats\"><div class=\"fusion-date-box updated\"><span class=\"fusion-date\">28<\/span><span class=\"fusion-month-year\">04, 2026<\/span><\/div><div class=\"fusion-format-box\"><i class=\"awb-icon-pen\" aria-hidden=\"true\"><\/i><\/div><\/div>\t<style type=\"text\/css\">\n\t\t\n\t\t\n\t\t\n\t\t\n\t\t\t<\/style>\n\n\n\t\t\t<div class=\"fusion-flexslider flexslider fusion-flexslider-loading fusion-post-slideshow\" style=\"\">\n\t\t<ul class=\"slides\">\n\t\t\t\n\t\t\t\t\t\t\t\t\t\t\t\t\t\t<li><div  class=\"fusion-image-wrapper fusion-image-size-fixed\" aria-haspopup=\"true\">\n\t\t\t\t  <img width=\"320\" height=\"202\" src=\"http:\/\/www.si-hu.eu\/2127\/wp-content\/uploads\/sites\/14\/2026\/04\/Pannonian-PG-list-EN-320x202.png\" class=\"attachment-blog-medium size-blog-medium wp-post-image\" alt=\"\" srcset=\"http:\/\/www.si-hu.eu\/2127\/wp-content\/uploads\/sites\/14\/2026\/04\/Pannonian-PG-list-EN-320x202.png 320w, http:\/\/www.si-hu.eu\/2127\/wp-content\/uploads\/sites\/14\/2026\/04\/Pannonian-PG-list-EN-700x441.png 700w\" sizes=\"(max-width: 320px) 100vw, 320px\" \/><div class=\"fusion-rollover\">\n\t<div class=\"fusion-rollover-content\">\n\n\t\t\t\t\t\t\t\t\t\t\t\t\t\t<a class=\"fusion-rollover-link\" href=\"http:\/\/www.si-hu.eu\/2127\/2026\/04\/28\/the-list-of-native-and-traditional-plants-has-been-completed\/\">The list of native and traditional plants has been completed<\/a>\n\t\t\t\n\t\t\t\t\t\t\t\t\t\t\t\t\t\t\n\t\t\t\t\t\t\t\t\n\t\t\t\t\t\t\t\t\t\t\t\t\t<div class=\"fusion-rollover-sep\"><\/div>\n\t\t\t\t\n\t\t\t\t\t\t\t\t\t\t\t\t\t\t\t\t\t\t<a class=\"fusion-rollover-gallery\" href=\"http:\/\/www.si-hu.eu\/2127\/wp-content\/uploads\/sites\/14\/2026\/04\/Pannonian-PG-list-EN.png\" data-id=\"18624\" data-rel=\"iLightbox[gallery]\" data-title=\"Pannonian P&amp;G list EN\" data-caption=\"\">\n\t\t\t\t\t\tGallery\t\t\t\t\t<\/a>\n\t\t\t\t\t\t\t\t\t\t\t\t\t\t\n\t\t\n\t\t\t\t\t\t\t\t\t\t\t\t<h4 class=\"fusion-rollover-title\">\n\t\t\t\t\t<a class=\"fusion-rollover-title-link\" href=\"http:\/\/www.si-hu.eu\/2127\/2026\/04\/28\/the-list-of-native-and-traditional-plants-has-been-completed\/\">\n\t\t\t\t\t\tThe list of native and traditional plants has been completed\t\t\t\t\t<\/a>\n\t\t\t\t<\/h4>\n\t\t\t\n\t\t\t\t\t\t\t\t\t\t<div class=\"fusion-rollover-categories\"><a href=\"http:\/\/www.si-hu.eu\/2127\/category\/project-news\/\" rel=\"tag\">Project News<\/a>, <a href=\"http:\/\/www.si-hu.eu\/2127\/category\/project-news_pannonianpg\/\" rel=\"tag\">Project news_PannonianPG<\/a><\/div>\t\t\t\t\t\n\t\t\n\t\t\t\t\t\t<a class=\"fusion-link-wrapper\" href=\"http:\/\/www.si-hu.eu\/2127\/2026\/04\/28\/the-list-of-native-and-traditional-plants-has-been-completed\/\" aria-label=\"The list of native and traditional plants has been completed\"><\/a>\n\t<\/div>\n<\/div>\n<\/div>\n<\/li>\n\t\t\t\n\t\t\t\n\t\t\t\t\t\t\t\t\t\t\t\t\t\t\t\t\t\t\t\t\t\t\t\t\t\t\t\t\t\t\t\t\t\t\t\t\t\t\t\t\t\t\t\t\t\t\t\t\t\t\t\t\t\t\t\t\t\t\t\t\t\t\t\t\t\t\t\t<\/ul>\n\t<\/div>\n\t<div class=\"fusion-post-content post-content\"><h2 class=\"blog-shortcode-post-title entry-title\"><a href=\"http:\/\/www.si-hu.eu\/2127\/2026\/04\/28\/the-list-of-native-and-traditional-plants-has-been-completed\/\">The list of native and traditional plants has been completed<\/a><\/h2><p class=\"fusion-single-line-meta\"><span class=\"vcard\" style=\"display: none;\"><span class=\"fn\"><a href=\"http:\/\/www.si-hu.eu\/2127\/author\/gomag\/\" title=\"Posts by gomag\" rel=\"author\">gomag<\/a><\/span><\/span><span class=\"updated\" style=\"display:none;\">2026-04-28T11:54:58+02:00<\/span><span>28. April, 2026<\/span><span class=\"fusion-inline-sep\">|<\/span><\/p><div class=\"fusion-post-content-container\"><p>Within the framework of the Pannonian P&amp;G project, a list of native and traditional plants has been completed, which supports the preservation of biodiversity and sustainable use in the cross-border region.<\/p><\/div><\/div><div class=\"fusion-clearfix\"><\/div><div class=\"fusion-meta-info\"><div class=\"fusion-alignright\"><a class=\"fusion-read-more\" href=\"http:\/\/www.si-hu.eu\/2127\/2026\/04\/28\/the-list-of-native-and-traditional-plants-has-been-completed\/\" aria-label=\"More on The list of native and traditional plants has been completed\">Read More<\/a><\/div><\/div><\/article>\n<article id=\"blog-2-post-18536\" class=\"fusion-post-medium-alternate post-18536 post type-post status-publish format-standard has-post-thumbnail hentry category-project-news category-project-news_riskhubii\">\n<div class=\"fusion-date-and-formats\"><div class=\"fusion-date-box updated\"><span class=\"fusion-date\">28<\/span><span class=\"fusion-month-year\">04, 2026<\/span><\/div><div class=\"fusion-format-box\"><i class=\"awb-icon-pen\" aria-hidden=\"true\"><\/i><\/div><\/div>\t<style type=\"text\/css\">\n\t\t\n\t\t\n\t\t\n\t\t\n\t\t\t<\/style>\n\n\n\t\t\t<div class=\"fusion-flexslider flexslider fusion-flexslider-loading fusion-post-slideshow\" style=\"\">\n\t\t<ul class=\"slides\">\n\t\t\t\n\t\t\t\t\t\t\t\t\t\t\t\t\t\t<li><div  class=\"fusion-image-wrapper fusion-image-size-fixed\" aria-haspopup=\"true\">\n\t\t\t\t  <img width=\"320\" height=\"202\" src=\"http:\/\/www.si-hu.eu\/2127\/wp-content\/uploads\/sites\/14\/2026\/04\/RISKHUB-II.-EN-320x202.png\" class=\"attachment-blog-medium size-blog-medium wp-post-image\" alt=\"\" srcset=\"http:\/\/www.si-hu.eu\/2127\/wp-content\/uploads\/sites\/14\/2026\/04\/RISKHUB-II.-EN-320x202.png 320w, http:\/\/www.si-hu.eu\/2127\/wp-content\/uploads\/sites\/14\/2026\/04\/RISKHUB-II.-EN-700x441.png 700w\" sizes=\"(max-width: 320px) 100vw, 320px\" \/><div class=\"fusion-rollover\">\n\t<div class=\"fusion-rollover-content\">\n\n\t\t\t\t\t\t\t\t\t\t\t\t\t\t<a class=\"fusion-rollover-link\" href=\"http:\/\/www.si-hu.eu\/2127\/2026\/04\/28\/cross-border-cooperation-for-disaster-management\/\">Cross-border cooperation for disaster management<\/a>\n\t\t\t\n\t\t\t\t\t\t\t\t\t\t\t\t\t\t\n\t\t\t\t\t\t\t\t\n\t\t\t\t\t\t\t\t\t\t\t\t\t<div class=\"fusion-rollover-sep\"><\/div>\n\t\t\t\t\n\t\t\t\t\t\t\t\t\t\t\t\t\t\t\t\t\t\t<a class=\"fusion-rollover-gallery\" href=\"http:\/\/www.si-hu.eu\/2127\/wp-content\/uploads\/sites\/14\/2026\/04\/RISKHUB-II.-EN.png\" data-id=\"18536\" data-rel=\"iLightbox[gallery]\" data-title=\"RISKHUB II. EN\" data-caption=\"\">\n\t\t\t\t\t\tGallery\t\t\t\t\t<\/a>\n\t\t\t\t\t\t\t\t\t\t\t\t\t\t\n\t\t\n\t\t\t\t\t\t\t\t\t\t\t\t<h4 class=\"fusion-rollover-title\">\n\t\t\t\t\t<a class=\"fusion-rollover-title-link\" href=\"http:\/\/www.si-hu.eu\/2127\/2026\/04\/28\/cross-border-cooperation-for-disaster-management\/\">\n\t\t\t\t\t\tCross-border cooperation for disaster management\t\t\t\t\t<\/a>\n\t\t\t\t<\/h4>\n\t\t\t\n\t\t\t\t\t\t\t\t\t\t<div class=\"fusion-rollover-categories\"><a href=\"http:\/\/www.si-hu.eu\/2127\/category\/project-news\/\" rel=\"tag\">Project News<\/a>, <a href=\"http:\/\/www.si-hu.eu\/2127\/category\/project-news_riskhubii\/\" rel=\"tag\">Project news_RISKHUBII<\/a><\/div>\t\t\t\t\t\n\t\t\n\t\t\t\t\t\t<a class=\"fusion-link-wrapper\" href=\"http:\/\/www.si-hu.eu\/2127\/2026\/04\/28\/cross-border-cooperation-for-disaster-management\/\" aria-label=\"Cross-border cooperation for disaster management\"><\/a>\n\t<\/div>\n<\/div>\n<\/div>\n<\/li>\n\t\t\t\n\t\t\t\n\t\t\t\t\t\t\t\t\t\t\t\t\t\t\t\t\t\t\t\t\t\t\t\t\t\t\t\t\t\t\t\t\t\t\t\t\t\t\t\t\t\t\t\t\t\t\t\t\t\t\t\t\t\t\t\t\t\t\t\t\t\t\t\t\t\t\t\t<\/ul>\n\t<\/div>\n\t<div class=\"fusion-post-content post-content\"><h2 class=\"blog-shortcode-post-title entry-title\"><a href=\"http:\/\/www.si-hu.eu\/2127\/2026\/04\/28\/cross-border-cooperation-for-disaster-management\/\">Cross-border cooperation for disaster management<\/a><\/h2><p class=\"fusion-single-line-meta\"><span class=\"vcard\" style=\"display: none;\"><span class=\"fn\"><a href=\"http:\/\/www.si-hu.eu\/2127\/author\/gomag\/\" title=\"Posts by gomag\" rel=\"author\">gomag<\/a><\/span><\/span><span class=\"updated\" style=\"display:none;\">2026-04-28T11:39:16+02:00<\/span><span>28. April, 2026<\/span><span class=\"fusion-inline-sep\">|<\/span><\/p><div class=\"fusion-post-content-container\"><p>The project RISKHUB II. - Reducing risks by developing interoperability between Slovenia and Hungary for improved disaster preparedness - II. aims to strengthen disaster preparedness and response capacity to climate change-related risks in Hungarian-Slovenian border settlements. <\/p><\/div><\/div><div class=\"fusion-clearfix\"><\/div><div class=\"fusion-meta-info\"><div class=\"fusion-alignright\"><a class=\"fusion-read-more\" href=\"http:\/\/www.si-hu.eu\/2127\/2026\/04\/28\/cross-border-cooperation-for-disaster-management\/\" aria-label=\"More on Cross-border cooperation for disaster management\">Read More<\/a><\/div><\/div><\/article>\n<article id=\"blog-2-post-18520\" class=\"fusion-post-medium-alternate post-18520 post type-post status-publish format-standard has-post-thumbnail hentry category-project-news category-project-news_housestogo\">\n<div class=\"fusion-date-and-formats\"><div class=\"fusion-date-box updated\"><span class=\"fusion-date\">27<\/span><span class=\"fusion-month-year\">04, 2026<\/span><\/div><div class=\"fusion-format-box\"><i class=\"awb-icon-pen\" aria-hidden=\"true\"><\/i><\/div><\/div>\t<style type=\"text\/css\">\n\t\t\n\t\t\n\t\t\n\t\t\n\t\t\t<\/style>\n\n\n\t\t\t<div class=\"fusion-flexslider flexslider fusion-flexslider-loading fusion-post-slideshow\" style=\"\">\n\t\t<ul class=\"slides\">\n\t\t\t\n\t\t\t\t\t\t\t\t\t\t\t\t\t\t<li><div  class=\"fusion-image-wrapper fusion-image-size-fixed\" aria-haspopup=\"true\">\n\t\t\t\t  <img width=\"320\" height=\"202\" src=\"http:\/\/www.si-hu.eu\/2127\/wp-content\/uploads\/sites\/14\/2026\/04\/HOUSES_2026.05.06.-320x202.png\" class=\"attachment-blog-medium size-blog-medium wp-post-image\" alt=\"\" srcset=\"http:\/\/www.si-hu.eu\/2127\/wp-content\/uploads\/sites\/14\/2026\/04\/HOUSES_2026.05.06.-320x202.png 320w, http:\/\/www.si-hu.eu\/2127\/wp-content\/uploads\/sites\/14\/2026\/04\/HOUSES_2026.05.06.-700x441.png 700w\" sizes=\"(max-width: 320px) 100vw, 320px\" \/><div class=\"fusion-rollover\">\n\t<div class=\"fusion-rollover-content\">\n\n\t\t\t\t\t\t\t\t\t\t\t\t\t\t<a class=\"fusion-rollover-link\" href=\"http:\/\/www.si-hu.eu\/2127\/2026\/04\/27\/houses-to-go-1st-activation-event\/\">HOUSES to go \u2013 1st activation event<\/a>\n\t\t\t\n\t\t\t\t\t\t\t\t\t\t\t\t\t\t\n\t\t\t\t\t\t\t\t\n\t\t\t\t\t\t\t\t\t\t\t\t\t<div class=\"fusion-rollover-sep\"><\/div>\n\t\t\t\t\n\t\t\t\t\t\t\t\t\t\t\t\t\t\t\t\t\t\t<a class=\"fusion-rollover-gallery\" href=\"http:\/\/www.si-hu.eu\/2127\/wp-content\/uploads\/sites\/14\/2026\/04\/HOUSES_2026.05.06..png\" data-id=\"18520\" data-rel=\"iLightbox[gallery]\" data-title=\"HOUSES_2026.05.06.\" data-caption=\"\">\n\t\t\t\t\t\tGallery\t\t\t\t\t<\/a>\n\t\t\t\t\t\t\t\t\t\t\t\t\t\t\n\t\t\n\t\t\t\t\t\t\t\t\t\t\t\t<h4 class=\"fusion-rollover-title\">\n\t\t\t\t\t<a class=\"fusion-rollover-title-link\" href=\"http:\/\/www.si-hu.eu\/2127\/2026\/04\/27\/houses-to-go-1st-activation-event\/\">\n\t\t\t\t\t\tHOUSES to go \u2013 1st activation event\t\t\t\t\t<\/a>\n\t\t\t\t<\/h4>\n\t\t\t\n\t\t\t\t\t\t\t\t\t\t<div class=\"fusion-rollover-categories\"><a href=\"http:\/\/www.si-hu.eu\/2127\/category\/project-news\/\" rel=\"tag\">Project News<\/a>, <a href=\"http:\/\/www.si-hu.eu\/2127\/category\/project-news_housestogo\/\" rel=\"tag\">Project news_HOUSEStogo<\/a><\/div>\t\t\t\t\t\n\t\t\n\t\t\t\t\t\t<a class=\"fusion-link-wrapper\" href=\"http:\/\/www.si-hu.eu\/2127\/2026\/04\/27\/houses-to-go-1st-activation-event\/\" aria-label=\"HOUSES to go \u2013 1st activation event\"><\/a>\n\t<\/div>\n<\/div>\n<\/div>\n<\/li>\n\t\t\t\n\t\t\t\n\t\t\t\t\t\t\t\t\t\t\t\t\t\t\t\t\t\t\t\t\t\t\t\t\t\t\t\t\t\t\t\t\t\t\t\t\t\t\t\t\t\t\t\t\t\t\t\t\t\t\t\t\t\t\t\t\t\t\t\t\t\t\t\t\t\t\t\t<\/ul>\n\t<\/div>\n\t<div class=\"fusion-post-content post-content\"><h2 class=\"blog-shortcode-post-title entry-title\"><a href=\"http:\/\/www.si-hu.eu\/2127\/2026\/04\/27\/houses-to-go-1st-activation-event\/\">HOUSES to go \u2013 1st activation event<\/a><\/h2><p class=\"fusion-single-line-meta\"><span class=\"vcard\" style=\"display: none;\"><span class=\"fn\"><a href=\"http:\/\/www.si-hu.eu\/2127\/author\/gomag\/\" title=\"Posts by gomag\" rel=\"author\">gomag<\/a><\/span><\/span><span class=\"updated\" style=\"display:none;\">2026-04-27T13:19:47+02:00<\/span><span>27. April, 2026<\/span><span class=\"fusion-inline-sep\">|<\/span><\/p><div class=\"fusion-post-content-container\"><p>As part of the \"HOUSES to go\" project, two activation events will be held. The first activation event will take place on Wednesday, May 6, 2026, at the Oszk\u00f3 Sz\u0151l\u0151hegy, in the area of the Hegyp\u00e1zstor cellars.<\/p><\/div><\/div><div class=\"fusion-clearfix\"><\/div><div class=\"fusion-meta-info\"><div class=\"fusion-alignright\"><a class=\"fusion-read-more\" href=\"http:\/\/www.si-hu.eu\/2127\/2026\/04\/27\/houses-to-go-1st-activation-event\/\" aria-label=\"More on HOUSES to go \u2013 1st activation event\">Read More<\/a><\/div><\/div><\/article>\n<article id=\"blog-2-post-18440\" class=\"fusion-post-medium-alternate post-18440 post type-post status-publish format-standard has-post-thumbnail hentry category-project-news category-project-news_keepitdark\">\n<div class=\"fusion-date-and-formats\"><div class=\"fusion-date-box updated\"><span class=\"fusion-date\">22<\/span><span class=\"fusion-month-year\">04, 2026<\/span><\/div><div class=\"fusion-format-box\"><i class=\"awb-icon-pen\" aria-hidden=\"true\"><\/i><\/div><\/div>\t<style type=\"text\/css\">\n\t\t\n\t\t\n\t\t\n\t\t\n\t\t\t<\/style>\n\n\n\t\t\t<div class=\"fusion-flexslider flexslider fusion-flexslider-loading fusion-post-slideshow\" style=\"\">\n\t\t<ul class=\"slides\">\n\t\t\t\n\t\t\t\t\t\t\t\t\t\t\t\t\t\t<li><div  class=\"fusion-image-wrapper fusion-image-size-fixed\" aria-haspopup=\"true\">\n\t\t\t\t  <img width=\"320\" height=\"202\" src=\"http:\/\/www.si-hu.eu\/2127\/wp-content\/uploads\/sites\/14\/2026\/04\/KeepItDark-International-Dark-Sky-Week-EN-320x202.png\" class=\"attachment-blog-medium size-blog-medium wp-post-image\" alt=\"\" srcset=\"http:\/\/www.si-hu.eu\/2127\/wp-content\/uploads\/sites\/14\/2026\/04\/KeepItDark-International-Dark-Sky-Week-EN-320x202.png 320w, http:\/\/www.si-hu.eu\/2127\/wp-content\/uploads\/sites\/14\/2026\/04\/KeepItDark-International-Dark-Sky-Week-EN-700x441.png 700w\" sizes=\"(max-width: 320px) 100vw, 320px\" \/><div class=\"fusion-rollover\">\n\t<div class=\"fusion-rollover-content\">\n\n\t\t\t\t\t\t\t\t\t\t\t\t\t\t<a class=\"fusion-rollover-link\" href=\"http:\/\/www.si-hu.eu\/2127\/2026\/04\/22\/raising-awareness-of-light-pollution-during-dark-sky-week\/\">Raising Awareness of Light Pollution During Dark Sky Week<\/a>\n\t\t\t\n\t\t\t\t\t\t\t\t\t\t\t\t\t\t\n\t\t\t\t\t\t\t\t\n\t\t\t\t\t\t\t\t\t\t\t\t\t<div class=\"fusion-rollover-sep\"><\/div>\n\t\t\t\t\n\t\t\t\t\t\t\t\t\t\t\t\t\t\t\t\t\t\t<a class=\"fusion-rollover-gallery\" href=\"http:\/\/www.si-hu.eu\/2127\/wp-content\/uploads\/sites\/14\/2026\/04\/KeepItDark-International-Dark-Sky-Week-EN.png\" data-id=\"18440\" data-rel=\"iLightbox[gallery]\" data-title=\"KeepItDark International Dark Sky Week EN\" data-caption=\"\">\n\t\t\t\t\t\tGallery\t\t\t\t\t<\/a>\n\t\t\t\t\t\t\t\t\t\t\t\t\t\t\n\t\t\n\t\t\t\t\t\t\t\t\t\t\t\t<h4 class=\"fusion-rollover-title\">\n\t\t\t\t\t<a class=\"fusion-rollover-title-link\" href=\"http:\/\/www.si-hu.eu\/2127\/2026\/04\/22\/raising-awareness-of-light-pollution-during-dark-sky-week\/\">\n\t\t\t\t\t\tRaising Awareness of Light Pollution During Dark Sky Week\t\t\t\t\t<\/a>\n\t\t\t\t<\/h4>\n\t\t\t\n\t\t\t\t\t\t\t\t\t\t<div class=\"fusion-rollover-categories\"><a href=\"http:\/\/www.si-hu.eu\/2127\/category\/project-news\/\" rel=\"tag\">Project News<\/a>, <a href=\"http:\/\/www.si-hu.eu\/2127\/category\/project-news_keepitdark\/\" rel=\"tag\">Project news_KeepItDark<\/a><\/div>\t\t\t\t\t\n\t\t\n\t\t\t\t\t\t<a class=\"fusion-link-wrapper\" href=\"http:\/\/www.si-hu.eu\/2127\/2026\/04\/22\/raising-awareness-of-light-pollution-during-dark-sky-week\/\" aria-label=\"Raising Awareness of Light Pollution During Dark Sky Week\"><\/a>\n\t<\/div>\n<\/div>\n<\/div>\n<\/li>\n\t\t\t\n\t\t\t\n\t\t\t\t\t\t\t\t\t\t\t\t\t\t\t\t\t\t\t\t\t\t\t\t\t\t\t\t\t\t\t\t\t\t\t\t\t\t\t\t\t\t\t\t\t\t\t\t\t\t\t\t\t\t\t\t\t\t\t\t\t\t\t\t\t\t\t\t<\/ul>\n\t<\/div>\n\t<div class=\"fusion-post-content post-content\"><h2 class=\"blog-shortcode-post-title entry-title\"><a href=\"http:\/\/www.si-hu.eu\/2127\/2026\/04\/22\/raising-awareness-of-light-pollution-during-dark-sky-week\/\">Raising Awareness of Light Pollution During Dark Sky Week<\/a><\/h2><p class=\"fusion-single-line-meta\"><span class=\"vcard\" style=\"display: none;\"><span class=\"fn\"><a href=\"http:\/\/www.si-hu.eu\/2127\/author\/gomag\/\" title=\"Posts by gomag\" rel=\"author\">gomag<\/a><\/span><\/span><span class=\"updated\" style=\"display:none;\">2026-04-22T12:53:07+02:00<\/span><span>22. April, 2026<\/span><span class=\"fusion-inline-sep\">|<\/span><\/p><div class=\"fusion-post-content-container\"><p>As part of International Dark Sky Week, a workshop on light pollution was carried out in collaboration with Primary School I Murska Sobota for 3rd grade students. The students explored the topic through the game Journey through a Bright Night, developed by scientist Annette Krop-Benesch.<\/p><\/div><\/div><div class=\"fusion-clearfix\"><\/div><div class=\"fusion-meta-info\"><div class=\"fusion-alignright\"><a class=\"fusion-read-more\" href=\"http:\/\/www.si-hu.eu\/2127\/2026\/04\/22\/raising-awareness-of-light-pollution-during-dark-sky-week\/\" aria-label=\"More on Raising Awareness of Light Pollution During Dark Sky Week\">Read More<\/a><\/div><\/div><\/article>\n<article id=\"blog-2-post-18424\" class=\"fusion-post-medium-alternate post-18424 post type-post status-publish format-standard has-post-thumbnail hentry category-project-news category-project-news_gucimo\">\n<div class=\"fusion-date-and-formats\"><div class=\"fusion-date-box updated\"><span class=\"fusion-date\">21<\/span><span class=\"fusion-month-year\">04, 2026<\/span><\/div><div class=\"fusion-format-box\"><i class=\"awb-icon-pen\" aria-hidden=\"true\"><\/i><\/div><\/div>\t<style type=\"text\/css\">\n\t\t\n\t\t\n\t\t\n\t\t\n\t\t\t<\/style>\n\n\n\t\t\t<div class=\"fusion-flexslider flexslider fusion-flexslider-loading fusion-post-slideshow\" style=\"\">\n\t\t<ul class=\"slides\">\n\t\t\t\n\t\t\t\t\t\t\t\t\t\t\t\t\t\t<li><div  class=\"fusion-image-wrapper fusion-image-size-fixed\" aria-haspopup=\"true\">\n\t\t\t\t  <img width=\"320\" height=\"202\" src=\"http:\/\/www.si-hu.eu\/2127\/wp-content\/uploads\/sites\/14\/2026\/04\/GUCIMO-workshop-EN-320x202.png\" class=\"attachment-blog-medium size-blog-medium wp-post-image\" alt=\"\" srcset=\"http:\/\/www.si-hu.eu\/2127\/wp-content\/uploads\/sites\/14\/2026\/04\/GUCIMO-workshop-EN-320x202.png 320w, http:\/\/www.si-hu.eu\/2127\/wp-content\/uploads\/sites\/14\/2026\/04\/GUCIMO-workshop-EN-700x441.png 700w\" sizes=\"(max-width: 320px) 100vw, 320px\" \/><div class=\"fusion-rollover\">\n\t<div class=\"fusion-rollover-content\">\n\n\t\t\t\t\t\t\t\t\t\t\t\t\t\t<a class=\"fusion-rollover-link\" href=\"http:\/\/www.si-hu.eu\/2127\/2026\/04\/21\/cultural-heritage-as-an-opportunity-for-tourism-and-tourism-providers\/\">Cultural Heritage as an Opportunity for Tourism and Tourism Providers<\/a>\n\t\t\t\n\t\t\t\t\t\t\t\t\t\t\t\t\t\t\n\t\t\t\t\t\t\t\t\n\t\t\t\t\t\t\t\t\t\t\t\t\t<div class=\"fusion-rollover-sep\"><\/div>\n\t\t\t\t\n\t\t\t\t\t\t\t\t\t\t\t\t\t\t\t\t\t\t<a class=\"fusion-rollover-gallery\" href=\"http:\/\/www.si-hu.eu\/2127\/wp-content\/uploads\/sites\/14\/2026\/04\/GUCIMO-workshop-EN.png\" data-id=\"18424\" data-rel=\"iLightbox[gallery]\" data-title=\"GU\u010cIMO workshop EN\" data-caption=\"\">\n\t\t\t\t\t\tGallery\t\t\t\t\t<\/a>\n\t\t\t\t\t\t\t\t\t\t\t\t\t\t\n\t\t\n\t\t\t\t\t\t\t\t\t\t\t\t<h4 class=\"fusion-rollover-title\">\n\t\t\t\t\t<a class=\"fusion-rollover-title-link\" href=\"http:\/\/www.si-hu.eu\/2127\/2026\/04\/21\/cultural-heritage-as-an-opportunity-for-tourism-and-tourism-providers\/\">\n\t\t\t\t\t\tCultural Heritage as an Opportunity for Tourism and Tourism Providers\t\t\t\t\t<\/a>\n\t\t\t\t<\/h4>\n\t\t\t\n\t\t\t\t\t\t\t\t\t\t<div class=\"fusion-rollover-categories\"><a href=\"http:\/\/www.si-hu.eu\/2127\/category\/project-news\/\" rel=\"tag\">Project News<\/a>, <a href=\"http:\/\/www.si-hu.eu\/2127\/category\/project-news_gucimo\/\" rel=\"tag\">Project news_GU\u010cIMO<\/a><\/div>\t\t\t\t\t\n\t\t\n\t\t\t\t\t\t<a class=\"fusion-link-wrapper\" href=\"http:\/\/www.si-hu.eu\/2127\/2026\/04\/21\/cultural-heritage-as-an-opportunity-for-tourism-and-tourism-providers\/\" aria-label=\"Cultural Heritage as an Opportunity for Tourism and Tourism Providers\"><\/a>\n\t<\/div>\n<\/div>\n<\/div>\n<\/li>\n\t\t\t\n\t\t\t\n\t\t\t\t\t\t\t\t\t\t\t\t\t\t\t\t\t\t\t\t\t\t\t\t\t\t\t\t\t\t\t\t\t\t\t\t\t\t\t\t\t\t\t\t\t\t\t\t\t\t\t\t\t\t\t\t\t\t\t\t\t\t\t\t\t\t\t\t<\/ul>\n\t<\/div>\n\t<div class=\"fusion-post-content post-content\"><h2 class=\"blog-shortcode-post-title entry-title\"><a href=\"http:\/\/www.si-hu.eu\/2127\/2026\/04\/21\/cultural-heritage-as-an-opportunity-for-tourism-and-tourism-providers\/\">Cultural Heritage as an Opportunity for Tourism and Tourism Providers<\/a><\/h2><p class=\"fusion-single-line-meta\"><span class=\"vcard\" style=\"display: none;\"><span class=\"fn\"><a href=\"http:\/\/www.si-hu.eu\/2127\/author\/gomag\/\" title=\"Posts by gomag\" rel=\"author\">gomag<\/a><\/span><\/span><span class=\"updated\" style=\"display:none;\">2026-04-21T14:48:36+02:00<\/span><span>21. April, 2026<\/span><span class=\"fusion-inline-sep\">|<\/span><\/p><div class=\"fusion-post-content-container\"><p>You are invited to a GU\u010cIMO project workshop exploring the link between cultural heritage and tourism. The event will take place on April 29, 2026 in Szentgotth\u00e1rd, featuring discussions and a photo exhibition opening.<\/p><\/div><\/div><div class=\"fusion-clearfix\"><\/div><div class=\"fusion-meta-info\"><div class=\"fusion-alignright\"><a class=\"fusion-read-more\" href=\"http:\/\/www.si-hu.eu\/2127\/2026\/04\/21\/cultural-heritage-as-an-opportunity-for-tourism-and-tourism-providers\/\" aria-label=\"More on Cultural Heritage as an Opportunity for Tourism and Tourism Providers\">Read More<\/a><\/div><\/div><\/article>\n<\/div><div class=\"pagination clearfix\"><span class=\"current\">1<\/span><a href=\"http:\/\/www.si-hu.eu\/2127\/wp-json\/wp\/v2\/pages\/996\/page\/2\/\" class=\"inactive\">2<\/a><a class=\"pagination-next\" rel=\"next\" href=\"http:\/\/www.si-hu.eu\/2127\/wp-json\/wp\/v2\/pages\/996\/page\/2\/\"><span class=\"page-text\">Next<\/span><span class=\"page-next\"><\/span><\/a><\/div><div class=\"fusion-clearfix\"><\/div><\/div><\/div><style type=\"text\/css\">.fusion-body .fusion-builder-column-0{width:100% !important;margin-top : 0px;margin-bottom : 0px;}.fusion-builder-column-0 > .fusion-column-wrapper {padding-top : 0px !important;padding-right : 0px !important;margin-right : 0px;padding-bottom : 0px !important;padding-left : 0px !important;margin-left : 0px;}@media only screen and (max-width:1024px) {.fusion-body .fusion-builder-column-0{width:100% !important;}.fusion-builder-column-0 > .fusion-column-wrapper {margin-right : 0px;margin-left : 0px;}}@media only screen and (max-width:640px) {.fusion-body .fusion-builder-column-0{width:100% !important;}.fusion-builder-column-0 > .fusion-column-wrapper {margin-right : 0px;margin-left : 0px;}}<\/style><\/div><\/div><style type=\"text\/css\">.fusion-body .fusion-flex-container.fusion-builder-row-1{ padding-top : 0px;margin-top : 0px;padding-right : 0px;padding-bottom : 115px;margin-bottom : 0px;padding-left : 0px;}<\/style><\/div>\n","protected":false},"excerpt":{"rendered":"","protected":false},"author":6,"featured_media":0,"parent":0,"menu_order":0,"comment_status":"closed","ping_status":"closed","template":"","meta":{"ngg_post_thumbnail":0},"_links":{"self":[{"href":"http:\/\/www.si-hu.eu\/2127\/wp-json\/wp\/v2\/pages\/996"}],"collection":[{"href":"http:\/\/www.si-hu.eu\/2127\/wp-json\/wp\/v2\/pages"}],"about":[{"href":"http:\/\/www.si-hu.eu\/2127\/wp-json\/wp\/v2\/types\/page"}],"author":[{"embeddable":true,"href":"http:\/\/www.si-hu.eu\/2127\/wp-json\/wp\/v2\/users\/6"}],"replies":[{"embeddable":true,"href":"http:\/\/www.si-hu.eu\/2127\/wp-json\/wp\/v2\/comments?post=996"}],"version-history":[{"count":30,"href":"http:\/\/www.si-hu.eu\/2127\/wp-json\/wp\/v2\/pages\/996\/revisions"}],"predecessor-version":[{"id":18299,"href":"http:\/\/www.si-hu.eu\/2127\/wp-json\/wp\/v2\/pages\/996\/revisions\/18299"}],"wp:attachment":[{"href":"http:\/\/www.si-hu.eu\/2127\/wp-json\/wp\/v2\/media?parent=996"}],"curies":[{"name":"wp","href":"https:\/\/api.w.org\/{rel}","templated":true}]}}