{"id":129,"date":"2015-10-03T13:38:15","date_gmt":"2015-10-03T12:38:15","guid":{"rendered":"http:\/\/84.39.218.252\/si2\/?page_id=129"},"modified":"2022-02-07T07:27:21","modified_gmt":"2022-02-07T06:27:21","slug":"revizijski-organ-revizijsko-telo","status":"publish","type":"page","link":"http:\/\/www.si-hu.eu\/hu2\/o-nas\/revizijski-organ-revizijsko-telo\/","title":{"rendered":"Odbor za spremljanje"},"content":{"rendered":"<div id='layer_slider_1'  class='avia-layerslider main_color avia-shadow  avia-builder-el-0  el_before_av_two_third  avia-builder-el-first  container_wrap sidebar_right'  style='height: 151px;'  ><div id=\"layerslider_4_kfywwhk5obih\" class=\"ls-wp-container fitvidsignore\" style=\"width:1600px;height:150px;margin:0 auto;margin-bottom: 0px;\"><div class=\"ls-slide\" data-ls=\"duration:5000;\"><img width=\"2048\" height=\"321\" src=\"http:\/\/www.si-hu.eu\/hu2\/wp-content\/uploads\/sites\/10\/layerslider\/ENSubSlider\/Clouds.jpg\" class=\"ls-bg\" alt=\"\" srcset=\"http:\/\/www.si-hu.eu\/hu2\/wp-content\/uploads\/sites\/10\/layerslider\/ENSubSlider\/Clouds.jpg 2048w, http:\/\/www.si-hu.eu\/hu2\/wp-content\/uploads\/sites\/10\/layerslider\/ENSubSlider\/Clouds-300x47.jpg 300w, http:\/\/www.si-hu.eu\/hu2\/wp-content\/uploads\/sites\/10\/layerslider\/ENSubSlider\/Clouds-1030x161.jpg 1030w, http:\/\/www.si-hu.eu\/hu2\/wp-content\/uploads\/sites\/10\/layerslider\/ENSubSlider\/Clouds-600x94.jpg 600w, http:\/\/www.si-hu.eu\/hu2\/wp-content\/uploads\/sites\/10\/layerslider\/ENSubSlider\/Clouds-1500x235.jpg 1500w, http:\/\/www.si-hu.eu\/hu2\/wp-content\/uploads\/sites\/10\/layerslider\/ENSubSlider\/Clouds-705x111.jpg 705w, http:\/\/www.si-hu.eu\/hu2\/wp-content\/uploads\/sites\/10\/layerslider\/ENSubSlider\/Clouds-450x71.jpg 450w\" sizes=\"(max-width: 2048px) 100vw, 2048px\" \/><h2 style=\"padding-top:10px;padding-right:10px;padding-bottom:10px;padding-left:10px;color:#ffffff;background:#436f4d;border-radius:15px;top:80px;left:40px;\" class=\"ls-l ls-text-layer\" data-ls=\"offsetxin:80;offsetxout:-80;durationout:400;parallaxlevel:0;\">Interreg V-A Szlov&eacute;nia-Magyarorsz&aacute;g Egy&uuml;ttm&#369;k&ouml;d&eacute;si Program<\/h2><\/div><div class=\"ls-slide\" data-ls=\"duration:4000;\"><img width=\"1600\" height=\"150\" src=\"http:\/\/www.si-hu.eu\/hu2\/wp-content\/uploads\/sites\/10\/layerslider\/ENSubSlider\/lipa.png\" class=\"ls-bg\" alt=\"\" srcset=\"http:\/\/www.si-hu.eu\/hu2\/wp-content\/uploads\/sites\/10\/layerslider\/ENSubSlider\/lipa.png 1600w, http:\/\/www.si-hu.eu\/hu2\/wp-content\/uploads\/sites\/10\/layerslider\/ENSubSlider\/lipa-300x28.png 300w, http:\/\/www.si-hu.eu\/hu2\/wp-content\/uploads\/sites\/10\/layerslider\/ENSubSlider\/lipa-1030x97.png 1030w, http:\/\/www.si-hu.eu\/hu2\/wp-content\/uploads\/sites\/10\/layerslider\/ENSubSlider\/lipa-600x56.png 600w, http:\/\/www.si-hu.eu\/hu2\/wp-content\/uploads\/sites\/10\/layerslider\/ENSubSlider\/lipa-1500x141.png 1500w, http:\/\/www.si-hu.eu\/hu2\/wp-content\/uploads\/sites\/10\/layerslider\/ENSubSlider\/lipa-705x66.png 705w, http:\/\/www.si-hu.eu\/hu2\/wp-content\/uploads\/sites\/10\/layerslider\/ENSubSlider\/lipa-450x42.png 450w\" sizes=\"(max-width: 1600px) 100vw, 1600px\" \/><h2 style=\"padding-top:10px;padding-right:10px;padding-bottom:10px;padding-left:10px;color:#ffffff;background:#436f4d;border-radius:15px;top:25px;left:600px;\" class=\"ls-l ls-text-layer\" data-ls=\"offsetxin:80;offsetxout:-80;durationout:400;parallaxlevel:0;\">Interreg V-A Szlov&eacute;nia-Magyarorsz&aacute;g Egy&uuml;ttm&#369;k&ouml;d&eacute;si Program<\/h2><\/div><\/div><\/div><div id='after_layer_slider_1'  class='main_color av_default_container_wrap container_wrap sidebar_right'  ><div class='container av-section-cont-open' ><div class='template-page content  av-content-small alpha units'><div class='post-entry post-entry-type-page post-entry-129'><div class='entry-content-wrapper clearfix'>\n\n<style type=\"text\/css\" data-created_by=\"avia_inline_auto\" id=\"style-css-av-rqsw1-771588a95bc7b0ff88357094dc41cb9d\">\n.flex_column.av-rqsw1-771588a95bc7b0ff88357094dc41cb9d{\nborder-radius:0px 0px 0px 0px;\n-webkit-border-radius:0px 0px 0px 0px;\n-moz-border-radius:0px 0px 0px 0px;\n}\n<\/style>\n<div class='flex_column av-rqsw1-771588a95bc7b0ff88357094dc41cb9d av_two_third  avia-builder-el-1  el_after_av_layerslider  el_before_av_one_fourth  avia-builder-el-first  first flex_column_div av-zero-column-padding '   ><section  class='av_textblock_section av-2anep-446e1fdd91d030445109021ce5966545'  itemscope=\"itemscope\" itemtype=\"https:\/\/schema.org\/CreativeWork\" ><div class='avia_textblock'  itemprop=\"text\" ><h2><strong><em>MONITORING BIZOTTS\u00c1G (MB)<\/em><\/strong><\/h2>\n<p>Az Egy\u00fcttm\u0171k\u00f6d\u00e9si Program Eur\u00f3pai Bizotts\u00e1g \u00e1ltali elfogad\u00e1s\u00e1t k\u00f6vet\u0151 h\u00e1rom h\u00f3napon bel\u00fcl a k\u00e9t tag\u00e1llam az IH egyet\u00e9rt\u00e9s\u00e9vel fel\u00e1ll\u00edtja a MB-ot. A MB \u00f6sszet\u00e9tel\u00e9nek a k\u00e9t tag\u00e1llam k\u00f6z\u00f6s meg\u00e1llapod\u00e1s\u00e1n kell alapulnia figyelembe v\u00e9ve a VR 5. cikk\u00e9t \u00e9s az Eur\u00f3pai Bizotts\u00e1g felhatalmaz\u00e1son alapul\u00f3 rendelet\u00e9t, az Eur\u00f3pai Partners\u00e9gi K\u00f3dex-et. A MB tagjai a tag\u00e1llamok szakmapolitikai \u00e9s adminisztrat\u00edv szint\u0171 k\u00e9pviselet\u00e9t biztos\u00edtj\u00e1k, az \u00e1tl\u00e1that\u00f3s\u00e1g k\u00f6vetelm\u00e9ny\u00e9nek megfelel\u0151en \u00e9s rendelkeznek a sz\u00fcks\u00e9ges hat\u00e1sk\u00f6rrel, hogy olyan optim\u00e1lis megold\u00e1sokat tal\u00e1ljanak, amelyek a teljes programter\u00fclet haszn\u00e1ra v\u00e1lnak. A program szempontj\u00e1b\u00f3l relev\u00e1ns szakpolitikai ter\u00fcletek \u00e9s a r\u00e9sztvev\u0151 r\u00e9gi\u00f3k k\u00e9pviselet\u00e9t biztos\u00edtani kell. Az Eur\u00f3pai Bizotts\u00e1g k\u00e9pvisel\u0151je tan\u00e1csad\u00f3i szerepben vesz r\u00e9szt az \u00fcl\u00e9sen. M\u00e1s relev\u00e1ns szervezetek, mint p\u00e9ld\u00e1ul a civil t\u00e1rsadalom, NGOk, a szoci\u00e1lis befogad\u00e1st, diszkrimin\u00e1ci\u00f3elleness\u00e9get \u00e9s a nemek k\u00f6zti egyenl\u0151s\u00e9get t\u00e1mogat\u00f3 szervezetek r\u00e9szv\u00e9tele sz\u00fcks\u00e9ges. A szavaz\u00e1si folyamat r\u00e9szletei az MB \u00dcgyrendj\u00e9ben ker\u00fclnek szab\u00e1lyoz\u00e1sra azzal, hogy minden r\u00e9sztvev\u0151 orsz\u00e1gnak egy szavazata van.<\/p>\n<p>A MB feladata a program ir\u00e1ny\u00edt\u00e1sa \u00e9s a v\u00e9grehajt\u00e1s hat\u00e9konys\u00e1g\u00e1nak \u00e9s min\u0151s\u00e9g\u00e9nek biztos\u00edt\u00e1sa. A MB a feladatait a VR 49. \u00e9s 110. cikk\u00e9nek megfelel\u0151en l\u00e1tja el. A MB m\u0171k\u00f6d\u00e9s\u00e9nek r\u00e9szletszab\u00e1lyai az \u00fcgyrendben ker\u00fclnek szab\u00e1lyoz\u00e1sra, annak az alapelvnek a figyelembe v\u00e9tel\u00e9vel, hogy mindk\u00e9t orsz\u00e1gnak egy szavazata van.<\/p>\n<p>A MB az \u00fcgyrendj\u00e9t az IH egyet\u00e9rt\u00e9s\u00e9vel fogadja el. A MB \u00fcl\u00e9seit az IH vezeti \u00e9s az \u00fcl\u00e9sek felv\u00e1ltva a k\u00e9t tag\u00e1llam ter\u00fclet\u00e9n ker\u00fclnek megrendez\u00e9sre. A MB \u00e9vente legal\u00e1bb egy alkalommal \u00fcl\u00e9sezik, fel\u00fclvizsg\u00e1lja a program el\u0151rehalad\u00e1s\u00e1t \u00e9s a kit\u0171z\u00f6tt c\u00e9lok \u00e9rdek\u00e9ben megtett l\u00e9p\u00e9seket. R\u00e9szletesen megvizsg\u00e1lja a program teljes\u00edtm\u00e9ny\u00e9t befoly\u00e1sol\u00f3 k\u00f6r\u00fclm\u00e9nyeket \u00e9s d\u00f6nt a program IH \u00e1ltal, vagy az MB saj\u00e1t el\u0151terjeszt\u00e9s\u00e9ben javasolt m\u00f3dos\u00edt\u00e1s\u00e1r\u00f3l<\/p>\n<p>A VR 110.(2)(a) cikk\u00e9nek megfelel\u0151en az MB d\u00f6nt a k\u00f6vetkez\u0151kr\u0151l:<\/p>\n<ul>\n<li>a projektkiv\u00e1laszt\u00e1s m\u00f3dszer\u00e9r\u0151l \u00e9s krit\u00e9riumair\u00f3l, valamint ezek m\u00f3dos\u00edt\u00e1s\u00e1r\u00f3l;<\/li>\n<li>az \u00e9rt\u00e9kel\u00e9si \u00e9s kommunik\u00e1ci\u00f3s strat\u00e9gi\u00e1r\u00f3l \u00e9s ezek kieg\u00e9sz\u00edt\u00e9s\u00e9r\u0151l;<\/li>\n<li>a t\u00e1mogatand\u00f3 projektekr\u0151l.<\/li>\n<\/ul>\n<p>Az MB speci\u00e1lis munkacsoportokat \u00e1ll\u00edthat fel. A MB \u00fcl\u00e9seit \u00e9s az \u00fcl\u00e9sr\u0151l k\u00e9sz\u00fclt eml\u00e9keztet\u0151ket a KT k\u00e9sz\u00edti el\u0151 az IH-val \u00e9s az akt\u00edv tagokkal egy\u00fctt. Amennyiben sz\u00fcks\u00e9ges, az MB az \u00fcgyrendj\u00e9ben lefektetett szab\u00e1lyoknak megfelel\u0151en \u00edr\u00e1sos elj\u00e1r\u00e1s keret\u00e9ben is hozhat d\u00f6nt\u00e9st.<\/p>\n<p>A MB tags\u00e1g\u00e1nak \u00f6sszet\u00e9tel\u00e9n kereszt\u00fcl is \u00e9rv\u00e9nyes\u00fclnie kell a nemek k\u00f6z\u00f6tti egyenl\u0151s\u00e9g \u00e9s az es\u00e9lyegyenl\u0151s\u00e9g elv\u00e9nek. Az IH-nak fel kell k\u00e9rnie az MB tagjait, hogy az MB-ben v\u00e1llalt feladatukkal \u00f6sszef\u00fcgg\u00e9sben \u00f6sszef\u00e9rhetetlens\u00e9gi \u00e9s titoktart\u00e1si nyilatkozatot tegyenek \u00e9s fel kell h\u00edvnia a tagok figyelm\u00e9t arra, hogy az MB tagok list\u00e1ja nyilv\u00e1nos.<\/p>\n<p><strong><em>MONITORING COMMITTEE MEMBERS FOR SLOVENIA<br \/>\n<\/em><\/strong><\/p>\n<table width=\"871\">\n<tbody>\n<tr>\n<td style=\"text-align: center;\" width=\"64\"><span style=\"color: #800000;\">TYPE<\/span><\/td>\n<td style=\"text-align: center;\" width=\"200\"><span style=\"color: #800000;\">NAME AND SURNAME<\/span><\/td>\n<td style=\"text-align: center;\" width=\"536\"><span style=\"color: #800000;\">INSTITUTION<\/span><\/td>\n<td style=\"text-align: center;\" width=\"71\"><span style=\"color: #800000;\">ROLE<\/span><\/td>\n<\/tr>\n<tr>\n<td rowspan=\"12\">Members with voting right<\/td>\n<td>Mojca Krisch<\/td>\n<td>Slu\u017eba Vlade RS za razvoj in evropsko kohezijsko politiko, vodja delegacije<\/td>\n<td>Member<\/td>\n<\/tr>\n<tr>\n<td>Tatjana Rener<\/td>\n<td>&nbsp;<\/td>\n<td>Substitute<\/td>\n<\/tr>\n<tr>\n<td>Anton Pavlin<\/td>\n<td>Slu\u017eba Vlade RS za razvoj in evropsko kohezijsko politiko<\/td>\n<td>Member<\/td>\n<\/tr>\n<tr>\n<td>Vesna Sili\u010d<\/td>\n<td>&nbsp;<\/td>\n<td>Substitute<\/td>\n<\/tr>\n<tr>\n<td>Simona Kri\u017eaj<\/td>\n<td>Ministrstvo za gospodarski razvoj in tehnologijo<\/td>\n<td>Member<\/td>\n<\/tr>\n<tr>\n<td>Krunoslav Karlov\u010dec<\/td>\n<td>&nbsp;<\/td>\n<td>Substitute<\/td>\n<\/tr>\n<tr>\n<td>Irena Mar\u0161<\/td>\n<td>Ministrstvo za kulturo<\/td>\n<td>Member<\/td>\n<\/tr>\n<tr>\n<td>Ivan Oven<\/td>\n<td>&nbsp;<\/td>\n<td>Substitute<\/td>\n<\/tr>\n<tr>\n<td>Jana Lenar\u010di\u010d<\/td>\n<td>Ministrstvo za infrastrukturo<\/td>\n<td>Member<\/td>\n<\/tr>\n<tr>\n<td>Luka \u0160koda<\/td>\n<td>&nbsp;<\/td>\n<td>Substitute<\/td>\n<\/tr>\n<tr>\n<td>Tadej Bojnec<\/td>\n<td>Urad Vlade Republike Slovenije za Slovence v zamejstvu in po svetu<\/td>\n<td>Member<\/td>\n<\/tr>\n<tr>\n<td>Marjan Cukrov<\/td>\n<td>&nbsp;<\/td>\n<td>Substitute<\/td>\n<\/tr>\n<tr>\n<td rowspan=\"14\">Members in advisory capacity<\/td>\n<td>&nbsp;<\/td>\n<td>Ministrstvo za zunanje zadeve<\/td>\n<td>Member<\/td>\n<\/tr>\n<tr>\n<td>Katja Kri\u017enar &#8211; Urbanc<\/td>\n<td>&nbsp;<\/td>\n<td>Substitute<\/td>\n<\/tr>\n<tr>\n<td>Tatjana Pezdir<\/td>\n<td>Ministrstvo za izobra\u017eevanje, znanost in \u0161port<\/td>\n<td>Member<\/td>\n<\/tr>\n<tr>\n<td>Tit Neubauer<\/td>\n<td>&nbsp;<\/td>\n<td>Substitute<\/td>\n<\/tr>\n<tr>\n<td>Stanko Baluh<\/td>\n<td>Urad Vlade za narodnosti<\/td>\n<td>Member<\/td>\n<\/tr>\n<tr>\n<td>Tja\u0161a Herman<\/td>\n<td>&nbsp;<\/td>\n<td>Substitute<\/td>\n<\/tr>\n<tr>\n<td>Grit Ackermann<\/td>\n<td>Gospodarska zbornica Slovenije<\/td>\n<td>Member<\/td>\n<\/tr>\n<tr>\n<td>Samo Hribar Mili\u010d<\/td>\n<td>&nbsp;<\/td>\n<td>Substitute<\/td>\n<\/tr>\n<tr>\n<td>Uro\u0161 Roznam<\/td>\n<td>Mariborska razvojna agencija, Vzhodna kohezijska regija<\/td>\n<td>Member<\/td>\n<\/tr>\n<tr>\n<td>Sabina Poto\u010dnik Magdi\u010d<\/td>\n<td>Razvojni center Murska Sobota, Vzhodna kohezijska regija<\/td>\n<td>Substitute<\/td>\n<\/tr>\n<tr>\n<td>Rok \u0160imenc<\/td>\n<td>BSC Kranj, Zahodna kohezijska regija<\/td>\n<td>Member<\/td>\n<\/tr>\n<tr>\n<td>Giuliano Nemarnik<\/td>\n<td>RRC Koper, Zahodna kohezijska regija<\/td>\n<td>Substitute<\/td>\n<\/tr>\n<tr>\n<td>Bojan Vogrin\u010di\u010d<\/td>\n<td>Lokalna energetska agencija za Pomurje, CNVSO<\/td>\n<td>Member<\/td>\n<\/tr>\n<tr>\n<td>Ivan Kramberger<\/td>\n<td>Prostovoljno gasilsko dru\u0161tvo Gornja Radgona, CNVSO<\/td>\n<td>Substitute<\/td>\n<\/tr>\n<\/tbody>\n<\/table>\n<p><strong><em>MONITORING COMMITTEE MEMBERS FOR HUNGARY<br \/>\n<\/em><\/strong><\/p>\n<table width=\"871\">\n<tbody>\n<tr>\n<td style=\"text-align: center;\" width=\"64\"><span style=\"color: #800000;\">TYPE<\/span><\/td>\n<td style=\"text-align: center;\" width=\"200\"><span style=\"color: #800000;\">NAME AND SURNAME<\/span><\/td>\n<td style=\"text-align: center;\" width=\"536\"><span style=\"color: #800000;\">INSTITUTION<\/span><\/td>\n<td style=\"text-align: center;\" width=\"71\"><span style=\"color: #800000;\">ROLE<\/span><\/td>\n<\/tr>\n<tr>\n<td rowspan=\"12\">Members with voting right<\/td>\n<td width=\"200\">Mr. P\u00e9ter Kiss-Parciu<\/td>\n<td width=\"536\">Ministry of Foreign Affairs and Trade &#8211; Department for Cross-Border Cooperation Programmes (NA)<\/td>\n<td>Member<\/td>\n<\/tr>\n<tr>\n<td width=\"200\">&nbsp;Ms. Nikoletta Horv\u00e1th<\/td>\n<td width=\"536\">&nbsp;<\/td>\n<td>Substitute<\/td>\n<\/tr>\n<tr>\n<td width=\"200\">Ms. L\u00edvia Balozs\u00e1n<\/td>\n<td width=\"536\">Ministry of Foreign Affairs and Trade &#8211; Deputy State Secretariat for Regional and Cross-Border Economic Cooperation Department for regional and Cross-border Development<\/td>\n<td>Member<\/td>\n<\/tr>\n<tr>\n<td width=\"200\">Mr. \u00c1d\u00e1m Balya<\/td>\n<td width=\"536\">&nbsp;<\/td>\n<td>Substitute<\/td>\n<\/tr>\n<tr>\n<td width=\"200\">Ms. \u00c1gnes Sz\u00edj\u00e1rt\u00f3<\/td>\n<td width=\"536\">Ministry of Agriculture<\/td>\n<td>Member<\/td>\n<\/tr>\n<tr>\n<td width=\"200\">Ms. Anette Vincze<\/td>\n<td width=\"536\">&nbsp;<\/td>\n<td>Substitute<\/td>\n<\/tr>\n<tr>\n<td width=\"200\">Mr. Bal\u00e1zs Birk\u00e1s<\/td>\n<td width=\"536\">Hungarian Tourism Agency<\/td>\n<td>Member<\/td>\n<\/tr>\n<tr>\n<td width=\"200\">Ms. Anita Moln\u00e1r<\/td>\n<td width=\"536\">&nbsp;<\/td>\n<td>Substitute<\/td>\n<\/tr>\n<tr>\n<td width=\"200\">Mr. P\u00e9ter Bal\u00e1zsy<\/td>\n<td width=\"536\">County Council of Vas County<\/td>\n<td>Member<\/td>\n<\/tr>\n<tr>\n<td width=\"200\">Mr. P\u00e9ter Palotai<\/td>\n<td width=\"536\">&nbsp;<\/td>\n<td>Substitute<\/td>\n<\/tr>\n<tr>\n<td width=\"200\">Ms. Veronika K\u00e1rp\u00e1ti<\/td>\n<td width=\"536\">County Council of Zala County<\/td>\n<td>Member<\/td>\n<\/tr>\n<tr>\n<td width=\"200\">Mr. dr. Attila P\u00e1l<\/td>\n<td width=\"536\">&nbsp;<\/td>\n<td>Substitute<\/td>\n<\/tr>\n<tr>\n<td rowspan=\"14\">Members in advisory capacity<\/td>\n<td width=\"200\">Ms. Zs\u00f3fia Matild Preisinger<\/td>\n<td width=\"536\">General Directorate of Social Affairs and Child Protection, Sub-Office in Zala County<\/td>\n<td>Member<\/td>\n<\/tr>\n<tr>\n<td width=\"200\">Ms. Be\u00e1ta Spli\u00e1k<\/td>\n<td width=\"536\">&nbsp;<\/td>\n<td>Substitute<\/td>\n<\/tr>\n<tr>\n<td width=\"200\">Mrs. Marietta Tuczain\u00e9 R\u00e9gv\u00e1ri<\/td>\n<td width=\"536\">Diocesan Caritas in Szombathely<\/td>\n<td>Member<\/td>\n<\/tr>\n<tr>\n<td width=\"200\">Mr. Zolt\u00e1n Dr\u00e1cz<\/td>\n<td width=\"536\">&nbsp;<\/td>\n<td>Substitute<\/td>\n<\/tr>\n<tr>\n<td width=\"200\">Ms. Krisztina Kinga Horv\u00e1th<\/td>\n<td width=\"536\">Consultants for Sustainable Development Association<\/td>\n<td>Member<\/td>\n<\/tr>\n<tr>\n<td width=\"200\">Mr. Istv\u00e1n Tam\u00e1s Farkas<\/td>\n<td width=\"536\">&nbsp;<\/td>\n<td>Substitute<\/td>\n<\/tr>\n<tr>\n<td width=\"200\">Mr. Mikl\u00f3s Eszenyi<\/td>\n<td width=\"536\">Ministry of Human Capacities<\/td>\n<td>Member<\/td>\n<\/tr>\n<tr>\n<td width=\"200\">Ms. Aranka Luk\u00e1cs<\/td>\n<td width=\"536\">&nbsp;<\/td>\n<td>Substitute<\/td>\n<\/tr>\n<tr>\n<td width=\"200\">Ms. Szal\u00f3ky-Hoffmann Csilla<\/td>\n<td width=\"536\">Ministry of Finance<\/td>\n<td>Member<\/td>\n<\/tr>\n<tr>\n<td width=\"200\">Mrs. Judit Czir\u00e1kin\u00e9 Pakul\u00e1r<\/td>\n<td width=\"536\">Local goverment of Nagykanizsa (city with county rights)<\/td>\n<td>Member<\/td>\n<\/tr>\n<tr>\n<td width=\"200\">Mr. Mikl\u00f3s B\u00e1rczi<\/td>\n<td width=\"536\">&nbsp;<\/td>\n<td>Substitute<\/td>\n<\/tr>\n<tr>\n<td width=\"200\">Ms. Adrienn Fut\u00f3, dr.<\/td>\n<td width=\"536\">Sz\u00e9chenyi Programoffice Consulting and Service Nonprofit Limited Liability Company<\/td>\n<td>Member<\/td>\n<\/tr>\n<tr>\n<td width=\"200\">Ms. Krisztina Erd\u0151s<\/td>\n<td width=\"536\">&nbsp;<\/td>\n<td>Substitute<\/td>\n<\/tr>\n<tr>\n<td width=\"200\">Mr. Viktor Gy\u00f6rgy Oroszi<\/td>\n<td width=\"536\">Ministry of Foreign Affairs and Trade, Department for Water Diplomacy and the Danube Region Strategy<\/td>\n<td>Member<\/td>\n<\/tr>\n<tr>\n<td width=\"200\">&nbsp;<\/td>\n<td width=\"536\">&nbsp;Mr. Bal\u00e1zs Heincz<\/td>\n<td>&nbsp;<\/td>\n<\/tr>\n<\/tbody>\n<\/table>\n<p><strong><em>MONITORING COMMITTEE MEMBER IN ADVISORY CAPACITY FROM EUROPEAN COMMISSION<br \/>\n<\/em><\/strong><\/p>\n<table width=\"736\">\n<tbody>\n<tr>\n<td style=\"text-align: center;\" width=\"200\"><span style=\"color: #800000;\">NAME AND SURNAME<\/span><\/td>\n<td style=\"text-align: center;\" width=\"536\"><span style=\"color: #800000;\">INSTITUTION<\/span><\/td>\n<\/tr>\n<tr>\n<td width=\"200\">Katalin Julia PENZES<\/td>\n<td>European commission, Desk Officer for Interreg V-A Slovenia-Hungary<\/td>\n<\/tr>\n<\/tbody>\n<\/table>\n<\/div><\/section><\/div>\n<style type=\"text\/css\" data-created_by=\"avia_inline_auto\" id=\"style-css-av-fk2wp-d10daed87d012f1f9e82440591701e16\">\n.flex_column.av-fk2wp-d10daed87d012f1f9e82440591701e16{\nborder-radius:0px 0px 0px 0px;\n-webkit-border-radius:0px 0px 0px 0px;\n-moz-border-radius:0px 0px 0px 0px;\n}\n<\/style>\n<div class='flex_column av-fk2wp-d10daed87d012f1f9e82440591701e16 av_one_fourth  avia-builder-el-3  el_after_av_two_third  avia-builder-el-last  flex_column_div av-zero-column-padding '   ><section  class='av_textblock_section av-90rgh-c18b980633cffb2ceb3e6b641eb0ac2a'  itemscope=\"itemscope\" itemtype=\"https:\/\/schema.org\/CreativeWork\" ><div class='avia_textblock'  itemprop=\"text\" ><p>Monitoring Bizotts\u00e1gi \u00fcl\u00e9s<\/p>\n<ol>\n<li><a href=\"http:\/\/www.si-hu.eu\/hu2\/o-nas\/nadzorni-odbor\/1-monitoring-bizottsagi-ules\/\" target=\"_blank\" rel=\"noopener\">Monitoring Bizotts\u00e1gi \u00fcl\u00e9s<\/a><\/li>\n<li><a href=\"http:\/\/www.si-hu.eu\/hu2\/2-monitoring-bizottsagi-ules\/\" target=\"_blank\" rel=\"noopener\">Monitroing Bizotts\u00e1gi \u00fcl\u00e9s<\/a><\/li>\n<li><a href=\"http:\/\/www.si-hu.eu\/hu2\/o-nas\/nadzorni-odbor\/3-monitoring-bizottsagi-ules\/\">Monitroing Bizotts\u00e1gi \u00fcl\u00e9s<\/a><\/li>\n<li><a href=\"http:\/\/www.si-hu.eu\/hu2\/o-nas\/nadzorni-odbor\/4-monitoring-bizottsagi-ules\/\">Monitroing Bizotts\u00e1gi \u00fcl\u00e9s<\/a><\/li>\n<li><a href=\"http:\/\/www.si-hu.eu\/hu2\/o-nas\/nadzorni-odbor\/5-monitoring-bizottsagi-ules\/\" target=\"_blank\" rel=\"noopener\">Monitroing Bizotts\u00e1gi \u00fcl\u00e9s<\/a><\/li>\n<li><a href=\"http:\/\/www.si-hu.eu\/hu2\/?page_id=2839&amp;preview=true\" target=\"_blank\" rel=\"noopener\">Monitoring Bizotts\u00e1gi \u00fcl\u00e9s<\/a><\/li>\n<li><a href=\"http:\/\/www.si-hu.eu\/hu2\/o-nas\/nadzorni-odbor\/5-monitoring-bizottsagi-ules-2-2\/?preview_id=3630&amp;preview_nonce=52f0b58a1a&amp;_thumbnail_id=3632&amp;preview=true\" target=\"_blank\" rel=\"noopener\">Monitoring Bizotts\u00e1gi \u00fcl\u00e9s<\/a><\/li>\n<li><a href=\"http:\/\/www.si-hu.eu\/hu2\/o-nas\/nadzorni-odbor\/8-monitoring-bizottsagi-ules\/\">Monitoring Bizotts\u00e1gi \u00fcl\u00e9s<\/a><\/li>\n<\/ol>\n<\/div><\/section><\/div><\/p>\n","protected":false},"excerpt":{"rendered":"","protected":false},"author":3,"featured_media":0,"parent":114,"menu_order":0,"comment_status":"closed","ping_status":"closed","template":"","meta":{"ngg_post_thumbnail":0},"acf":[],"_links":{"self":[{"href":"http:\/\/www.si-hu.eu\/hu2\/wp-json\/wp\/v2\/pages\/129"}],"collection":[{"href":"http:\/\/www.si-hu.eu\/hu2\/wp-json\/wp\/v2\/pages"}],"about":[{"href":"http:\/\/www.si-hu.eu\/hu2\/wp-json\/wp\/v2\/types\/page"}],"author":[{"embeddable":true,"href":"http:\/\/www.si-hu.eu\/hu2\/wp-json\/wp\/v2\/users\/3"}],"replies":[{"embeddable":true,"href":"http:\/\/www.si-hu.eu\/hu2\/wp-json\/wp\/v2\/comments?post=129"}],"version-history":[{"count":29,"href":"http:\/\/www.si-hu.eu\/hu2\/wp-json\/wp\/v2\/pages\/129\/revisions"}],"predecessor-version":[{"id":5622,"href":"http:\/\/www.si-hu.eu\/hu2\/wp-json\/wp\/v2\/pages\/129\/revisions\/5622"}],"up":[{"embeddable":true,"href":"http:\/\/www.si-hu.eu\/hu2\/wp-json\/wp\/v2\/pages\/114"}],"wp:attachment":[{"href":"http:\/\/www.si-hu.eu\/hu2\/wp-json\/wp\/v2\/media?parent=129"}],"curies":[{"name":"wp","href":"https:\/\/api.w.org\/{rel}","templated":true}]}}