{"id":36,"date":"2015-10-02T21:29:47","date_gmt":"2015-10-02T20:29:47","guid":{"rendered":"http:\/\/84.39.218.252\/si2\/?page_id=36"},"modified":"2018-05-14T12:11:34","modified_gmt":"2018-05-14T11:11:34","slug":"zakonodaja-eu","status":"publish","type":"page","link":"http:\/\/www.si-hu.eu\/hu2\/program\/zakonodaja-eu\/","title":{"rendered":"Zakonodaja EU"},"content":{"rendered":"<div id='layer_slider_1'  class='avia-layerslider main_color avia-shadow  avia-builder-el-0  el_before_av_one_full  avia-builder-el-first  container_wrap sidebar_right'  style='height: 1px;'  ><div id=\"layerslider_6_15vwhla0lk657\" class=\"ls-wp-container fitvidsignore\" style=\"width:1280px;height:720px;margin:0 auto;\"><div class=\"ls-slide\" ><\/div><\/div><\/div><div id='after_layer_slider_1'  class='main_color av_default_container_wrap container_wrap sidebar_right'  ><div class='container av-section-cont-open' ><div class='template-page content  av-content-small alpha units'><div class='post-entry post-entry-type-page post-entry-36'><div class='entry-content-wrapper clearfix'>\n\n<style type=\"text\/css\" data-created_by=\"avia_inline_auto\" id=\"style-css-av-av_one_full-352b07ef7d3bc99b2e9f92e7a9e06bdb\">\n.flex_column.av-av_one_full-352b07ef7d3bc99b2e9f92e7a9e06bdb{\nborder-radius:0px 0px 0px 0px;\n-webkit-border-radius:0px 0px 0px 0px;\n-moz-border-radius:0px 0px 0px 0px;\n}\n<\/style>\n<div class='flex_column av-av_one_full-352b07ef7d3bc99b2e9f92e7a9e06bdb av_one_full  avia-builder-el-1  el_after_av_layerslider  el_before_av_one_half  avia-builder-el-first  first flex_column_div av-zero-column-padding '   ><style type=\"text\/css\" data-created_by=\"avia_inline_auto\" id=\"style-css-av-av_heading-99dfa44bfe100c7f9a054496f02ee11d\">\n#top .av-special-heading.av-av_heading-99dfa44bfe100c7f9a054496f02ee11d{\npadding-bottom:10px;\n}\nbody .av-special-heading.av-av_heading-99dfa44bfe100c7f9a054496f02ee11d .av-special-heading-tag .heading-char{\nfont-size:25px;\n}\n.av-special-heading.av-av_heading-99dfa44bfe100c7f9a054496f02ee11d .av-subheading{\nfont-size:15px;\n}\n<\/style>\n<div  class='av-special-heading av-av_heading-99dfa44bfe100c7f9a054496f02ee11d av-special-heading-h3  avia-builder-el-2  avia-builder-el-no-sibling '><h3 class='av-special-heading-tag'  itemprop=\"headline\"  >A legfontosabb Eur\u00f3pai Struktur\u00e1lis \u00e9s Beruh\u00e1z\u00e1si Alapokkal kapcsolatos rendeletek (EU rendeletek a 2014-2020-as peri\u00f3dusra)<\/h3><div class=\"special-heading-border\"><div class=\"special-heading-inner-border\"><\/div><\/div><\/div><\/div>\n\n<style type=\"text\/css\" data-created_by=\"avia_inline_auto\" id=\"style-css-av-av_one_half-352b07ef7d3bc99b2e9f92e7a9e06bdb\">\n.flex_column.av-av_one_half-352b07ef7d3bc99b2e9f92e7a9e06bdb{\nborder-radius:0px 0px 0px 0px;\n-webkit-border-radius:0px 0px 0px 0px;\n-moz-border-radius:0px 0px 0px 0px;\n}\n<\/style>\n<div class='flex_column av-av_one_half-352b07ef7d3bc99b2e9f92e7a9e06bdb av_one_half  avia-builder-el-3  el_after_av_one_full  el_before_av_one_half  first flex_column_div av-zero-column-padding column-top-margin'   ><div  class='tabcontainer av-av_tab_container-cdfb33d025ccce82e3bec7780d128c1e sidebar_tab sidebar_tab_left  avia-builder-el-4  avia-builder-el-no-sibling  border_tabs' role='tablist'>\n<section class='av_tab_section av_tab_section av-av_tab-4199228505d4f87bd72f9266ea425e93'  itemscope=\"itemscope\" itemtype=\"https:\/\/schema.org\/CreativeWork\" ><div class='tab active_tab' role='tab' tabindex='0' data-fake-id='#tab-id-1' aria-controls='tab-id-1-content'  itemprop=\"headline\" ><span class='tab_icon' aria-hidden='true' data-av_icon='\ue84e' data-av_iconfont='entypo-fontello'><\/span>ETE Rendelet<\/div><div id='tab-id-1-content' class='tab_content active_tab_content' aria-hidden=\"false\"><div class='tab_inner_content invers-color'  itemprop=\"text\" ><p>Az Eur\u00f3pai Parlament \u00e9s a <strong>Tan\u00e1cs 1299\/2013\/EU<\/strong> (2013. december 17.) <strong>rendelete<\/strong> az Eur\u00f3pai Region\u00e1lis Fejleszt\u00e9si Alap \u00e1ltal az eur\u00f3pai ter\u00fcleti egy\u00fcttm\u0171k\u00f6d\u00e9si c\u00e9lkit\u0171z\u00e9snek ny\u00fajtott t\u00e1mogat\u00e1sra vonatkoz\u00f3 egyedi rendelkez\u00e9sekr\u0151l<\/p>\n<p><a href=\"http:\/\/www.si-hu.eu\/hu2\/wp-content\/uploads\/sites\/10\/2015\/10\/Uredba-1299_2013-HU.pdf\">Rendelet&nbsp;1299\/2013<\/a><\/p>\n<\/div><\/div><\/section>\n<section class='av_tab_section av_tab_section av-av_tab-fcaaaa120a90c9e1a09c98eeb8a4cd3c'  itemscope=\"itemscope\" itemtype=\"https:\/\/schema.org\/CreativeWork\" ><div class='tab' role='tab' tabindex='0' data-fake-id='#tab-id-2' aria-controls='tab-id-2-content'  itemprop=\"headline\" ><span class='tab_icon' aria-hidden='true' data-av_icon='\ue84e' data-av_iconfont='entypo-fontello'><\/span>Felhatalmaz\u00e1son alapul\u00f3 rendelete 480\/2014<\/div><div id='tab-id-2-content' class='tab_content' aria-hidden=\"true\"><div class='tab_inner_content invers-color'  itemprop=\"text\" ><p>Felhatalmaz\u00e1son alapul\u00f3 rendelet\u00e9t (EU) No. 481\/2014 A m\u00e1rcius 4, 2014 rendelet m\u00f3dos\u00edt\u00e1s\u00e1r\u00f3l (EU) No. 1299\/2013 Az Eur\u00f3pai Parlament \u00e9s a Tan\u00e1cs, az adott jogosults\u00e1gi szab\u00e1lyait kiad\u00e1si egy\u00fcttm\u0171k\u00f6d\u00e9si programok<\/p>\n<p><a href=\"http:\/\/www.si-hu.eu\/hu2\/wp-content\/uploads\/sites\/10\/2015\/10\/Felhatalmazason-alapulo-rendelete_480_2014.pdf\">Felhatalmazason alapulo rendelete_480\/2014<\/a><\/p>\n<\/div><\/div><\/section>\n<\/div><\/div>\n\n<style type=\"text\/css\" data-created_by=\"avia_inline_auto\" id=\"style-css-av-av_one_half-2a64de42b738552fe666ca889af77e28\">\n.flex_column.av-av_one_half-2a64de42b738552fe666ca889af77e28{\nborder-radius:0px 0px 0px 0px;\n-webkit-border-radius:0px 0px 0px 0px;\n-moz-border-radius:0px 0px 0px 0px;\n}\n<\/style>\n<div class='flex_column av-av_one_half-2a64de42b738552fe666ca889af77e28 av_one_half  avia-builder-el-5  el_after_av_one_half  el_before_av_one_half  flex_column_div av-zero-column-padding column-top-margin'   ><div  class='tabcontainer av-av_tab_container-cdfb33d025ccce82e3bec7780d128c1e sidebar_tab sidebar_tab_left  avia-builder-el-6  avia-builder-el-no-sibling  border_tabs' role='tablist'>\n<section class='av_tab_section av_tab_section av-av_tab-ac4b35281397a4bee24784c987f04902'  itemscope=\"itemscope\" itemtype=\"https:\/\/schema.org\/CreativeWork\" ><div class='tab active_tab' role='tab' tabindex='0' data-fake-id='#tab-id-3' aria-controls='tab-id-3-content'  itemprop=\"headline\" ><span class='tab_icon' aria-hidden='true' data-av_icon='\ue84e' data-av_iconfont='entypo-fontello'><\/span>ERFA Rendelet<\/div><div id='tab-id-3-content' class='tab_content active_tab_content' aria-hidden=\"false\"><div class='tab_inner_content invers-color'  itemprop=\"text\" ><p>Az Eur\u00f3pai Parlament \u00e9s a <strong>Tan\u00e1cs 1301\/2013\/EU<\/strong> (2013. december 17.) <strong>rendelete<\/strong> az Eur\u00f3pai Region\u00e1lis Fejleszt\u00e9si Alapr\u00f3l \u00e9s a \u201eBeruh\u00e1z\u00e1s a n\u00f6veked\u00e9sbe \u00e9s munkahelyteremt\u00e9sbe\u201d c\u00e9lkit\u0171z\u00e9sr\u0151l sz\u00f3l\u00f3 egyedi rendelkez\u00e9sekr\u0151l, valamint az 1080\/2006\/EK rendelet hat\u00e1lyon k\u00edv\u00fcl helyez\u00e9s\u00e9r\u0151l<\/p>\n<p><a href=\"http:\/\/www.si-hu.eu\/hu2\/wp-content\/uploads\/sites\/10\/2015\/10\/Uredba-1301_2013-HU.pdf\">Rendelet 1301_2013\/EU<\/a><\/p>\n<\/div><\/div><\/section>\n<\/div><\/div>\n\n<style type=\"text\/css\" data-created_by=\"avia_inline_auto\" id=\"style-css-av-av_one_half-352b07ef7d3bc99b2e9f92e7a9e06bdb\">\n.flex_column.av-av_one_half-352b07ef7d3bc99b2e9f92e7a9e06bdb{\nborder-radius:0px 0px 0px 0px;\n-webkit-border-radius:0px 0px 0px 0px;\n-moz-border-radius:0px 0px 0px 0px;\n}\n<\/style>\n<div class='flex_column av-av_one_half-352b07ef7d3bc99b2e9f92e7a9e06bdb av_one_half  avia-builder-el-7  el_after_av_one_half  el_before_av_one_half  first flex_column_div av-zero-column-padding column-top-margin'   ><\/div>\n\n<style type=\"text\/css\" data-created_by=\"avia_inline_auto\" id=\"style-css-av-av_one_half-2a64de42b738552fe666ca889af77e28\">\n.flex_column.av-av_one_half-2a64de42b738552fe666ca889af77e28{\nborder-radius:0px 0px 0px 0px;\n-webkit-border-radius:0px 0px 0px 0px;\n-moz-border-radius:0px 0px 0px 0px;\n}\n<\/style>\n<div class='flex_column av-av_one_half-2a64de42b738552fe666ca889af77e28 av_one_half  avia-builder-el-8  el_after_av_one_half  el_before_av_one_full  flex_column_div av-zero-column-padding column-top-margin'   ><\/div>\n\n<style type=\"text\/css\" data-created_by=\"avia_inline_auto\" id=\"style-css-av-av_one_full-352b07ef7d3bc99b2e9f92e7a9e06bdb\">\n.flex_column.av-av_one_full-352b07ef7d3bc99b2e9f92e7a9e06bdb{\nborder-radius:0px 0px 0px 0px;\n-webkit-border-radius:0px 0px 0px 0px;\n-moz-border-radius:0px 0px 0px 0px;\n}\n<\/style>\n<div class='flex_column av-av_one_full-352b07ef7d3bc99b2e9f92e7a9e06bdb av_one_full  avia-builder-el-9  el_after_av_one_half  el_before_av_one_half  first flex_column_div av-zero-column-padding column-top-margin'   ><style type=\"text\/css\" data-created_by=\"avia_inline_auto\" id=\"style-css-av-av_heading-95a8a0d8dddcf52db98ea3679195c28b\">\n#top .av-special-heading.av-av_heading-95a8a0d8dddcf52db98ea3679195c28b{\npadding-bottom:10px;\n}\nbody .av-special-heading.av-av_heading-95a8a0d8dddcf52db98ea3679195c28b .av-special-heading-tag .heading-char{\nfont-size:25px;\n}\n.av-special-heading.av-av_heading-95a8a0d8dddcf52db98ea3679195c28b .av-subheading{\nfont-size:15px;\n}\n<\/style>\n<div  class='av-special-heading av-av_heading-95a8a0d8dddcf52db98ea3679195c28b av-special-heading-h3  avia-builder-el-10  avia-builder-el-no-sibling '><h3 class='av-special-heading-tag'  itemprop=\"headline\"  >Szlov\u00e9n rendelet az Eur\u00f3pai Ter\u00fcleti Egy\u00fcttm\u0171k\u00f6d\u00e9si forr\u00e1sok felhaszn\u00e1l\u00e1s\u00e1r\u00f3l a 2014-2020-as programperi\u00f3dusban<\/h3><div class=\"special-heading-border\"><div class=\"special-heading-inner-border\"><\/div><\/div><\/div><\/div>\n\n<style type=\"text\/css\" data-created_by=\"avia_inline_auto\" id=\"style-css-av-av_one_half-352b07ef7d3bc99b2e9f92e7a9e06bdb\">\n.flex_column.av-av_one_half-352b07ef7d3bc99b2e9f92e7a9e06bdb{\nborder-radius:0px 0px 0px 0px;\n-webkit-border-radius:0px 0px 0px 0px;\n-moz-border-radius:0px 0px 0px 0px;\n}\n<\/style>\n<div class='flex_column av-av_one_half-352b07ef7d3bc99b2e9f92e7a9e06bdb av_one_half  avia-builder-el-11  el_after_av_one_full  el_before_av_one_half  first flex_column_div av-zero-column-padding column-top-margin'   ><div  class='tabcontainer av-av_tab_container-cdfb33d025ccce82e3bec7780d128c1e sidebar_tab sidebar_tab_left  avia-builder-el-12  avia-builder-el-no-sibling  border_tabs' role='tablist'>\n<section class='av_tab_section av_tab_section av-av_tab-4a6b34a4b69b35a015921e8ecb4816d9'  itemscope=\"itemscope\" itemtype=\"https:\/\/schema.org\/CreativeWork\" ><div class='tab active_tab' role='tab' tabindex='0' data-fake-id='#tab-id-4' aria-controls='tab-id-4-content'  itemprop=\"headline\" >Szlov\u00e9n ETE rendelet<\/div><div id='tab-id-4-content' class='tab_content active_tab_content' aria-hidden=\"false\"><div class='tab_inner_content invers-color'  itemprop=\"text\" ><p><span style=\"font-size: small\">A Szlov\u00e9n K\u00f6zt\u00e1rsas\u00e1g rendelete (2016. j\u00falius 28.) az Eur\u00f3pai Ter\u00fcleti Egy\u00fcttm\u0171k\u00f6d\u00e9si forr\u00e1sok felhaszn\u00e1l\u00e1s\u00e1r\u00f3l a 2014-2020-as programperi\u00f3dusban (Uredba o izvajanju postopkov pri porabi sredstev evropskega teritorialnega sodelovanja v Republiki Sloveniji v programskem obdobju 2014\u20132020)<br \/>\n<\/span><\/p>\n<p><a href=\"http:\/\/www.si-hu.eu\/hu2\/wp-content\/uploads\/sites\/10\/2015\/10\/Uredba-ETS-2014-2020.pdf\">Szlov\u00e9n ETE rendelet 2014-2020<\/a><\/p>\n<\/div><\/div><\/section>\n<\/div><\/div>\n\n<style type=\"text\/css\" data-created_by=\"avia_inline_auto\" id=\"style-css-av-av_one_half-2a64de42b738552fe666ca889af77e28\">\n.flex_column.av-av_one_half-2a64de42b738552fe666ca889af77e28{\nborder-radius:0px 0px 0px 0px;\n-webkit-border-radius:0px 0px 0px 0px;\n-moz-border-radius:0px 0px 0px 0px;\n}\n<\/style>\n<div class='flex_column av-av_one_half-2a64de42b738552fe666ca889af77e28 av_one_half  avia-builder-el-13  el_after_av_one_half  el_before_av_one_full  flex_column_div av-zero-column-padding column-top-margin'   ><\/div>\n\n<style type=\"text\/css\" data-created_by=\"avia_inline_auto\" id=\"style-css-av-av_one_full-6126cab7d8fab8d08143dd2dacdf673c\">\n.flex_column.av-av_one_full-6126cab7d8fab8d08143dd2dacdf673c{\nborder-radius:0px 0px 0px 0px;\n-webkit-border-radius:0px 0px 0px 0px;\n-moz-border-radius:0px 0px 0px 0px;\n}\n<\/style>\n<div class='flex_column av-av_one_full-6126cab7d8fab8d08143dd2dacdf673c av_one_full  avia-builder-el-14  el_after_av_one_half  el_before_av_one_full  first flex_column_div av-zero-column-padding column-top-margin'   ><\/div>\n\n<style type=\"text\/css\" data-created_by=\"avia_inline_auto\" id=\"style-css-av-av_one_full-92b405adbca216c84df81839838043a3\">\n#top .flex_column.av-av_one_full-92b405adbca216c84df81839838043a3{\nmargin-top:0px;\nmargin-bottom:30px;\n}\n.flex_column.av-av_one_full-92b405adbca216c84df81839838043a3{\nborder-radius:0px 0px 0px 0px;\n-webkit-border-radius:0px 0px 0px 0px;\n-moz-border-radius:0px 0px 0px 0px;\n}\n.responsive #top #wrap_all .flex_column.av-av_one_full-92b405adbca216c84df81839838043a3{\nmargin-top:0px;\nmargin-bottom:30px;\n}\n<\/style>\n<div class='flex_column av-av_one_full-92b405adbca216c84df81839838043a3 av_one_full  avia-builder-el-15  el_after_av_one_full  el_before_av_one_half  first flex_column_div av-zero-column-padding column-top-margin'   ><style type=\"text\/css\" data-created_by=\"avia_inline_auto\" id=\"style-css-av-av_heading-af0d411119e0487bbf7238fb63f7ed7b\">\n#top .av-special-heading.av-av_heading-af0d411119e0487bbf7238fb63f7ed7b{\npadding-bottom:10px;\n}\nbody .av-special-heading.av-av_heading-af0d411119e0487bbf7238fb63f7ed7b .av-special-heading-tag .heading-char{\nfont-size:25px;\n}\n.av-special-heading.av-av_heading-af0d411119e0487bbf7238fb63f7ed7b .av-subheading{\nfont-size:15px;\n}\n<\/style>\n<div  class='av-special-heading av-av_heading-af0d411119e0487bbf7238fb63f7ed7b av-special-heading-h3  avia-builder-el-16  avia-builder-el-no-sibling '><h3 class='av-special-heading-tag'  itemprop=\"headline\"  >Magyar rendelet a 2014\u20132020 programoz\u00e1si id\u0151szakban az Eur\u00f3pai Region\u00e1lis Fejleszt\u00e9si Alap \u00e9s az El\u0151csatlakoz\u00e1si T\u00e1mogat\u00e1si Eszk\u00f6z egyes, hat\u00e1ron \u00e1tny\u00fal\u00f3 egy\u00fcttm\u0171k\u00f6d\u00e9si programjainak v\u00e9grehajt\u00e1s\u00e1r\u00f3l<\/h3><div class=\"special-heading-border\"><div class=\"special-heading-inner-border\"><\/div><\/div><\/div><\/div>\n\n<style type=\"text\/css\" data-created_by=\"avia_inline_auto\" id=\"style-css-av-av_one_half-6126cab7d8fab8d08143dd2dacdf673c\">\n.flex_column.av-av_one_half-6126cab7d8fab8d08143dd2dacdf673c{\nborder-radius:0px 0px 0px 0px;\n-webkit-border-radius:0px 0px 0px 0px;\n-moz-border-radius:0px 0px 0px 0px;\n}\n<\/style>\n<div class='flex_column av-av_one_half-6126cab7d8fab8d08143dd2dacdf673c av_one_half  avia-builder-el-17  el_after_av_one_full  el_before_av_one_half  first flex_column_div av-zero-column-padding column-top-margin'   ><div  class='tabcontainer av-av_tab_container-cdfb33d025ccce82e3bec7780d128c1e sidebar_tab sidebar_tab_left  avia-builder-el-18  avia-builder-el-no-sibling  border_tabs' role='tablist'>\n<section class='av_tab_section av_tab_section av-av_tab-70629b905d51bcacfc7fc70d08a34ea8'  itemscope=\"itemscope\" itemtype=\"https:\/\/schema.org\/CreativeWork\" ><div class='tab active_tab' role='tab' tabindex='0' data-fake-id='#tab-id-5' aria-controls='tab-id-5-content'  itemprop=\"headline\" ><span class='tab_icon' aria-hidden='true' data-av_icon='\ue84e' data-av_iconfont='entypo-fontello'><\/span>Magyar ETE rendelet<\/div><div id='tab-id-5-content' class='tab_content active_tab_content' aria-hidden=\"false\"><div class='tab_inner_content invers-color'  itemprop=\"text\" ><p>126\/2016. (VI. 7.) Korm. rendelet a 2014\u20132020 programoz\u00e1si id\u0151szakban az Eur\u00f3pai Region\u00e1lis Fejleszt\u00e9si Alap \u00e9s az El\u0151csatlakoz\u00e1si T\u00e1mogat\u00e1si Eszk\u00f6z egyes, hat\u00e1ron \u00e1tny\u00fal\u00f3 egy\u00fcttm\u0171k\u00f6d\u00e9si programjainak v\u00e9grehajt\u00e1s\u00e1r\u00f3l<\/p>\n<p style=\"text-align: justify\"><a href=\"http:\/\/www.si-hu.eu\/hu2\/download\/126_2016_ETE_IPA_VHR_hatalyos_20180428.pdf\">126\/2016. (VI. 7.) Korm. Rendelet<\/a><\/p>\n<\/div><\/div><\/section>\n<\/div><\/div>\n<style type=\"text\/css\" data-created_by=\"avia_inline_auto\" id=\"style-css-av-av_one_half-0aa7055fe62c3622faec82866afbaeb2\">\n.flex_column.av-av_one_half-0aa7055fe62c3622faec82866afbaeb2{\nborder-radius:0px 0px 0px 0px;\n-webkit-border-radius:0px 0px 0px 0px;\n-moz-border-radius:0px 0px 0px 0px;\n}\n<\/style>\n<div class='flex_column av-av_one_half-0aa7055fe62c3622faec82866afbaeb2 av_one_half  avia-builder-el-19  el_after_av_one_half  el_before_av_one_full  flex_column_div av-zero-column-padding column-top-margin'   ><\/div><\/p>\n\n<style type=\"text\/css\" data-created_by=\"avia_inline_auto\" id=\"style-css-av-av_one_full-6126cab7d8fab8d08143dd2dacdf673c\">\n.flex_column.av-av_one_full-6126cab7d8fab8d08143dd2dacdf673c{\nborder-radius:0px 0px 0px 0px;\n-webkit-border-radius:0px 0px 0px 0px;\n-moz-border-radius:0px 0px 0px 0px;\n}\n<\/style>\n<div class='flex_column av-av_one_full-6126cab7d8fab8d08143dd2dacdf673c av_one_full  avia-builder-el-20  el_after_av_one_half  el_before_av_one_third  first flex_column_div av-zero-column-padding column-top-margin'   ><\/div>\n\n<style type=\"text\/css\" data-created_by=\"avia_inline_auto\" id=\"style-css-av-av_one_third-352b07ef7d3bc99b2e9f92e7a9e06bdb\">\n.flex_column.av-av_one_third-352b07ef7d3bc99b2e9f92e7a9e06bdb{\nborder-radius:0px 0px 0px 0px;\n-webkit-border-radius:0px 0px 0px 0px;\n-moz-border-radius:0px 0px 0px 0px;\n}\n<\/style>\n<div class='flex_column av-av_one_third-352b07ef7d3bc99b2e9f92e7a9e06bdb av_one_third  avia-builder-el-21  el_after_av_one_full  el_before_av_one_third  first flex_column_div av-zero-column-padding column-top-margin'   ><section  class='av_textblock_section av-av_textblock-0366cc7376be6c9e82a3e9cc8987b64f'  itemscope=\"itemscope\" itemtype=\"https:\/\/schema.org\/CreativeWork\" ><div class='avia_textblock'  itemprop=\"text\" ><p style=\"text-align: justify\">Az Eur\u00f3pai Parlament \u00e9s a <strong>Tan\u00e1cs 1299\/2013\/EU<\/strong> (2013. december 17.) <strong>rendelete<\/strong> az Eur\u00f3pai Region\u00e1lis Fejleszt\u00e9si Alap \u00e1ltal az eur\u00f3pai ter\u00fcleti egy\u00fcttm\u0171k\u00f6d\u00e9si c\u00e9lkit\u0171z\u00e9snek ny\u00fajtott t\u00e1mogat\u00e1sra vonatkoz\u00f3 egyedi rendelkez\u00e9sekr\u0151l<\/p>\n<p style=\"text-align: justify\"><a href=\"http:\/\/www.si-hu.eu\/hu2\/wp-content\/uploads\/sites\/10\/2015\/10\/Uredba-1299_2013-HU.pdf\">Rendelet&nbsp;1299_2013\/EU<\/a><\/p>\n<\/div><\/section><\/div>\n\n<style type=\"text\/css\" data-created_by=\"avia_inline_auto\" id=\"style-css-av-av_one_third-2a64de42b738552fe666ca889af77e28\">\n.flex_column.av-av_one_third-2a64de42b738552fe666ca889af77e28{\nborder-radius:0px 0px 0px 0px;\n-webkit-border-radius:0px 0px 0px 0px;\n-moz-border-radius:0px 0px 0px 0px;\n}\n<\/style>\n<div class='flex_column av-av_one_third-2a64de42b738552fe666ca889af77e28 av_one_third  avia-builder-el-23  el_after_av_one_third  el_before_av_one_third  flex_column_div av-zero-column-padding column-top-margin'   ><section  class='av_textblock_section av-av_textblock-0366cc7376be6c9e82a3e9cc8987b64f'  itemscope=\"itemscope\" itemtype=\"https:\/\/schema.org\/CreativeWork\" ><div class='avia_textblock'  itemprop=\"text\" ><p style=\"text-align: justify\">Az Eur\u00f3pai Parlament \u00e9s a <strong>Tan\u00e1cs 1301\/2013\/EU<\/strong> (2013. december 17.) <strong>rendelete<\/strong> az Eur\u00f3pai Region\u00e1lis Fejleszt\u00e9si Alapr\u00f3l \u00e9s a \u201eBeruh\u00e1z\u00e1s a n\u00f6veked\u00e9sbe \u00e9s munkahelyteremt\u00e9sbe\u201d c\u00e9lkit\u0171z\u00e9sr\u0151l sz\u00f3l\u00f3 egyedi rendelkez\u00e9sekr\u0151l, valamint az 1080\/2006\/EK rendelet hat\u00e1lyon k\u00edv\u00fcl helyez\u00e9s\u00e9r\u0151l<\/p>\n<p style=\"text-align: justify\"><a href=\"http:\/\/www.si-hu.eu\/hu2\/wp-content\/uploads\/sites\/10\/2015\/10\/Uredba-1301_2013-HU.pdf\">Rendelet 1301_2013\/EU<\/a><\/p>\n<\/div><\/section><\/div>\n\n<style type=\"text\/css\" data-created_by=\"avia_inline_auto\" id=\"style-css-av-av_one_third-2a64de42b738552fe666ca889af77e28\">\n.flex_column.av-av_one_third-2a64de42b738552fe666ca889af77e28{\nborder-radius:0px 0px 0px 0px;\n-webkit-border-radius:0px 0px 0px 0px;\n-moz-border-radius:0px 0px 0px 0px;\n}\n<\/style>\n<div class='flex_column av-av_one_third-2a64de42b738552fe666ca889af77e28 av_one_third  avia-builder-el-25  el_after_av_one_third  avia-builder-el-last  flex_column_div av-zero-column-padding column-top-margin'   ><section  class='av_textblock_section av-av_textblock-0366cc7376be6c9e82a3e9cc8987b64f'  itemscope=\"itemscope\" itemtype=\"https:\/\/schema.org\/CreativeWork\" ><div class='avia_textblock'  itemprop=\"text\" ><p style=\"text-align: justify\">Az Eur\u00f3pai Parlament \u00e9s a <strong>Tan\u00e1cs 1303\/2013\/EU<\/strong> (2013. december 17.) <strong>rendelete<\/strong> az Eur\u00f3pai Region\u00e1lis Fejleszt\u00e9si Alapra, az Eur\u00f3pai Szoci\u00e1lis Alapra, a Koh\u00e9zi\u00f3s Alapra, az Eur\u00f3pai Mez\u0151gazdas\u00e1gi Vid\u00e9kfejleszt\u00e9si Alapra \u00e9s az Eur\u00f3pai Tenger\u00fcgyi \u00e9s Hal\u00e1szati Alapra vonatkoz\u00f3 k\u00f6z\u00f6s rendelkez\u00e9sek meg\u00e1llap\u00edt\u00e1s\u00e1r\u00f3l, az Eur\u00f3pai Region\u00e1lis Fejleszt\u00e9si Alapra, az Eur\u00f3pai Szoci\u00e1lis Alapra \u00e9s a Koh\u00e9zi\u00f3s Alapra \u00e9s az Eur\u00f3pai Tenger\u00fcgyi \u00e9s Hal\u00e1szati Alapra vonatkoz\u00f3 \u00e1ltal\u00e1nos rendelkez\u00e9sek meg\u00e1llap\u00edt\u00e1s\u00e1r\u00f3l \u00e9s az 1083\/2006\/EK (2006. j\u00falius 11.) tan\u00e1csi rendelet hat\u00e1lyon k\u00edv\u00fcl helyez\u00e9s\u00e9r\u0151l<\/p>\n<p style=\"text-align: justify\"><a href=\"http:\/\/www.si-hu.eu\/hu2\/wp-content\/uploads\/sites\/10\/2015\/10\/Uredba-1303_2013-HU.pdf\">Rendelet 1303_2013\/EU<\/a><\/p>\n<\/div><\/section><\/div>\n","protected":false},"excerpt":{"rendered":"","protected":false},"author":3,"featured_media":0,"parent":187,"menu_order":0,"comment_status":"closed","ping_status":"closed","template":"","meta":{"ngg_post_thumbnail":0},"acf":[],"_links":{"self":[{"href":"http:\/\/www.si-hu.eu\/hu2\/wp-json\/wp\/v2\/pages\/36"}],"collection":[{"href":"http:\/\/www.si-hu.eu\/hu2\/wp-json\/wp\/v2\/pages"}],"about":[{"href":"http:\/\/www.si-hu.eu\/hu2\/wp-json\/wp\/v2\/types\/page"}],"author":[{"embeddable":true,"href":"http:\/\/www.si-hu.eu\/hu2\/wp-json\/wp\/v2\/users\/3"}],"replies":[{"embeddable":true,"href":"http:\/\/www.si-hu.eu\/hu2\/wp-json\/wp\/v2\/comments?post=36"}],"version-history":[{"count":6,"href":"http:\/\/www.si-hu.eu\/hu2\/wp-json\/wp\/v2\/pages\/36\/revisions"}],"predecessor-version":[{"id":3024,"href":"http:\/\/www.si-hu.eu\/hu2\/wp-json\/wp\/v2\/pages\/36\/revisions\/3024"}],"up":[{"embeddable":true,"href":"http:\/\/www.si-hu.eu\/hu2\/wp-json\/wp\/v2\/pages\/187"}],"wp:attachment":[{"href":"http:\/\/www.si-hu.eu\/hu2\/wp-json\/wp\/v2\/media?parent=36"}],"curies":[{"name":"wp","href":"https:\/\/api.w.org\/{rel}","templated":true}]}}